{"id":5359,"date":"2025-06-28T17:12:39","date_gmt":"2025-06-28T15:12:39","guid":{"rendered":"https:\/\/uj.adatbank.ro\/lexikon\/termek\/bozodi-gyorgy-%c2%a7-jakab-gyorgy-bozodi-jakab-gyorgy\/"},"modified":"2025-06-28T17:12:39","modified_gmt":"2025-06-28T15:12:39","slug":"bozodi-gyorgy-%c2%a7-jakab-gyorgy-bozodi-jakab-gyorgy","status":"publish","type":"product","link":"https:\/\/uj.adatbank.ro\/lexikon\/termek\/bozodi-gyorgy-%c2%a7-jakab-gyorgy-bozodi-jakab-gyorgy\/","title":{"rendered":"B\u00d6Z\u00d6DI Gy\u00f6rgy, \u00a7 Jakab Gy\u00f6rgy, B\u00f6z\u00f6di Jakab Gy\u00f6rgy"},"content":{"rendered":"<p>B\u00f6z\u00f6d, 1913. m\u00e1rc. 9., \u2020 Budakeszi, 1989. nov. 25., B\u00f6z\u00f6d\u00f6n temett\u00e9k (1990. jan. 12.): \u00edr\u00f3, szociogr\u00e1fus, m\u0171ford\u00edt\u00f3, irodalomt\u00f6rt\u00e9n\u00e9sz, t\u00f6rt\u00e9n\u00e9sz, lapszerkeszt\u0151. \u2013 Csal\u00e1dja a 16. sz.-t\u00f3l B\u00f6z\u00f6d\u00f6n \u00e9lt. \u00cdr\u00f3k\u00e9nt felvette a B\u00f6z\u00f6di nevet, apja neve Jakab Lajos. \u2013 A kv.-i Unit. Koll.-ban (1924\u201331) \u00e9retts\u00e9gizett, majd az Unit. Teol\u00f3giai Akad.-n tanult (1931\u201333), \u00e9s az I. Ferdin\u00e1nd TE-en jogi \u00e9s b\u00f6lcs\u00e9sz tanulm\u00e1nyokat folytatott (1933\u201335); t\u00f6rt\u00e9nelemb\u0151l szerzett doktori oklevelet (1944). \u00dajs\u00e1g\u00edr\u00f3 a Keleti \u00dajs\u00e1g (1932\u201335), az Ellenz\u00e9k (1935\u201340) c. lapokn\u00e1l, a kv.-i Hitel f\u0151munkat\u00e1rsa (1935), majd a kv.-i egyetemi k\u00f6nyvt\u00e1r tisztvisel\u0151je. Bp.-en a Magyar \u00c9let \u00e9s az Egyed\u00fcl vagyok c. lap \u00e1lland\u00f3 munkat\u00e1rsa. K\u00f6z\u00f6lt az Erd\u00e9lyi Unit\u00e1rius Napt\u00e1r, a P\u00e1sztort\u0171z, Ellenz\u00e9k, Erd\u00e9lyi Helikon, Korunk has\u00e1bjain. A Keleti \u00dajs\u00e1g (1932\u201335) \u00e9s az Ellenz\u00e9k (1935\u201340) bels\u0151 munkat\u00e1rsa, riportere, seg\u00e9dszerkeszt\u0151je, a Hitel f\u0151munkat\u00e1rsa (1935\u2013), a Term\u00e9s egyik alap\u00edt\u00f3ja, szerk.-je (1942\u201344), a mv-i Sz\u00e9kely Sz\u00f3 munkat\u00e1rsa, felel\u0151s szerk.-je (1940\u201344). K\u00f6z\u00f6lt M\u00f3ricz Zsigmond lapj\u00e1ban, a Kelet N\u00e9p\u00e9-ben \u00e9s elkis\u00e9rte M\u00f3riczot erd\u00e9lyi k\u00f6r\u00fatj\u00e1n (1941). A mv.-i KZST tagja (1941. j\u00fan. 29.). K\u00f6nyvt\u00e1ros a kv.-i Egyetemi K\u00f6nyvt\u00e1rban (1940\u201345). Felkereste V\u00edgh K\u00e1roly \u00e9s S\u00e9nyi L\u00e1szl\u00f3 t\u00e1rsas\u00e1g\u00e1ban a koronkai, ny\u00e1r\u00e1dszentbenedeki, gernyeszegi, s\u00e1romberki \u00e9s udvarfalvi kast\u00e9lyokat \u00e9s \u00e1llapotukr\u00f3l, leletment\u0151 \u00fatj\u00e1r\u00f3l jelent\u00e9st tett az EME Eln\u00f6ks\u00e9g\u00e9nek (1945. jan. 22.). Az EME felk\u00e9r\u00e9s\u00e9re az 1848\u201349-es T\u00f6rt\u00e9nelmi Ereklyem\u00fazeum feld\u00falt anyag\u00e1nak rendez\u0151je \u00e9s m\u00fazeum\u0151re. K\u00f6nyvt\u00e1ri \u00e1ll\u00e1s\u00e1b\u00f3l elbocs\u00e1jtott\u00e1k, a Szecurit\u00e1t\u00e9 t\u00f6bbsz\u00f6r letart\u00f3ztatta \u201ereakci\u00f3s\u201d-s\u00e1g v\u00e1dj\u00e1val (1946\u2013) \u00e9s csak Petru Groza k\u00f6zbel\u00e9p\u00e9s\u00e9re ker\u00fclt szabadl\u00e1bra, Bern\u00e1t Ern\u0151 \u00e9s Huzella \u00d6d\u00f6n nagyv\u00e1radi \u00fajs\u00e1g\u00edr\u00f3 is ekkor szabadult (1948. m\u00e1rc. 20.). De kivizsg\u00e1l\u00e1sok, vizsg\u00e1lati fogs\u00e1g, majd minden it\u00e9let n\u00e9lk\u00fcli deport\u00e1l\u00e1s k\u00f6vetkezett a Duna-csatorn\u00e1hoz (1949\u201353), majd \u00fajra letart\u00f3ztatt\u00e1k \u00e9s \u00edt\u00e9let n\u00e9lk\u00fcl fogva tartott\u00e1k (1955). Mv.-entelepedett le, az akad. helyi fi\u00f3kj\u00e1nak kutat\u00f3ja nyugd\u00edjaz\u00e1s\u00e1ig (1957\u201375). A Securitate megfigyel\u00e9si list\u00e1j\u00e1n szerepelt t\u00f6bbed mag\u00e1val (1964. nov. 26.). Gyanus\u00edt\u00e1sok, r\u00e1galmaz\u00e1sok, h\u00e1zkutat\u00e1sok, letart\u00f3ztat\u00e1sok, b\u00f6rt\u00f6n, vizsg\u00e1lati fogs\u00e1g (1966. nov. 7. \u2013 1967. jan. 25.) r\u00e9szese volt. K\u00f6nyvel\u0151k\u00e9nt dolgozott, majd nyugd\u00edjaz\u00e1s\u00e1ig kutat\u00f3 Mv.-en a Rom\u00e1n Tud. Akad. helyi fi\u00f3kj\u00e1ban (1958\u201375). F\u0151 kutat\u00e1si ter\u00fclete: a sz\u00e9kelys\u00e9g t\u00f6rt\u00e9nete a honfoglal\u00e1st\u00f3l az 1562. \u00e9vi felkel\u00e9sig, \u00e9s az 1848\/1849. \u00e9vi forradalom \u00e9s szabads\u00e1gharc erd\u00e9lyi esem\u00e9nyei. Els\u0151 versei, novell\u00e1i 1932-ben jelentek meg. \u00cdrt novell\u00e1kat, elbesz\u00e9l\u00e9seket, reg\u00e9nyeket, verseket, gy\u0171jt\u00f6tt n\u00e9pmes\u00e9ket, ford\u00edtott nagyreg\u00e9nyeket rom\u00e1n szerz\u0151kt\u0151l. T\u00f6rt\u00e9nelmi-szociogr\u00e1fiai munk\u00e1ss\u00e1g\u00e1val a falukutat\u00f3 mozga\u00adlomhoz \u00e9s a n\u00e9pi \u00edr\u00f3k k\u00f6r\u00e9hez kapcsolhat\u00f3. Baumgarten-jutalomban r\u00e9szes\u00fclt a Sz\u00e9kely b\u00e1nja c. k\u00f6tet\u00e9\u00e9rt (1939), Baumgarten-d\u00edj (1948), a Mv.-i \u00cdr\u00f3i Egyes\u00fclet D\u00edja (1979). Sz\u00fcl\u0151h\u00e1z\u00e1t a b\u00f6z\u00f6di unit. egyh\u00e1zra hagyta. Sz\u00fclet\u00e9s\u00e9nek 80. \u00e9vfordul\u00f3j\u00e1n sz\u00fcl\u0151h\u00e1za fal\u00e1ra eml\u00e9kt\u00e1bla S\u00e1ndor Ern\u0151 m\u00e9rn\u00f6k, \u00e9s domborm\u0171, Hunyadi L\u00e1szl\u00f3 szobr\u00e1szm\u0171v\u00e9sz alkot\u00e1sa ker\u00fclt (1993. m\u00e1rc. 7.). Egykori iskol\u00e1j\u00e1t eml\u00e9kt\u00e1bla jel\u00f6li, az iskola felvette az \u00edr\u00f3 nev\u00e9t (1998. szept.). \u2013 <strong>F. m.:<\/strong> Sz\u00e9kely emberek, zsid\u00f3 istenek: Jegyzetek a sz\u00e9kely szombatosokr\u00f3l (Kv., 1935); Sz\u00e9kely b\u00e1nja (szociogr\u00e1fia; Kv., 1938; Bp., 1943; 1985; Mv., 1997); Roml\u00e1s (Reg\u00e9ny. 1\u20132 k\u00f6t.; Bp., 1940; Cs\u00edkszereda, 2005); Nyugtalan p\u00e1sztorok (Bp., 1941; 1945; Buk., 1968); A tr\u00e9f\u00e1s farkas: B\u00e1gyi J\u00e1nos mes\u00e9i (Bp., 1942); Sz\u00e9kelyek A n\u00e9p \u00e9lett\u00f6rt\u00e9nete. (V\u00e1zlat; Bp., 1943); Repedt csupor: Elbesz\u00e9l\u00e9sek (Bp., 1944); Erd\u00e9ly szabads\u00e1gharca: 1848\u201349 a hivatalos iratok, levelek \u00e9s h\u00edrlapok t\u00fckr\u00e9ben (Kv., 1945); Rebi n\u00e9ni felt\u00e1mad\u00e1sa (Elbesz\u00e9l\u00e9sek; Cluj-Kv., 1946); Elad\u00f3 temet\u0151 (elb.; Sepsiszentgy\u00f6rgy, 1945); Hazafel\u00e9 (V\u00e1logatott elbesz\u00e9l\u00e9sek; Mv., 1958); Az esz\u00f6s gyerm\u00f6k: B\u00e1gyi J\u00e1nos mes\u00e9i (Buk., 1958); Szeg\u00e9ny ember okos le\u00e1nya (Buk., 1958); Rom\u00e1n n\u00e9pmess\u00e9k (1958); Nap \u00e9s \u00e1rny\u00e9k (Versek; Buk., 1979); Halottvil\u00e1g\u00edt\u00e1s (Novell\u00e1k; V\u00e1logatta G\u00e1lfalvi Gy\u00f6rgy; Buk., 1990); A Nap s a Hold keres\u00e9se: b\u00f6z\u00f6di n\u00e9pmes\u00e9k (Bp., 1993); F\u00f6ldre \u00edrt t\u00f6rt\u00e9nelem (Versek; Cs\u00edkszereda, 1998); <strong>antol\u00f3g.:<\/strong> \u00daj erd\u00e9lyi antol\u00f3gia (<strong>szerk.:<\/strong> Abaf\u00e1y Guszt\u00e1v, Jancs\u00f3 Elem\u00e9rr, Szeml\u00e9r Ferenc; Buk., 1937); Illy\u00e9s Gyula (1902\u20131983); Hetvenh\u00e9t m. n\u00e9pmese (Bratislava; Bp., 1977, cop. 1953); Agr\u00e1rszociol\u00f3giai \u00edr\u00e1sok Magyarorsz\u00e1gon: 1900\u20131945 (Bp., 1984); Egyszer mindenkit sz\u00f3l\u00edtanak (Rom\u00e1niai m. elbesz\u00e9l\u0151k; Kv., -Napoca; [Bp. ], 1985); \u00d6r\u00f6kt\u0171z: Elbesz\u00e9l\u00e9sek az Isten-keres\u0151 emberr\u0151l (Bp., 1986); \u00daj aranyh\u00e1rfa: versek gy\u00fclekezeti \u00e9s kereszty\u00e9n csal\u00e1di alkalmakra (Bp., 1987); Erd\u00e9lyi csillagok (Rom\u00e1niai m. \u00edr\u00f3k antol\u00f3gi\u00e1ja; Bp., 1988); Helikon 1924\u20131944; Hitel: Kolozsv\u00e1r 1935\u20131944 (Bp., 1991); \u201eHogy vir\u00e1gzott\u201d = Nagy P\u00e1l: Visszan\u00e9z\u0151; Humorunkn\u00e1l vagyunk (szerk. Nagy P\u00e1l; Mv., 2000); A Havas dics\u00e9rete: erd\u00e9lyi antol\u00f3gia (Szeged, cop. 2002); Erd\u00e9lyi elbesz\u00e9l\u0151k (Bp., 2004); Sz\u00e9kelyek: magyar \u00edr\u00f3k novell\u00e1i a Sz\u00e9kelyf\u00f6ldr\u0151l, a sz\u00e9kely emberr\u0151l (Bp., 2005); Sz\u00e9kely sz\u00e1zadok: T\u00f6rt\u00e9nelmi tanulm\u00e1nyok (Cs\u00edkszereda, 2002); T\u00fal\u00e9l\u0151 k\u00e9pek \/ K\u00e1ntor; Mv. \u00e9s V\u00e1rtemploma (Bp., 1990); <strong>ford.:<\/strong> V. Em. Galan: Barag\u00e1n (reg., 1\u20132. k\u00f6t., Buk., 1956, 1961); Zaharia Stancu: V\u00e9rebek (reg., Buk., 1956); Petre Ispirescu: Szeg\u00e9ny ember okos le\u00e1nya (ford. J\u00e9kely Zolt\u00e1nnal \u00e9s Ign\u00e1cz R\u00f3zs\u00e1val. Bk.-Bp., 1958); Liviu Rebreanu: Akasztottak erdeje (Mv., 1957; Buk., 1970; 1983); Rom\u00e1n n\u00e9pmes\u00e9k (Buk., 1958); Cezar Petrescu: F\u0151v\u00e1ros (reg., Buk., 1963); Mihail Kog\u0103lniceanu: A paraszts\u00e1g sors\u00e1nak k\u00f6nny\u00edt\u00e9se (Buk., 1975). <br \/><strong>Irod.:<\/strong> \u00c1gy\u00facs\u0151; Aranykorszak; Balogh Edg\u00e1r 1974; Bartos 2012; B\u00f6l\u00f6ni Domokos: B. Gy. eml\u00e9kezete (N\u00fa., 1993. m\u00e1rc. 9.); B\u00f6l\u00f6ni Domokos: B. Gy. iskol\u00e1ja (N\u00fa., 1998. szept. 15.); B\u00f6l\u00f6ni Domokos: A B. Gy. \u00c1ltal\u00e1nos Iskola (N\u00fa., 1998. szept. 25.); B\u00f6l\u00f6ni Domokos: \u201eNem mi lett\u00fcnk kisebbek\u201d (N\u00fa., M\u00fazsa, 362. sz., 1998. szept. 19.); B\u00f6l\u00f6ni Domokos: B. Gy. \u00e9s B\u00f6z\u00f6d (N\u00fa., 2011. m\u00e1rc. 12.); Cseke P\u00e9ter: B. \u00e9s a rom\u00e1n Gul\u00e1g (Korunk., 2. sz., 2003); Cseke P\u00e9ter: B. \u2013 id\u00e9z\u0151 \u2013 sz\u00fclet\u00e9s\u00e9nek kilencvenedik \u00e9vfordul\u00f3j\u00e1n (Sz\u00e9kelyf\u00f6ld, 6. sz., 2003. j\u00fan.); Cseke P\u00e9ter: J\u00f6jj\u00f6n el a mi id\u0151nk (Cs\u00edkszereda, 2005); Cseke P\u00e9ter: B. Gy. \u00e9s a kentaur (Sz\u00e9kelyf\u00f6ld, 2. sz., 2009. febr.); Cseke P\u00e9ter: T\u00e1rsb\u00e9rletben a t\u00f6rt\u00e9nelemmel: A h\u00fasz \u00e9ve elhunyt B. Gy. f\u0151m\u0171v\u00e9nek el\u0151t\u00f6rt\u00e9net\u00e9r\u0151l \u00e9s ut\u00f3\u00e9let\u00e9r\u0151l (Helikon, 22. sz., 2009. nov. 25.; 23. sz., 2009. dec. 10.); Cseke P\u00e9ter: B. Gy. igazs\u00e1gai \u00e9s l\u00e9tk\u00fczdelmei (N\u00fa., M\u00fazsa, 2009. nov. 28.); Dubovitz; Erd\u00e9lyi L 2009, fot\u00f31973; Erd\u00e9lyi L. 1991; Erd\u00e9lyi panteon; \u00c9vek 1100-b\u00f3l; Ga\u00e1l: Kv. vonz\u00e1s\u00e1ban; Guly\u00e1s; Gy\u00e1rf\u00e1s. 2\u00f613; Gy\u00e1rf\u00e1s Mikl\u00f3s: B. Gy. (V. Z., 1979. j\u00fan. 10.); Halasy; A H\u00e9t \u00e9vk. (1978); Id\u0151t\u00e1r 3; Id\u0151t\u00e1r 4.; Izs\u00e1k J\u00f3zsef: Besz\u00e9lget\u00e9s B. Gy.-gyel (V. Z., 1980. jan. 26.); K\u00e1ntor \u2013 L\u00e1ng; K\u00e1ntor L\u00e1szl\u00f3: T\u00fal\u00e9l\u0151 k\u00e9pek; Katona Szab\u00f3 2001; Katona Szab\u00f3 Istv\u00e1n: K\u00f6nyvek sorsa (V. Z., 1979. nov. 3.); Katona Szab\u00f3 Istv\u00e1n: Negyven \u00e9v m\u00falt\u00e1n B. Gy. k\u00f6nyve nyom\u00e1n (\u00daj \u00c9let., 4, 5, 6, 7, 8, 9, 10, 11, 12. sz. 1972); Katona Szab\u00f3 Istv\u00e1n: Sz\u00fclet\u00e9snapi besz\u00e9lget\u00e9s B. Gy.-n\u00e9l (\u00daj \u00c9let, 6. sz., 1963); KM\u00cd; Kort\u00e1rs M\u00cdKL; Korunk; Kov\u00e1cs Istv\u00e1n: Vir\u00e1g helyett B. Gy. s\u00edreml\u00e9ke al\u00e1 (N\u00fa., 1990. okt. 5.); Kusz\u00e1lik; Kuti M\u00e1rta: A l\u00e1d\u00e1k titka: B\u00f6z\u00f6di Gy\u00f6rgy sz\u00fclet\u00e9snapj\u00e1ra = Kuti M. 2021; Nagy P\u00e1l: Forgatagos id\u0151kben: P\u00e1ly\u00e1k, m\u0171vek, arcok, eml\u00e9kek (Mv., 2004); Nagy P\u00e1l: Visszan\u00e9z\u0151; [Nekrol\u00f3g] (V. Z., 1989. nov. 28.; temet\u00e9s\u00e9r\u0151l 1990. jan. 9.); Olty\u00e1n L\u00e1szl\u00f3: 70 \u00e9v (V. Z., 1983. m\u00e1rc. 5.); Pomog\u00e1ts 1.; R\u00e1duly J\u00e1nos: B. r\u00e1di\u00f3z\u00e1s\u00e1nak kezdete (N\u00fa., M\u00fazsa, 81. sz., 1992. nov. 12.); R\u00e1duly J\u00e1nos: B. Gy. k\u00e9t levele (N\u00fa., M\u00fazsa, 90. sz., 1993. \u00e1pr. 1); RMIL; R\u00daL; Sepsisz\u00e9ki; S\u00fcli Attila: Forr\u00e1sok Bodor Ferenc \u00e9let\u00fatj\u00e1hoz \u00e9s munk\u00e1ss\u00e1g\u00e1hoz (1848\u201349) = S\u00fct\u0151 Andr\u00e1s: Istenem, B. Gyurka !: tizen\u00f6t \u00e9ve hunyt el a t\u00f6rt\u00e9n\u00e9sz \u00edr\u00f3 (M\u00fazsa, 2004. dec. 4., 668. sz.); Sz\u00e9kelyf\u00f6ld, (6. sz., 2003. j\u00fan.); Sz\u00e9kelyf\u00f6ld \u00ed. k.; Sz\u00f6cs Istv\u00e1n: A hetvenhetedik esztendej\u00e9t\u2026 (Helikon, 2. sz., 1990. jan. 12.); T. P\u00e1ll \u00c1rp\u00e1d: B. Gy. \u00f6r\u00f6ks\u00e9ge (Erd\u00e9lyi Figyel\u0151, 1\u20132. sz., 1989); Sz\u0151cs Istv\u00e1n: A hetvenhtedik esztendej\u00e9t\u2026 B\u00f6z\u00f6di Gy\u00f6rgy eml\u00e9kezete (Helikon); Todea 2013; T\u00f3falvi Zolt\u00e1n: Az \u00e9rmih\u00e1lyfalvi csoport pere (II. r\u00e9sz) (Sz\u00e9kelyf\u00f6ld, 7. sz., 2007. j\u00fal.); T\u00f3falvi 5.; T\u00fal\u00e9l\u0151 k\u00e9pek: K\u00e1ntor L\u00e1szl\u00f3 \u00edr\u00f3portr\u00e9i: 34 erd\u00e9lyi \u00edr\u00f3 vallom\u00e1sa (Bp., 1989); \u00daM\u00c9L; Vajda Gy\u00f6rgy: Visszaker\u00fclhet a turisztikai forgalomba B\u00f6z\u00f6di Gy\u00f6rgy eml\u00e9kh\u00e1za (N\u00fa., 2022. j\u00fan. 11); Vallasek J\u00falia: B. \u201ep\u00e1sztor-reg\u00e9nye\u201d \u00e9s el\u0151zm\u00e9nyei (Sz\u00e9kelyf\u00f6ld, 2. sz., 2009. febr.). <br \/><strong>Irod.:<\/strong> Kiss\u2013P\u00e9terffy\u2013P\u00e9terffy; Kiss Cs. M 4.<\/br><\/p>\n","protected":false},"excerpt":{"rendered":"<p>B\u00f6z\u00f6d, 1913. m\u00e1rc. 9., \u2020 Budakeszi, 1989. nov. 25., B\u00f6z\u00f6d\u00f6n temett\u00e9k (1990. jan. 12.): \u00edr\u00f3, szociogr\u00e1fus, m\u0171ford\u00edt\u00f3, irodalomt\u00f6rt\u00e9n\u00e9sz, t\u00f6rt\u00e9n\u00e9sz, lapszerkeszt\u0151. \u2013 Csal\u00e1dja a 16. sz.-t\u00f3l B\u00f6z\u00f6d\u00f6n \u00e9lt. \u00cdr\u00f3k\u00e9nt felvette a B\u00f6z\u00f6di nevet, apja neve Jakab Lajos. \u2013 A kv.-i Unit. Koll.-ban (1924\u201331) \u00e9retts\u00e9gizett, majd az Unit. Teol\u00f3giai Akad.-n tanult (1931\u201333), \u00e9s az I. Ferdin\u00e1nd TE-en [&hellip;]<\/p>\n","protected":false},"featured_media":0,"comment_status":"open","ping_status":"closed","template":"","meta":[],"product_brand":[],"product_cat":[137],"product_tag":[],"class_list":{"0":"post-5359","1":"product","2":"type-product","3":"status-publish","5":"product_cat-maros-megyei-eletrajzi-lexikon","7":"first","8":"instock","9":"shipping-taxable","10":"product-type-simple"},"_links":{"self":[{"href":"https:\/\/uj.adatbank.ro\/lexikon\/wp-json\/wp\/v2\/product\/5359","targetHints":{"allow":["GET"]}}],"collection":[{"href":"https:\/\/uj.adatbank.ro\/lexikon\/wp-json\/wp\/v2\/product"}],"about":[{"href":"https:\/\/uj.adatbank.ro\/lexikon\/wp-json\/wp\/v2\/types\/product"}],"replies":[{"embeddable":true,"href":"https:\/\/uj.adatbank.ro\/lexikon\/wp-json\/wp\/v2\/comments?post=5359"}],"wp:attachment":[{"href":"https:\/\/uj.adatbank.ro\/lexikon\/wp-json\/wp\/v2\/media?parent=5359"}],"wp:term":[{"taxonomy":"product_brand","embeddable":true,"href":"https:\/\/uj.adatbank.ro\/lexikon\/wp-json\/wp\/v2\/product_brand?post=5359"},{"taxonomy":"product_cat","embeddable":true,"href":"https:\/\/uj.adatbank.ro\/lexikon\/wp-json\/wp\/v2\/product_cat?post=5359"},{"taxonomy":"product_tag","embeddable":true,"href":"https:\/\/uj.adatbank.ro\/lexikon\/wp-json\/wp\/v2\/product_tag?post=5359"}],"curies":[{"name":"wp","href":"https:\/\/api.w.org\/{rel}","templated":true}]}}