{"id":5364,"date":"2025-06-28T17:12:48","date_gmt":"2025-06-28T15:12:48","guid":{"rendered":"https:\/\/uj.adatbank.ro\/lexikon\/termek\/brancovan-iosif\/"},"modified":"2025-06-28T17:12:48","modified_gmt":"2025-06-28T15:12:48","slug":"brancovan-iosif","status":"publish","type":"product","link":"https:\/\/uj.adatbank.ro\/lexikon\/termek\/brancovan-iosif\/","title":{"rendered":"BRANCOVAN Iosif"},"content":{"rendered":"<p>1818.?, \u2020 Idecspatak, 1883. szept. 18.: g. kat pap. \u2013 Papi p\u00e1ly\u00e1j\u00e1t, eddig ismeretlen helyen, kezdte (1838\u2013), Idecspatakban \u00e9s a hozz\u00e1tartoz\u00f3 Holtmarosban szolg\u00e1lt (1841\u2013) pl\u00e9b\u00e1nos Idecspatakon (1848\u201349\u2013). \u015et. Branea elh\u00fanyta (1861. okt. 19.) ut\u00e1n, ideiglenesen helyezt\u00e9k Sz\u00e1szr\u00e9genbe, amiut\u00e1n esperesi gondnok lett a r\u00e9geni g. kat. hivatalban felment\u00e9s\u00e9ig (1862\u201372), meg\u0151rizte pl\u00e9b\u00e1nosi beoszt\u00e1s\u00e1t is. \u00daj \u00e9rsekv\u00e1laszt\u00e1sokat tartottak, amelyen csak R\u00e9gen \u00e9s k\u00f6rny\u00e9ke g. kat papjai vettek r\u00e9szt, \u00edgy ker\u00fclt az esperesi sz\u00e9kbe. Egy vizsg\u00e1lat nyom\u00e1n felf\u00fcggesztett\u00e9k esperesi hivatalb\u00f3l (1872). Ismeretlen, hogy meddig szolg\u00e1lt, de Galaction \u015eag\u0103u volt a pl\u00e9b\u00e1nos (1877\u2013). <br \/><strong>Irod.:<\/strong> Dobozi; Regh. cult. 8.<\/br><\/p>\n","protected":false},"excerpt":{"rendered":"<p>1818.?, \u2020 Idecspatak, 1883. szept. 18.: g. kat pap. \u2013 Papi p\u00e1ly\u00e1j\u00e1t, eddig ismeretlen helyen, kezdte (1838\u2013), Idecspatakban \u00e9s a hozz\u00e1tartoz\u00f3 Holtmarosban szolg\u00e1lt (1841\u2013) pl\u00e9b\u00e1nos Idecspatakon (1848\u201349\u2013). \u015et. Branea elh\u00fanyta (1861. okt. 19.) ut\u00e1n, ideiglenesen helyezt\u00e9k Sz\u00e1szr\u00e9genbe, amiut\u00e1n esperesi gondnok lett a r\u00e9geni g. kat. hivatalban felment\u00e9s\u00e9ig (1862\u201372), meg\u0151rizte pl\u00e9b\u00e1nosi beoszt\u00e1s\u00e1t is. \u00daj \u00e9rsekv\u00e1laszt\u00e1sokat tartottak, [&hellip;]<\/p>\n","protected":false},"featured_media":0,"comment_status":"open","ping_status":"closed","template":"","meta":[],"product_brand":[],"product_cat":[137],"product_tag":[],"class_list":{"0":"post-5364","1":"product","2":"type-product","3":"status-publish","5":"product_cat-maros-megyei-eletrajzi-lexikon","7":"first","8":"instock","9":"shipping-taxable","10":"product-type-simple"},"_links":{"self":[{"href":"https:\/\/uj.adatbank.ro\/lexikon\/wp-json\/wp\/v2\/product\/5364","targetHints":{"allow":["GET"]}}],"collection":[{"href":"https:\/\/uj.adatbank.ro\/lexikon\/wp-json\/wp\/v2\/product"}],"about":[{"href":"https:\/\/uj.adatbank.ro\/lexikon\/wp-json\/wp\/v2\/types\/product"}],"replies":[{"embeddable":true,"href":"https:\/\/uj.adatbank.ro\/lexikon\/wp-json\/wp\/v2\/comments?post=5364"}],"wp:attachment":[{"href":"https:\/\/uj.adatbank.ro\/lexikon\/wp-json\/wp\/v2\/media?parent=5364"}],"wp:term":[{"taxonomy":"product_brand","embeddable":true,"href":"https:\/\/uj.adatbank.ro\/lexikon\/wp-json\/wp\/v2\/product_brand?post=5364"},{"taxonomy":"product_cat","embeddable":true,"href":"https:\/\/uj.adatbank.ro\/lexikon\/wp-json\/wp\/v2\/product_cat?post=5364"},{"taxonomy":"product_tag","embeddable":true,"href":"https:\/\/uj.adatbank.ro\/lexikon\/wp-json\/wp\/v2\/product_tag?post=5364"}],"curies":[{"name":"wp","href":"https:\/\/api.w.org\/{rel}","templated":true}]}}