{"id":5413,"date":"2025-06-28T17:14:28","date_gmt":"2025-06-28T15:14:28","guid":{"rendered":"https:\/\/uj.adatbank.ro\/lexikon\/termek\/breckner-gusztav\/"},"modified":"2025-06-28T17:14:28","modified_gmt":"2025-06-28T15:14:28","slug":"breckner-gusztav","status":"publish","type":"product","link":"https:\/\/uj.adatbank.ro\/lexikon\/termek\/breckner-gusztav\/","title":{"rendered":"BRECKNER Guszt\u00e1v"},"content":{"rendered":"<p>1930., \u2020\u00a02005, temetve a mv.-i ref. temet\u0151ben: motorversenyz\u0151. \u2013 B. Vilmos (1894\u20131952), szappangy\u00e1ros \u00e9s M\u00e9sz\u00e1ros Ilona fia. Testv\u00e9re: Egon. \u2013 Ifj\u00fakora a &#8222;legoszt\u00e1lyharcosabb&#8221; \u00e9vekre esett, vagyona miatt ellens\u00e9gnek b\u00e9lyegezt\u00e9k. \u00c9desapj\u00e1t, miut\u00e1n \u00fczem\u00e9t \u00e1llamos\u00edtotta az \u00faj hatalom, csatorna\u00e9p\u00edt\u00f4 munkat\u00e1borba intern\u00e1lt\u00e1k, \u00f4t mag\u00e1t pedig megb\u00edzhatatlan elemk\u00e9nt tartott\u00e1k ny\u00edlv\u00e1n. \u00c9retts\u00e9gi ut\u00e1n azonnal beh\u00edvt\u00e1k katon\u00e1nak, sz\u00e9nb\u00e1ny\u00e1ba k\u00fcldt\u00e9k munk\u00e1ra. Az akkor megalakul\u00f3 Dinamo Sportklub vezet\u0151i \u00e9szrevett\u00e9k hogy j\u00f3 motorker\u00e9kp\u00e1ros, hazakengedt\u00e9k, hogy otthon jobb k\u00f6r\u00fclm\u00e9nyek k\u00f6z\u00f6tt tudjon k\u00e9sz\u00fclni a versenyekre. Buk.-ben megrendezt\u00e9k Rom\u00e1nia els\u0151 nemzetk\u00f6zi motorker\u00e9kp\u00e1ros verseny\u00e9t, amit meg is nyert (1951). A gy\u00f4zelem ut\u00e1n annyi k\u00f6nny\u00edt\u00e9st kapott, hogy a marad\u00e9k szolg\u00e1lati idej\u00e9t a mv.-i t\u00e9glagy\u00e1rban t\u00f6lthette le, egy h\u00f3nap ut\u00e1n pedig apj\u00e1t is hazaengedt\u00e9k a k\u00e9nyszermunkat\u00e1borb\u00f3l. T\u00f6bbsz\u00f6r nyert orsz\u00e1gos bajnoks\u00e1got, mindig megpr\u00f3b\u00e1lt\u00e1k marginaliz\u00e1lni. S\u00falyos baleset \u00e9rte \u00e9s le kellett mondania a versenyz\u00e9sr\u0151l. Gar\u00e1zsmesterk\u00e9nt dolgozott nyugd\u00edjaztat\u00e1s\u00e1ig. <br \/><strong>Irod.:<\/strong> N\u00fa (2003. m\u00e1rc 21), Sipos<\/br><\/p>\n","protected":false},"excerpt":{"rendered":"<p>1930., \u2020\u00a02005, temetve a mv.-i ref. temet\u0151ben: motorversenyz\u0151. \u2013 B. Vilmos (1894\u20131952), szappangy\u00e1ros \u00e9s M\u00e9sz\u00e1ros Ilona fia. Testv\u00e9re: Egon. \u2013 Ifj\u00fakora a &#8222;legoszt\u00e1lyharcosabb&#8221; \u00e9vekre esett, vagyona miatt ellens\u00e9gnek b\u00e9lyegezt\u00e9k. \u00c9desapj\u00e1t, miut\u00e1n \u00fczem\u00e9t \u00e1llamos\u00edtotta az \u00faj hatalom, csatorna\u00e9p\u00edt\u00f4 munkat\u00e1borba intern\u00e1lt\u00e1k, \u00f4t mag\u00e1t pedig megb\u00edzhatatlan elemk\u00e9nt tartott\u00e1k ny\u00edlv\u00e1n. \u00c9retts\u00e9gi ut\u00e1n azonnal beh\u00edvt\u00e1k katon\u00e1nak, sz\u00e9nb\u00e1ny\u00e1ba k\u00fcldt\u00e9k munk\u00e1ra. Az [&hellip;]<\/p>\n","protected":false},"featured_media":0,"comment_status":"open","ping_status":"closed","template":"","meta":[],"product_brand":[],"product_cat":[137],"product_tag":[],"class_list":{"0":"post-5413","1":"product","2":"type-product","3":"status-publish","5":"product_cat-maros-megyei-eletrajzi-lexikon","7":"first","8":"instock","9":"shipping-taxable","10":"product-type-simple"},"_links":{"self":[{"href":"https:\/\/uj.adatbank.ro\/lexikon\/wp-json\/wp\/v2\/product\/5413","targetHints":{"allow":["GET"]}}],"collection":[{"href":"https:\/\/uj.adatbank.ro\/lexikon\/wp-json\/wp\/v2\/product"}],"about":[{"href":"https:\/\/uj.adatbank.ro\/lexikon\/wp-json\/wp\/v2\/types\/product"}],"replies":[{"embeddable":true,"href":"https:\/\/uj.adatbank.ro\/lexikon\/wp-json\/wp\/v2\/comments?post=5413"}],"wp:attachment":[{"href":"https:\/\/uj.adatbank.ro\/lexikon\/wp-json\/wp\/v2\/media?parent=5413"}],"wp:term":[{"taxonomy":"product_brand","embeddable":true,"href":"https:\/\/uj.adatbank.ro\/lexikon\/wp-json\/wp\/v2\/product_brand?post=5413"},{"taxonomy":"product_cat","embeddable":true,"href":"https:\/\/uj.adatbank.ro\/lexikon\/wp-json\/wp\/v2\/product_cat?post=5413"},{"taxonomy":"product_tag","embeddable":true,"href":"https:\/\/uj.adatbank.ro\/lexikon\/wp-json\/wp\/v2\/product_tag?post=5413"}],"curies":[{"name":"wp","href":"https:\/\/api.w.org\/{rel}","templated":true}]}}