{"id":5508,"date":"2025-06-28T17:17:23","date_gmt":"2025-06-28T15:17:23","guid":{"rendered":"https:\/\/uj.adatbank.ro\/lexikon\/termek\/burger-albert-%c2%a7-boroskrakkoi\/"},"modified":"2026-02-17T08:53:31","modified_gmt":"2026-02-17T07:53:31","slug":"burger-albert-%c2%a7-boroskrakkoi","status":"publish","type":"product","link":"https:\/\/uj.adatbank.ro\/lexikon\/termek\/burger-albert-%c2%a7-boroskrakkoi\/","title":{"rendered":"B\u00dcRGER Albert, \u00a7 boroskrakk\u00f3i"},"content":{"rendered":"<p>Vajasd, Boroskrakk\u00f3, 1861. dec. 1., \u2020\u00a0Mv., 1937. aug. 8.: nagyv\u00e1llakoz\u00f3, s\u00f6rgy\u00e1ros, lik\u0151rgy\u00e1ros, bornagykeresked\u0151, hord\u00f3gy\u00e1ros, kereskedelmi tan\u00e1csos, iparkamarai eln\u00f6k, szen\u00e1tor, virilista. \u2013 B. M\u00e1rton (1829.? \u2013 Gyulafeh\u00e9rv\u00e1r, 1916. m\u00e1j. 10.), nagybirtokos \u00e9s Nuszbaum Johanna fia. Feles\u00e9ge Tischler J\u00falia. Fiaik: Dezs\u0151 \u00e9s Gy\u00f6rgy. \u2013 K\u00f6z\u00e9piskolai tanulm\u00e1nyait Mv.-en v\u00e9gezte, Kereskedelmi Akad.-\u00e1t v\u00e9gzett Bp.-en \u00e9s Grazban. Tanulm\u00e1nyai befejezt\u00e9vel egy p\u00e1r \u00e9vig sz\u00fclei krakk\u00f3i birtok\u00e1n gazd\u00e1lkodott. Virilista (1889 v. 1891, 1901) Megv\u00e1s\u00e1rolta a mv.-i Jeney\/ Kraft f\u00e9le s\u00f6rgy\u00e1rat (1886) \u00e9s moderniz\u00e1lta. Mv. leggazdagabb ember\u00e9nek sz\u00e1m\u00edtott\u00e1k (1888\u2013), de Erd\u00e9lyben is az els\u0151k k\u00f6z\u00e9 sorolt\u00e1k. Els\u0151k\u00e9nt l\u00e9tes\u00edtett Mv.-en s\u00f6rgy\u00e1r\u00e1ban \u00e1remfejleszt\u0151 telepet (1893) \u00e9s amikor az rt.-g\u00e1 alakult (1928) az eln\u00f6ke lett. Az els\u0151 25 mag\u00e1n t\u00e1vbesz\u00e9l\u0151 el\u0151fizet\u0151 egyike volt Mv.-en (1893). K\u00e9t t\u00e1rs\u00e1val (Farkas Mendel, Tauszik B. Hugo) egy\u00fctt a tan\u00e1cst\u00f3l megkapta a jogot a villany\u00e1ram szolg\u00e1ltat\u00e1sra koncesszi\u00f3ba 50 \u00e9vre \u00e9s megindulhatott az elektromos utcai vil\u00e1g\u00edt\u00e1s Mv.-en (1898. nov. 1.). N\u00e9gy bank \u00e9s kereskedelmi v\u00e1llalat igazgat\u00f3tan\u00e1cs\u00e1ban szerepelt, majdnem nyolcsz\u00e1z hold f\u00f6ldet b\u00e9relt (1899). T\u00f6bb mint h\u00fasz mv.-i h\u00e1z tulajdonosa volt (1910). Boroskrakk\u00f3i el\u0151n\u00e9vvel nemess\u00e9get kapott (1915. j\u00fan. 15.). Term\u00e9keit Ausztri\u00e1ban \u00e9s Rom\u00e1ni\u00e1ban is forgalmazta. Lik\u0151r-, rum- \u00e9s konyakgy\u00e1r-, vegyigy\u00e1r \u00e9s hord\u00f3- \u00e9s donga\u00fczem tulajdonosa (1921\u2013), kaz\u00e1ngy\u00e1rt\u00f3 (1931) is volt. Megvette az Apoll\u00f3 palot\u00e1t (1923), a nagytermet \u00e1t\u00e9p\u00edttette, lak\u00e1sokra osztotta, majd harmadik emeletet huzatott r\u00e1 (1925\u201327). \u00c1talak\u00edtotta az Apoll\u00f3 udvar\u00e1t s\u00f6rkertt\u00e9 \u00e9s egy kisebb sz\u00ednpadot is fel\u00e1ll\u00edttatott ott (1926). Borecet\u00fczemet nyitott (1931). Sz\u00e9les l\u00e1t\u00f3k\u00f6r\u0171, nagy munkab\u00edr\u00e1ssal rendelkez\u0151 egy\u00e9nis\u00e9g, hozz\u00e1\u00e9rt\u00e9ssel alap\u00edtotta, szervezte \u00e9s vezette v\u00e1llalatait. Munk\u00e1j\u00e1ban seg\u00edtette fia B. Dezs\u0151. \u00dczemei mintegy 250 munk\u00e1st foglalkoztattak. Volt vagy 20 h\u00e1za Mv.-en, Boroskrakk\u00f3ban 200 hold f\u00f6ldje \u00e9s 100 hold sz\u0151l\u0151je, j\u00f3l berendezett borpinc\u00e9je. Emellett hasznosan m\u0171k\u00f6d\u00f6tt k\u00f6z\u00e9leti t\u00e9ren is. \u00c9vtizedeken \u00e1t ipari, kereskedelmi t\u00e9ren vez\u00e9r szerepet j\u00e1tszott, az erd\u00e9lyi gazdas\u00e1gi \u00e9let egyik reprezent\u00e1ns szem\u00e9lyis\u00e9ge volt : kir. tan\u00e1csos \u00e9s kir. kereskedelmi tan\u00e1csos, t\u00f6rv\u00e9nyhat\u00f3s\u00e1gi bizotts\u00e1gi tag, a GYOSZ igazgat\u00f3 tagja, az UGIR k\u00f6zponti aleln\u00f6ke. A s\u00f6rgy\u00e1rosok megszervezt\u00e9k a s\u00f6rkartellt (1927), amelynek eln\u00f6ke lett, a Munkaad\u00f3k Sz\u00f6vets\u00e9g\u00e9nek eln\u00f6ke, az Agr\u00e1r Takar\u00e9kp\u00e9nzt\u00e1r eln\u00f6ke, ez a bank t\u00f6nkrement, Bern\u00e1dy, Kem\u00e9ny J\u00e1nos hacoltak a tisztvisel\u0151k nyugd\u00edjalapja megment\u00e9s\u00e9\u00e9rt. Egyike a legr\u00e9gibb v\u00e1rosi tan\u00e1csosoknak (1887\u2013) A M. Kir. Term\u00e9szettudom\u00e1nyi T\u00e1rsas\u00e1g tagja (1891). A Nemzeti Munkap\u00e1rt helyi szervezet\u00e9nek alap\u00edt\u00f3tagja, aleln\u00f6ke (1910), eln\u00f6ke. A Kereskedelmi \u00e9s Iparkamar\u00e1nak eln\u00f6ke 24 \u00e9ven \u00e1t (1913\u2013), majd korm\u00e1nybiztosa, t\u00f6bb ipari \u00e9s kereskedelmi v\u00e1llalat, v\u00e1rosi bizotts\u00e1g alap\u00edt\u00f3ja \u00e9s eln\u00f6ke. Szerepet j\u00e1tszott a f\u00f6ldg\u00e1z Mv.-re t\u00f6rt\u00e9n\u0151 bevezet\u00e9s\u00e9ben. A M. Sz\u00f6vets\u00e9g vezet\u0151s\u00e9gi tagja (1921). Az Agr\u00e1rbank eln\u00f6ke (\u20131932). K\u00e9pvisel\u0151 (1926\u201327), a Br\u0103tianu-korm\u00e1ny idej\u00e9n p\u00e1rton k\u00edv\u00fcli liber\u00e1lis p\u00e1rti szen\u00e1tor volt, a Kereskedelmi \u00e9s Iparkamar\u00e1nak eln\u00f6ke \u00e9s az erd\u00e9lyi gy\u00e1riparosok aleln\u00f6ke. Egy ideig az Agr\u00e1rbank eln\u00f6ke. Vezet\u0151 szerepet t\u00f6lt\u00f6tt be a zsid\u00f3 hitk\u00f6zs\u00e9gben, amelynek eln\u00f6ke majd d\u00edszeln\u00f6ke volt. K\u00e9t egyenk\u00e9nt 10.000 lejes alap\u00edtv\u00e1nyt tett a Ferenc-rendi z\u00e1rda jav\u00e1ra (1926). B\u00e9rbe adta a Kaszin\u00f3nak sz\u00e9khely\u00fcl az Apollo palot\u00e1t (1929). A Mv.-i Kaszin\u00f3 tagja, v\u00e1lasztm\u00e1nyi tagja (1932). Sz\u00f3rakoz\u00e1sa a klasszikus zene m\u0171vel\u00e9se \u00e9s sakkoz\u00e1s volt, von\u00f3sn\u00e9gyest alap\u00edtott, amely megind\u00edt\u00f3ja volt a v\u00e1rosi zeneiskol\u00e1nak. Az Aranykakas is az \u0151v\u00e9 volt, a B\u00fcrger-palotak\u00e9nt, illetve V\u00f6r\u00f6s kakask\u00e9nt ismert neobarokk \u00e9p\u00fcletet csal\u00e1dja sz\u00e1m\u00e1ra \u00e9p\u00edttette \u00e9s hal\u00e1l\u00e1ig benne lakott. Az 1938-as gazdas\u00e1gi v\u00e1ls\u00e1gban a csal\u00e1d t\u00f6nkrement \u00e9s k\u00e9nytelen volt eladni a vill\u00e1t. M\u0171t\u00e9tre ment k\u00fclf\u00f6ldre (1930), vakon b\u00edzott fi\u00e1ban, hazat\u00e9r\u00e9sekor tudta meg, hogy fia eltitkolta el\u0151tte a val\u00f3s helyzetet, t\u00e1voll\u00e9te alatt fia Dezs\u0151 s\u00falyos szerz\u0151d\u00e9sszeg\u00e9st k\u00f6vetett el, k\u00e1rt\u00e9r\u00edt\u00e9st \u00e9s b\u00fcntet\u00e9st kellett fizetnie, k\u00f6lcs\u00f6nt a vil\u00e1gv\u00e1ls\u00e1g miatt nem kaptak, \u00edgy v\u00e9ge lett a mv.-i s\u00f6rgy\u00e1rt\u00e1snak. P\u00e1r \u00e9vig m\u00e9g palackozt\u00e1k a Dreher-Haggenmacher s\u00f6rt. K\u00f6zgazdas\u00e1gi cikkei foly\u00f3iratokban \u00e9s szaklapokban jelentek meg. Nemesi rangra emelt\u00e9k boroskrakk\u00f3i el\u0151n\u00e9vvel (1914. j\u00fan. 26). <strong>Kit\u00fcntet\u00e9sei:<\/strong> M. Vaskoronarend, az I. o. M. Polg\u00e1ri Hadi\u00e9rem, a Rom\u00e1n Csillagrend parancsnoki \u00e9s a Rom\u00e1n Koronarend tiszti keresztje. Portr\u00e9j\u00e1t Aurel Ciupe festette meg a Kereskedelmi \u00e9s Iparkamara r\u00e9sz\u00e9re (1931). A rendszerv\u00e1lt\u00e1s ut\u00e1n Aranykakas vend\u00e9gl\u0151 m\u0171k\u00f6d\u00f6tt benne, majd elad\u00f3 lett \u00e9s hossz\u00fa ideig lakatlan. Cosmin Pop helyi v\u00e1llalkoz\u00f3 megmentette az eny\u00e9szett\u0151l. Angela Kov\u00e1cs tervei alapj\u00e1n az \u00e9p\u00fclet k\u00fclseje nem v\u00e1ltozott, a bels\u0151 terek \u00e1talakultak \u00e9s a padl\u00e1st\u00e9r be\u00e9p\u00edt\u00e9s\u00e9vel szinte megk\u00e9tszerez\u0151dtek.<br \/>\n<strong>Irod.:<\/strong> \u00c1v\u00e9d J\u00e1nos: Sz\u00e1z\u00e9ves a villanyvil\u00e1g\u00edt\u00e1s Mv.-en (N\u00fa., 1998. okt. 29.); Bern\u00e1dy; Bi\u00e1s Istv\u00e1n; B. A. (Marosv\u00e1s\u00e1rhely, 1911. aug. 10.); B. A. s\u00f6rgy\u00e1ra Mv.-t. (Marosv\u00e1s\u00e1rhely, 1913. jan. 1.); Britannica Hungarica (Bp., 1994\u20131995); EBKL; Eml\u00e9kk\u00f6nyv a K. M. Term\u00e9szettudom\u00e1nyi T\u00e1rsulat f\u00e9lsz\u00e1zados jubileum\u00e1n (Bp., 1892); Id\u0151t\u00e1r 2; Id\u0151t\u00e1r 3; K\u00e1d\u00e1r \u2013 P\u00e1l-Antal; Ki kicsoda\u00a0?; A M. Korona orsz\u00e1gainak kivitelk\u00e9pes ipartelepei (Bp., 1897); Kusz\u00e1lik\u2013Zal\u00e1nyi; L\u00e1szl\u00f3 L\u00f3r\u00e1nt: Mv. Legnagyobb ad\u00f3fizet\u0151i 1881\u20131916=EME f\u00fczetek (2010. 1\u20132); Marosi-KZST; Molter: Mv.; Mv. zsid\u00f3s\u00e1g; Mv.-i Almanach, 1912.; Osv\u00e1th; \u00d6kr\u00f6s; Pan\u0103; Rugonfalvi Kiss; Sebesty\u00e9n Mih\u00e1ly 2000; Sipos; Szentgy\u00f6rgyi; Szter\u00e9nyi; Transilvania; \u00dajv\u00e1ri; Un secol de electricitate; Szucher Ervin: Megny\u00edlt az eny\u00e9szett\u0151l megmentett B\u00fcrger-palota (Kr\u00f3nika, 2022. m\u00e1j. 23.)<\/p>\n","protected":false},"excerpt":{"rendered":"<p>Vajasd, Boroskrakk\u00f3, 1861. dec. 1., \u2020\u00a0Mv., 1937. aug. 8.: nagyv\u00e1llakoz\u00f3, s\u00f6rgy\u00e1ros, lik\u0151rgy\u00e1ros, bornagykeresked\u0151, hord\u00f3gy\u00e1ros, kereskedelmi tan\u00e1csos, iparkamarai eln\u00f6k, szen\u00e1tor, virilista. \u2013 B. M\u00e1rton (1829.? \u2013 Gyulafeh\u00e9rv\u00e1r, 1916. m\u00e1j. 10.), nagybirtokos \u00e9s Nuszbaum Johanna fia. Feles\u00e9ge Tischler J\u00falia. Fiaik: Dezs\u0151 \u00e9s Gy\u00f6rgy. \u2013 K\u00f6z\u00e9piskolai tanulm\u00e1nyait Mv.-en v\u00e9gezte, Kereskedelmi Akad.-\u00e1t v\u00e9gzett Bp.-en \u00e9s Grazban. Tanulm\u00e1nyai befejezt\u00e9vel egy [&hellip;]<\/p>\n","protected":false},"featured_media":0,"comment_status":"open","ping_status":"closed","template":"","meta":[],"product_brand":[],"product_cat":[137],"product_tag":[],"class_list":{"0":"post-5508","1":"product","2":"type-product","3":"status-publish","5":"product_cat-maros-megyei-eletrajzi-lexikon","7":"first","8":"instock","9":"shipping-taxable","10":"product-type-simple"},"_links":{"self":[{"href":"https:\/\/uj.adatbank.ro\/lexikon\/wp-json\/wp\/v2\/product\/5508","targetHints":{"allow":["GET"]}}],"collection":[{"href":"https:\/\/uj.adatbank.ro\/lexikon\/wp-json\/wp\/v2\/product"}],"about":[{"href":"https:\/\/uj.adatbank.ro\/lexikon\/wp-json\/wp\/v2\/types\/product"}],"replies":[{"embeddable":true,"href":"https:\/\/uj.adatbank.ro\/lexikon\/wp-json\/wp\/v2\/comments?post=5508"}],"wp:attachment":[{"href":"https:\/\/uj.adatbank.ro\/lexikon\/wp-json\/wp\/v2\/media?parent=5508"}],"wp:term":[{"taxonomy":"product_brand","embeddable":true,"href":"https:\/\/uj.adatbank.ro\/lexikon\/wp-json\/wp\/v2\/product_brand?post=5508"},{"taxonomy":"product_cat","embeddable":true,"href":"https:\/\/uj.adatbank.ro\/lexikon\/wp-json\/wp\/v2\/product_cat?post=5508"},{"taxonomy":"product_tag","embeddable":true,"href":"https:\/\/uj.adatbank.ro\/lexikon\/wp-json\/wp\/v2\/product_tag?post=5508"}],"curies":[{"name":"wp","href":"https:\/\/api.w.org\/{rel}","templated":true}]}}