{"id":5531,"date":"2025-06-28T17:18:01","date_gmt":"2025-06-28T15:18:01","guid":{"rendered":"https:\/\/uj.adatbank.ro\/lexikon\/termek\/bustya-lajos-%c2%a7\/"},"modified":"2025-06-28T17:18:01","modified_gmt":"2025-06-28T15:18:01","slug":"bustya-lajos-%c2%a7","status":"publish","type":"product","link":"https:\/\/uj.adatbank.ro\/lexikon\/termek\/bustya-lajos-%c2%a7\/","title":{"rendered":"BUSTYA Lajos, \u00a7"},"content":{"rendered":"<p>Mv., 1868., \u2020 Mv., 1933. m\u00e1j. 11.: \u00e1cs, k\u0151m\u0171ves, \u00e9p\u00edt\u0151mester, \u00e9p\u00edtkez\u00e9si v\u00e1llalkoz\u00f3, \u00e9p\u00fclet \u00e9s asztalos\u00e1r\u00fa gy\u00e1ros \u00e9s g\u0151zf\u0171r\u00e9szgy\u00e1r tulajdonos, ipart\u00e1rsulati eln\u00f6k. \u2013 B. S\u00e1ndor \u00e1csmester fia. Feles\u00e9ge: Tim\u00e1r Nina. Gyermekeik: Auguszta dr. M\u00e1th\u00e9 J\u00e1nosn\u00e9; Ilona Szabadi Albertn\u00e9; Nina K\u00f6nig K\u00e1rolyn\u00e9; B. B\u00e9la. \u2013 Alapmesters\u00e9ge az \u00e1csmesters\u00e9g volt, katonas\u00e1g idej\u00e9n Leibachban szerezte meg \u00e9p\u00edt\u0151mesteri k\u00e9pes\u00edt\u00e9s\u00e9t. Iskol\u00e1i elv\u00e9gz\u00e9se ut\u00e1n mint k\u0151m\u0171vesmester Eur\u00f3pa majdnem valamennyi orsz\u00e1g\u00e1ban dolgozott, k\u00e9s\u0151bb is gyakran tett k\u00fclf\u00f6ldi utaz\u00e1sokat. Tanult n\u00e9met\u00fcl \u00e9s magyarra ford\u00edtott egy \u00e9p\u00edtkez\u00e9si szakk\u00f6nyvet, a f\u00f6ld- k\u0151m\u0171ves-\u00e1cs- \u00e9s \u00fatmunk\u00e1latokr\u00f3l, mint a z\u00e1gr\u00e1bi cs. k. XIII. hadtest m\u0171\u00e9p\u00edt\u00e9szeti hivatalnok\u00e1nak hadm\u00e9rn\u00f6ki tizedese (1890\u201391). \u00c1tvette apja (Mv.-en 1874-ben l\u00e9tes\u00edtett) fa- \u00e9s \u00e9p\u00fcletelem \u00fczem\u00e9t (1892\u2013). Fafeldolgoz\u00f3 \u00e9s el\u00e1rus\u00edt\u00f3 telepet l\u00e9tes\u00edtett a S\u00e1ndor J\u00e1nos \u00e9s a Honv\u00e9d utca k\u00f6z\u00f6tti telken, ahol \u00e9p\u00fcletsztalosi m\u0171helyt is fenntartott (1920- 30 k.). A v\u00e1ros sz\u00e1mottev\u0151 vezet\u0151 szem\u00e9lyis\u00e9ge volt, t\u00f6bb k\u00f6z\u00e9p\u00fclet, templom, int\u00e9zm\u00e9ny alkot\u00f3ja: V\u00e1llalkoz\u00e1s\u00e1ban \u00e9p\u00fclt a ny\u00e1r\u00e1dmenti keskenyv\u00e1g\u00e1ny\u00fa vas\u00fat \u00e9s \u00e9p\u00fcletei (1912\u201315), a Mikes Kelemen \u00e9s Koronka utcai f\u00f6ldszintes h\u00e1zak nagyr\u00e9sze, a M\u00e1th\u00e9 villa a Tr\u00e9belyben Auguszta l\u00e1nya \u00e9s dr. M\u00e1th\u00e9 J\u00e1nos r\u00e9sz\u00e9re, Maetz Ervin v\u00e1rosi f\u0151m\u00e9rn\u00f6k terve szerint (1925), ma \u201eB\u201d kateg\u00f3ri\u00e1j\u00fa m\u0171eml\u00e9k (Tr\u00e9bely u. 14. sz.), a Gecse utcai csal\u00e1di h\u00e1z, a cukorgy\u00e1r, a f\u0151t\u00e9ri Agr\u00e1r- ma Kereskedelmi bank (1900), a Polg\u00e1ri Fi\u00faiskola (Dr. Bern\u00e1dy t\u00e9r 7.; 1906) \u00e9s Fels\u0151kereskedelmi iskola, a Czak\u00f3 szanat\u00f3rium (Rad\u00f3 S\u00e1ndor tervei alapj\u00e1n, 1929); az unit. templom (1929\u201331). A Postar\u00e9ten lel\u00e1t\u00f3val rendelkez\u0151 sportp\u00e1ly\u00e1t \u00e9p\u00edtett. Hasznos k\u00f6z\u00e9leti tev\u00e9kenys\u00e9get is folytatott. A M. Iparos Egyes\u00fclet alap\u00edt\u00f3ja \u00e9s eln\u00f6ke, a M. Gy\u00e1riparosok Egyes\u00fclet\u00e9nek eln\u00f6ke, az \u00c9p\u00edt\u0151iparosok Egylet\u00e9nek d\u00edszeln\u00f6ke, Iparkamarai eln\u00f6k (18 \u00e9vig), kir\u00e1lyi kit\u00fcntet\u00e9sben r\u00e9szes\u00fclt. T\u00f6bb \u00e9ven \u00e1t v\u00e1rosi tan\u00e1cstag, ref. egyh\u00e1zi tan\u00e1csos, sz\u00e1mos t\u00e1rsadalmi \u00e9s kulturlis egyes\u00fcletn\u00e9l vezet\u0151 szerepet t\u00f6lt\u00f6tt be, a MSE megalap\u00edt\u00f3ja (1898), ipar\u00fcgyi tan\u00e1csos (1940\u2013) \u00e9s az Orsz\u00e1gos Iparos Egyes\u00fclet t\u00e1rseln\u00f6ke volt, tagja volt az \u00d6nk\u00e9ntes T\u0171zolt\u00f3 Egyes\u00fcletnek. A Ker\u00fcleti Betegseg\u00e9lyz\u0151 \u00e9s Betegbiztos\u00edt\u00f3 P\u00e9nzt\u00e1r eln\u00f6ke (1910). Az Erd\u00e9lyi Helikon mv.-i tagjai k\u00f6zt szerepelt (1930). A Mv.-i Kaszin\u00f3 v\u00e1lasztm\u00e1nyi tagja (1932). \u2013 <strong>F. m.:<\/strong> <strong>t\u00e1rssz.:<\/strong> Csikv\u00e1rmegye m\u00e1rv\u00e1nyipara (Mv., 1914); A Mv.-i Magyar Iparos Egyes\u00fclet alapszab\u00e1lya (Mv., 1922). <br \/><strong>Irod.:<\/strong> Barab\u00e1s Gergely: Csikv\u00e1rmegye m\u00e1rv\u00e1nyipara: Vitat\u00e1rgy (Mv., 1914); Bern\u00e1dy; Bi\u00e1s Istv\u00e1n; Csekme; EBKL; Fodor\u2013Bal\u00e1s; Fodor S\u00e1ndor (S): A ny\u00e1r\u00e1dmenti vicin\u00e1lisr\u00f3l&#8230; (N\u00fa., 1997. m\u00e1j. 7.); Fodor S\u00e1ndor (S): Petru Maior Egyetem (K\u00f6zpont, 10. sz., 2010. m\u00e1rc. 10\u201316.); Gy\u00e1szjelent\u0151; Id\u0151t\u00e1r 2; Id\u0151t\u00e1r 3; Illy\u00e9s; Keresztes 2000; Kereszetes Gyula: Szecesszi\u00f3 Mv.-en 6.: A st\u00edlus folytat\u00e1sa (N\u00fa., 1992. febr. 1.); Ki kicsoda\u00a0?; Kl\u00f3sz-Tolok\u00e1n; Man: Tg. M., 3.; Marosi-Helikon; Mv. m\u0171v. v\u00e1r.; Mv.-i \u00fatikalauz; Mv.-Bal\u00e1s; Nurids\u00e1ny Tibor: 100 \u00e9ve alakult meg a Mv.-i Sport Egylet \u2013 MSE (N\u00fa., 1998. jan. 16); Orb\u00e1n-Oniga; \u00d6kr\u00f6s; Pan\u0103; Sebesty\u00e9n Mih\u00e1ly: R\u00e9gi t\u00f6rt\u00e9net munk\u00e1sokr\u00f3l (N\u00fa., 2015. m\u00e1j. 14.); Sipos; Valori mure\u015fene de patrimoniu<\/br><\/p>\n","protected":false},"excerpt":{"rendered":"<p>Mv., 1868., \u2020 Mv., 1933. m\u00e1j. 11.: \u00e1cs, k\u0151m\u0171ves, \u00e9p\u00edt\u0151mester, \u00e9p\u00edtkez\u00e9si v\u00e1llalkoz\u00f3, \u00e9p\u00fclet \u00e9s asztalos\u00e1r\u00fa gy\u00e1ros \u00e9s g\u0151zf\u0171r\u00e9szgy\u00e1r tulajdonos, ipart\u00e1rsulati eln\u00f6k. \u2013 B. S\u00e1ndor \u00e1csmester fia. Feles\u00e9ge: Tim\u00e1r Nina. Gyermekeik: Auguszta dr. M\u00e1th\u00e9 J\u00e1nosn\u00e9; Ilona Szabadi Albertn\u00e9; Nina K\u00f6nig K\u00e1rolyn\u00e9; B. B\u00e9la. \u2013 Alapmesters\u00e9ge az \u00e1csmesters\u00e9g volt, katonas\u00e1g idej\u00e9n Leibachban szerezte meg \u00e9p\u00edt\u0151mesteri k\u00e9pes\u00edt\u00e9s\u00e9t. Iskol\u00e1i [&hellip;]<\/p>\n","protected":false},"featured_media":0,"comment_status":"open","ping_status":"closed","template":"","meta":[],"product_brand":[],"product_cat":[137],"product_tag":[],"class_list":{"0":"post-5531","1":"product","2":"type-product","3":"status-publish","5":"product_cat-maros-megyei-eletrajzi-lexikon","7":"first","8":"instock","9":"shipping-taxable","10":"product-type-simple"},"_links":{"self":[{"href":"https:\/\/uj.adatbank.ro\/lexikon\/wp-json\/wp\/v2\/product\/5531","targetHints":{"allow":["GET"]}}],"collection":[{"href":"https:\/\/uj.adatbank.ro\/lexikon\/wp-json\/wp\/v2\/product"}],"about":[{"href":"https:\/\/uj.adatbank.ro\/lexikon\/wp-json\/wp\/v2\/types\/product"}],"replies":[{"embeddable":true,"href":"https:\/\/uj.adatbank.ro\/lexikon\/wp-json\/wp\/v2\/comments?post=5531"}],"wp:attachment":[{"href":"https:\/\/uj.adatbank.ro\/lexikon\/wp-json\/wp\/v2\/media?parent=5531"}],"wp:term":[{"taxonomy":"product_brand","embeddable":true,"href":"https:\/\/uj.adatbank.ro\/lexikon\/wp-json\/wp\/v2\/product_brand?post=5531"},{"taxonomy":"product_cat","embeddable":true,"href":"https:\/\/uj.adatbank.ro\/lexikon\/wp-json\/wp\/v2\/product_cat?post=5531"},{"taxonomy":"product_tag","embeddable":true,"href":"https:\/\/uj.adatbank.ro\/lexikon\/wp-json\/wp\/v2\/product_tag?post=5531"}],"curies":[{"name":"wp","href":"https:\/\/api.w.org\/{rel}","templated":true}]}}