{"id":5566,"date":"2025-06-28T17:22:50","date_gmt":"2025-06-28T15:22:50","guid":{"rendered":"https:\/\/uj.adatbank.ro\/lexikon\/termek\/calugar-dumitru-%c2%a7\/"},"modified":"2025-06-28T17:22:50","modified_gmt":"2025-06-28T15:22:50","slug":"calugar-dumitru-%c2%a7","status":"publish","type":"product","link":"https:\/\/uj.adatbank.ro\/lexikon\/termek\/calugar-dumitru-%c2%a7\/","title":{"rendered":"C\u0102LUG\u0102R Dumitru, \u00a7"},"content":{"rendered":"<p>Sz\u00e1szk\u00e9zd, 1907. dec. 8., \u2020 Nagyszeben, 1988. okt. 25.: ort. pap, esperes, egyetemi teol\u00f3gia tan\u00e1r, \u00edr\u00f3. \u2013 Elemi iskol\u00e1t a sz\u00fcl\u0151hely\u00e9n, tan\u00edt\u00f3k\u00e9pz\u0151t Szebenben az Andrei \u015eaguna Iskol\u00e1ban v\u00e9gzett (1920\u201327), uo. az Andreiana Teol\u00f3giai Akad. -\u00e1n \u00e9retts\u00e9gizett (1928\u201332). Papp\u00e1 szentelt\u00e9k (1934), pap (1939), pl\u00e9b\u00e1nos, esperes (1950). A j\u00e9nai egyetemen hallgatta a felekezeti oktat\u00e1s metodik\u00e1j\u00e1t (1937\u201338), oklevelet szerzett (1943); doktor\u00e1lt Buk.-ben Caracterul religios-moral cre\u015ftin c. diszert\u00e1ci\u00f3j\u00e1val (1955). Nagyszebenben az Andrei \u015eaguna elemi iskol\u00e1ban volt tan\u00edt\u00f3 (1927\u201328). Hitoktat\u00f3 Sz\u00e1szsebesen az elemi-, szak- \u00e9s k\u00f6z\u00e9piskol\u00e1ban (1932\u201334). Nagyszebenben az egyh\u00e1zi \u00e9nek iskol\u00e1ban vall\u00e1stan\u00e1r (1934\u201345) \u00e9s igazgat\u00f3 (1940\u201345), hitoktat\u00f3 az inasiskol\u00e1ban (1932\u201340; 1945\u201346); helyettes\u00edt\u0151 tan\u00e1r az Andrei \u015eaguna elemi iskol\u00e1ban (1940\u201345). A nagyszebeni \u00e9rseks\u00e9gen az egyh\u00e1zi elemi iskol\u00e1k tanfel\u00fcgyel\u0151je (1944\u201347), egyh\u00e1zmegyei fel\u00fcgyel\u0151 (1947\u201348), helyettes egyetemi tan\u00e1r az Andreiana Teologiai Akad. -\u00e1n (1948\u201355); egyetemi tan\u00e1rseg\u00e9d a Teol\u00f3giai Int\u00e9zetben (1948\u201355); \u00e9rseks\u00e9gi titk\u00e1r (1955\u201368), c\u00edmzetes el\u0151ad\u00f3tan\u00e1r (1968\u201378). 20 \u00e9vi oktat\u00e1si \u00e9s lelk\u00e9szi munk\u00e1j\u00e1\u00e9rt iconom stavrofor (kit\u00fcntet\u00e9sk\u00e9nt arany keresztet visel\u0151 pap) c\u00edmet kapott (1958). \u00cdr\u00f3i munk\u00e1ss\u00e1ga vall\u00e1sos tank\u00f6nyvekb\u0151l, katekizmusokb\u00f3l, m\u00f3dszertani \u00e9s pedag\u00f3giai munk\u00e1kb\u00f3l, szakdolgozatokb\u00f3l \u00e1llt. Cikkeket k\u00f6z\u00f6lt a hitoktat\u00e1s t\u00e1rgyk\u00f6r\u00e9b\u0151l. \u2013 <strong>F. m.:<\/strong> Hristos \u00een \u015fcoal\u0103: Manualul catehetului ort. pt. \u015fcoala primar\u0103 vol 1. (Sibiu, 1934; 1937); Hristos \u00een \u015fcoal\u0103: Manualul catehetului ort. pt. \u015fcoala supraprimar\u0103. Vol. 2. (Sibiu, 1937); Sfin\u0163i \u015fi P\u0103rin\u0163i ai Bisericii (Sibiu, 1936); Biserica \u015fi tineretul; Copii din Biblie. Despre cei mici din vremea veche, pentru cei mici din vremea noastr\u0103 ( Sibiu, 1940); \u015eapte c\u0103r\u0163i de religie (Sibiu, 1940, 1943, 1945, 1946, 1948, Roman, 1990); Preocup\u0103ri catehetice (Sibiu, 1944); Educa\u0163ie \u015fi \u00eenv\u0103\u0163\u0103m\u00eent (Sibiu, 1946); Tat\u0103l nostru (Sibiu, 1947); Ferici\u0163i sunt (Sibiu, 1948); Caracterul religios \u2013 moral cre\u015ftin ( Sibiu, 1955); Catehetica (Sibiu, 1976); <strong>t\u00e1rssz.:<\/strong> Carte de \u00eenv\u0103\u0163\u0103tur\u0103 cre\u015ftin ortodox\u0103 (Buc., 1978). <br \/><strong>Irod.:<\/strong> P\u0103curariu; Saschiz; Todea 2013<\/br><\/p>\n","protected":false},"excerpt":{"rendered":"<p>Sz\u00e1szk\u00e9zd, 1907. dec. 8., \u2020 Nagyszeben, 1988. okt. 25.: ort. pap, esperes, egyetemi teol\u00f3gia tan\u00e1r, \u00edr\u00f3. \u2013 Elemi iskol\u00e1t a sz\u00fcl\u0151hely\u00e9n, tan\u00edt\u00f3k\u00e9pz\u0151t Szebenben az Andrei \u015eaguna Iskol\u00e1ban v\u00e9gzett (1920\u201327), uo. az Andreiana Teol\u00f3giai Akad. -\u00e1n \u00e9retts\u00e9gizett (1928\u201332). Papp\u00e1 szentelt\u00e9k (1934), pap (1939), pl\u00e9b\u00e1nos, esperes (1950). A j\u00e9nai egyetemen hallgatta a felekezeti oktat\u00e1s metodik\u00e1j\u00e1t (1937\u201338), oklevelet [&hellip;]<\/p>\n","protected":false},"featured_media":0,"comment_status":"open","ping_status":"closed","template":"","meta":[],"product_brand":[],"product_cat":[137],"product_tag":[],"class_list":{"0":"post-5566","1":"product","2":"type-product","3":"status-publish","5":"product_cat-maros-megyei-eletrajzi-lexikon","7":"first","8":"instock","9":"shipping-taxable","10":"product-type-simple"},"_links":{"self":[{"href":"https:\/\/uj.adatbank.ro\/lexikon\/wp-json\/wp\/v2\/product\/5566","targetHints":{"allow":["GET"]}}],"collection":[{"href":"https:\/\/uj.adatbank.ro\/lexikon\/wp-json\/wp\/v2\/product"}],"about":[{"href":"https:\/\/uj.adatbank.ro\/lexikon\/wp-json\/wp\/v2\/types\/product"}],"replies":[{"embeddable":true,"href":"https:\/\/uj.adatbank.ro\/lexikon\/wp-json\/wp\/v2\/comments?post=5566"}],"wp:attachment":[{"href":"https:\/\/uj.adatbank.ro\/lexikon\/wp-json\/wp\/v2\/media?parent=5566"}],"wp:term":[{"taxonomy":"product_brand","embeddable":true,"href":"https:\/\/uj.adatbank.ro\/lexikon\/wp-json\/wp\/v2\/product_brand?post=5566"},{"taxonomy":"product_cat","embeddable":true,"href":"https:\/\/uj.adatbank.ro\/lexikon\/wp-json\/wp\/v2\/product_cat?post=5566"},{"taxonomy":"product_tag","embeddable":true,"href":"https:\/\/uj.adatbank.ro\/lexikon\/wp-json\/wp\/v2\/product_tag?post=5566"}],"curies":[{"name":"wp","href":"https:\/\/api.w.org\/{rel}","templated":true}]}}