{"id":5573,"date":"2025-06-28T17:23:06","date_gmt":"2025-06-28T15:23:06","guid":{"rendered":"https:\/\/uj.adatbank.ro\/lexikon\/termek\/campean-mihail-m\/"},"modified":"2025-06-28T17:23:06","modified_gmt":"2025-06-28T15:23:06","slug":"campean-mihail-m","status":"publish","type":"product","link":"https:\/\/uj.adatbank.ro\/lexikon\/termek\/campean-mihail-m\/","title":{"rendered":"C\u00c2MPEAN Mihail M."},"content":{"rendered":"<p>Dedr\u00e1dsz\u00e9plak, 1917. j\u00fan. 6., \u2020\u00a0Dedr\u00e1dsz\u00e9plak, 1975. m\u00e1tc. 24.: tan\u00edt\u00f3, tan\u00e1r, archeologus, m\u0171gy\u0171jt\u0151. \u2013 Tanulm\u00e1nyait sz\u00fcl\u0151faluj\u00e1ban kezdte (1923\u201328), Sz\u00e1szr\u00e9genben folytatta a gimn.-ban (1828\u201332), majd a besztercenasz\u00f3di tan\u00edt\u00f3k\u00e9pz\u0151t v\u00e9gezte (1932\u201336). Tan\u00edtott Als\u00f3r\u00e9pa, B\u00e1tos, H\u00e9tb\u00fckk, Mv., Ny\u00e1r\u00e1dszentl\u00e1szl\u00f3, Bez\u00e9d, L\u00fadv\u00e9g, Dedr\u00e1dsz\u00e9plak iskol\u00e1iban. Tan\u00e1r \u00e9s iskolaigazgat\u00f3 Dedr\u00e1don. A kult\u00fara t\u00e1mogat\u00f3ja. T\u00f6rt\u00e9nelmi kutat\u00e1sainak a c\u00e9lja bebizony\u00edtani a Fels\u0151-Marosmente rom\u00e1ns\u00e1g\u00e1nak az \u00e9vsz\u00e1zados jelenl\u00e9t\u00e9t. R\u00e9g\u00e9szeti kutat\u00e1sokat, felt\u00e1r\u00e1sokat v\u00e9gzett B\u00e1tos, Dedr\u00e1d, Dedr\u00e1dsz\u00e9plakon. A Maros Megyei M\u00fazeum munkat\u00e1rsa, archeol\u00f3giai gy\u0171jtem\u00e9ny\u00e9t v\u00e9grendeletileg a M\u00fazeumra hagyta. Sz\u00e1mos el\u0151ad\u00e1st tartott \u00e9s cikket, tanulm\u00e1nyt \u00edrt kutat\u00e1sainak eredm\u00e9ny\u00e9r\u0151l. Az Ek\u00e9s Front, majd RKP tagja. \u00c1llami kit\u00fcntet\u00e9se a RSZK \u00c9rdemrendje. <br \/><strong>Irod.:<\/strong> Dasc\u0103li mure\u015feni; Todea 2013<\/br><\/p>\n","protected":false},"excerpt":{"rendered":"<p>Dedr\u00e1dsz\u00e9plak, 1917. j\u00fan. 6., \u2020\u00a0Dedr\u00e1dsz\u00e9plak, 1975. m\u00e1tc. 24.: tan\u00edt\u00f3, tan\u00e1r, archeologus, m\u0171gy\u0171jt\u0151. \u2013 Tanulm\u00e1nyait sz\u00fcl\u0151faluj\u00e1ban kezdte (1923\u201328), Sz\u00e1szr\u00e9genben folytatta a gimn.-ban (1828\u201332), majd a besztercenasz\u00f3di tan\u00edt\u00f3k\u00e9pz\u0151t v\u00e9gezte (1932\u201336). Tan\u00edtott Als\u00f3r\u00e9pa, B\u00e1tos, H\u00e9tb\u00fckk, Mv., Ny\u00e1r\u00e1dszentl\u00e1szl\u00f3, Bez\u00e9d, L\u00fadv\u00e9g, Dedr\u00e1dsz\u00e9plak iskol\u00e1iban. Tan\u00e1r \u00e9s iskolaigazgat\u00f3 Dedr\u00e1don. A kult\u00fara t\u00e1mogat\u00f3ja. T\u00f6rt\u00e9nelmi kutat\u00e1sainak a c\u00e9lja bebizony\u00edtani a Fels\u0151-Marosmente rom\u00e1ns\u00e1g\u00e1nak az \u00e9vsz\u00e1zados [&hellip;]<\/p>\n","protected":false},"featured_media":0,"comment_status":"open","ping_status":"closed","template":"","meta":[],"product_brand":[],"product_cat":[137],"product_tag":[],"class_list":{"0":"post-5573","1":"product","2":"type-product","3":"status-publish","5":"product_cat-maros-megyei-eletrajzi-lexikon","7":"first","8":"instock","9":"shipping-taxable","10":"product-type-simple"},"_links":{"self":[{"href":"https:\/\/uj.adatbank.ro\/lexikon\/wp-json\/wp\/v2\/product\/5573","targetHints":{"allow":["GET"]}}],"collection":[{"href":"https:\/\/uj.adatbank.ro\/lexikon\/wp-json\/wp\/v2\/product"}],"about":[{"href":"https:\/\/uj.adatbank.ro\/lexikon\/wp-json\/wp\/v2\/types\/product"}],"replies":[{"embeddable":true,"href":"https:\/\/uj.adatbank.ro\/lexikon\/wp-json\/wp\/v2\/comments?post=5573"}],"wp:attachment":[{"href":"https:\/\/uj.adatbank.ro\/lexikon\/wp-json\/wp\/v2\/media?parent=5573"}],"wp:term":[{"taxonomy":"product_brand","embeddable":true,"href":"https:\/\/uj.adatbank.ro\/lexikon\/wp-json\/wp\/v2\/product_brand?post=5573"},{"taxonomy":"product_cat","embeddable":true,"href":"https:\/\/uj.adatbank.ro\/lexikon\/wp-json\/wp\/v2\/product_cat?post=5573"},{"taxonomy":"product_tag","embeddable":true,"href":"https:\/\/uj.adatbank.ro\/lexikon\/wp-json\/wp\/v2\/product_tag?post=5573"}],"curies":[{"name":"wp","href":"https:\/\/api.w.org\/{rel}","templated":true}]}}