{"id":5605,"date":"2025-06-28T17:24:07","date_gmt":"2025-06-28T15:24:07","guid":{"rendered":"https:\/\/uj.adatbank.ro\/lexikon\/termek\/catarig-emil\/"},"modified":"2025-06-28T17:24:07","modified_gmt":"2025-06-28T15:24:07","slug":"catarig-emil","status":"publish","type":"product","link":"https:\/\/uj.adatbank.ro\/lexikon\/termek\/catarig-emil\/","title":{"rendered":"C\u0102T\u0102RIG Emil"},"content":{"rendered":"<p>G\u00f6rg\u00e9nyszentimre, 1903. \u00e1pr. 15. \u2020\u00a0? : g\u00f6r. kat. pap. \u2013 A Nemzeti Parasztp\u00e1rt tagja volt (\u20131946). Az ort. vall\u00e1sra val\u00f3 \u00e1tt\u00e9r\u00e9st megtagadta (1948), ink\u00e1bb elhagyta papi hivat\u00e1s\u00e1t \u00e9s G\u00f6rg\u00e9nyszentimr\u00e9re k\u00f6lt\u00f6z\u00f6tt. Ott kapcsolatot tartott Belea Augustin, g\u00f6r. kat. pappal, akit szint\u00e9n el\u00edt\u00e9ltek \u00fagymond ellenforradalmi tev\u00e9kenys\u00e9g\u00e9\u00e9rt. Letart\u00f3ztatt\u00e1k. A v\u00e1d ellene: becsm\u00e9relte a rom\u00e1n gazdas\u00e1got, kapitalista viszonyok vissza\u00e1ll\u00edt\u00e1s\u00e1t szorgalmazta, akad\u00e1lyozta a kollekt\u00edv gazdas\u00e1g l\u00e9trehoz\u00e1s\u00e1t, intenz\u00edv agit\u00e1ci\u00f3t \u00e9s ellenforradalmi propagand\u00e1t fejtett ki. A v\u00e1dak k\u00f6z\u00f6tt szerepelt \u00bbrendszerellenes t\u00e9nyked\u00e9s \u00e9s feh\u00e9r fegyver tart\u00e1sa\u00ab is. 7 \u00e9v b\u00f6rt\u00f6nre \u00edt\u00e9lt\u00e9k (1960. nov. 2. \u2013). <br \/><strong>Irod.:<\/strong> \u00c1ldozatok; Bartos 2012; P\u00e1l-Antal 2013<\/br><\/p>\n","protected":false},"excerpt":{"rendered":"<p>G\u00f6rg\u00e9nyszentimre, 1903. \u00e1pr. 15. \u2020\u00a0? : g\u00f6r. kat. pap. \u2013 A Nemzeti Parasztp\u00e1rt tagja volt (\u20131946). Az ort. vall\u00e1sra val\u00f3 \u00e1tt\u00e9r\u00e9st megtagadta (1948), ink\u00e1bb elhagyta papi hivat\u00e1s\u00e1t \u00e9s G\u00f6rg\u00e9nyszentimr\u00e9re k\u00f6lt\u00f6z\u00f6tt. Ott kapcsolatot tartott Belea Augustin, g\u00f6r. kat. pappal, akit szint\u00e9n el\u00edt\u00e9ltek \u00fagymond ellenforradalmi tev\u00e9kenys\u00e9g\u00e9\u00e9rt. Letart\u00f3ztatt\u00e1k. A v\u00e1d ellene: becsm\u00e9relte a rom\u00e1n gazdas\u00e1got, kapitalista viszonyok vissza\u00e1ll\u00edt\u00e1s\u00e1t [&hellip;]<\/p>\n","protected":false},"featured_media":0,"comment_status":"open","ping_status":"closed","template":"","meta":[],"product_brand":[],"product_cat":[137],"product_tag":[],"class_list":{"0":"post-5605","1":"product","2":"type-product","3":"status-publish","5":"product_cat-maros-megyei-eletrajzi-lexikon","7":"first","8":"instock","9":"shipping-taxable","10":"product-type-simple"},"_links":{"self":[{"href":"https:\/\/uj.adatbank.ro\/lexikon\/wp-json\/wp\/v2\/product\/5605","targetHints":{"allow":["GET"]}}],"collection":[{"href":"https:\/\/uj.adatbank.ro\/lexikon\/wp-json\/wp\/v2\/product"}],"about":[{"href":"https:\/\/uj.adatbank.ro\/lexikon\/wp-json\/wp\/v2\/types\/product"}],"replies":[{"embeddable":true,"href":"https:\/\/uj.adatbank.ro\/lexikon\/wp-json\/wp\/v2\/comments?post=5605"}],"wp:attachment":[{"href":"https:\/\/uj.adatbank.ro\/lexikon\/wp-json\/wp\/v2\/media?parent=5605"}],"wp:term":[{"taxonomy":"product_brand","embeddable":true,"href":"https:\/\/uj.adatbank.ro\/lexikon\/wp-json\/wp\/v2\/product_brand?post=5605"},{"taxonomy":"product_cat","embeddable":true,"href":"https:\/\/uj.adatbank.ro\/lexikon\/wp-json\/wp\/v2\/product_cat?post=5605"},{"taxonomy":"product_tag","embeddable":true,"href":"https:\/\/uj.adatbank.ro\/lexikon\/wp-json\/wp\/v2\/product_tag?post=5605"}],"curies":[{"name":"wp","href":"https:\/\/api.w.org\/{rel}","templated":true}]}}