{"id":5634,"date":"2025-06-28T17:24:59","date_gmt":"2025-06-28T15:24:59","guid":{"rendered":"https:\/\/uj.adatbank.ro\/lexikon\/termek\/ceusianu-alexandru-%c2%a7-ceuseanu-alexandru\/"},"modified":"2025-06-28T17:24:59","modified_gmt":"2025-06-28T15:24:59","slug":"ceusianu-alexandru-%c2%a7-ceuseanu-alexandru","status":"publish","type":"product","link":"https:\/\/uj.adatbank.ro\/lexikon\/termek\/ceusianu-alexandru-%c2%a7-ceuseanu-alexandru\/","title":{"rendered":"CEU\u015eIANU Alexandru, \u00a7 Ceu\u015feanu Alexandru"},"content":{"rendered":"<p>Sz\u00e1szr\u00e9gen, 1898. m\u00e1j. 24., \u2020 Nagyszeben, 1970. jan. 17., Sz\u00e1szr\u00e9genben temett\u00e9k: \u00fcgyv\u00e9d, parlamenti k\u00e9pvisel\u0151, \u00edr\u00f3. \u2013 Apja orvos. Az elemi iskol\u00e1t \u00e9s a rom\u00e1n \u00e9s sz\u00e1sz gimn. -ot R\u00e9genben, a l\u00edc. -ot Bal\u00e1zsfalv\u00e1n v\u00e9gezte (1917); a B\u00e9csi Hadm\u00e9rn\u00f6ki Akad. M\u0171sz. kar\u00e1ra iratkozott (1915\u201317). M\u00f6dlingben (Ausztria) katonai akad. -\u00e1t (1917\u201318), megj\u00e1rta a frontot (1917\u2013) \u00e9s f\u0151hadnagyi rangban vonult vissza, majd Buk.-ben jogot v\u00e9gzett (1920), doktor\u00e1tus\u00e1t a kv.-i egyetemen v\u00e9dte meg (1922). \u00dcgyv\u00e9dk\u00e9n dolgozott Sz\u00e1szr\u00e9genben (1922\u201340); parlamenti k\u00e9pvisel\u0151k\u00e9nt tagja a k\u00fcl\u00fcgyi bizotts\u00e1gnak (1928\u201340); a megyei id\u0151k\u00f6zi bizotts\u00e1g tagja (1929); az Astra r\u00e9geni szakoszt\u00e1ly\u00e1nak tagja. Munkat\u00e1rs a \u0162ara B\u00e2rsei, Caleidoscop, Societatea de m\u00e2ine, Azi, Lanuri, Via\u0163a Rom\u00e2neasc\u0103, Familia, Luceaf\u0103rul, Progres \u015fi cultur\u0103, G\u00e2ndirea, G\u00e2nd rom\u00e2nes, Jar \u015fi slov\u0103, Sem\u0103n\u0103torul, Credin\u0163a, S\u0103m\u0103n\u0103torul c. lapokn\u00e1l. Szerkesztette a sz\u00e1szr\u00e9geni S\u0103m\u0103n\u0103torul c. lapot (1931\u201338). Eln\u00f6ke az Erd\u00e9lyi \u00e9s B\u00e1n\u00e1ti F\u00fcggetlen Rom\u00e1n \u00cdr\u00f3k Sz\u00f6vets\u00e9g\u00e9nek, valamint a R\u00e9geni Rom\u00e1n Iparos Egyletnek. Letette az inas otthon alapk\u00f6v\u00e9t (1931). A Petru Maior eml\u00e9km\u0171 fel\u00e1ll\u00edt\u00e1s\u00e1nak szorgalmaz\u00f3ja. Szebenbe k\u00f6lt\u00f6z\u00f6tt \u00e9s mint jogtan\u00e1csos tev\u00e9kenykedett (1940\u201344). Politikai okokb\u00f3l beb\u00f6rt\u00f6n\u00f6zt\u00e9k (1945). Visszat\u00e9r R\u00e9genbe, ahol az Erd\u00e9szeti Szakiskola tan\u00e1ra (1949\u201352); \u00dajj\u00e1szervezte a munk\u00e1s-sz\u00ednh\u00e1zat, leford\u00edtotta \u00e9s sz\u00ednre vitte Szimonov: Orosz emberek c. sz\u00edndarabj\u00e1t \u00e9s saj\u00e1t m\u0171v\u00e9t is bemutatta a Soacra f\u0103r\u0103 voie-t. \u00c9lete utols\u00f3 \u00e9veiben Szebenben \u00fcgyv\u00e9d (1952\u201370). Lev Tolsztoj: Felt\u00e1mad\u00e1s c. m\u0171v\u00e9t \u00e1t\u00fcltette sz\u00ednpadra, az el\u0151ad\u00e1st, a buk.-i R\u00e1di\u00f3 is k\u00f6zvet\u00edtette (1950). Mivel nem alkotott \u00faj m\u0171veket, kiz\u00e1rt\u00e1k az \u00edr\u00f3sz\u00f6vets\u00e9gb\u0151l (1952). Ir\u00f3i tev\u00e9kenys\u00e9ge jelent\u0151s a k\u00f6lt\u00e9szet, dr\u00e1ma \u00e9s pr\u00f3za ter\u00fclet\u00e9n. \u2013 <strong>F. m.:<\/strong> Vremuri de os\u00e2nd\u0103 Revolu\u0163ia din 1848\u20131849 din perspectiva unui or\u0103\u015fel ardelenesc [Reghin](Bra\u015fov, 1932); Epistol\u0103 alb\u0103 (Reghin, 1934); Cronica evenimentelor din anii 1848\u20131849 a protopopului \u015etefan Branea din Aluni\u015f; Craiul mun\u0163ilor (Bra\u015fov, 1935); Cremene (Sighi\u015foara, 1936, 1940); A Zestrea trecutului c. darabj\u00e1t Kv.-on \u00e9s Temesv\u00e1ron mutatt\u00e1k be (1941); <strong>t\u00e1rssz.:<\/strong> Antologia poe\u0163ilor tineri (Buc., 1934); Georgescu, Ioan: George Pop de B\u0103se\u015fti (Oradea, 1935); Noua liric\u0103 ardelean\u0103 (1935). <br \/><strong>Irod.:<\/strong> A. C.: studii \u015fi comunic\u0103ri (Reghin, 1999); B\u00edr\u00f3 Don\u00e1t; C. L. (1998. j\u00fan. 4.); Chiorean 2008; Cosma; Husar; Id\u0151t\u00e1r 3; Netea: Astra; Predescu; Profilurt reghinene; Regh. Cult. 2.; Reghin, militari; Szab\u00f3\u2013Simon\u2013Sz\u00f6gi; Szab\u00f3 Mih\u00e1ly: A r\u00e9geni sajt\u00f3 t\u00f6rt\u00e9net\u00e9b\u0151l (2.) (V. Z., 1983. m\u00e1rc. 27.)<\/br><\/p>\n","protected":false},"excerpt":{"rendered":"<p>Sz\u00e1szr\u00e9gen, 1898. m\u00e1j. 24., \u2020 Nagyszeben, 1970. jan. 17., Sz\u00e1szr\u00e9genben temett\u00e9k: \u00fcgyv\u00e9d, parlamenti k\u00e9pvisel\u0151, \u00edr\u00f3. \u2013 Apja orvos. Az elemi iskol\u00e1t \u00e9s a rom\u00e1n \u00e9s sz\u00e1sz gimn. -ot R\u00e9genben, a l\u00edc. -ot Bal\u00e1zsfalv\u00e1n v\u00e9gezte (1917); a B\u00e9csi Hadm\u00e9rn\u00f6ki Akad. M\u0171sz. kar\u00e1ra iratkozott (1915\u201317). M\u00f6dlingben (Ausztria) katonai akad. -\u00e1t (1917\u201318), megj\u00e1rta a frontot (1917\u2013) \u00e9s f\u0151hadnagyi [&hellip;]<\/p>\n","protected":false},"featured_media":0,"comment_status":"open","ping_status":"closed","template":"","meta":[],"product_brand":[],"product_cat":[137],"product_tag":[],"class_list":{"0":"post-5634","1":"product","2":"type-product","3":"status-publish","5":"product_cat-maros-megyei-eletrajzi-lexikon","7":"first","8":"instock","9":"shipping-taxable","10":"product-type-simple"},"_links":{"self":[{"href":"https:\/\/uj.adatbank.ro\/lexikon\/wp-json\/wp\/v2\/product\/5634","targetHints":{"allow":["GET"]}}],"collection":[{"href":"https:\/\/uj.adatbank.ro\/lexikon\/wp-json\/wp\/v2\/product"}],"about":[{"href":"https:\/\/uj.adatbank.ro\/lexikon\/wp-json\/wp\/v2\/types\/product"}],"replies":[{"embeddable":true,"href":"https:\/\/uj.adatbank.ro\/lexikon\/wp-json\/wp\/v2\/comments?post=5634"}],"wp:attachment":[{"href":"https:\/\/uj.adatbank.ro\/lexikon\/wp-json\/wp\/v2\/media?parent=5634"}],"wp:term":[{"taxonomy":"product_brand","embeddable":true,"href":"https:\/\/uj.adatbank.ro\/lexikon\/wp-json\/wp\/v2\/product_brand?post=5634"},{"taxonomy":"product_cat","embeddable":true,"href":"https:\/\/uj.adatbank.ro\/lexikon\/wp-json\/wp\/v2\/product_cat?post=5634"},{"taxonomy":"product_tag","embeddable":true,"href":"https:\/\/uj.adatbank.ro\/lexikon\/wp-json\/wp\/v2\/product_tag?post=5634"}],"curies":[{"name":"wp","href":"https:\/\/api.w.org\/{rel}","templated":true}]}}