{"id":5667,"date":"2025-06-28T17:26:00","date_gmt":"2025-06-28T15:26:00","guid":{"rendered":"https:\/\/uj.adatbank.ro\/lexikon\/termek\/chinda-eugen\/"},"modified":"2025-06-28T17:26:00","modified_gmt":"2025-06-28T15:26:00","slug":"chinda-eugen","status":"publish","type":"product","link":"https:\/\/uj.adatbank.ro\/lexikon\/termek\/chinda-eugen\/","title":{"rendered":"CHINDA Eugen"},"content":{"rendered":"<p>1915., \u2020 Sz\u00e1szr\u00e9gen, 1961. j\u00fal. 7.: zeneten\u00e1r. \u2013 Zeneakad\u00e9mi\u00e1t \u00e9s dr\u00e1mam\u0171v\u00e9szetet Kv.-on v\u00e9gzett (1932\u201336). Tan\u00e1rai t\u00f6bbek k\u00f6z\u00f6tt: Mar\u0163ian Negrea \u00e9s B\u00e9na \u00c1goston voltak, akikt\u0151l zenelm\u00e9letet, zenet\u00f6rt\u00e9netet, \u00e9s hangszertant, egyetemes zenet\u00f6t\u00e9netet, k\u00f3rusvezet\u00e9st, zongor\u00e1t stb. tanult. R\u00e9genben lett zenetan\u00e1r (1937\u201340), azut\u00e1n nevel\u0151 az Inasotthonban. Fiatalon elfogadta a l\u00e9gion\u00e1riusok tanait, n\u00e9h\u00e1ny h\u00f3napig r\u00e9szt is vett a mozgalomban (1940 okt. -dec), ami\u00e9rt k\u00e9s\u0151bb \u00fcld\u00f6z\u00e9sben, zaklat\u00e1sban volt r\u00e9sze. Tisztk\u00e9nt kivitt\u00e9k a keleti frontra (1939\u201345). Sevastopoln\u00e1l r\u00e9szt vett a s\u00falyos harcokban; embers\u00e9g\u00e9r\u0151l tett tanubizonys\u00e1got, amikor szovjet hadifoglyokon seg\u00edtett. Chi\u015fin\u0103uban a Teol\u00f3giai Szemin\u00e1rium zenetan\u00e1ra volt (1941\u201343). A h\u00e1bor\u00fa v\u00e9g\u00e9n visszat\u00e9rt R\u00e9genbe a Pedag\u00f3giai Iskola zene katedr\u00e1j\u00e1ra, a tan\u00edt\u00e1son k\u00edv\u00fcl t\u00f6bb k\u00f3rust \u00e9s zenekart hozott l\u00e9tre. A Szakszervezetek H\u00e1z\u00e1ban sz\u00ednj\u00e1tsz\u00f3 csoportot l\u00e9tes\u00edtett. Vezette a Miori\u0163a v\u00e1rosi n\u00e9pi zenekart, kvartetteket szervezett, szemisz\u00edmf\u00f3nikus zenekart l\u00e9tes\u00edtett a Tan\u00fcgyi Szakszervezet keret\u00e9ben. Folkl\u00f3rgy\u0171jt\u00e9ssel is foglalkozott, t\u00f6bb n\u00e9pdalt dolgozott fel k\u00f3rusok r\u00e9sz\u00e9re. T\u00f6bb t\u00e1rsadalmi szervezetben volt kult\u00farfelel\u0151s (ARLUS, Szakszervezetek Sz\u00f6vets\u00e9ge, Ateneul Cultural, Frontul Plugarilor \u00e9s m\u00e1sok). Foglalkozott az egy\u00fctt\u00e9l\u0151 nemzetis\u00e9gek zen\u00e9j\u00e9vel. K\u00f3rusvezet\u0151 tanfolyamokat vezetett. \u00c1thelyez\u00e9st kapott Mv.-re a Papiu Ilarian L\u00edc. -ba (1958. szept. 1. \u2013). A Securitate zaklatni \u00e9s \u00fcld\u00f6zni kezdte, kitett\u00e9k a RKP-b\u00f3l (1949). \u00c1thelyezt\u00e9k Marosoroszfaluba (1952), G\u00f6rg\u00e9nyoroszfaluba (1953), azut\u00e1n katedra n\u00e9lk\u00fcl maradt (1954\u2013). Nevel\u0151 lett a Faipari Szakiskol\u00e1ban, majd az 1-es sz. K\u00f6z\u00e9pisk.-ban, ezut\u00e1n, l\u00e9gi\u00f3n\u00e1rius m\u00faltj\u00e1ra hivatkozva, felbontott\u00e1k a munkaszerz\u0151d\u00e9s\u00e9t (1958. dec. 8.). Ekkor \u00edrta meg konteszt\u00e1l\u00e1sk\u00e9nt visszaeml\u00e9kez\u00e9seit Memoriu c. -mel 16 g\u00e9pelt oldalon, amelyhez 30 egykori munkat\u00e1rsa csatolt nyilatkozatot, igazolva, h. nem volt oszt\u00e1lyellens\u00e9g. Ezeket azonban nem vett\u00e9k figyelembe, \u00e9s sohasem rehabilit\u00e1lt\u00e1k. <br \/><strong>Irod.:<\/strong> Regh. Cult. (10., 2010)<\/br><\/p>\n","protected":false},"excerpt":{"rendered":"<p>1915., \u2020 Sz\u00e1szr\u00e9gen, 1961. j\u00fal. 7.: zeneten\u00e1r. \u2013 Zeneakad\u00e9mi\u00e1t \u00e9s dr\u00e1mam\u0171v\u00e9szetet Kv.-on v\u00e9gzett (1932\u201336). Tan\u00e1rai t\u00f6bbek k\u00f6z\u00f6tt: Mar\u0163ian Negrea \u00e9s B\u00e9na \u00c1goston voltak, akikt\u0151l zenelm\u00e9letet, zenet\u00f6rt\u00e9netet, \u00e9s hangszertant, egyetemes zenet\u00f6t\u00e9netet, k\u00f3rusvezet\u00e9st, zongor\u00e1t stb. tanult. R\u00e9genben lett zenetan\u00e1r (1937\u201340), azut\u00e1n nevel\u0151 az Inasotthonban. Fiatalon elfogadta a l\u00e9gion\u00e1riusok tanait, n\u00e9h\u00e1ny h\u00f3napig r\u00e9szt is vett a mozgalomban (1940 [&hellip;]<\/p>\n","protected":false},"featured_media":0,"comment_status":"open","ping_status":"closed","template":"","meta":[],"product_brand":[],"product_cat":[137],"product_tag":[],"class_list":{"0":"post-5667","1":"product","2":"type-product","3":"status-publish","5":"product_cat-maros-megyei-eletrajzi-lexikon","7":"first","8":"instock","9":"shipping-taxable","10":"product-type-simple"},"_links":{"self":[{"href":"https:\/\/uj.adatbank.ro\/lexikon\/wp-json\/wp\/v2\/product\/5667","targetHints":{"allow":["GET"]}}],"collection":[{"href":"https:\/\/uj.adatbank.ro\/lexikon\/wp-json\/wp\/v2\/product"}],"about":[{"href":"https:\/\/uj.adatbank.ro\/lexikon\/wp-json\/wp\/v2\/types\/product"}],"replies":[{"embeddable":true,"href":"https:\/\/uj.adatbank.ro\/lexikon\/wp-json\/wp\/v2\/comments?post=5667"}],"wp:attachment":[{"href":"https:\/\/uj.adatbank.ro\/lexikon\/wp-json\/wp\/v2\/media?parent=5667"}],"wp:term":[{"taxonomy":"product_brand","embeddable":true,"href":"https:\/\/uj.adatbank.ro\/lexikon\/wp-json\/wp\/v2\/product_brand?post=5667"},{"taxonomy":"product_cat","embeddable":true,"href":"https:\/\/uj.adatbank.ro\/lexikon\/wp-json\/wp\/v2\/product_cat?post=5667"},{"taxonomy":"product_tag","embeddable":true,"href":"https:\/\/uj.adatbank.ro\/lexikon\/wp-json\/wp\/v2\/product_tag?post=5667"}],"curies":[{"name":"wp","href":"https:\/\/api.w.org\/{rel}","templated":true}]}}