{"id":5675,"date":"2025-06-28T17:26:16","date_gmt":"2025-06-28T15:26:16","guid":{"rendered":"https:\/\/uj.adatbank.ro\/lexikon\/termek\/chiorean-ioan-cheoreanu-ion\/"},"modified":"2025-06-28T17:26:16","modified_gmt":"2025-06-28T15:26:16","slug":"chiorean-ioan-cheoreanu-ion","status":"publish","type":"product","link":"https:\/\/uj.adatbank.ro\/lexikon\/termek\/chiorean-ioan-cheoreanu-ion\/","title":{"rendered":"CHIOREAN Ioan, Cheoreanu Ion"},"content":{"rendered":"<p>G\u00f6rg\u00e9nyoroszfalu, 1912. jan. 12. \u2020 ? : zeneszerz\u0151, karmester. \u2013 Buk.-ben zenekonzervat\u00f3riumban (1936\u201340, 1945\u201346), tan\u00e1rai voltak Faust Nicolescu, M. Jora, Dimitrie Cuclin, Paul Jelescu. Titu Maiorescu egyetemen pedag\u00f3giai szemin\u00e1riumot v\u00e9gzett (1948). Katonatiszt zenei vezet\u0151 k\u00fcl\u00f6nb\u0151z\u0151 katonai egys\u00e9gekn\u00e9l. Borosjen\u0151n (1940\u201344) \u00e9s Buk.-ben (1944, 1950\u201351) m\u0171k\u00f6d\u00f6tt. Buk.-ben a kadettiskol\u00e1ban karvezet\u0151 tan\u00e1r (1946\u201349), a Hadsereg M\u0171v\u00e9szeti Egy\u00fcttes\u00e9nek igazgat\u00f3ja \u00e9s karnagya (1960\u201362), a Katonai Zeneiskola tanulm\u00e1nyi igazgat\u00f3ja (1962\u201363), aligazgat\u00f3 az \u00c1ltal\u00e1nos Katonaizene Fel\u00fcgyel\u0151s\u00e9g\u00e9n (1967\u201372). Sz\u00e1mos katonazenekart \u00e9s k\u00f3rust ir\u00e1ny\u00edtott \u00e9s k\u00e9sz\u00edtett fel k\u00fclf\u00f6ldi versenyekre Buk.-ben \u00e9s az orsz\u00e1gban. Ir\u00e1ny\u00edtotta a katonai karnagyok \u00e9s k\u00f3rusvezet\u0151k tov\u00e1bbk\u00e9pz\u0151 tanfolyamait. Cikkei jelentek meg a Muzica, Ap\u0103rarea Patriei, \u00cendrum\u0103torul Cultural \u00een Armata \u00e9s m\u00e1s lapokban. K\u00fclf\u00f6ldi turn\u00e9i voltak: NDK (1960), Csehszlov\u00e1kia (1961), Magyaro. (1961). <strong>Kit\u00fcntet\u00e9sei:<\/strong> Katonai \u00c9rdemrend (Ordinul Meritul Militar) III. oszt. (1959), II. oszt. (1964), I. oszt. (1969); a Zeneszerz\u0151 Sz\u00f6vets\u00e9g d\u00edja (1979, 1986). Meg\u00e9nekl\u00fcnk Rom\u00e1nia Fesztiv\u00e1lon nyert d\u00edjat (1980). M\u0171vei sz\u00fcl\u0151faluja n\u00e9pzenei t\u00e9m\u00e1ib\u00f3l ihlet\u0151dtek. Munk\u00e1i: indul\u00f3k, sz\u00ednfonikus szvittek, rapsz\u00f3di\u00e1k r\u00e9zf\u00fav\u00f3s zenekarok sz\u00e1m\u00e1ra, k\u00f3rusm\u0171vek. \u2013 <strong>F. m.:<\/strong> Hor\u0103 pentru Republic\u0103, pentru cor pe voci egale. (Versuri de Condtatin Ghiban, Buc., 1948); S\u0103-nt\u0103rim republica pentru cor pe voci egale (versuri de C. Ghiban, Buc., 1948); Drapelul patriei pentru cor de voci egaale ( versuri de Traian Vizitiu, Buc., 1952); Osta\u015fii p\u0103cii: mar\u015f (Buc., 1956); Suita rom\u00e2neasc\u0103 (Buc., 1957); Eroii patriei: mar\u015f (Buc., 1958); Solda\u0163ii \u00een mar\u015f: mar\u015f pe teme populare (Buc., 1959); Frunta\u015fi \u00een preg\u0103tirea de lupt\u0103: mar\u015f (Buc., 1959); C\u00e2ntec marin\u0103resc pentru cor pe voci egale (versuri de Cicerone Theodorescu, Buc., 1967); Jiana din Jina: dans simfonic pentru fanfar\u0103 (Buc., 1968); Moment rustic: varia\u0163iuni pe teme \u00een stil popular rom\u00e2nesc (Buc., 1969); Bucuria vie\u0163ii noi: dans simfonic \u00een stil popular rom\u00e2nesc (Buc., 1971); C\u00e2ntare patriei iubite: poem simfonic pe teme \u00een stil popular rom\u00e2nesc (Buc., 1973); Elanuri: triptic simfonic (Buc., 1975); Suit\u0103 de schi\u0163e rustice pe teme \u00een stil popular rom\u00e2nesc (Buc., 1976); Av\u00e2nt \u015fi biruin\u0163\u0103: poem simfonic pe teme \u00een stil popular rom\u00e2nesc (Buc., 1976); Luminile ad\u00e2ncului : mar\u015f dedicat minerilor din Valea Jiului (Buc., 1980); St\u0103m de straj\u0103 ne-nfrica\u0163i: pentru cor b\u0103rb\u0103tesc (versuri de Nicolae Dumbrav\u0103, Buc., 1980); Patria \u00een s\u0103rb\u0103toare: suit\u0103 simfonic\u0103 (Buc., 1983); Pro patria: mar\u015f (Buc., 1984); Spre culmi de lumin\u0103: suit\u0103 simfonic\u0103 (Buc., 1987). <br \/><strong>Irod.:<\/strong> MRL; Muzicieni din Rom.; Todea 2013; Netea: Mure\u015ful superior; http: \/\/www. crispedia. ro\/Ioan_Chiorean<\/br><\/p>\n","protected":false},"excerpt":{"rendered":"<p>G\u00f6rg\u00e9nyoroszfalu, 1912. jan. 12. \u2020 ? : zeneszerz\u0151, karmester. \u2013 Buk.-ben zenekonzervat\u00f3riumban (1936\u201340, 1945\u201346), tan\u00e1rai voltak Faust Nicolescu, M. Jora, Dimitrie Cuclin, Paul Jelescu. Titu Maiorescu egyetemen pedag\u00f3giai szemin\u00e1riumot v\u00e9gzett (1948). Katonatiszt zenei vezet\u0151 k\u00fcl\u00f6nb\u0151z\u0151 katonai egys\u00e9gekn\u00e9l. Borosjen\u0151n (1940\u201344) \u00e9s Buk.-ben (1944, 1950\u201351) m\u0171k\u00f6d\u00f6tt. Buk.-ben a kadettiskol\u00e1ban karvezet\u0151 tan\u00e1r (1946\u201349), a Hadsereg M\u0171v\u00e9szeti Egy\u00fcttes\u00e9nek igazgat\u00f3ja [&hellip;]<\/p>\n","protected":false},"featured_media":0,"comment_status":"open","ping_status":"closed","template":"","meta":[],"product_brand":[],"product_cat":[137],"product_tag":[],"class_list":{"0":"post-5675","1":"product","2":"type-product","3":"status-publish","5":"product_cat-maros-megyei-eletrajzi-lexikon","7":"first","8":"instock","9":"shipping-taxable","10":"product-type-simple"},"_links":{"self":[{"href":"https:\/\/uj.adatbank.ro\/lexikon\/wp-json\/wp\/v2\/product\/5675","targetHints":{"allow":["GET"]}}],"collection":[{"href":"https:\/\/uj.adatbank.ro\/lexikon\/wp-json\/wp\/v2\/product"}],"about":[{"href":"https:\/\/uj.adatbank.ro\/lexikon\/wp-json\/wp\/v2\/types\/product"}],"replies":[{"embeddable":true,"href":"https:\/\/uj.adatbank.ro\/lexikon\/wp-json\/wp\/v2\/comments?post=5675"}],"wp:attachment":[{"href":"https:\/\/uj.adatbank.ro\/lexikon\/wp-json\/wp\/v2\/media?parent=5675"}],"wp:term":[{"taxonomy":"product_brand","embeddable":true,"href":"https:\/\/uj.adatbank.ro\/lexikon\/wp-json\/wp\/v2\/product_brand?post=5675"},{"taxonomy":"product_cat","embeddable":true,"href":"https:\/\/uj.adatbank.ro\/lexikon\/wp-json\/wp\/v2\/product_cat?post=5675"},{"taxonomy":"product_tag","embeddable":true,"href":"https:\/\/uj.adatbank.ro\/lexikon\/wp-json\/wp\/v2\/product_tag?post=5675"}],"curies":[{"name":"wp","href":"https:\/\/api.w.org\/{rel}","templated":true}]}}