{"id":5741,"date":"2025-06-28T17:28:18","date_gmt":"2025-06-28T15:28:18","guid":{"rendered":"https:\/\/uj.adatbank.ro\/lexikon\/termek\/ciupe-aurel-%c2%a7\/"},"modified":"2025-06-28T17:28:18","modified_gmt":"2025-06-28T15:28:18","slug":"ciupe-aurel-%c2%a7","status":"publish","type":"product","link":"https:\/\/uj.adatbank.ro\/lexikon\/termek\/ciupe-aurel-%c2%a7\/","title":{"rendered":"CIUPE Aurel, \u00a7"},"content":{"rendered":"<p>Lugos, 1900. m\u00e1j. 16., \u2020 Kv., 1988. j\u00fal. 17. Hazsong\u00e1rdi temet\u0151ben nyugszik: fest\u0151m\u0171v\u00e9sz, tan\u00e1r. \u2013 Feles\u00e9ge: Kir\u00e1ly M\u00e1ria. \u2013 Csal\u00e1dja az els\u0151 vh. ut\u00e1n Mv.-re ker\u00fclt a B\u00e1ns\u00e1gb\u00f3l, apja t\u00e1blab\u00edr\u00f3k\u00e9nt m\u0171k\u00f6d\u00f6tt (\u20131935). M\u00e9g tanul\u00f3k\u00e9nt Lugoson Virgil Siomonescun\u00e1l tanult, majd a nagyb\u00e1nyai szabad fest\u0151iskol\u00e1ban (1916). F\u0151iskolai tanulm\u00e1nyokat folytatott (1919\u201324), ebben az id\u0151szakban a vak\u00e1ci\u00f3kat Mv.-en t\u00f6lt\u00f6tte, \u00e9s a huszon\u00f6t\u00f6s koroszt\u00e1llyal a 82. gyalogezredben szolg\u00e1lta le \u00f6nk\u00e9ntes \u00e9veit. A buk.-i Sz\u00e9pm\u0171v\u00e9szeti F\u0151iskol\u00e1n (Acad. de Arte Frumoase) (1919), fest\u00e9szetet tanult, mesterei voltak G. D. Mirea, I. Str\u00e2mbulescu. \u00c1llami \u00f6szt\u00f6nd\u00edjjal P\u00e1rizsban az Acad. Julianon folytatta tanulm\u00e1nyait (1919\u201322) \u00e9s tanulm\u00e1ny\u00faton Olaszo.-ban j\u00e1rt. Visszat\u00e9rve az orsz\u00e1gba a P\u00e1rizsban szerzett diplom\u00e1j\u00e1t a ia\u015fii M\u0171v\u00e9szeti Akad.-\u00e1n honos\u00edtotta, a Gh. Popovici \u00e9s Octav B\u0103ncil\u0103 katedr\u00e1j\u00e1n, ezut\u00e1n R\u00f3m\u00e1ban szerzett licenti\u00e1tust. Az els\u0151 egy\u00e9ni ki\u00e1ll. (Lugos, 1924) ut\u00e1n, \u00fajb\u00f3l P\u00e1rizsba utazott, Andr\u00e9 Lhote fest\u0151 m\u0171hely\u00e9ben tev\u00e9kenykedett (1927\u201328), Olaszo.-ban Alberto Coromaldi m\u0171hely\u00e9ben dolgozott. Rendszersen \u00e1ll\u00edtott ki (1925). Tan\u00e1r a kv.-i sz\u00e9pm\u0171v\u00e9szeti iskol\u00e1ban (1926\u201333), amikor az iskol\u00e1t Temesv\u00e1rra helyezt\u00e9k \u00e1t, visszat\u00e9rt Mv.-re. A B\u00e1ns\u00e1gi M\u0171v\u00e9szetek Szalonj\u00e1nak l\u00e9tes\u00edt\u00e9sekor tagnak v\u00e1lasztott\u00e1k (1930), ami arra jogos\u00edtotta, hogy \u00e1lland\u00f3 jelleggel ki\u00e1ll\u00edthasson Temesv\u00e1ron. Kinevezt\u00e9k a mv.-i Kult\u00farpalota k\u00e9pt\u00e1r\u00e1nak igazgat\u00f3j\u00e1v\u00e1 (1932\u201340). Itt megvetette az alapjait a mv.-i Szabad Fest\u0151iskol\u00e1nak (Cursul liber de art\u0103 plastic\u0103), rajz \u00e9s fest\u00e9szeti oszt\u00e1lyokkal, amelynek tan\u00e1ra (1932\u201340). N\u00f6vend\u00e9kei: Barab\u00e1s Istv\u00e1n, Barab\u00e1s Bortnyik Ir\u00e9n, Albert L\u00e1szl\u00f3, Brassay D\u00f3czi Roz\u00e1lia, J\u00f3zsa Nemes Ir\u00e9n, k\u00e9s\u0151bbi feles\u00e9ge Kir\u00e1ly M\u00e1ria, Nagy P\u00e1l, Sz\u00e1sz Endre, Bal\u00e1zs Imre, Mmacsk\u00e1ssy J\u00f3zsef, Nagy J\u00f3zsef szobr\u00e1sz, Keleti Jol\u00e1n porcel\u00e1nfest\u0151 iparm\u0171v\u00e9sz \u00e9s m\u00e9g sokan m\u00e1sok. \u00c1tszervezte a k\u00e9pt\u00e1rat. Kieg\u00e9sz\u00edtette a k\u00e9pt\u00e1r \u00e1llom\u00e1ny\u00e1t adom\u00e1nyokb\u00f3l: Nicolae Grigorescu, Theodor Pallady, Gheorghe Petra\u015fcu, Marius Bunescu, Jean Al. Steriadi, Corneliu Medrea, Petre Iorgulescu-Yor, Ion Jalea \u00e9s Oscar Han m\u0171veivel \u00e9s \u00f6ssze\u00e1ll\u00edtotta az int\u00e9zm\u00e9ny katal\u00f3gus\u00e1t rom\u00e1n \u00e9s francia nyelven (1934). Ekkor festette a mv.-i nagy ortodox katedr\u00e1lis kupol\u00e1j\u00e1t Tase Damian fest\u0151vel (1932\u201340), ami\u00e9rt orsz\u00e1gos II. d\u00edjat nyertek. R\u00e9szt vett a szov\u00e1tai g\u00f6r. kat, templom d\u00edsz\u00edt\u00e9s\u00e9ben. Elk\u00e9sz\u00edtette az els\u0151 tudom\u00e1nyos alap\u00fa lelt\u00e1rat a Mv.-i M\u0171v\u00e9szeti M\u00fazeum k\u00e9panyag\u00e1r\u00f3l (1913. j\u00fan. 8. \u2013 1940-ig): \u201eCatalogul Pinacotecii Municipiului Tg. Mure\u015f.\u201d Vett a Tr\u00e9belyben egy telket (1939), abb\u00f3l a p\u00e9nzb\u0151, l amit egy radn\u00f3ti templom fest\u00e9s\u00e9\u00e9rt kapott. Lelt\u00e1rilag \u00e1tadta a k\u00e9panyagot (146 festm\u00e9nyt \u00e9s grafik\u00e1t) a v\u00e1ros polg\u00e1rmester\u00e9nek, dr. D. Curtanak (1940. szept. 5.), majd 133 alkot\u00e1st Bordi Andr\u00e1s fest\u0151m\u0171v\u00e9sznek, a k\u00e9pt\u00e1r \u00faj gondnok\u00e1nak (1940. szept.). Temesv\u00e1rra k\u00f6lt\u00f6z\u00f6tt a B\u00e1ns\u00e1gi M\u00fazeum igazgat\u00f3jak\u00e9nt (1940\u201349). A rom\u00e1n K\u00e9pz\u0151m\u0171v\u00e9szek Test\u00fclete (Corpul Arti\u015ftilor Plastici) a Hivatalos K\u00f6zl\u00f6nybe k\u00f6z\u00f6lte a 175 tagja nev\u00e9t (1943. febr. 27) \u00e9s k\u00f6zt\u00fck szerepelt A. Ci. is. Visszat\u00e9rt Kv.-ra a Ion Andreescu M\u0171v\u00e9szeti Int\u00e9zet professzora (1949\u201370), a K\u00e9pz\u0151m\u0171v\u00e9szeti Fakult\u00e1s d\u00e9k\u00e1nja (1949\u2013), rektora (1950\u2013). A K\u00e9pz\u0151m\u0171v\u00e9szeti Sz\u00f6vets\u00e9g kv.-i fi\u00f3kj\u00e1nak eln\u00f6k\u00e9v\u00e9 v\u00e1lasztott\u00e1k (1951\u2013). Jelent\u0151s publicisztikai munk\u00e1ss\u00e1got fejtett ki: memo\u00e1rokat, cikkeket, interj\u00fakat k\u00f6z\u00f6lt; gyakran jelentek meg rajzai, reprodukci\u00f3 is. Alkot\u00e1sai sz\u00e1mos hazai \u00e9s k\u00fclf\u00f6ldi ki\u00e1ll\u00edt\u00e1son szerepeltek. A p\u00e1rizsi nemzetk\u00f6zi ki\u00e1ll\u00edt\u00e1son bronz \u00e9rmet kapott (1939), az ASTRA 78. \u00e9vfordul\u00f3j\u00e1ra rendezett kv.-i ki\u00e1ll\u00edt\u00e1son kapott d\u00edjat (1939), elnyerte a M\u0171v\u00e9szetek \u00c9rdemes Mestere c\u00edmet, \u00c1llami D\u00edj (1964). M\u0171veit \u0151rzik a mv.-i K\u00e9pz\u0151m\u0171v\u00e9szeti M\u00fazeumban is. \u2013 <strong>F. ki\u00e1ll.:<\/strong> Lugos (1924); Mv. (1926, 1930; gy\u0171jtem\u00e9nyes fest\u00e9szeti ki\u00e1ll., 1980; 1985. j\u00fan. 15.); P\u00e1rizs; Temesv\u00e1r, Buk. (1941, 1944); Kv. (retrospekt\u00edv, 1964\u201365; 1975); Buk. (75. sz\u00fclet\u00e9snapj\u00e1n retrospekt\u00edv, 1975), Temesv\u00e1r (retrospekt\u00edv, 1975); Nagyb\u00e1nya (retrospekt\u00edv, 1975); NDK-ban (feles\u00e9g\u00e9vel \u00e1ll\u00edtott ki). \u2013 <strong>F. m.:<\/strong> Catalogul Pinacotecii Municipiului T\u00eergu Mure\u015f (Tg. M., 1934); Demetrescu, Mihail: Pe urmele str\u0103mo\u015filor (gravuri \u00een linoleum de A. C.; Tg. M., \u015f. n.). <br \/><strong>Irod.:<\/strong> A. Ciupe: A R. N. K. \u00e9rdemes m\u0171v\u00e9sze (Kv., 1957); A. Ciupe, a m\u0171v\u00e9szet \u00e9rdemes mester\u00e9nek gy\u0171jtem\u00e9nyes ki\u00e1ll\u00edt\u00e1sa Mv.-en (V. Z., 1980. okt. 31.); Bal\u00e1zs Imre: A sz\u00fcl\u0151f\u00f6ld szerelmese (V. Z., 1980. nov. 8.); Banner; B\u00edr\u00f3 J\u00f3zsef: A marosv\u00e1s\u00e1rhelyi k\u00e9pt\u00e1r = B\u00edr\u00f3 J\u00f3zsef: Erd\u00e9ly besz\u00e9l\u0151 k\u00f6vei (Kv., 2008); Clujeni ai sec. 20.; EMP; Deac, Mircea: A. Ci. (Cluj-N., 1978); Du\u015fa, Traian: Pagini de istorie, art\u0103 \u015fi cultur\u0103 4.; Fekete Katalin: \u201eA term\u00e9szet a m\u0171v\u00e9sz tan\u00edt\u00f3mestere\u201d (V. Z., 1988. j\u00fal. 30.); Fornade; Ga\u00e1l; Gyergy\u00f3sz\u00e1rhegyi BME; H\u00e1zsong\u00e1rd; Id\u0151t\u00e1r 3; Id\u0151t\u00e1r 4; K\u00fcl\u00f6n vil\u00e1gban; Moln\u00e1r; Mur\u00e1din Jen\u0151: Mv.-i m\u0171hely 2. (\u00daj \u00c9let, 19. sz. 1987); Mur\u00e1din: metsz\u0151m\u0171v; Mv. m\u0171v. v\u00e1r.; Pelin; \u00d6kr\u00f6s; P. \u00c1.: Sorok A. Ci. -r\u00f3l (\u00daj \u00c9let, 19. sz., 1988); Polg\u00e1r Istv\u00e1n: A. Ci. gy\u0171jtem\u00e9nyes ki\u00e1ll\u00edt\u00e1sa (\u00daj \u00c9let, 10. sz., 1975); Predescu; \u015eincan\u2013B\u0103ciu\u0163 2006; \u015eorban, Raul: A. Ci. (Buc., 1967); Todea 2013; Tg. \u2013Mure\u0219 \u2013 Mv; \u00daj \u00c9let (1970. 9. sz.)<\/br><\/p>\n","protected":false},"excerpt":{"rendered":"<p>Lugos, 1900. m\u00e1j. 16., \u2020 Kv., 1988. j\u00fal. 17. Hazsong\u00e1rdi temet\u0151ben nyugszik: fest\u0151m\u0171v\u00e9sz, tan\u00e1r. \u2013 Feles\u00e9ge: Kir\u00e1ly M\u00e1ria. \u2013 Csal\u00e1dja az els\u0151 vh. ut\u00e1n Mv.-re ker\u00fclt a B\u00e1ns\u00e1gb\u00f3l, apja t\u00e1blab\u00edr\u00f3k\u00e9nt m\u0171k\u00f6d\u00f6tt (\u20131935). M\u00e9g tanul\u00f3k\u00e9nt Lugoson Virgil Siomonescun\u00e1l tanult, majd a nagyb\u00e1nyai szabad fest\u0151iskol\u00e1ban (1916). F\u0151iskolai tanulm\u00e1nyokat folytatott (1919\u201324), ebben az id\u0151szakban a vak\u00e1ci\u00f3kat Mv.-en t\u00f6lt\u00f6tte, [&hellip;]<\/p>\n","protected":false},"featured_media":0,"comment_status":"open","ping_status":"closed","template":"","meta":[],"product_brand":[],"product_cat":[137],"product_tag":[],"class_list":{"0":"post-5741","1":"product","2":"type-product","3":"status-publish","5":"product_cat-maros-megyei-eletrajzi-lexikon","7":"first","8":"instock","9":"shipping-taxable","10":"product-type-simple"},"_links":{"self":[{"href":"https:\/\/uj.adatbank.ro\/lexikon\/wp-json\/wp\/v2\/product\/5741","targetHints":{"allow":["GET"]}}],"collection":[{"href":"https:\/\/uj.adatbank.ro\/lexikon\/wp-json\/wp\/v2\/product"}],"about":[{"href":"https:\/\/uj.adatbank.ro\/lexikon\/wp-json\/wp\/v2\/types\/product"}],"replies":[{"embeddable":true,"href":"https:\/\/uj.adatbank.ro\/lexikon\/wp-json\/wp\/v2\/comments?post=5741"}],"wp:attachment":[{"href":"https:\/\/uj.adatbank.ro\/lexikon\/wp-json\/wp\/v2\/media?parent=5741"}],"wp:term":[{"taxonomy":"product_brand","embeddable":true,"href":"https:\/\/uj.adatbank.ro\/lexikon\/wp-json\/wp\/v2\/product_brand?post=5741"},{"taxonomy":"product_cat","embeddable":true,"href":"https:\/\/uj.adatbank.ro\/lexikon\/wp-json\/wp\/v2\/product_cat?post=5741"},{"taxonomy":"product_tag","embeddable":true,"href":"https:\/\/uj.adatbank.ro\/lexikon\/wp-json\/wp\/v2\/product_tag?post=5741"}],"curies":[{"name":"wp","href":"https:\/\/api.w.org\/{rel}","templated":true}]}}