{"id":5756,"date":"2025-06-28T17:28:50","date_gmt":"2025-06-28T15:28:50","guid":{"rendered":"https:\/\/uj.adatbank.ro\/lexikon\/termek\/cocisiu-ilarion\/"},"modified":"2025-06-28T17:28:50","modified_gmt":"2025-06-28T15:28:50","slug":"cocisiu-ilarion","status":"publish","type":"product","link":"https:\/\/uj.adatbank.ro\/lexikon\/termek\/cocisiu-ilarion\/","title":{"rendered":"COCI\u015eIU Ilarion"},"content":{"rendered":"<p>R\u00e9ten, 1910. aug. 24., \u2020\u00a0Buk., 1952. szept. 21.: muzikologus, zenetan\u00e1r. \u2013 Zenei tanulm\u00e1nyait a nagyszebeni Andrei \u015eaguna Tan\u00edt\u00f3k\u00e9pz\u0151ben, Buk.-ben a Zenekonzervat\u00f3riumban folytatta (1929\u201335), B\u00e9csben a filoz\u00f3fia fakult\u00e1son, muzikol\u00f3gi\u00e1t, etnogr\u00e1fi\u00e1t \u00e9s m\u0171v\u00e9szett\u00f6rt\u00e9netet hallgatott (1931\u201341). Tan\u00edt\u00f3 a Szeben megyei B\u00fcrk\u00f6s\u00f6n (1928), zeneoktat\u00f3 Feleken (1928\u201329), Buk.-ben a Rom\u00e1n Zeneszerz\u0151k Sz\u00f6vets\u00e9ge Folkl\u00f3rt\u00e1r\u00e1nak munkat\u00e1rsa \u00e9s k\u00f3rusvezet\u0151 (1929\u201335), Segesv\u00e1ron zenetan\u00e1r \u00e9s k\u00f3rusvezet\u0151 (1935\u201346) \u00e9s Buk.-ben (1946\u201349), majd a Folkl\u00f3rint\u00e9zet tudom\u00e1nyos kutat\u00f3ja (1949\u201352). C. Br\u0103iloiu k\u00f6zvetlen munkat\u00e1rsak\u00e9nt t\u00f6bb mint 100 n\u00e9pdalt, n\u00e9pk\u00f6lt\u00e9szeti alkot\u00e1st gy\u0171jt\u00f6tt a K\u00fck\u00fcll\u0151k ment\u00e9n, \u00e9s a Folclorul muzical din T\u00e2rnava Mare c. r\u00f6vid\u00edtett gy\u0171jtem\u00e9nyben ki is adta azokat. Sz\u00e1mos szaklapban jelentek meg tanulm\u00e1nyai (Sociologia Rom\u00e2neasc\u0103, stb.). Cikkeket, recenzi\u00f3kat, zenei kr\u00f3nik\u00e1kat, folkl\u00f3rgy\u0171jtem\u00e9nyeket k\u00f6z\u00f6lt az Albina, Muzica, Izvora\u015ful, Studii muzicologice, Revista de folclor; Biblioteca Institutului de Folclor; Sociologia Rom\u00e2neasc\u0103 c. lapokban. El\u0151ad\u00e1sokat \u00e9s leckehangversenyeket tartott. \u2013 <strong>F. m.:<\/strong> C\u00eentece populare rom\u00e2nesti, (posztumusz kiad\u00e1s Tiberiu Alexandru \u00e9s Maria Siminel-Fusteri gondoz\u00e1s\u00e1ban; Buc, 1960; 1963; 1966), Folclorul muzical in jud. T\u00e2rnava Mare = Monografia jud. T\u00e2rnava Mare (Sighisoara, 1944); K\u00f3rusm\u0171vei: Colinde din Ardeal (Buc., 1940); C\u00e2ntece din Ardeal, (Buc., 1941). <br \/><strong>Irod.:<\/strong> MMK; MRL; \u015eerban 2006; Todea 2013<\/br><\/p>\n","protected":false},"excerpt":{"rendered":"<p>R\u00e9ten, 1910. aug. 24., \u2020\u00a0Buk., 1952. szept. 21.: muzikologus, zenetan\u00e1r. \u2013 Zenei tanulm\u00e1nyait a nagyszebeni Andrei \u015eaguna Tan\u00edt\u00f3k\u00e9pz\u0151ben, Buk.-ben a Zenekonzervat\u00f3riumban folytatta (1929\u201335), B\u00e9csben a filoz\u00f3fia fakult\u00e1son, muzikol\u00f3gi\u00e1t, etnogr\u00e1fi\u00e1t \u00e9s m\u0171v\u00e9szett\u00f6rt\u00e9netet hallgatott (1931\u201341). Tan\u00edt\u00f3 a Szeben megyei B\u00fcrk\u00f6s\u00f6n (1928), zeneoktat\u00f3 Feleken (1928\u201329), Buk.-ben a Rom\u00e1n Zeneszerz\u0151k Sz\u00f6vets\u00e9ge Folkl\u00f3rt\u00e1r\u00e1nak munkat\u00e1rsa \u00e9s k\u00f3rusvezet\u0151 (1929\u201335), Segesv\u00e1ron zenetan\u00e1r \u00e9s [&hellip;]<\/p>\n","protected":false},"featured_media":0,"comment_status":"open","ping_status":"closed","template":"","meta":[],"product_brand":[],"product_cat":[137],"product_tag":[],"class_list":{"0":"post-5756","1":"product","2":"type-product","3":"status-publish","5":"product_cat-maros-megyei-eletrajzi-lexikon","7":"first","8":"instock","9":"shipping-taxable","10":"product-type-simple"},"_links":{"self":[{"href":"https:\/\/uj.adatbank.ro\/lexikon\/wp-json\/wp\/v2\/product\/5756","targetHints":{"allow":["GET"]}}],"collection":[{"href":"https:\/\/uj.adatbank.ro\/lexikon\/wp-json\/wp\/v2\/product"}],"about":[{"href":"https:\/\/uj.adatbank.ro\/lexikon\/wp-json\/wp\/v2\/types\/product"}],"replies":[{"embeddable":true,"href":"https:\/\/uj.adatbank.ro\/lexikon\/wp-json\/wp\/v2\/comments?post=5756"}],"wp:attachment":[{"href":"https:\/\/uj.adatbank.ro\/lexikon\/wp-json\/wp\/v2\/media?parent=5756"}],"wp:term":[{"taxonomy":"product_brand","embeddable":true,"href":"https:\/\/uj.adatbank.ro\/lexikon\/wp-json\/wp\/v2\/product_brand?post=5756"},{"taxonomy":"product_cat","embeddable":true,"href":"https:\/\/uj.adatbank.ro\/lexikon\/wp-json\/wp\/v2\/product_cat?post=5756"},{"taxonomy":"product_tag","embeddable":true,"href":"https:\/\/uj.adatbank.ro\/lexikon\/wp-json\/wp\/v2\/product_tag?post=5756"}],"curies":[{"name":"wp","href":"https:\/\/api.w.org\/{rel}","templated":true}]}}