{"id":5770,"date":"2025-06-28T17:29:14","date_gmt":"2025-06-28T15:29:14","guid":{"rendered":"https:\/\/uj.adatbank.ro\/lexikon\/termek\/coman-bosica-susana\/"},"modified":"2025-06-28T17:29:14","modified_gmt":"2025-06-28T15:29:14","slug":"coman-bosica-susana","status":"publish","type":"product","link":"https:\/\/uj.adatbank.ro\/lexikon\/termek\/coman-bosica-susana\/","title":{"rendered":"COMAN BOSICA Susana"},"content":{"rendered":"<p>Marosludas, 1910. j\u00fan. 1., \u2020 Kv., 2002. m\u00e1rc. 22.: \u00e9nekesn\u0151. \u2013 A kv.-i tan\u00edt\u00f3n\u0151k\u00e9pz\u0151ben v\u00e9gzett, egy \u00e9vet tanult a kv.-i Sz\u00e9pm\u0171v\u00e9szeti Iskol\u00e1ban \u00e9s a Zeneakad\u00e9mi\u00e1n. A kv.-i Opera mezzoszopr\u00e1n mag\u00e1n\u00e9nekese (1937\u201360). T\u00f6bb, mint 42 szerepet \u00e9nekelt, \u00e9s 700 el\u0151ad\u00e1son l\u00e9pett fel. Carmen \u00e9s Amneris szerep\u00e9ben a koszt\u00fcm\u00f6ket is \u0151 tervezte. A kv-i Pedag\u00f3giai Int\u00e9zet Zenei Fakult\u00e1s\u00e1nak aszisztense, majd lektora (1962\u201365), a temesv\u00e1ri egyetem zene fakult\u00e1s\u00e1nak tan\u00e1ra (1965\u201370). Fest\u0151m\u0171v\u00e9szk\u00e9nt is jelent\u0151s, t\u00e1jk\u00e9peket, portr\u00e9kat festet valamint r\u00e9gi falusi paraszth\u00e1zakat, fatemplomokat. T\u00f6bb egy\u00e9ni \u00e9s kollektiv t\u00e1rlaton \u00e1ll\u00edtotta ki k\u00e9peit az orsz\u00e1gban \u00e9s Freiburgban. Cikkei jelentek meg az Astra-ban, Bal\u00e1zsfalv\u00e1n \u00e9s Ia\u015fiban. Tagja a K\u00e9pz\u0151m\u0171v\u00e9szek Sz\u00f6vets\u00e9ge kv.-i fi\u00f3kj\u00e1nak, az O. Goga \u00e9s M. Eminescu Irodalmi K\u00f6rnek, alap\u00edt\u00f3tagja az \u00fajraaluklt ASTRA kv.-i tagozat\u00e1nak. tiszteletbeli tagja az Avram Iancu T\u00e1rsas\u00e1gnak, a kv.-i Rom\u00e1n Oper\u00e1nak. 46 diplom\u00e1val jutalmazt\u00e1k, Kv. v\u00e1ros d\u00edszpog\u00e1ra. \u2013 <strong>F. m.:<\/strong> Infiin\u0163area Operei Na\u0163ionale la Cluj \u015fi organizatorul ei, Constantin Pavel; Agustin Bena, fostul rector al Academiei de Muzic\u0103 din Cluj; Cauzele impresionabilit\u0103\u0163ii muzicale; Pentru bucuria voastr\u0103, Arta crea\u0163iei coboar\u0103 din cer. <br \/><strong>Irod.:<\/strong> Fomade; Todea 2013<\/br><\/p>\n","protected":false},"excerpt":{"rendered":"<p>Marosludas, 1910. j\u00fan. 1., \u2020 Kv., 2002. m\u00e1rc. 22.: \u00e9nekesn\u0151. \u2013 A kv.-i tan\u00edt\u00f3n\u0151k\u00e9pz\u0151ben v\u00e9gzett, egy \u00e9vet tanult a kv.-i Sz\u00e9pm\u0171v\u00e9szeti Iskol\u00e1ban \u00e9s a Zeneakad\u00e9mi\u00e1n. A kv.-i Opera mezzoszopr\u00e1n mag\u00e1n\u00e9nekese (1937\u201360). T\u00f6bb, mint 42 szerepet \u00e9nekelt, \u00e9s 700 el\u0151ad\u00e1son l\u00e9pett fel. Carmen \u00e9s Amneris szerep\u00e9ben a koszt\u00fcm\u00f6ket is \u0151 tervezte. A kv-i Pedag\u00f3giai Int\u00e9zet Zenei [&hellip;]<\/p>\n","protected":false},"featured_media":0,"comment_status":"open","ping_status":"closed","template":"","meta":[],"product_brand":[],"product_cat":[137],"product_tag":[],"class_list":{"0":"post-5770","1":"product","2":"type-product","3":"status-publish","5":"product_cat-maros-megyei-eletrajzi-lexikon","7":"first","8":"instock","9":"shipping-taxable","10":"product-type-simple"},"_links":{"self":[{"href":"https:\/\/uj.adatbank.ro\/lexikon\/wp-json\/wp\/v2\/product\/5770","targetHints":{"allow":["GET"]}}],"collection":[{"href":"https:\/\/uj.adatbank.ro\/lexikon\/wp-json\/wp\/v2\/product"}],"about":[{"href":"https:\/\/uj.adatbank.ro\/lexikon\/wp-json\/wp\/v2\/types\/product"}],"replies":[{"embeddable":true,"href":"https:\/\/uj.adatbank.ro\/lexikon\/wp-json\/wp\/v2\/comments?post=5770"}],"wp:attachment":[{"href":"https:\/\/uj.adatbank.ro\/lexikon\/wp-json\/wp\/v2\/media?parent=5770"}],"wp:term":[{"taxonomy":"product_brand","embeddable":true,"href":"https:\/\/uj.adatbank.ro\/lexikon\/wp-json\/wp\/v2\/product_brand?post=5770"},{"taxonomy":"product_cat","embeddable":true,"href":"https:\/\/uj.adatbank.ro\/lexikon\/wp-json\/wp\/v2\/product_cat?post=5770"},{"taxonomy":"product_tag","embeddable":true,"href":"https:\/\/uj.adatbank.ro\/lexikon\/wp-json\/wp\/v2\/product_tag?post=5770"}],"curies":[{"name":"wp","href":"https:\/\/api.w.org\/{rel}","templated":true}]}}