{"id":5831,"date":"2025-06-28T17:31:08","date_gmt":"2025-06-28T15:31:08","guid":{"rendered":"https:\/\/uj.adatbank.ro\/lexikon\/termek\/cozma-ioan-cozma-ion-cosma-ion\/"},"modified":"2025-06-28T17:31:08","modified_gmt":"2025-06-28T15:31:08","slug":"cozma-ioan-cozma-ion-cosma-ion","status":"publish","type":"product","link":"https:\/\/uj.adatbank.ro\/lexikon\/termek\/cozma-ioan-cozma-ion-cosma-ion\/","title":{"rendered":"COZMA Ioan, Cozma Ion, Cosma Ion"},"content":{"rendered":"<p>N\u00e1zn\u00e1nfalva, 1923. dec. 16., \u2020 ? : vas\u00fati szerel\u0151munk\u00e1s, p\u00e1rtakt\u00edvista, p\u00e1rttitk\u00e1r, miniszter, nagyk\u00f6vet. \u2013 Tanulm\u00e1nyai: Mv.-i Ipari Gimn. (1935\u201339); Kv.-on CFR vas\u00fati m\u0171hely-iskola (1939\u201340); 1 h\u00f3napos p\u00e1rtiskola (1946); \u015et. Gheorghiu p\u00e1rtegyetem (1948. nov. \u2013 49); p\u00e1rtiskola a SzU-ban (1951. szept. \u201354. j\u00fal.), K\u00f6zgazd\u00e1szi Akad. Buk. \u2013 \u00e1ltal\u00e1nos gazdas\u00e1gi szak. Vas\u00fati szerel\u0151munk\u00e1s (1940\u201345), p\u00e1rttag (1945\u2013) \u00e9s a Piski vas\u00fati m\u0171helyek PB-\u00e1ban ifj\u00fas\u00e1gi felel\u0151s (1945. jan. -\u00e1pr.), szerel\u0151munk\u00e1s a mv.-i Vas\u00fati m\u0171helyben (1945. \u00e1pr. \u2013 46. m\u00e1rc.). A Marosh\u00e9v\u00edzi P\u00e1rtbizotts\u00e1g titk\u00e1ra (1946. \u00e1pr. \u2013), ugyanez a megb\u00edzat\u00e1s Sz\u00e1szr\u00e9genben (1947. m\u00e1j.), instruktor (1947. m\u00e1j. \u201348. nov.), titk\u00e1r (1949\u201350. szept.). MMAT k\u00e9pvisel\u0151je NNGY-ben (1948\u201352 \u00e9s m\u00e9g 1957\u201365, 1965\u201369), Marosh\u00e9v\u00edz k\u00e9pviel\u0151je (1957\u201365), Buk.-i 32., 23. szektor k\u00e9pvisel\u0151je (1969\u201375). A MAT Tartom\u00e1nyi P\u00e1rtbizotts\u00e1g mez\u0151gazdas\u00e1gi titk\u00e1ra (1950. szept. &#8211; 51. j\u00fan. 12.), majd (1952-ben is). A Bihar megyei P\u00e1rtbizotts\u00e1g els\u0151 titk\u00e1ra (1951. j\u00fan. \u2013 szept.), a Kolozs megyei P\u00e1rtbizotts\u00e1g els\u0151 titk\u00e1ra (1954. aug. 13. \u2013 1955. dec. 28.), az RMP KB tagja (1955. dec. 28. \u2013 1984. nov. 22.) \u00e9s a KB titk\u00e1rs\u00e1gi tagja (1955. dec. 28. &#8211; 56. aug. 21.), a Katonai Tan\u00e1cs tagja (1956. \u00e1pr. 5-ig). A RMP KB-nak titk\u00e1rs\u00e1g\u00e1n felel a neh\u00e9zipar-, sz\u00e1ll\u00edt\u00e1s- \u00e9s t\u00e1vk\u00f6zl\u00e9s szakoszt\u00e1lyok\u00e9rt \u00e9s a vas\u00fati CFR politikai igazgat\u00f3s\u00e1g felel\u0151se (1956. jan. 25. \u2013), Vas\u00fat\u00fcgyi miniszer (1956. szept. 24. \u2013 1957. m\u00e1rc. 28.) \u00e9s mez\u0151gazdas\u00e1gi \u00e9s erd\u00e9szeti miniszter (1957. m\u00e1rc. 28. \u2013 59. dec. 17.), mez\u0151gazdas\u00e1gi miniszter (1959. dec. 17. \u2013 1962. \u00e1pr. 30.); a RMP MMAT-nak titk\u00e1ra (1960), a PB-b\u00fcr\u00f3 tagja (1964. jan. \u201375. m\u00e1rc. 24.), a Maros tartom\u00e1nyi N\u00e9ptan\u00e1cs VB titk\u00e1ra (1966. j\u00fan.). A buk.-i Municipiumi N\u00e9ptan\u00e1cs VB eln\u00f6ke \u00e9s els\u0151 aleln\u00f6ke (1965\u201366); az \u00c1llamtan\u00e1cs tagja (1965. m\u00e1rc. 19. \u2013 1971. m\u00e1rc. 18.), a Buk. V\u00e1rosi p\u00e1rtbizotts\u00e1g b\u00fcr\u00f3tagja (1966), a buk.-i Municipiumi N\u00e9ptan\u00e1cs VB els\u0151 aleln\u00f6ke (1970. dec. 25.-ig.). A turizmus minisztere (1970. dec. 25. \u2013 1978. m\u00e1rc. 1.). A RSzK nagyk\u00f6vete Lengyelo.-ban (1978. m\u00e1j. 20. \u201384. okt. 20.) \u00e9s Egyiptomban (1985. m\u00e1rc. 22. \u2013 1987. j\u00fal. 4.). <strong>Kit\u00fcntet\u00e9sei:<\/strong> Munka\u00e9rdemrend III. o. (1961), II. o. (1964), I. o.; RSzK Csillaga \u00e9rdemrend (1962 \u00e9s 1964); \u201e23. Aug.\u201d \u00e9rdemrend IV. o. (1964) \u00e9s III. o.; \u201eTudor Vladimirescu\u201e \u00e9rdemrend III. o. (1966, II. o. (1971). <br \/><strong>Irod.:<\/strong> Cri\u015fan; Gagyi J\u00f3zsef: Egy munkaterv 1952-b\u0151l: A MAT sz\u00fclet\u00e9se (Sz\u00e9kelyf\u00f6ld, 9. sz., 2002. szept.); Membrii C. C. al P. C. R.<\/br><\/p>\n","protected":false},"excerpt":{"rendered":"<p>N\u00e1zn\u00e1nfalva, 1923. dec. 16., \u2020 ? : vas\u00fati szerel\u0151munk\u00e1s, p\u00e1rtakt\u00edvista, p\u00e1rttitk\u00e1r, miniszter, nagyk\u00f6vet. \u2013 Tanulm\u00e1nyai: Mv.-i Ipari Gimn. (1935\u201339); Kv.-on CFR vas\u00fati m\u0171hely-iskola (1939\u201340); 1 h\u00f3napos p\u00e1rtiskola (1946); \u015et. Gheorghiu p\u00e1rtegyetem (1948. nov. \u2013 49); p\u00e1rtiskola a SzU-ban (1951. szept. \u201354. j\u00fal.), K\u00f6zgazd\u00e1szi Akad. Buk. \u2013 \u00e1ltal\u00e1nos gazdas\u00e1gi szak. Vas\u00fati szerel\u0151munk\u00e1s (1940\u201345), p\u00e1rttag (1945\u2013) \u00e9s [&hellip;]<\/p>\n","protected":false},"featured_media":0,"comment_status":"open","ping_status":"closed","template":"","meta":[],"product_brand":[],"product_cat":[137],"product_tag":[],"class_list":{"0":"post-5831","1":"product","2":"type-product","3":"status-publish","5":"product_cat-maros-megyei-eletrajzi-lexikon","7":"first","8":"instock","9":"shipping-taxable","10":"product-type-simple"},"_links":{"self":[{"href":"https:\/\/uj.adatbank.ro\/lexikon\/wp-json\/wp\/v2\/product\/5831","targetHints":{"allow":["GET"]}}],"collection":[{"href":"https:\/\/uj.adatbank.ro\/lexikon\/wp-json\/wp\/v2\/product"}],"about":[{"href":"https:\/\/uj.adatbank.ro\/lexikon\/wp-json\/wp\/v2\/types\/product"}],"replies":[{"embeddable":true,"href":"https:\/\/uj.adatbank.ro\/lexikon\/wp-json\/wp\/v2\/comments?post=5831"}],"wp:attachment":[{"href":"https:\/\/uj.adatbank.ro\/lexikon\/wp-json\/wp\/v2\/media?parent=5831"}],"wp:term":[{"taxonomy":"product_brand","embeddable":true,"href":"https:\/\/uj.adatbank.ro\/lexikon\/wp-json\/wp\/v2\/product_brand?post=5831"},{"taxonomy":"product_cat","embeddable":true,"href":"https:\/\/uj.adatbank.ro\/lexikon\/wp-json\/wp\/v2\/product_cat?post=5831"},{"taxonomy":"product_tag","embeddable":true,"href":"https:\/\/uj.adatbank.ro\/lexikon\/wp-json\/wp\/v2\/product_tag?post=5831"}],"curies":[{"name":"wp","href":"https:\/\/api.w.org\/{rel}","templated":true}]}}