{"id":5842,"date":"2025-06-28T17:31:28","date_gmt":"2025-06-28T15:31:28","guid":{"rendered":"https:\/\/uj.adatbank.ro\/lexikon\/termek\/crainic-simeon-krajnik-de-also-oroszi\/"},"modified":"2025-06-28T17:31:28","modified_gmt":"2025-06-28T15:31:28","slug":"crainic-simeon-krajnik-de-also-oroszi","status":"publish","type":"product","link":"https:\/\/uj.adatbank.ro\/lexikon\/termek\/crainic-simeon-krajnik-de-also-oroszi\/","title":{"rendered":"CRAINIC Simeon; Krajnik de Als\u00f3-Oroszi"},"content":{"rendered":"<p>H\u00e9tb\u00fckk, 1777. aug. 23., \u2020 Bal\u00e1zsfalva, 1855. m\u00e1rc. 30.: g\u00f6r. kat. kanonok. &#8211; Iskol\u00e1it Bik\u00e1son, Mv.-en \u00e9s Bal\u00e1zsfalv\u00e1n v\u00e9gezte. Pl\u00e9b\u00e1nos \u00e9s esperes volt Bal\u00e1zsfalv\u00e1n, ebben a k\u00f6rzetben v\u00e1lasztott\u00e1k meg kanonoknak (1823), a Lem\u00e9nyi p\u00fcsp\u00f6k vik\u00e1riusa \u00e9s a l\u00edc. aligazgat\u00f3ja is volt. Megfogalmazta az egyh\u00e1ztan\u00e1cs tiltakoz\u00e1s\u00e1t a kv.-i ogy. t\u00f6rv\u00e9nytervezete ellen, amely elrendelte a m. nyelv tan\u00edt\u00e1s\u00e1t a rom\u00e1n iskol\u00e1kban is (1842. febr. 15.). Amikor Lem\u00e9nyi p\u00fcsp\u00f6k\u00f6t Puchner b\u00e1r\u00f3 felmentette, ideiglenes vik\u00e1rius lett helyette (1848. nov. 9. \u2013). Jelent\u0151s mennyis\u00e9g\u0171 k\u00e9ziratot hagyott h\u00e1tra tan\u00edt\u00f3k \u00e9s g\u00f6r. kat. papok sz\u00e1m\u00e1ra. Saj\u00e1t p\u00e9nz\u00e9n \u00e9p\u00edttetett rom\u00e1n iskol\u00e1t t\u00f6bb Marossz\u00e9ki faluban: H\u00e9tb\u00fckkben, Als\u00f3- \u00e9s Fels\u0151orosziban, de m\u00e1shol is (1837\u201338); tan\u00edt\u00f3kkal l\u00e1tta el \u0151ket, akiknek a fizet\u00e9s\u00e9t egy saj\u00e1t maga l\u00e9trehozta alap\u00edtv\u00e1nyb\u00f3l biztos\u00edtotta. <br \/><strong>Irod.:<\/strong> Albu; Albu, Nicolae: Dr. Zaharie Pop un erou si martir al neamului (Blaj, 1943); Netea: Mure\u015ful superior; Predescu; \u015eerban 2006<\/br><\/p>\n","protected":false},"excerpt":{"rendered":"<p>H\u00e9tb\u00fckk, 1777. aug. 23., \u2020 Bal\u00e1zsfalva, 1855. m\u00e1rc. 30.: g\u00f6r. kat. kanonok. &#8211; Iskol\u00e1it Bik\u00e1son, Mv.-en \u00e9s Bal\u00e1zsfalv\u00e1n v\u00e9gezte. Pl\u00e9b\u00e1nos \u00e9s esperes volt Bal\u00e1zsfalv\u00e1n, ebben a k\u00f6rzetben v\u00e1lasztott\u00e1k meg kanonoknak (1823), a Lem\u00e9nyi p\u00fcsp\u00f6k vik\u00e1riusa \u00e9s a l\u00edc. aligazgat\u00f3ja is volt. Megfogalmazta az egyh\u00e1ztan\u00e1cs tiltakoz\u00e1s\u00e1t a kv.-i ogy. t\u00f6rv\u00e9nytervezete ellen, amely elrendelte a m. nyelv [&hellip;]<\/p>\n","protected":false},"featured_media":0,"comment_status":"open","ping_status":"closed","template":"","meta":[],"product_brand":[],"product_cat":[137],"product_tag":[],"class_list":{"0":"post-5842","1":"product","2":"type-product","3":"status-publish","5":"product_cat-maros-megyei-eletrajzi-lexikon","7":"first","8":"instock","9":"shipping-taxable","10":"product-type-simple"},"_links":{"self":[{"href":"https:\/\/uj.adatbank.ro\/lexikon\/wp-json\/wp\/v2\/product\/5842","targetHints":{"allow":["GET"]}}],"collection":[{"href":"https:\/\/uj.adatbank.ro\/lexikon\/wp-json\/wp\/v2\/product"}],"about":[{"href":"https:\/\/uj.adatbank.ro\/lexikon\/wp-json\/wp\/v2\/types\/product"}],"replies":[{"embeddable":true,"href":"https:\/\/uj.adatbank.ro\/lexikon\/wp-json\/wp\/v2\/comments?post=5842"}],"wp:attachment":[{"href":"https:\/\/uj.adatbank.ro\/lexikon\/wp-json\/wp\/v2\/media?parent=5842"}],"wp:term":[{"taxonomy":"product_brand","embeddable":true,"href":"https:\/\/uj.adatbank.ro\/lexikon\/wp-json\/wp\/v2\/product_brand?post=5842"},{"taxonomy":"product_cat","embeddable":true,"href":"https:\/\/uj.adatbank.ro\/lexikon\/wp-json\/wp\/v2\/product_cat?post=5842"},{"taxonomy":"product_tag","embeddable":true,"href":"https:\/\/uj.adatbank.ro\/lexikon\/wp-json\/wp\/v2\/product_tag?post=5842"}],"curies":[{"name":"wp","href":"https:\/\/api.w.org\/{rel}","templated":true}]}}