{"id":5858,"date":"2025-06-28T17:31:58","date_gmt":"2025-06-28T15:31:58","guid":{"rendered":"https:\/\/uj.adatbank.ro\/lexikon\/termek\/crisan-mihai\/"},"modified":"2025-06-28T17:31:58","modified_gmt":"2025-06-28T15:31:58","slug":"crisan-mihai","status":"publish","type":"product","link":"https:\/\/uj.adatbank.ro\/lexikon\/termek\/crisan-mihai\/","title":{"rendered":"CRI\u015eAN Mihai"},"content":{"rendered":"<p>Bedell\u0151, 1813., \u2020 Sz\u00e1szr\u00e9gen, 1884. febr. 26.: g\u00f6r. kat. pap, esperes. \u2013 A teol\u00f3gi\u00e1t Bal\u00e1zsfalv\u00e1n v\u00e9gezte, papp\u00e1 szentelt\u00e9k (1837). Magyar\u00f3n lelk\u00e9sz, majd esperes, bev\u00e1lasztott\u00e1k a protopresbiteri vezet\u0151s\u00e9gbe (1843\u2013). Sz\u00e1szr\u00e9genben (1848 k.), a sz\u00e1szr\u00e9geni rom\u00e1n iskola igazgat\u00f3ja. Bekapcsol\u00f3dott a forradalomba (1848), eln\u00f6ke volt a sz\u00e1szr\u00e9geni n\u00e9pgy\u0171l\u00e9snek (1848. \u00e1pr. 8.), amely el\u0151fut\u00e1ra volt a bal\u00e1zsfalvi nagy nemzeti gy\u0171l\u00e9snek (1848. m\u00e1j. 15\u201317), ezen Sz\u00e1szr\u00e9gen k\u00e9pviselet\u00e9ben vett r\u00e9szt. R\u00e9szt vett a kor politikai esem\u00e9nyeiben: k\u00f6rlevelet k\u00fcld\u00f6tt a paps\u00e1gnak a rom\u00e1n oktat\u00e1s megszervez\u00e9se \u00e9rdek\u00e9ben (1862). Esperess\u00e9ge idej\u00e9ben Marossz\u00e9ken 16 g\u00f6r. kat. rom. tannyelv\u0171 iskola l\u00e9tes\u00fclt (Als\u00f3- \u00e9s Fels\u0151k\u00f6h\u00e9r, Adorj\u00e1n, Als\u00f3b\u00f6lk\u00e9ny, Beresztelke, Mez\u0151kakucs, K\u00e1sva, Kincses, Maroslaka, Lib\u00e1nfalva, Vajdaszentiv\u00e1ny, Kis- \u00e9s Nagyszederjes, G\u00f6rg\u00e9nyoroszfalu, Telek, Toldalak, 1849\u201350). T\u00e1mogatta a k\u00e9pzett taner\u0151k Sz\u00e1szr\u00e9genbe val\u00f3 helyez\u00e9s\u00e9t (pl. Ioan Ungureanu, Ioan Pop tan\u00edt\u00f3kat). A sz\u00e1szr\u00e9geni elitnek nem tetsz\u0151 politikai mozgalomba, az un. Nemzetellenes klikk csoportosul\u00e1snak tagja, amely a v\u00e1laszt\u00e1sokon a m. nemzetis\u00e9g\u0171 ogy.-i k\u00e9pvisel\u0151t, a g\u00f6rg\u00e9nyi Matsk\u00e1sy Ferencet t\u00e1mogatta \u00e9s k\u00e9t v\u00e1laszt\u00f3k\u00f6rzetben G\u00f6rg\u00e9nyben \u00e9s Marosv\u00e9csen k\u00e9pvisel\u0151v\u00e9 v\u00e1lasztott\u00e1k. Ebb\u0151l val\u00f3s\u00e1gos sajt\u00f3h\u00e1bor\u00fa keletkezett a pro \u00e9s kontra csoport k\u00f6z\u00f6tt, amely h\u00e1rom \u00e9vi peresked\u00e9sbe tokolt. Az \u00edt\u00e9letet nem hozt\u00e1k nyilv\u00e1noss\u00e1gra, de \u0151t is Brancovant is egy \u00e9vre felf\u00fcggesztett\u00e9k tiszts\u00e9geikb\u0151l, majd minden v\u00e1daskod\u00e1s \u00e9s t\u00e1mad\u00e1s ellen\u00e9re tiszts\u00e9g\u00e9ben maradt hal\u00e1l\u00e1ig. \u00c9lete utols\u00f3 \u00e9v\u00e9ben seg\u00e9dlelk\u00e9szt helyeztek mell\u00e9je a hod\u00e1ki Alexandru T\u00e2rn\u0103veanu szem\u00e9ly\u00e9ben (1883. aug. 21. \u2013). A Gazeta Transilvaniei, Organul luminii c. lapokban k\u00f6z\u00f6lt; ab\u00e9c\u00e9s k\u00f6nyvet adott ki Bal\u00e1zsfalv\u00e1n (1863); a r\u00e9geni ASTRA alap\u00edt\u00f3 tagja (1874) \u00e9s P. Maior hal\u00e1la ut\u00e1n a r\u00e9geni tagozat eln\u00f6ke. R\u00e9szt vett a bal\u00e1zsfalvi \u00e9rseks\u00e9g kongresszus\u00e1n (1873), ahol megvitatt\u00e1k a rom\u00e1n oktat\u00e1s helyzet\u00e9t. T\u00e1mogatta a kultur\u00e1lis \u00e9s tudom\u00e1nyos int\u00e9zm\u00e9nyeket. Jelent\u0151s r\u00f3mai \u00e9remgy\u0171jtem\u00e9ny\u00e9nek egy r\u00e9sz\u00e9t a bal\u00e1zsfalvi Gimn. M\u00fazeum\u00e1nak adom\u00e1nyozta, 160 drb. r\u00f3mai aranyp\u00e9nzt (1869), a m\u00e1sik r\u00e9sz\u00e9t a Rom\u00e1n Akad. -nak (1871), amely cs\u00edr\u00e1ja lett a numizmatikai kabinetnek. Gy\u00e1sszertart\u00e1s\u00e1t Antoniu Ve\u015ftemeanu mitropolita kanonok \u00e9s 12 pap v\u00e9gezte. <br \/><strong>Irod.:<\/strong> Chiorean 2008; Dobozi; Regh. Cult. 2.; Reghin, destin \u015fi istorie; Todea 2013<\/br><\/p>\n","protected":false},"excerpt":{"rendered":"<p>Bedell\u0151, 1813., \u2020 Sz\u00e1szr\u00e9gen, 1884. febr. 26.: g\u00f6r. kat. pap, esperes. \u2013 A teol\u00f3gi\u00e1t Bal\u00e1zsfalv\u00e1n v\u00e9gezte, papp\u00e1 szentelt\u00e9k (1837). Magyar\u00f3n lelk\u00e9sz, majd esperes, bev\u00e1lasztott\u00e1k a protopresbiteri vezet\u0151s\u00e9gbe (1843\u2013). Sz\u00e1szr\u00e9genben (1848 k.), a sz\u00e1szr\u00e9geni rom\u00e1n iskola igazgat\u00f3ja. Bekapcsol\u00f3dott a forradalomba (1848), eln\u00f6ke volt a sz\u00e1szr\u00e9geni n\u00e9pgy\u0171l\u00e9snek (1848. \u00e1pr. 8.), amely el\u0151fut\u00e1ra volt a bal\u00e1zsfalvi nagy nemzeti [&hellip;]<\/p>\n","protected":false},"featured_media":0,"comment_status":"open","ping_status":"closed","template":"","meta":[],"product_brand":[],"product_cat":[137],"product_tag":[],"class_list":{"0":"post-5858","1":"product","2":"type-product","3":"status-publish","5":"product_cat-maros-megyei-eletrajzi-lexikon","7":"first","8":"instock","9":"shipping-taxable","10":"product-type-simple"},"_links":{"self":[{"href":"https:\/\/uj.adatbank.ro\/lexikon\/wp-json\/wp\/v2\/product\/5858","targetHints":{"allow":["GET"]}}],"collection":[{"href":"https:\/\/uj.adatbank.ro\/lexikon\/wp-json\/wp\/v2\/product"}],"about":[{"href":"https:\/\/uj.adatbank.ro\/lexikon\/wp-json\/wp\/v2\/types\/product"}],"replies":[{"embeddable":true,"href":"https:\/\/uj.adatbank.ro\/lexikon\/wp-json\/wp\/v2\/comments?post=5858"}],"wp:attachment":[{"href":"https:\/\/uj.adatbank.ro\/lexikon\/wp-json\/wp\/v2\/media?parent=5858"}],"wp:term":[{"taxonomy":"product_brand","embeddable":true,"href":"https:\/\/uj.adatbank.ro\/lexikon\/wp-json\/wp\/v2\/product_brand?post=5858"},{"taxonomy":"product_cat","embeddable":true,"href":"https:\/\/uj.adatbank.ro\/lexikon\/wp-json\/wp\/v2\/product_cat?post=5858"},{"taxonomy":"product_tag","embeddable":true,"href":"https:\/\/uj.adatbank.ro\/lexikon\/wp-json\/wp\/v2\/product_tag?post=5858"}],"curies":[{"name":"wp","href":"https:\/\/api.w.org\/{rel}","templated":true}]}}