{"id":5897,"date":"2025-06-28T17:33:20","date_gmt":"2025-06-28T15:33:20","guid":{"rendered":"https:\/\/uj.adatbank.ro\/lexikon\/termek\/czako-jozsef-sepsikilyeni\/"},"modified":"2025-06-28T17:33:20","modified_gmt":"2025-06-28T15:33:20","slug":"czako-jozsef-sepsikilyeni","status":"publish","type":"product","link":"https:\/\/uj.adatbank.ro\/lexikon\/termek\/czako-jozsef-sepsikilyeni\/","title":{"rendered":"CZAK\u00d3 J\u00f3zsef, sepsikily\u00e9ni"},"content":{"rendered":"<p>1832.? \u2020, Mv., 1915. jan. 10., Sz\u00e9kelyk\u00f6vesd csal\u00e1di s\u00edrkertbe temett\u00e9k: mv.-i v\u00e1rosi ad\u00f3p\u00e9nzt\u00e1rnok. \u2013 Feles\u00e9ge: k\u00f6r\u00f6spataki Antal Polixenia (1828- Mv., 1887. j\u00fal. 22 Sz\u00e9kelyk\u00f6vesden temett\u00e9k). A sz\u00e9kelyk\u00f6vesdi k\u00fari\u00e1t az Antal csal\u00e1d birtokolta, majd h\u00e1zass\u00e1g r\u00e9v\u00e9n ker\u00fclt a Czak\u00f3 csal\u00e1d tulajdon\u00e1ba, \u00e9s az \u00e1llamos\u00edt\u00e1s ut\u00e1n kult\u00farotthon, \u00f3voda, magt\u00e1r \u00e9s doh\u00e1nysz\u00e1r\u00edt\u00f3 stb. volt, Kelemen Attila parlamenti k\u00e9pvisel\u0151 v\u00e1s\u00e1rolt meg \u00e9s \u00faj\u00edtott fel (1994\u2013). \u2013 Az EMKE alap\u00edt\u00f3 \u00e9s \u00f6r\u00f6k\u00f6s tagja \u00e9s a Maros-Torda vm. \u00e9s Mv. sz. kir. v\u00e1rosi v\u00e1lasztm\u00e1ny\u00e1nak tagja (1885). <br \/><strong>Irod.:<\/strong> EMKE120; Gy\u00e1szjelent\u0151; S\u00e1ndor; Sepsisz\u00e9ki<\/br><\/p>\n","protected":false},"excerpt":{"rendered":"<p>1832.? \u2020, Mv., 1915. jan. 10., Sz\u00e9kelyk\u00f6vesd csal\u00e1di s\u00edrkertbe temett\u00e9k: mv.-i v\u00e1rosi ad\u00f3p\u00e9nzt\u00e1rnok. \u2013 Feles\u00e9ge: k\u00f6r\u00f6spataki Antal Polixenia (1828- Mv., 1887. j\u00fal. 22 Sz\u00e9kelyk\u00f6vesden temett\u00e9k). A sz\u00e9kelyk\u00f6vesdi k\u00fari\u00e1t az Antal csal\u00e1d birtokolta, majd h\u00e1zass\u00e1g r\u00e9v\u00e9n ker\u00fclt a Czak\u00f3 csal\u00e1d tulajdon\u00e1ba, \u00e9s az \u00e1llamos\u00edt\u00e1s ut\u00e1n kult\u00farotthon, \u00f3voda, magt\u00e1r \u00e9s doh\u00e1nysz\u00e1r\u00edt\u00f3 stb. volt, Kelemen Attila parlamenti k\u00e9pvisel\u0151 [&hellip;]<\/p>\n","protected":false},"featured_media":0,"comment_status":"open","ping_status":"closed","template":"","meta":[],"product_brand":[],"product_cat":[137],"product_tag":[],"class_list":{"0":"post-5897","1":"product","2":"type-product","3":"status-publish","5":"product_cat-maros-megyei-eletrajzi-lexikon","7":"first","8":"instock","9":"shipping-taxable","10":"product-type-simple"},"_links":{"self":[{"href":"https:\/\/uj.adatbank.ro\/lexikon\/wp-json\/wp\/v2\/product\/5897","targetHints":{"allow":["GET"]}}],"collection":[{"href":"https:\/\/uj.adatbank.ro\/lexikon\/wp-json\/wp\/v2\/product"}],"about":[{"href":"https:\/\/uj.adatbank.ro\/lexikon\/wp-json\/wp\/v2\/types\/product"}],"replies":[{"embeddable":true,"href":"https:\/\/uj.adatbank.ro\/lexikon\/wp-json\/wp\/v2\/comments?post=5897"}],"wp:attachment":[{"href":"https:\/\/uj.adatbank.ro\/lexikon\/wp-json\/wp\/v2\/media?parent=5897"}],"wp:term":[{"taxonomy":"product_brand","embeddable":true,"href":"https:\/\/uj.adatbank.ro\/lexikon\/wp-json\/wp\/v2\/product_brand?post=5897"},{"taxonomy":"product_cat","embeddable":true,"href":"https:\/\/uj.adatbank.ro\/lexikon\/wp-json\/wp\/v2\/product_cat?post=5897"},{"taxonomy":"product_tag","embeddable":true,"href":"https:\/\/uj.adatbank.ro\/lexikon\/wp-json\/wp\/v2\/product_tag?post=5897"}],"curies":[{"name":"wp","href":"https:\/\/api.w.org\/{rel}","templated":true}]}}