{"id":6161,"date":"2025-06-28T17:42:43","date_gmt":"2025-06-28T15:42:43","guid":{"rendered":"https:\/\/uj.adatbank.ro\/lexikon\/termek\/csernatoni-vajda-samuel-csernatony-samuel-tsernatoni-vajda-vajda-samule-csernatoni\/"},"modified":"2025-06-28T17:42:43","modified_gmt":"2025-06-28T15:42:43","slug":"csernatoni-vajda-samuel-csernatony-samuel-tsernatoni-vajda-vajda-samule-csernatoni","status":"publish","type":"product","link":"https:\/\/uj.adatbank.ro\/lexikon\/termek\/csernatoni-vajda-samuel-csernatony-samuel-tsernatoni-vajda-vajda-samule-csernatoni\/","title":{"rendered":"CSERN\u00c1TONI VAJDA S\u00e1muel; Csern\u00e1tony S\u00e1muel; Tsern\u00e1toni Vajda; Vajda S\u00e1mule, csern\u00e1toni"},"content":{"rendered":"<p>D\u00e9s, 1750., \u2020 Mv., 1803. nov. 12.: tan\u00e1r, ref. filoz\u00f3fiai \u00edr\u00f3, ford\u00edt\u00f3. \u2013 Cs. V. P\u00e9ter (1717\u20131782), ref. p\u00fcsp\u00f6k \u00e9s Uszkai Krisztina fia. Feles\u00e9ge: Intze Zsuzsanna, I. Istv\u00e1n koll. tan\u00e1r le\u00e1nya, akit \u00f6zvegys\u00e9g\u00e9ben gr. Teleki J\u00f3zsefn\u00e9 vett mag\u00e1hoz Gernyeszegre. \u2013 Nagyenyeden a Bethlen Koll.-ban tanult \u00e9s sikeresen vizsg\u00e1zott teol\u00f3gi\u00e1b\u00f3l, filoz\u00f3fi\u00e1b\u00f3l, nyelvekb\u0151l \u00e9s \u201eantiiquit\u00e1s\u201d-b\u00f3l (1776), k\u00e9t di\u00e1kt\u00e1rs\u00e1val, Benk\u0151 Ferenccel \u00e9s Szerentsi Istv\u00e1nnal, egy\u00fctt indultak k\u00fclf\u00f6ldi tanulm\u00e1ny\u00fatra. Napl\u00f3ja szerint elindult (1776. j\u00fan. 21. -vissza\u00e9rkezett 1778. nov. 7.). D\u00e9sr\u0151l B\u00e9csbe, majd G\u00f6ttingenbe \u00e9rkezett (1776. szept. 20), itt di\u00e1kt\u00e1rsai voltak gr. Tholdalagi L\u00e1szl\u00f3 \u00e9s br. Rad\u00e1k \u00c1d\u00e1m. Utrechtben folytatta filoz\u00f3fiai tanulm\u00e1nyait (1777. \u00e1pr. 28. \u201378. okt.). Papp\u00e1 szentelt\u00e9k a d\u00e9si zsinaton (1780 nyar\u00e1n). Sz\u00e9kelyudvarhelyen tan\u00edtott b\u00f6lcseletet, term\u00e9szettant, mennyis\u00e9gtant \u00e9s igazgat\u00f3 helyettes (1780\u201383), a mv.-i Ref. Koll. b\u00f6lcselet \u00e9s matematika tan\u00e1ra (1785. &#8211; 1803. nov. 12.), T\u00fcri L\u00e1szl\u00f3 egyh\u00e1zi f\u0151gondnok iktatta be tansz\u00e9k\u00e9be (1785. j\u00fan. 3.). Ut\u00f3dj\u00e1ul javasolta Bolyai Farkast. Mint udvarhelyi tan\u00e1r, n\u00e9mely vall\u00e1si s\u00e9relmek \u00fcgy\u00e9ben, kihallgat\u00e1son volt Kiss Gergely kolleg\u00e1j\u00e1val II. J\u00f3zsef cs\u00e1sz\u00e1r el\u0151tt Parajdon (1783). Hosszas betegs\u00e9g ut\u00e1n halt meg. Antal J\u00e1nos tan\u00e1r im\u00e1t mondott \u00e9s K\u00f6teles S\u00e1muel tan\u00e1r eml\u00e9kbesz\u00e9det tartott (nov. 20). Latin nyelv\u0171 term\u00e9szetfoloz\u00f3fiai \u00e9rtekez\u00e9se \u00e9s m. nyelv\u0171, n\u00e9metb\u0151l ford\u00edtott filoz\u00f3fia k\u00f6nyvet \u00edrt. \u2013 <strong>F. m.:<\/strong> Philosophicum tentamen in quo demonstratur ex natura Dei ejusque attributis lumine rationis cognitis divinam rerum futurarum praescientiam falli non posse nec tamen libertatem actionum humanarum affligere (Viennae, 1791); ford: Fl\u00f6gel Karl: Az emberi \u00e9rtelemnek term\u00e9szeti hist\u00f3ri\u00e1ja. (Kv., 1795). <br \/><strong>Irod.:<\/strong> Cs\u00e1ki \u00c1rp\u00e1d: Csern\u00e1toni V. S. peregrin\u00e1ci\u00f3ja (1876\u20131778)  = Eml\u00e9kk. Szab\u00f3 Mikl\u00f3s; Er\u0151s v\u00e1runk; Ferenczy-Danielik; Fogarasi; Id\u0151t\u00e1r 1; Kiss-K\u00e1lm\u00e1n-Bierbrunner; Koncz; Kr\u00f3n F\u00fcz. (1939. 4\/8); MAM\u0170L; M\u00e1th\u00e9-Haller; P\u00e1lmay J\u00f3zsef; RMK III\/18. sz.; R\u00f3th: Sz\u00fcletett nyelv\u00fcnk\u00f6n; Rugonfalvi Kiss; \u00daMIL; Zov\u00e1nyi<\/br><\/p>\n","protected":false},"excerpt":{"rendered":"<p>D\u00e9s, 1750., \u2020 Mv., 1803. nov. 12.: tan\u00e1r, ref. filoz\u00f3fiai \u00edr\u00f3, ford\u00edt\u00f3. \u2013 Cs. V. P\u00e9ter (1717\u20131782), ref. p\u00fcsp\u00f6k \u00e9s Uszkai Krisztina fia. Feles\u00e9ge: Intze Zsuzsanna, I. Istv\u00e1n koll. tan\u00e1r le\u00e1nya, akit \u00f6zvegys\u00e9g\u00e9ben gr. Teleki J\u00f3zsefn\u00e9 vett mag\u00e1hoz Gernyeszegre. \u2013 Nagyenyeden a Bethlen Koll.-ban tanult \u00e9s sikeresen vizsg\u00e1zott teol\u00f3gi\u00e1b\u00f3l, filoz\u00f3fi\u00e1b\u00f3l, nyelvekb\u0151l \u00e9s \u201eantiiquit\u00e1s\u201d-b\u00f3l (1776), k\u00e9t [&hellip;]<\/p>\n","protected":false},"featured_media":0,"comment_status":"open","ping_status":"closed","template":"","meta":[],"product_brand":[],"product_cat":[137],"product_tag":[],"class_list":{"0":"post-6161","1":"product","2":"type-product","3":"status-publish","5":"product_cat-maros-megyei-eletrajzi-lexikon","7":"first","8":"instock","9":"shipping-taxable","10":"product-type-simple"},"_links":{"self":[{"href":"https:\/\/uj.adatbank.ro\/lexikon\/wp-json\/wp\/v2\/product\/6161","targetHints":{"allow":["GET"]}}],"collection":[{"href":"https:\/\/uj.adatbank.ro\/lexikon\/wp-json\/wp\/v2\/product"}],"about":[{"href":"https:\/\/uj.adatbank.ro\/lexikon\/wp-json\/wp\/v2\/types\/product"}],"replies":[{"embeddable":true,"href":"https:\/\/uj.adatbank.ro\/lexikon\/wp-json\/wp\/v2\/comments?post=6161"}],"wp:attachment":[{"href":"https:\/\/uj.adatbank.ro\/lexikon\/wp-json\/wp\/v2\/media?parent=6161"}],"wp:term":[{"taxonomy":"product_brand","embeddable":true,"href":"https:\/\/uj.adatbank.ro\/lexikon\/wp-json\/wp\/v2\/product_brand?post=6161"},{"taxonomy":"product_cat","embeddable":true,"href":"https:\/\/uj.adatbank.ro\/lexikon\/wp-json\/wp\/v2\/product_cat?post=6161"},{"taxonomy":"product_tag","embeddable":true,"href":"https:\/\/uj.adatbank.ro\/lexikon\/wp-json\/wp\/v2\/product_tag?post=6161"}],"curies":[{"name":"wp","href":"https:\/\/api.w.org\/{rel}","templated":true}]}}