{"id":6250,"date":"2025-06-28T17:45:42","date_gmt":"2025-06-28T15:45:42","guid":{"rendered":"https:\/\/uj.adatbank.ro\/lexikon\/termek\/csiky-jozsef-nyaradkaracsonfalvi\/"},"modified":"2025-06-28T17:45:42","modified_gmt":"2025-06-28T15:45:42","slug":"csiky-jozsef-nyaradkaracsonfalvi","status":"publish","type":"product","link":"https:\/\/uj.adatbank.ro\/lexikon\/termek\/csiky-jozsef-nyaradkaracsonfalvi\/","title":{"rendered":"CS\u00cdKY J\u00f3zsef; ny\u00e1r\u00e1dkar\u00e1csonfalvi"},"content":{"rendered":"<p>Folyfalva, 1861. m\u00e1rc. 3., \u2020 Mv.? : ref. lelk\u00e9sz. \u2013 A k\u00f6z\u00e9piskol\u00e1t Mv-en, a teol\u00f3gi\u00e1t Nagyenyeden v\u00e9gezte. M\u0171k\u00f6d\u00e9s\u00e9t Sepsiszentgy\u00f6rgy\u00f6n kezdte mint vall\u00e1stan\u00e1r, S\u00f3falv\u00e1n seg\u00e9dlelk\u00e9sz, t\u00f6bb helyen lelk\u00e9sz, Medgyesen szolg\u00e1lt (1901\u201333). Az egyh\u00e1z \u00e9s az egyh\u00e1zmegye \u00e9let\u00e9ben sz\u00e1mottev\u0151 szerepet j\u00e1tszott, hosszabb ideig tan\u00e1csb\u00edr\u00f3, egyh\u00e1zmegyei f\u0151jegyz\u0151, egyh\u00e1zmegyei p\u00e9nzt\u00e1rnok, a MP helyi tagozat\u00e1nak eln\u00f6ke volt. \u00d6t \u00e9vig szerkesztette a Medgyesi \u00dajs\u00e1got. <br \/><strong>Irod.:<\/strong> EM; P\u00e1lmay<\/br><\/p>\n","protected":false},"excerpt":{"rendered":"<p>Folyfalva, 1861. m\u00e1rc. 3., \u2020 Mv.? : ref. lelk\u00e9sz. \u2013 A k\u00f6z\u00e9piskol\u00e1t Mv-en, a teol\u00f3gi\u00e1t Nagyenyeden v\u00e9gezte. M\u0171k\u00f6d\u00e9s\u00e9t Sepsiszentgy\u00f6rgy\u00f6n kezdte mint vall\u00e1stan\u00e1r, S\u00f3falv\u00e1n seg\u00e9dlelk\u00e9sz, t\u00f6bb helyen lelk\u00e9sz, Medgyesen szolg\u00e1lt (1901\u201333). Az egyh\u00e1z \u00e9s az egyh\u00e1zmegye \u00e9let\u00e9ben sz\u00e1mottev\u0151 szerepet j\u00e1tszott, hosszabb ideig tan\u00e1csb\u00edr\u00f3, egyh\u00e1zmegyei f\u0151jegyz\u0151, egyh\u00e1zmegyei p\u00e9nzt\u00e1rnok, a MP helyi tagozat\u00e1nak eln\u00f6ke volt. \u00d6t \u00e9vig szerkesztette [&hellip;]<\/p>\n","protected":false},"featured_media":0,"comment_status":"open","ping_status":"closed","template":"","meta":[],"product_brand":[],"product_cat":[137],"product_tag":[],"class_list":{"0":"post-6250","1":"product","2":"type-product","3":"status-publish","5":"product_cat-maros-megyei-eletrajzi-lexikon","7":"first","8":"instock","9":"shipping-taxable","10":"product-type-simple"},"_links":{"self":[{"href":"https:\/\/uj.adatbank.ro\/lexikon\/wp-json\/wp\/v2\/product\/6250","targetHints":{"allow":["GET"]}}],"collection":[{"href":"https:\/\/uj.adatbank.ro\/lexikon\/wp-json\/wp\/v2\/product"}],"about":[{"href":"https:\/\/uj.adatbank.ro\/lexikon\/wp-json\/wp\/v2\/types\/product"}],"replies":[{"embeddable":true,"href":"https:\/\/uj.adatbank.ro\/lexikon\/wp-json\/wp\/v2\/comments?post=6250"}],"wp:attachment":[{"href":"https:\/\/uj.adatbank.ro\/lexikon\/wp-json\/wp\/v2\/media?parent=6250"}],"wp:term":[{"taxonomy":"product_brand","embeddable":true,"href":"https:\/\/uj.adatbank.ro\/lexikon\/wp-json\/wp\/v2\/product_brand?post=6250"},{"taxonomy":"product_cat","embeddable":true,"href":"https:\/\/uj.adatbank.ro\/lexikon\/wp-json\/wp\/v2\/product_cat?post=6250"},{"taxonomy":"product_tag","embeddable":true,"href":"https:\/\/uj.adatbank.ro\/lexikon\/wp-json\/wp\/v2\/product_tag?post=6250"}],"curies":[{"name":"wp","href":"https:\/\/api.w.org\/{rel}","templated":true}]}}