{"id":6331,"date":"2025-06-28T17:48:31","date_gmt":"2025-06-28T15:48:31","guid":{"rendered":"https:\/\/uj.adatbank.ro\/lexikon\/termek\/csogor-lajos-%c2%a7-csogor-ludovic\/"},"modified":"2025-06-28T17:48:31","modified_gmt":"2025-06-28T15:48:31","slug":"csogor-lajos-%c2%a7-csogor-ludovic","status":"publish","type":"product","link":"https:\/\/uj.adatbank.ro\/lexikon\/termek\/csogor-lajos-%c2%a7-csogor-ludovic\/","title":{"rendered":"CS\u0150G\u00d6R Lajos, \u00a7 \/ Cs\u0151g\u00f6r Ludovic"},"content":{"rendered":"<p>Nagys\u00e1rm\u00e1s, 1804. m\u00e1rc. 18. Bp., Nagys\u00e1rm\u00e1s, 1904. m\u00e1rc. 18., \u2020 Bp., 2003. j\u00fal. 8: orvos, dr. egyetemi el\u0151ad\u00f3tan\u00e1r, rektor. &#8211; Feles\u00e9ge: Fall Erzs\u00e9bet (\u20201996. m\u00e1rc. 19) a buda\u00f6rsi \u00faj temet\u0151ben nyugszanak. Fiaik: Cs. Andr\u00e1s fogorvos \u00e9s k\u00f6lt\u0151, Cs. Istv\u00e1n kutat\u00f3orvos. \u2013 \u00c9retts\u00e9gizett a nagyenyedi Bethlen Koll.-ban (1923), ahol \u00c1prily Lajos, Berde M\u00e1ria is tan\u00edtotta; orvosi egyetemi tanulm\u00e1nyait Szegeden kezdte (1923\u201328), Kv.-on fejezte be (1933) \u00e9s doktor\u00e1lt, megszerezte a fogorvosi diplom\u00e1t is a kv.-i Fog\u00e1szati Klinik\u00e1n (1934). El\u0151sz\u00f6r Nagys\u00e1rm\u00e1son nyitott mag\u00e1nrendel\u0151t mint \u00e1ltal\u00e1nos orvos; fogorvos a nagyenyedi Bethlen Koll.-ban (1935\u201340). Kv-on a FJTE Fogorvosi Tansz\u00e9k\u00e9n gyakornok, tan\u00e1rseg\u00e9d (1940\u201344), egyetemi tan\u00e1r (1945\u201349), a Fog\u00e1szati Klinika vezet\u0151je. R\u00e9sz vett az antifasiszta ellen\u00e1ll\u00e1si mozgalomban, a MNSZ egyik vezet\u0151je, Kolozs megye alisp\u00e1nja (1944. okt. \u2013 1945 \u0151sze). A MOGYI szervez\u0151bizotts\u00e1g\u00e1nak egyik vezet\u0151je (1945\u201346); r\u00e9szt vett az orvosi fakult\u00e1s Mv-re k\u00f6lt\u00f6ztet\u00e9s\u00e9ben (1944\u20131945). Tagja, majd eln\u00f6ke lett annak a h\u00e1romtag\u00fa bizotts\u00e1gnak, mely a Bolyai TE megalak\u00edt\u00e1s\u00e1t el\u0151k\u00e9sz\u00edtette \u00e9s rektorr\u00e1 v\u00e1lasztott\u00e1k (1945. j\u00fan. 15.), professzorr\u00e1 nevezte ki a miniszt\u00e9rium (1945. szept. 22.). Az MNSZ K\u00f6zponti Int\u00e9z\u0151bizotts\u00e1g\u00e1nak tagja (1946- 49), a MMAT k\u00e9pvisel\u0151je a NNGY-ben (1948. m\u00e1rc. 28. \u2013 1952. nov. 30. \u00e9s 1965. m\u00e1rc. 7. \u2013 1975. m\u00e1rc. 9.). Mv.-re k\u00f6lt\u00f6z\u00f6tt (1949. \u0151sz\u00e9n), addig hetente j\u00e1rt Mv.-re el\u0151ad\u00e1sait megtartani, tansz\u00e9kvezet\u0151i teend\u0151it ell\u00e1tni. A tan\u00fcgyi reformot k\u00f6vet\u0151en Mv. orvosi \u00e9s gy\u00f3gyszer\u00e9szeti kara elv\u00e1lt a BTE-t\u0151l, a MOGYI els\u0151 tan\u00e9v\u00e9t, mint rektor nyitotta meg (1948. dec. 1. \u2013), az int\u00e9zet rektora (1948\u20131949. nov. 3-ig, majd 1964. szept. 15. \u20141967. szept. 15.) \u00e9s a fog\u00e1szat professzora. Letartoztatt\u00e1k (1949. nov. 3. \u2013), \u00e1ttett\u00e9k Ghenceara (1951. aug. 1.), 2 \u00e9v adminisztrat\u00edv b\u00fcntet\u00e9st kapott, k\u00e9t \u00e9v adminisztrat\u00edv b\u00fcntet\u00e9st kapott. Ocnele Mari-ra vitt\u00e9k (1951. aug. 7.). Feles\u00e9g\u00e9t elbocs\u00e1tott\u00e1k az \u00e1ll\u00e1s\u00e1b\u00f3l (1952 \u0151sz\u00e9n), Andr\u00e1s fi\u00e1t kiz\u00e1rt\u00e1k az orvosi egyetemr\u0151l, Istv\u00e1n nem j\u00e1rhatott gimn. -ba, asztalos szakm\u00e1t tanult. Feles\u00e9g\u00e9vel egy\u00fctt a buk.-i Uranus b\u00f6rt\u00f6nbe z\u00e1rt\u00e1k (1954. m\u00e1rc.). 6 \u00e9v k\u00e9nyszermunk\u00e1ra \u00e9s teljes vagyonelkobz\u00e1sra \u00edt\u00e9lt\u00e9k (1954. \u00e1pr. 26.). Zsilav\u00e1ra vitt\u00e9k (1954. \u00e1pr. 27.), majd a Pite\u0219ti b\u00f6rt\u00f6nbe. 4 \u00e9v el\u0151zetes letart\u00f3ztat\u00e1s \u00e9s egy \u00e9v k\u00e9nyszermunka let\u00f6lt\u00e9se ut\u00e1n, Petru Groza, a NNGY Eln\u00f6ki Tan\u00e1csa eln\u00f6k\u00e9nek kegyelmi rendelet\u00e9vel szabadl\u00e1bra helyezt\u00e9k (1955. m\u00e1j. 27.), rehabilit\u00e1lt\u00e1k (1956. j\u00fan. 16.). \u00dajra \u00f6sszeh\u00e1zasodtak a feles\u00e9g\u00e9vel. A RMP KV javaslat\u00e1ra a Nagy Nemzetgy\u0171l\u00e9s t\u00f6r\u00f6lte a b\u00fcntet\u00e9st \u00e9s visszahelyezte jogaiba (egy\u00fctt Balogh Edg\u00e1r, Demeter J\u00e1nos \u00e9s Jord\u00e1ky Lajossal). A Konzerv\u00e1l\u00f3 Fog\u00e1szati Klinika vezet\u0151je lett (1960\u201373), az oktat\u00e1s k\u00e9tnyelv\u0171 volt, a m. nyelv\u0171 el\u0151ad\u00e1sok egyr\u00e9sz\u00e9t nyugd\u00edjaz\u00e1s\u00e1ig tartotta (1973-ig), a klinika keret\u00e9ben kezdem\u00e9nyez\u00e9s\u00e9re l\u00e9tes\u00fclt a fogk\u00f3rsz\u00f6vettani \u00e9s mikrobiol\u00f3giai kutat\u00f3laborat\u00f3rium, vezet\u0151je Szentp\u00e9tery J\u00f3zsef, Antalffy Andr\u00e1s voltak. A mv.-i Fogorvostudom\u00e1nyi Karon els\u0151k\u00e9nt kapta meg a doktor\u00e1tus-vezet\u0151i min\u0151s\u00e9get (1965), a doktor\u00e1nduszait nyugd\u00edjaz\u00e1sa ut\u00e1n is ir\u00e1ny\u00edtotta, vezet\u00e9s\u00e9vel kilencen szerezt\u00e9k meg az orvostudom\u00e1nyok doktora c\u00edmet. Kutat\u00e1si ter\u00fclete a fogsz\u00favasod\u00e1s megel\u0151z\u00e9s\u00e9nek tanulm\u00e1nyoz\u00e1sa, az iv\u00f3v\u00edz fluoriz\u00e1l\u00e1sa, orvosi etika. <strong>Cikkei:<\/strong> Stomatologie, Fogorvosi Szemle, Orvosi Szemle \u00e9s a napi sajt\u00f3ban. M\u00e1r egyetemista kor\u00e1ban bekapcsol\u00f3dott az Erd\u00e9lyi Fiatalok c. lap munk\u00e1j\u00e1ba (1930. febr. \u2013), a Falvak N\u00e9p\u00e9-nek, Ellenz\u00e9ki K\u00f6zl\u00f6ny-nek a szerk.-je, munkat\u00e1rsa (1933\u201334). Az \u00c9rtes\u00edt\u0151 a Bolyai Egyetem Orvostudom\u00e1nyi Kar\u00e1nak \u00e9s az EME Orvostudom\u00e1nyi Szakoszt\u00e1ly\u00e1nak munk\u00e1j\u00e1r\u00f3l c. szaklap t\u00e1rsszerk.-je Miskolczy Dezs\u0151vel (1948). A mv.-i k\u00e9tnyelv\u0171 Orvosi Szemle \u2013Revista Medical\u0103 f\u0151szerk.-je (1964\u201367). 19 r\u00e9szes cikksorozat\u00e1t k\u00f6z\u00f6lte a mv.-i Erd\u00e9lyi Figyel\u0151 (1990\u201392) Lapok a Bolyai Egyetem t\u00f6rt\u00e9net\u00e9b\u0151l c., Az Orsz\u00e1gos Eg\u00e9szs\u00e9g\u00fcgyi Tan\u00e1cs tagja, a M. Fogorvosok T\u00e1rsas\u00e1g\u00e1nak tiszteleti tagja (1948\u2013), Doktor docens (1960), a Rom\u00e1n Orvostudom\u00e1nyi Akad. aleln\u00f6ke, eln\u00f6ks\u00e9gi tagja (1969\u2013), a Munka \u00c9rdemrend III. fokozata (1958), a Szocialista Munka H\u0151se (1971), \u00c9rdemes Orvos (1972). Szegeden a Szent-Gy\u00f6rgyi Albert Orvostudom\u00e1nyi Egyetemen d\u00edszdoktorr\u00e1 avatt\u00e1k, \u00e9s ezut\u00e1n nem t\u00e9rtek vissza (1985. okt. 22.). A P\u00e1pai P\u00e1riz Eml\u00e9k\u00e9rem tulajdonosa, a P\u00e1pai P\u00e1riz Alap\u00edtv\u00e1ny \u00e9s az EME Orvos- \u00e9s Gy\u00f3gyszer\u00e9sztudom\u00e1nyi Szakoszt\u00e1lya kit\u00fcntetettjek\u00e9nt (2000), post mortem Miskolczy Dezs\u0151 Eml\u00e9kplakett- \u00e9s d\u00edj (2004). Bp.-en telepedett le csal\u00e1dj\u00e1val (1985. okt.). Az EME Orvos- \u00e9s Gy\u00f3gyszer\u00e9szettudom\u00e1nyi Szakoszt\u00e1lya a mv.-i egyetem els\u0151 rektor\u00e1nak tisztelet\u00e9re Cs\u0151g\u00f6r Lajos-d\u00edjat l\u00e9tes\u00edtett, a kit\u0171n\u0151 tanulm\u00e1nyi eredm\u00e9nyt el\u00e9rt abszolvensek sz\u00e1m\u00e1ra (2005). A mv.-i V\u00e1rtemplomban osztott\u00e9k ki els\u0151 alkalommal (2006. j\u00fan. 24.) \u2013 <strong>F. m.:<\/strong> Vigy\u00e1zz a fogadra (Buk., 1949); Erd\u00e9ly m. egyeteme, 1944\u20131949. 1. k\u00f6t.: Cs. L. Eml\u00e9kirata: Dokumentumok, 1944\u20131945 \/ A dokumentumokat v\u00e1logatta, gondozta \u00e9s szerkesztette L\u00e1zok J\u00e1nos \u00e9s Vincze G\u00e1bor (Mv., 1995); <strong>t\u00e1rssz.:<\/strong> Fog\u00e1szat (Guzner Mikl\u00f3ssal; IMF; M\u00e9sz\u00e1ros G\u00e9z\u00e1val; Mv., 1958); A kv.-i m. egyetem 1945-ben: A Bolyai Egyetem szervez\u00e9s\u00e9nek v\u00e1logatott dokumentumai (Bp., 1990); A Kv.-i Bolyai Tudom\u00e1nyegyetem, 1945\u20131959: megsz\u00fcntet\u00e9s\u00e9nek 40. \u00e9vfordul\u00f3j\u00e1n (Bp., 1999). Cs\u0151g\u00f6r Lajos b\u00f6rt\u00f6n\u00e9vei (1949\u20131955); Cs\u0151g\u00f6r Istv\u00e1n: Eml\u00e9kek \u00e9desap\u00e1mr\u00f3l p. 7\u201335.; Benk\u0151 Samu: Magyars\u00e1rm\u00e1st\u00f3l Buda\u0151rsig p. 37\u201365; Cs\u0151g\u00f6r Lajos b\u00f6rt\u00f6n\u00e9vei (1949\u20131955), p. 67\u2013122; F\u00fcggel\u00e9k p. 123\u2013128. \/ \u00d6ssze\u00e1ll\u00edtotta Cs\u0151g\u00f6r Istv\u00e1n. (Kv., 2010). <br \/><strong>Irod.:<\/strong> Aranykorszak; Auton\u00f3m magyarok; Bartos 2012; Prof. Dr. Cs\u0151g\u00f6r Lajos \/ Bocskay Istv\u00e1n = D\u00edjazottaink; Bodor P\u00e1l: J\u00f3 el\u0151re, Cs. L. -r\u00f3l (N\u00fa., 1994. m\u00e1rc. 12.); Bottoni 2006; Bottoni 2008; Cri\u015fan; Cs\u0151g\u00f6r Lajos b\u00f6rt\u00f6n\u00e9vei (1949\u20131955). \/ \u00d6ssze\u00e1ll. Cs. Istv\u00e1n; Kv., 2010. (\u00c1rul\u00f3 haza); Dankanits \u00c1d\u00e1m: Egy\u00fctt a k\u00f6z\u00f6s \u00faton (A H\u00e9t, 4. sz., 1975. jan. 24.); Dezs\u0151 Istv\u00e1n; D\u00edjazottaink; Erd\u00e9lyi Fiatalok; G\u00e1ll Ern\u0151: Cs. L. \u00e9vtizedei (Helikon, 5. sz., 1994. m\u00e1rc. 4.); Genersich; A H\u00e9t \u00c9vk\u00f6nyve (1978); IMF; Katona Szab\u00f3; KKACs; M\u00e1sodoszt\u00e1ly\u00fa polg\u00e1rok, m\u00edg nincs \u00f6n\u00e1ll\u00f3 egyetem\u00fcnk!: Cs. L. A nagyenyedi koll. -t\u00f3l a kv.-i egyetemig (N\u00fa., 1997. nov. 4.); M\u00e1th\u00e9 \u00c9va: \u00c9rdemei el\u00e9v\u00fclhetetlenek (N\u00fa., 1994. m\u00e1rc. 17.); MNBK; MNL; Mv.-i Gy\u00f3gyszer\u00e9szeti Kar; \u201eOlyan cell\u00e1ban, ahol \u00e9jjel-nappal villany \u00e9gett. \u201e: Cs. L. eml\u00e9kezik b\u00f6rt\u00f6n\u00e9veire \/ Benk\u0151 Samu (Korunk, 7. sz., 2010. j\u00fal.); Barab\u00e1s-P\u00e9ter M.\u2013P\u00e9ter H. M.; Nagy L; P\u00e9ter Mih\u00e1ly 2006; P\u00e9terffy \u00c1. &#8211; P. P.; RMIL; R\u00daL; Sz\u00f6ll\u0151si 2009; Todea\u2013F\u00fcl\u00f6p\u2013Avram; T\u00f3th\u2013G\u00e1bor; T\u00f6tt\u00f6ssy<\/br><\/p>\n","protected":false},"excerpt":{"rendered":"<p>Nagys\u00e1rm\u00e1s, 1804. m\u00e1rc. 18. Bp., Nagys\u00e1rm\u00e1s, 1904. m\u00e1rc. 18., \u2020 Bp., 2003. j\u00fal. 8: orvos, dr. egyetemi el\u0151ad\u00f3tan\u00e1r, rektor. &#8211; Feles\u00e9ge: Fall Erzs\u00e9bet (\u20201996. m\u00e1rc. 19) a buda\u00f6rsi \u00faj temet\u0151ben nyugszanak. Fiaik: Cs. Andr\u00e1s fogorvos \u00e9s k\u00f6lt\u0151, Cs. Istv\u00e1n kutat\u00f3orvos. \u2013 \u00c9retts\u00e9gizett a nagyenyedi Bethlen Koll.-ban (1923), ahol \u00c1prily Lajos, Berde M\u00e1ria is tan\u00edtotta; orvosi [&hellip;]<\/p>\n","protected":false},"featured_media":0,"comment_status":"open","ping_status":"closed","template":"","meta":[],"product_brand":[],"product_cat":[137],"product_tag":[],"class_list":{"0":"post-6331","1":"product","2":"type-product","3":"status-publish","5":"product_cat-maros-megyei-eletrajzi-lexikon","7":"first","8":"instock","9":"shipping-taxable","10":"product-type-simple"},"_links":{"self":[{"href":"https:\/\/uj.adatbank.ro\/lexikon\/wp-json\/wp\/v2\/product\/6331","targetHints":{"allow":["GET"]}}],"collection":[{"href":"https:\/\/uj.adatbank.ro\/lexikon\/wp-json\/wp\/v2\/product"}],"about":[{"href":"https:\/\/uj.adatbank.ro\/lexikon\/wp-json\/wp\/v2\/types\/product"}],"replies":[{"embeddable":true,"href":"https:\/\/uj.adatbank.ro\/lexikon\/wp-json\/wp\/v2\/comments?post=6331"}],"wp:attachment":[{"href":"https:\/\/uj.adatbank.ro\/lexikon\/wp-json\/wp\/v2\/media?parent=6331"}],"wp:term":[{"taxonomy":"product_brand","embeddable":true,"href":"https:\/\/uj.adatbank.ro\/lexikon\/wp-json\/wp\/v2\/product_brand?post=6331"},{"taxonomy":"product_cat","embeddable":true,"href":"https:\/\/uj.adatbank.ro\/lexikon\/wp-json\/wp\/v2\/product_cat?post=6331"},{"taxonomy":"product_tag","embeddable":true,"href":"https:\/\/uj.adatbank.ro\/lexikon\/wp-json\/wp\/v2\/product_tag?post=6331"}],"curies":[{"name":"wp","href":"https:\/\/api.w.org\/{rel}","templated":true}]}}