{"id":6426,"date":"2025-06-28T17:52:23","date_gmt":"2025-06-28T15:52:23","guid":{"rendered":"https:\/\/uj.adatbank.ro\/lexikon\/termek\/dadai-janos\/"},"modified":"2025-06-28T17:52:23","modified_gmt":"2025-06-28T15:52:23","slug":"dadai-janos","status":"publish","type":"product","link":"https:\/\/uj.adatbank.ro\/lexikon\/termek\/dadai-janos\/","title":{"rendered":"DADAI J\u00e1nos"},"content":{"rendered":"<p>1608 ?, \u2020 1668. febr.: ref. lelk\u00e9sz. \u2013 Feles\u00e9ge Szil\u00e1gyi Zs\u00f3fia. \u2013 Subscrib\u00e1lt Debrecenben (1630. jan. 28.), tanulm\u00e1nyait a franekerai egyetemen folytatta (1636\u2013), majd leideni egyetemen (az anyak\u00f6nyvbe van feljegyezve, 1637. okt. 23., ekkor 29 \u00e9ves volt). K\u00fck\u00fcll\u0151v\u00e1ron lelk\u00e9sz (1640\u201368), a K\u00fck\u00fcll\u0151i Ref. Egyh\u00e1zmegye esperese. A gyulafeh\u00e9rv\u00e1ri ref. koll. egyik kur\u00e1tora volt (1662\u2013), a koll. Nagyenyedre t\u00f6rt\u00e9n\u0151 \u00e1tk\u00f6lt\u00f6ztet\u00e9s\u00e9vel j\u00e1r\u00f3 feladatok r\u00e1 h\u00e1rultak. \u00d6ssze\u00e1ll\u00edtotta (1646) az egyh\u00e1zmegye invent\u00e1rium\u00e1t, amit Szentiv\u00e1nyi J\u00e1nos esperes foglalt jegyz\u0151k\u00f6nyvbe Protocollum Dioceseos ortodoxae Religionis in illustri Comitatu K\u00fck\u00fcll\u0151v\u00e1r existenti c. (1676), amely k\u00e9ziratban megtal\u00e1lhat\u00f3 a k\u00fck\u00fcll\u0151i Ref. Egyh\u00e1zmegye Lev\u00e9lt\u00e1r\u00e1ban. \u2013 <strong>F. m.:<\/strong> A Szenth\u00e1roms\u00e1gr\u00f3l \u00edrt disput\u00e1ja a franekarea egy.-en jelent meg (1637), amelynek egyetlen p\u00e9ld\u00e1ny\u00e1t a s\u00e1rospataki k\u00f6nyvt\u00e1rban \u0151rzik. <br \/><strong>Irod.:<\/strong> Cs\u00e1v\u00e1s; K\u00fck\u00fcll\u0151i Ref. Egyh\u00e1zm. 1.<\/br><\/p>\n","protected":false},"excerpt":{"rendered":"<p>1608 ?, \u2020 1668. febr.: ref. lelk\u00e9sz. \u2013 Feles\u00e9ge Szil\u00e1gyi Zs\u00f3fia. \u2013 Subscrib\u00e1lt Debrecenben (1630. jan. 28.), tanulm\u00e1nyait a franekerai egyetemen folytatta (1636\u2013), majd leideni egyetemen (az anyak\u00f6nyvbe van feljegyezve, 1637. okt. 23., ekkor 29 \u00e9ves volt). K\u00fck\u00fcll\u0151v\u00e1ron lelk\u00e9sz (1640\u201368), a K\u00fck\u00fcll\u0151i Ref. Egyh\u00e1zmegye esperese. A gyulafeh\u00e9rv\u00e1ri ref. koll. egyik kur\u00e1tora volt (1662\u2013), a koll. [&hellip;]<\/p>\n","protected":false},"featured_media":0,"comment_status":"open","ping_status":"closed","template":"","meta":[],"product_brand":[],"product_cat":[137],"product_tag":[],"class_list":{"0":"post-6426","1":"product","2":"type-product","3":"status-publish","5":"product_cat-maros-megyei-eletrajzi-lexikon","7":"first","8":"instock","9":"shipping-taxable","10":"product-type-simple"},"_links":{"self":[{"href":"https:\/\/uj.adatbank.ro\/lexikon\/wp-json\/wp\/v2\/product\/6426","targetHints":{"allow":["GET"]}}],"collection":[{"href":"https:\/\/uj.adatbank.ro\/lexikon\/wp-json\/wp\/v2\/product"}],"about":[{"href":"https:\/\/uj.adatbank.ro\/lexikon\/wp-json\/wp\/v2\/types\/product"}],"replies":[{"embeddable":true,"href":"https:\/\/uj.adatbank.ro\/lexikon\/wp-json\/wp\/v2\/comments?post=6426"}],"wp:attachment":[{"href":"https:\/\/uj.adatbank.ro\/lexikon\/wp-json\/wp\/v2\/media?parent=6426"}],"wp:term":[{"taxonomy":"product_brand","embeddable":true,"href":"https:\/\/uj.adatbank.ro\/lexikon\/wp-json\/wp\/v2\/product_brand?post=6426"},{"taxonomy":"product_cat","embeddable":true,"href":"https:\/\/uj.adatbank.ro\/lexikon\/wp-json\/wp\/v2\/product_cat?post=6426"},{"taxonomy":"product_tag","embeddable":true,"href":"https:\/\/uj.adatbank.ro\/lexikon\/wp-json\/wp\/v2\/product_tag?post=6426"}],"curies":[{"name":"wp","href":"https:\/\/api.w.org\/{rel}","templated":true}]}}