{"id":6460,"date":"2025-06-28T17:53:37","date_gmt":"2025-06-28T15:53:37","guid":{"rendered":"https:\/\/uj.adatbank.ro\/lexikon\/termek\/dalnoki-veres-gerzson\/"},"modified":"2025-06-28T17:53:37","modified_gmt":"2025-06-28T15:53:37","slug":"dalnoki-veres-gerzson","status":"publish","type":"product","link":"https:\/\/uj.adatbank.ro\/lexikon\/termek\/dalnoki-veres-gerzson\/","title":{"rendered":"D\u00c1LNOKI VERES Gerzson"},"content":{"rendered":"<p>? \u2020\u00a0? : kapit\u00e1ny. \u2013 R\u00e1k\u00f3czi kapit\u00e1nya, szabads\u00e1gharcos katona volt. A R\u00e1k\u00f3czi vezette szabads\u00e1gharc kezdeti siker\u00e9nek egyik fontos mozzanata volt Mv. s\u00falyos harcok ut\u00e1ni felszabad\u00edt\u00e1sa (1704). Erre eml\u00e9keztet D\u00e1lnoki Veres Gerzson egykori kapit\u00e1ny v\u00e1zlatos Kuruc kr\u00f3nik\u00e1j\u00e1nak indul\u00f3szer\u0171 t\u00e1ncdalra is eml\u00e9keztet\u0151 bet\u00e9te. P\u00f3csfalv\u00e1n ill. G\u00e1lfalv\u00e1n \u00e9lt nyugalomba vonul\u00e1sa ut\u00e1n. Alkalmi k\u00f6lt\u0151 volt, v\u00e1zlatosan le\u00edrta II. R\u00e1k\u00f3czi Ferenc v\u00e1s\u00e1rhelyi fejedelemm\u00e9 v\u00e1laszt\u00e1s\u00e1t, az 1707 \u00e1pr. 5. beiktat\u00e1s\u00e1t, de nem el\u00e9g pontosak az adatai a fejedelem lengyel \u00e9s sv\u00e9d k\u00eds\u00e9r\u0151ir\u0151l. A k\u00fck\u00fcll\u0151p\u00f3csfalvai ref. egyh\u00e1zmegy\u00e9nek aranyozott gyapjas poharat aj\u00e1nd\u00e9koztak feles\u00e9g\u00e9vel, M\u00e9sz\u00e1ros Erzs\u00e9bettel (1720 k.) \u00e9s a v\u00e1mosg\u00e1lfalvinak ez\u00fcst keny\u00e9roszt\u00f3 t\u00e1ny\u00e9rt (1729). <br \/><strong>Irod.:<\/strong> K\u00fck\u00fcll\u0151i Ref. Egyh\u00e1zm. 3., 4; T\u00f3th Istv\u00e1n: Mv. irodalmi m\u0171velts\u00e9g\u00e9r\u0151l (N\u00fa 2001. febr. 10)<\/br><\/p>\n","protected":false},"excerpt":{"rendered":"<p>? \u2020\u00a0? : kapit\u00e1ny. \u2013 R\u00e1k\u00f3czi kapit\u00e1nya, szabads\u00e1gharcos katona volt. A R\u00e1k\u00f3czi vezette szabads\u00e1gharc kezdeti siker\u00e9nek egyik fontos mozzanata volt Mv. s\u00falyos harcok ut\u00e1ni felszabad\u00edt\u00e1sa (1704). Erre eml\u00e9keztet D\u00e1lnoki Veres Gerzson egykori kapit\u00e1ny v\u00e1zlatos Kuruc kr\u00f3nik\u00e1j\u00e1nak indul\u00f3szer\u0171 t\u00e1ncdalra is eml\u00e9keztet\u0151 bet\u00e9te. P\u00f3csfalv\u00e1n ill. G\u00e1lfalv\u00e1n \u00e9lt nyugalomba vonul\u00e1sa ut\u00e1n. Alkalmi k\u00f6lt\u0151 volt, v\u00e1zlatosan le\u00edrta II. R\u00e1k\u00f3czi [&hellip;]<\/p>\n","protected":false},"featured_media":0,"comment_status":"open","ping_status":"closed","template":"","meta":[],"product_brand":[],"product_cat":[137],"product_tag":[],"class_list":{"0":"post-6460","1":"product","2":"type-product","3":"status-publish","5":"product_cat-maros-megyei-eletrajzi-lexikon","7":"first","8":"instock","9":"shipping-taxable","10":"product-type-simple"},"_links":{"self":[{"href":"https:\/\/uj.adatbank.ro\/lexikon\/wp-json\/wp\/v2\/product\/6460","targetHints":{"allow":["GET"]}}],"collection":[{"href":"https:\/\/uj.adatbank.ro\/lexikon\/wp-json\/wp\/v2\/product"}],"about":[{"href":"https:\/\/uj.adatbank.ro\/lexikon\/wp-json\/wp\/v2\/types\/product"}],"replies":[{"embeddable":true,"href":"https:\/\/uj.adatbank.ro\/lexikon\/wp-json\/wp\/v2\/comments?post=6460"}],"wp:attachment":[{"href":"https:\/\/uj.adatbank.ro\/lexikon\/wp-json\/wp\/v2\/media?parent=6460"}],"wp:term":[{"taxonomy":"product_brand","embeddable":true,"href":"https:\/\/uj.adatbank.ro\/lexikon\/wp-json\/wp\/v2\/product_brand?post=6460"},{"taxonomy":"product_cat","embeddable":true,"href":"https:\/\/uj.adatbank.ro\/lexikon\/wp-json\/wp\/v2\/product_cat?post=6460"},{"taxonomy":"product_tag","embeddable":true,"href":"https:\/\/uj.adatbank.ro\/lexikon\/wp-json\/wp\/v2\/product_tag?post=6460"}],"curies":[{"name":"wp","href":"https:\/\/api.w.org\/{rel}","templated":true}]}}