{"id":6483,"date":"2025-06-28T17:54:20","date_gmt":"2025-06-28T15:54:20","guid":{"rendered":"https:\/\/uj.adatbank.ro\/lexikon\/termek\/dan-i-ioan-%c2%a7\/"},"modified":"2025-06-28T17:54:20","modified_gmt":"2025-06-28T15:54:20","slug":"dan-i-ioan-%c2%a7","status":"publish","type":"product","link":"https:\/\/uj.adatbank.ro\/lexikon\/termek\/dan-i-ioan-%c2%a7\/","title":{"rendered":"DAN I. Ioan, \u00a7"},"content":{"rendered":"<p>Lib\u00e1nfalva, 1941. \u00e1pr. 1., \u2020 Mv., 2001. j\u00fan. 19.: g\u00e9p\u00e9szm\u00e9rn\u00f6k, tan\u00e1r. &#8211; R\u00e9genben \u00e9retts\u00e9gizett, Buk.-ben a Politechnikai Int.-ben szerzett m\u00e9rn\u00f6ki okl. -t (1966). M\u00e9rn\u00f6kk\u00e9nt Sz\u00e1szr\u00e9genben az IRUM-n\u00e1l kezdte p\u00e1lyafut\u00e1s\u00e1t, azut\u00e1n az IPM Sport Reghin-n\u00e9l dolgozott, majd Mv.-en a G\u00e9pipari L\u00edc. tan\u00e1ra (1967\u2013), tanfel\u00fcgyel\u0151 a MM Tan\u00fcgyi Oszt\u00e1lyon (1968\u201373). F\u0151m\u00e9rn\u00f6kk\u00e9nt az Aug. 23 v\u00e1llalathoz (ma Mobex RT) ker\u00fclt, de a \u201eIon Vlasiu\u201d Fafeldolgoz\u00f3 iskolak\u00f6zpont tan\u00e1ra is maradt (1973\u201390). Tan\u00e1ri \u00e1ll\u00e1s\u00e1t \u00e9lete v\u00e9g\u00e9ig megtartotta, el\u0151bb aligazgat\u00f3, majd iskolaigazgat\u00f3 (1998\u20132001). Jelent\u0151sen fejlesztette az iskola anyagi b\u00e1zis\u00e1t. Az iskola keret\u00e9ben l\u00e9tes\u00edtett egy ortodox k\u00e1poln\u00e1t. A Megyei Tanfel\u00fcgyel\u0151s\u00e9g kit\u00fcntette (2000). <br \/><strong>Irod.:<\/strong> Dasc\u0103li mure\u015feni 3.<\/br><\/p>\n","protected":false},"excerpt":{"rendered":"<p>Lib\u00e1nfalva, 1941. \u00e1pr. 1., \u2020 Mv., 2001. j\u00fan. 19.: g\u00e9p\u00e9szm\u00e9rn\u00f6k, tan\u00e1r. &#8211; R\u00e9genben \u00e9retts\u00e9gizett, Buk.-ben a Politechnikai Int.-ben szerzett m\u00e9rn\u00f6ki okl. -t (1966). M\u00e9rn\u00f6kk\u00e9nt Sz\u00e1szr\u00e9genben az IRUM-n\u00e1l kezdte p\u00e1lyafut\u00e1s\u00e1t, azut\u00e1n az IPM Sport Reghin-n\u00e9l dolgozott, majd Mv.-en a G\u00e9pipari L\u00edc. tan\u00e1ra (1967\u2013), tanfel\u00fcgyel\u0151 a MM Tan\u00fcgyi Oszt\u00e1lyon (1968\u201373). F\u0151m\u00e9rn\u00f6kk\u00e9nt az Aug. 23 v\u00e1llalathoz (ma Mobex [&hellip;]<\/p>\n","protected":false},"featured_media":0,"comment_status":"open","ping_status":"closed","template":"","meta":[],"product_brand":[],"product_cat":[137],"product_tag":[],"class_list":{"0":"post-6483","1":"product","2":"type-product","3":"status-publish","5":"product_cat-maros-megyei-eletrajzi-lexikon","7":"first","8":"instock","9":"shipping-taxable","10":"product-type-simple"},"_links":{"self":[{"href":"https:\/\/uj.adatbank.ro\/lexikon\/wp-json\/wp\/v2\/product\/6483","targetHints":{"allow":["GET"]}}],"collection":[{"href":"https:\/\/uj.adatbank.ro\/lexikon\/wp-json\/wp\/v2\/product"}],"about":[{"href":"https:\/\/uj.adatbank.ro\/lexikon\/wp-json\/wp\/v2\/types\/product"}],"replies":[{"embeddable":true,"href":"https:\/\/uj.adatbank.ro\/lexikon\/wp-json\/wp\/v2\/comments?post=6483"}],"wp:attachment":[{"href":"https:\/\/uj.adatbank.ro\/lexikon\/wp-json\/wp\/v2\/media?parent=6483"}],"wp:term":[{"taxonomy":"product_brand","embeddable":true,"href":"https:\/\/uj.adatbank.ro\/lexikon\/wp-json\/wp\/v2\/product_brand?post=6483"},{"taxonomy":"product_cat","embeddable":true,"href":"https:\/\/uj.adatbank.ro\/lexikon\/wp-json\/wp\/v2\/product_cat?post=6483"},{"taxonomy":"product_tag","embeddable":true,"href":"https:\/\/uj.adatbank.ro\/lexikon\/wp-json\/wp\/v2\/product_tag?post=6483"}],"curies":[{"name":"wp","href":"https:\/\/api.w.org\/{rel}","templated":true}]}}