{"id":6491,"date":"2025-06-28T17:54:36","date_gmt":"2025-06-28T15:54:36","guid":{"rendered":"https:\/\/uj.adatbank.ro\/lexikon\/termek\/dane-istvan\/"},"modified":"2025-06-28T17:54:36","modified_gmt":"2025-06-28T15:54:36","slug":"dane-istvan","status":"publish","type":"product","link":"https:\/\/uj.adatbank.ro\/lexikon\/termek\/dane-istvan\/","title":{"rendered":"D\u00c1N\u00c9 Istv\u00e1n"},"content":{"rendered":"<p>Bikafalva\u00a0v. Nagykend, 1817., \u2020 Sz\u00e1szv\u00e1ros, 1875. j\u00fal. 4.: ref. lelk\u00e9sz, gim. igazgat\u00f3. \u2013 Tanult Sz\u00e9kelyudvarhelyen, Nagyenyeden (1836\u2013), hol koll\u00e9giumi hivatalokat viselt (1841\u201343). K\u00fclf\u00f6ld\u00f6n, Berlinben j\u00e1rt, hazat\u00e9rt (1845). M\u00e9g abban az \u00e9vben lelk\u00e9sz lett Illyefalv\u00e1n. A szabads\u00e1gharcban val\u00f3 r\u00e9szv\u00e9tele miatt fogs\u00e1gban volt, kiszabadul\u00e1sa ut\u00e1n \u00e1ll\u00e1s n\u00e9lk\u00fcl maradt. Vajdahunyadra majd D\u00e9v\u00e1ra v\u00e1lasztott\u00e1k lelk\u00e9sznek (1854), azut\u00e1n Sz\u00e1szv\u00e1rosra ment ref. papnak (1859\u2013), az ottani gim. tan\u00e1ra, majd igazgat\u00f3ja is. Vajdahunyad-Zar\u00e1ndmegye esperes\u00e9v\u00e9 tett\u00e9k (1869), \u2013 <strong>F. m.:<\/strong> Az emberi kis\u00e9rt\u00e9sek: Zsinati pr\u00e9dik\u00e1ci\u00f3k (Gyula, 1858); Mik\u00e9nt lesz az igaznak eml\u00e9kezete \u00e1ldott: Gr Gyulai Istv\u00e1n hal\u00e1l\u00e1nak sz\u00e1zados eml\u00e9k\u00fcnnep\u00e9n 1858 (Arad, 1859); A vajdahunyadi egyh\u00e1zmegye \u00e9s egyh\u00e1zainak t\u00f6rt\u00e9nete = Erd\u00e9lyi egyh\u00e1zker\u00fcleti n\u00e9vk\u00f6nyve (1863). <br \/><strong>Irod.:<\/strong> Szinnyei; Zov\u00e1nyi<\/br><\/p>\n","protected":false},"excerpt":{"rendered":"<p>Bikafalva\u00a0v. Nagykend, 1817., \u2020 Sz\u00e1szv\u00e1ros, 1875. j\u00fal. 4.: ref. lelk\u00e9sz, gim. igazgat\u00f3. \u2013 Tanult Sz\u00e9kelyudvarhelyen, Nagyenyeden (1836\u2013), hol koll\u00e9giumi hivatalokat viselt (1841\u201343). K\u00fclf\u00f6ld\u00f6n, Berlinben j\u00e1rt, hazat\u00e9rt (1845). M\u00e9g abban az \u00e9vben lelk\u00e9sz lett Illyefalv\u00e1n. A szabads\u00e1gharcban val\u00f3 r\u00e9szv\u00e9tele miatt fogs\u00e1gban volt, kiszabadul\u00e1sa ut\u00e1n \u00e1ll\u00e1s n\u00e9lk\u00fcl maradt. Vajdahunyadra majd D\u00e9v\u00e1ra v\u00e1lasztott\u00e1k lelk\u00e9sznek (1854), azut\u00e1n Sz\u00e1szv\u00e1rosra ment [&hellip;]<\/p>\n","protected":false},"featured_media":0,"comment_status":"open","ping_status":"closed","template":"","meta":[],"product_brand":[],"product_cat":[137],"product_tag":[],"class_list":{"0":"post-6491","1":"product","2":"type-product","3":"status-publish","5":"product_cat-maros-megyei-eletrajzi-lexikon","7":"first","8":"instock","9":"shipping-taxable","10":"product-type-simple"},"_links":{"self":[{"href":"https:\/\/uj.adatbank.ro\/lexikon\/wp-json\/wp\/v2\/product\/6491","targetHints":{"allow":["GET"]}}],"collection":[{"href":"https:\/\/uj.adatbank.ro\/lexikon\/wp-json\/wp\/v2\/product"}],"about":[{"href":"https:\/\/uj.adatbank.ro\/lexikon\/wp-json\/wp\/v2\/types\/product"}],"replies":[{"embeddable":true,"href":"https:\/\/uj.adatbank.ro\/lexikon\/wp-json\/wp\/v2\/comments?post=6491"}],"wp:attachment":[{"href":"https:\/\/uj.adatbank.ro\/lexikon\/wp-json\/wp\/v2\/media?parent=6491"}],"wp:term":[{"taxonomy":"product_brand","embeddable":true,"href":"https:\/\/uj.adatbank.ro\/lexikon\/wp-json\/wp\/v2\/product_brand?post=6491"},{"taxonomy":"product_cat","embeddable":true,"href":"https:\/\/uj.adatbank.ro\/lexikon\/wp-json\/wp\/v2\/product_cat?post=6491"},{"taxonomy":"product_tag","embeddable":true,"href":"https:\/\/uj.adatbank.ro\/lexikon\/wp-json\/wp\/v2\/product_tag?post=6491"}],"curies":[{"name":"wp","href":"https:\/\/api.w.org\/{rel}","templated":true}]}}