{"id":6495,"date":"2025-06-28T17:54:43","date_gmt":"2025-06-28T15:54:43","guid":{"rendered":"https:\/\/uj.adatbank.ro\/lexikon\/termek\/dani-janos\/"},"modified":"2025-06-28T17:54:43","modified_gmt":"2025-06-28T15:54:43","slug":"dani-janos","status":"publish","type":"product","link":"https:\/\/uj.adatbank.ro\/lexikon\/termek\/dani-janos\/","title":{"rendered":"DANI J\u00e1nos"},"content":{"rendered":"<p>Dedr\u00e1dsz\u00e9plak, 1923. szept. 18., \u2020\u00a0? : lev\u00e9lt\u00e1ros, t\u00f6rt\u00e9n\u00e9sz. \u2013 Gyulafeh\u00e9rv\u00e1ron a R. K. Gimn.-ban \u00e9retts\u00e9gizett; az egyetemet Kv.-on a BTE t\u0151rt\u00e9nelem-f\u00f6ldrajz szak\u00e1n v\u00e9gezte (1949), \u00e9s tan\u00e1ri diplom\u00e1t szerzett. Kelemen Lajos \u00f6r\u00f6k\u00e9ben az Akad. Kv.-i T\u00f6rt\u00e9neti Lev\u00e9lt\u00e1ra (volt Erd\u00e9lyi M\u00fazeum Lev\u00e9lt\u00e1ra) dolgoz\u00f3ja volt. Kutat\u00e1saiban k\u00fcl\u00f6n\u00f6sen a 17\u201319. sz.-i Erd\u00e9ly m\u0171vel\u0151d\u00e9st\u00f6rt\u00e9nete foglalkoztatta, tanulm\u00e1nyokat k\u00f6z\u00f6lt a Kelemen eml\u00e9kk\u00f6nyv (1957), NyIrK-ben: Szathm\u00e1ri Pap K\u00e1roly ifj\u00fa kora, Mihai Halici hagyat\u00e9ki lelt\u00e1ra, Gheorghe Laz\u0103r \u00e9lete, Gyarmathi S\u00e1muel levelei, Tolnai Lajos \u00e9s Koncz J\u00f3zsef levelez\u00e9se, Kem\u00e9ny J\u00e1nos \u00e9s Barcsay \u00c1brah\u00e1m fejedelmek, Benk\u0151 J\u00f3zsef, Ioan Molnar-Piuariu, Kalm\u00e1r Gy\u00f6rgy \u00e9letrajza; Rom\u00e1n \u00e9s m. foly\u00f3iratokban megjelent \u00edr\u00e1sai: az erd\u00e9lyi jobb\u00e1gys\u00e1g mindennepjai, a cukorgy\u00e1rt\u00e1s \u00e9s pap\u00edrmalmok t\u0151rt\u00e9nete, az \u00fcvegipar m\u00faltja t\u00e9mak\u00f6rben. \u2013 <strong>F. m.:<\/strong> <strong>szerk.:<\/strong> Documente privind istoria Rom\u00e2niei Erd\u00e9lyi sorozata (Buk., ?? ); Documenta Romaniae Historica Erd\u00e9ly X. k\u00f6t. (Buk., 1977). <br \/><strong>Irod.:<\/strong> RMIL P\u00e1l Antal S biztosan tudja, h. \u00e9l \u2013e m\u00e9g<\/br><\/p>\n","protected":false},"excerpt":{"rendered":"<p>Dedr\u00e1dsz\u00e9plak, 1923. szept. 18., \u2020\u00a0? : lev\u00e9lt\u00e1ros, t\u00f6rt\u00e9n\u00e9sz. \u2013 Gyulafeh\u00e9rv\u00e1ron a R. K. Gimn.-ban \u00e9retts\u00e9gizett; az egyetemet Kv.-on a BTE t\u0151rt\u00e9nelem-f\u00f6ldrajz szak\u00e1n v\u00e9gezte (1949), \u00e9s tan\u00e1ri diplom\u00e1t szerzett. Kelemen Lajos \u00f6r\u00f6k\u00e9ben az Akad. Kv.-i T\u00f6rt\u00e9neti Lev\u00e9lt\u00e1ra (volt Erd\u00e9lyi M\u00fazeum Lev\u00e9lt\u00e1ra) dolgoz\u00f3ja volt. Kutat\u00e1saiban k\u00fcl\u00f6n\u00f6sen a 17\u201319. sz.-i Erd\u00e9ly m\u0171vel\u0151d\u00e9st\u00f6rt\u00e9nete foglalkoztatta, tanulm\u00e1nyokat k\u00f6z\u00f6lt a Kelemen eml\u00e9kk\u00f6nyv [&hellip;]<\/p>\n","protected":false},"featured_media":0,"comment_status":"open","ping_status":"closed","template":"","meta":[],"product_brand":[],"product_cat":[137],"product_tag":[],"class_list":{"0":"post-6495","1":"product","2":"type-product","3":"status-publish","5":"product_cat-maros-megyei-eletrajzi-lexikon","7":"first","8":"instock","9":"shipping-taxable","10":"product-type-simple"},"_links":{"self":[{"href":"https:\/\/uj.adatbank.ro\/lexikon\/wp-json\/wp\/v2\/product\/6495","targetHints":{"allow":["GET"]}}],"collection":[{"href":"https:\/\/uj.adatbank.ro\/lexikon\/wp-json\/wp\/v2\/product"}],"about":[{"href":"https:\/\/uj.adatbank.ro\/lexikon\/wp-json\/wp\/v2\/types\/product"}],"replies":[{"embeddable":true,"href":"https:\/\/uj.adatbank.ro\/lexikon\/wp-json\/wp\/v2\/comments?post=6495"}],"wp:attachment":[{"href":"https:\/\/uj.adatbank.ro\/lexikon\/wp-json\/wp\/v2\/media?parent=6495"}],"wp:term":[{"taxonomy":"product_brand","embeddable":true,"href":"https:\/\/uj.adatbank.ro\/lexikon\/wp-json\/wp\/v2\/product_brand?post=6495"},{"taxonomy":"product_cat","embeddable":true,"href":"https:\/\/uj.adatbank.ro\/lexikon\/wp-json\/wp\/v2\/product_cat?post=6495"},{"taxonomy":"product_tag","embeddable":true,"href":"https:\/\/uj.adatbank.ro\/lexikon\/wp-json\/wp\/v2\/product_tag?post=6495"}],"curies":[{"name":"wp","href":"https:\/\/api.w.org\/{rel}","templated":true}]}}