{"id":6567,"date":"2025-06-28T17:57:07","date_gmt":"2025-06-28T15:57:07","guid":{"rendered":"https:\/\/uj.adatbank.ro\/lexikon\/termek\/darvas-odon\/"},"modified":"2025-06-28T17:57:07","modified_gmt":"2025-06-28T15:57:07","slug":"darvas-odon","status":"publish","type":"product","link":"https:\/\/uj.adatbank.ro\/lexikon\/termek\/darvas-odon\/","title":{"rendered":"DARVAS \u00d6d\u00f6n"},"content":{"rendered":"<p>Bajesd, 1901., \u2020 ? : k\u00f6zgazd\u00e1sz. \u2013 Apja fakeresked\u0151 volt. \u00c9retts\u00e9gizett Kv.-o, majd B\u00e9csben, Frankfurtban k\u00f6zgazdas\u00e1got tanult, \u00e9s doktor\u00e1l (1924). K\u00e9t \u00e9vig Galacon dolgozott a Foresta-n\u00e1l, majd bet\u00e1rsult a Darvas M\u00f3r \u00e9s Elekes J\u00f3zsef v\u00e1llalkoz\u00e1s\u00e1ba Mv.-en, a mv.-i Darvas M\u00f3r \u00e9s T\u00e1rsa Fatermel\u0151 \u00e9s Fakeresked\u0151 c\u00e9g beltagja. Sz\u00e1mos k\u00f6zgazdas\u00e1gi \u00e9s t\u00e1rsadalmi egyes\u00fcletben m\u0171k\u00f6d\u00f6tt, sportkedvel\u0151, az atl\u00e9tika t\u00f6bb \u00e1g\u00e1t m\u0171velte. Az Orsz\u00e1gos Zsid\u00f3p\u00e1rt \u00e1ltal l\u00e9trehozott Maccabi sportegyes\u00fclet eln\u00f6ke volt (1936\u201341). <br \/><strong>Irod.:<\/strong> Ki kicsoda\u00a0?; Kl\u00f3sz-Tolok\u00e1n<\/br><\/p>\n","protected":false},"excerpt":{"rendered":"<p>Bajesd, 1901., \u2020 ? : k\u00f6zgazd\u00e1sz. \u2013 Apja fakeresked\u0151 volt. \u00c9retts\u00e9gizett Kv.-o, majd B\u00e9csben, Frankfurtban k\u00f6zgazdas\u00e1got tanult, \u00e9s doktor\u00e1l (1924). K\u00e9t \u00e9vig Galacon dolgozott a Foresta-n\u00e1l, majd bet\u00e1rsult a Darvas M\u00f3r \u00e9s Elekes J\u00f3zsef v\u00e1llalkoz\u00e1s\u00e1ba Mv.-en, a mv.-i Darvas M\u00f3r \u00e9s T\u00e1rsa Fatermel\u0151 \u00e9s Fakeresked\u0151 c\u00e9g beltagja. Sz\u00e1mos k\u00f6zgazdas\u00e1gi \u00e9s t\u00e1rsadalmi egyes\u00fcletben m\u0171k\u00f6d\u00f6tt, sportkedvel\u0151, az [&hellip;]<\/p>\n","protected":false},"featured_media":0,"comment_status":"open","ping_status":"closed","template":"","meta":[],"product_brand":[],"product_cat":[137],"product_tag":[],"class_list":{"0":"post-6567","1":"product","2":"type-product","3":"status-publish","5":"product_cat-maros-megyei-eletrajzi-lexikon","7":"first","8":"instock","9":"shipping-taxable","10":"product-type-simple"},"_links":{"self":[{"href":"https:\/\/uj.adatbank.ro\/lexikon\/wp-json\/wp\/v2\/product\/6567","targetHints":{"allow":["GET"]}}],"collection":[{"href":"https:\/\/uj.adatbank.ro\/lexikon\/wp-json\/wp\/v2\/product"}],"about":[{"href":"https:\/\/uj.adatbank.ro\/lexikon\/wp-json\/wp\/v2\/types\/product"}],"replies":[{"embeddable":true,"href":"https:\/\/uj.adatbank.ro\/lexikon\/wp-json\/wp\/v2\/comments?post=6567"}],"wp:attachment":[{"href":"https:\/\/uj.adatbank.ro\/lexikon\/wp-json\/wp\/v2\/media?parent=6567"}],"wp:term":[{"taxonomy":"product_brand","embeddable":true,"href":"https:\/\/uj.adatbank.ro\/lexikon\/wp-json\/wp\/v2\/product_brand?post=6567"},{"taxonomy":"product_cat","embeddable":true,"href":"https:\/\/uj.adatbank.ro\/lexikon\/wp-json\/wp\/v2\/product_cat?post=6567"},{"taxonomy":"product_tag","embeddable":true,"href":"https:\/\/uj.adatbank.ro\/lexikon\/wp-json\/wp\/v2\/product_tag?post=6567"}],"curies":[{"name":"wp","href":"https:\/\/api.w.org\/{rel}","templated":true}]}}