{"id":6590,"date":"2025-06-28T17:57:51","date_gmt":"2025-06-28T15:57:51","guid":{"rendered":"https:\/\/uj.adatbank.ro\/lexikon\/termek\/david-janos-dezso\/"},"modified":"2025-06-28T17:57:51","modified_gmt":"2025-06-28T15:57:51","slug":"david-janos-dezso","status":"publish","type":"product","link":"https:\/\/uj.adatbank.ro\/lexikon\/termek\/david-janos-dezso\/","title":{"rendered":"D\u00c1VID J\u00e1nos-Dezs\u0151"},"content":{"rendered":"<p>K\u00e9zdiv\u00e1s\u00e1rhely, 1894. m\u00e1j. 15., \u2020\u00a0Vulk\u00e1n, 1959. nov. 4. Mv.-en temett\u00e9k: gy\u00f3gyszer\u00e9sz. \u2013 D\u00e1vid J\u00e1nos-Vince (1857\u20131922) \u00e9s Vert\u00e1n Gabriella-Albina fia (1866\u20131957). \u2013 Feles\u00e9ge G\u00f6ldner Erzs\u00e9bet. L\u00e1nyaik: Edith (1924\u20131987) \u00e9s \u00c9va (1926\u2013). \u2013 Gy\u00f3gyszer\u00e9sz diplom\u00e1t a kv.-i FJTE-n kapott (1915. j\u00fan. 8.), az egyetemi gy\u00f3gyszert\u00e1rban dolgozott (1915\u201318). R\u00e9szt vett a h\u00e1bor\u00faban, hazat\u00e9r\u00e9se ut\u00e1n Mv.-en a Szentl\u00e9lek gy\u00f3gyszert\u00e1rat (Sz\u00e9chenyi t\u00e9r 38) kezelte (1920\u201322), b\u00e9relte (1922\u201324), majd tulajdonosa lett (1924\u201344), megb\u00edzott vezet\u0151je (1947\u201349) az \u00e1llamos\u00edt\u00e1sig. B\u00e9rl\u0151je volt Berekm\u00e9ri J\u00f3zsef (1930\u201343), alkalmazottja Gr\u00f3sz Ferdin\u00e1nd (1935\u201342), Suciu D. Ad\u00e9l (1934\u201335), aki megb\u00edzott vezet\u0151 (1944. okt. \u201347). A gy\u00f3gyszert\u00e1r alkalmazottjai: Gr\u00fcndbaum Szid\u00f3nia (1940\u201345), B\u00e1nyai L\u00e1szl\u00f3 (1942. dec. \u2013 1943), Bagothai Andor (1947\u201348) \u00e9s Horv\u00e1th Tibor (1948\u201349). M\u0171k\u00f6dtetett egy ill\u00f3olajakat el\u0151\u00e1ll\u00edt\u00f3 \u00e9s forgalmaz\u00f3 laborat\u00f3riumot is (1936\u201348). \u00c9l\u00e9nk k\u00f6z\u00e9leti tev\u00e9kenys\u00e9ge volt: tagja a M. P\u00e1rt int\u00e9z\u0151bizotts\u00e1g\u00e1nak, a M. Kaszin\u00f3nak, r. k. egyh\u00e1ztan\u00e1csos; eln\u00f6ke a Torna Kertnek, az MSE v\u00edv\u00f3szakoszt\u00e1ly\u00e1nak (1928). K\u0151v\u00e1ry J\u00f3zsef (1903\u20131943) gy\u00f3gyszer\u00e1sszel kezdem\u00e9nyezte a gy\u00f3gyszer\u00e9szek beszerz\u0151 sz\u00f6vetkezet\u00e9nek l\u00e9trehoz\u00e1s\u00e1t Mv.-en, ami meg is val\u00f3sult (1940). \u00c1llamos\u00edtott\u00e1k gy\u00f3gyszert\u00e1r\u00e1t, laborat\u00f3rium\u00e1t \u00e9s a \u201eGy\u00f3gyszer\u00e1rugy\u00e1r\u00e1t\u201d, ami 50% -ban m. \u00e9rdekelts\u00e9g\u0171 volt (1949. \u00e1pr. 2.). Feles\u00e9g\u00e9vel Vulk\u00e1nba k\u00f6lt\u00f6ztek, \u00e1llami gy\u00f3gyszert\u00e1rban alkalmazt\u00e1k \u0151ket. <br \/><strong>Irod.:<\/strong> Id\u0151t\u00e1r 3; P\u00e9ter H. M.; P\u00e9ter H. M. 2013; Sz\u00e1va 2012<\/br><\/p>\n","protected":false},"excerpt":{"rendered":"<p>K\u00e9zdiv\u00e1s\u00e1rhely, 1894. m\u00e1j. 15., \u2020\u00a0Vulk\u00e1n, 1959. nov. 4. Mv.-en temett\u00e9k: gy\u00f3gyszer\u00e9sz. \u2013 D\u00e1vid J\u00e1nos-Vince (1857\u20131922) \u00e9s Vert\u00e1n Gabriella-Albina fia (1866\u20131957). \u2013 Feles\u00e9ge G\u00f6ldner Erzs\u00e9bet. L\u00e1nyaik: Edith (1924\u20131987) \u00e9s \u00c9va (1926\u2013). \u2013 Gy\u00f3gyszer\u00e9sz diplom\u00e1t a kv.-i FJTE-n kapott (1915. j\u00fan. 8.), az egyetemi gy\u00f3gyszert\u00e1rban dolgozott (1915\u201318). R\u00e9szt vett a h\u00e1bor\u00faban, hazat\u00e9r\u00e9se ut\u00e1n Mv.-en a Szentl\u00e9lek gy\u00f3gyszert\u00e1rat [&hellip;]<\/p>\n","protected":false},"featured_media":0,"comment_status":"open","ping_status":"closed","template":"","meta":[],"product_brand":[],"product_cat":[137],"product_tag":[],"class_list":{"0":"post-6590","1":"product","2":"type-product","3":"status-publish","5":"product_cat-maros-megyei-eletrajzi-lexikon","7":"first","8":"instock","9":"shipping-taxable","10":"product-type-simple"},"_links":{"self":[{"href":"https:\/\/uj.adatbank.ro\/lexikon\/wp-json\/wp\/v2\/product\/6590","targetHints":{"allow":["GET"]}}],"collection":[{"href":"https:\/\/uj.adatbank.ro\/lexikon\/wp-json\/wp\/v2\/product"}],"about":[{"href":"https:\/\/uj.adatbank.ro\/lexikon\/wp-json\/wp\/v2\/types\/product"}],"replies":[{"embeddable":true,"href":"https:\/\/uj.adatbank.ro\/lexikon\/wp-json\/wp\/v2\/comments?post=6590"}],"wp:attachment":[{"href":"https:\/\/uj.adatbank.ro\/lexikon\/wp-json\/wp\/v2\/media?parent=6590"}],"wp:term":[{"taxonomy":"product_brand","embeddable":true,"href":"https:\/\/uj.adatbank.ro\/lexikon\/wp-json\/wp\/v2\/product_brand?post=6590"},{"taxonomy":"product_cat","embeddable":true,"href":"https:\/\/uj.adatbank.ro\/lexikon\/wp-json\/wp\/v2\/product_cat?post=6590"},{"taxonomy":"product_tag","embeddable":true,"href":"https:\/\/uj.adatbank.ro\/lexikon\/wp-json\/wp\/v2\/product_tag?post=6590"}],"curies":[{"name":"wp","href":"https:\/\/api.w.org\/{rel}","templated":true}]}}