{"id":6628,"date":"2025-06-28T17:59:07","date_gmt":"2025-06-28T15:59:07","guid":{"rendered":"https:\/\/uj.adatbank.ro\/lexikon\/termek\/deak-lajos-%c2%a7-kopeci\/"},"modified":"2025-06-28T17:59:07","modified_gmt":"2025-06-28T15:59:07","slug":"deak-lajos-%c2%a7-kopeci","status":"publish","type":"product","link":"https:\/\/uj.adatbank.ro\/lexikon\/termek\/deak-lajos-%c2%a7-kopeci\/","title":{"rendered":"DE\u00c1K Lajos, \u00a7 k\u00f6peci"},"content":{"rendered":"<p>Mv., 1850. m\u00e1j. 1., \u2020 Mv., 1918. m\u00e1j. 17.: jog\u00e1sz, kir. tanfel\u00fcgyel\u0151, miniszt\u00e9riumi tan\u00e1csos. \u2013 K\u00f6peci D. Ferenc \u00fcgyv\u00e9d \u00e9s Miske Anna fia. Testv\u00e9rei: Farkas, Ida Cs\u00edky Zsigmondn\u00e9. Feles\u00e9ge: p\u00e1vai Vajna Kl\u00e1ra, d\u00e9vai tan\u00e1r le\u00e1nya (\u2020 1935.) nem volt gyermek\u00fck. \u2013 Tanult a mv.-i Ref. Koll.-ban (1858\u201369); \u00e1rvas\u00e1gra jutott (1868), a gr. Bethlen, Teleki, Vay csal\u00e1dokn\u00e1l nevel\u0151sk\u00f6d\u00f6tt. Elv\u00e9gezte Bp.-en a jogi tanfolyamot (1873\u201374), ahol bejegyzett \u00fcgyv\u00e9djel\u00f6lt volt; Marossz\u00e9k megv\u00e1lasztotta m\u00e1sodik aljegyz\u0151j\u00e9v\u00e9 (1874. szept. 7. \u2013). A mv.-i orsz\u00e1gos k\u00f3rh\u00e1zi bizotts\u00e1g tagja (1881). Maros-Torda vm. \u00e9s Mv. sz. kir. v\u00e1ros kir. tanfel\u00fcgyel\u0151je (1883\u20131917), kir. tan\u00e1csos (1895). Sz\u00e1mos pedag\u00f3giai, k\u00f6zm\u0171vel\u0151d\u00e9si, egyh\u00e1zi \u00e9s j\u00f3t\u00e9konys\u00e1gi egyes\u00fclet vezet\u0151je \u00e9s tagja. A mv.-i Ref. Koll. gondnoka (1905\u201317). P\u00e1rtfogolta a falusi gyermekeket hogy tov\u00e1bb tanuljanak. A magyarf\u00fclp\u00f6si ref. templom mennyezetfestm\u00e9nyeire h\u00edvta fel a MT megyei tanfel\u00fcgyel\u0151s\u00e9g \u00e9s Kelemen Lajos figyelm\u00e9t, aki tanulm\u00e1nyt k\u00f6z\u00f6lt r\u00f3la (1898), az EME R\u00e9gis\u00e9gt\u00e1ra feldolgozta (1944). Gy\u0171jt\u00f6tt n\u00e9pdalokat, n\u00e9pi mond\u00f3k\u00e1kat. T\u00e1mogatta felekezeti iskol\u00e1k l\u00e9tes\u00edt\u00e9s\u00e9t, igy megy\u00e9nkben t\u00f6bb felekezeti iskola l\u00e9tes\u00fclt. Tanszereket, olvas\u00f3k\u00f6nyvet utalt ki a ny\u00e1r\u00e1dszentbenedeki iskol\u00e1nak (1885). A MT megyei \u00e1ltal\u00e1nos Tan\u00edt\u00f3test\u00fclet tagja, az egyes\u00fclet munk\u00e1j\u00e1ban tev\u00e9keny r\u00e9szt v\u00e1llalt: p\u00e1lyad\u00edjakat t\u0171z\u00f6tt ki, gyarap\u00edtotta a k\u00f6nyvt\u00e1rat, a B\u00e1nffy csal\u00e1dt\u00f3l jelent\u00e9keny alap\u00edtv\u00e1nyokal eszk\u00f6z\u00f6lt ki, jutalmaz\u00e1si alapot l\u00e9tes\u00edtett szeg\u00e9ny sors\u00fa okos gyerekek sz\u00e1m\u00e1ra, legnagyobb eredm\u00e9nye a felekezeti tan\u00edt\u00f3k fizet\u00e9s\u00e9nek rendez\u00e9se. Az EME tagja. A Sz\u00e9kely T\u00e1rsas\u00e1gok sz\u00f6vets\u00e9g\u00e9nek eln\u00f6ke (1908. febr. \u2013). A Marostorda V\u00e1rmegyei Gazdas\u00e1gi Egylet alap\u00edt\u00f3 tagja, titk\u00e1ra \u00e9s p\u00e9nzt\u00e1rosa, aleln\u00f6ke. A Marosmegyei Gazdas\u00e1gi Egylet titk\u00e1ra. Az EMKE alap\u00edt\u00f3 (1885\u2013) \u00e9s v\u00e1lasztott v\u00e1lasztm\u00e1nyi tagja (1900\u2013), fi\u00f3kv\u00e1lasztm\u00e1nyi eln\u00f6k volt. A MTE alap\u00edt\u00f3tagja (1884). A Mv.-i Kaszin\u00f3 v\u00e1lasztm\u00e1nyi tagja, az MKTT tagja (1891). A KZST tagja, ahol felolvas\u00e1sokat tartott. Az Iparosok k\u00e9pz\u00e9s\u00e9re rendezett est\u00e9lyeken rendszeresen tartott el\u0151ad\u00e1sokat. A Sz\u00e9kely Kereskedelmi \u00e9s Iparkamara levelez\u0151 tagja, az ipari szakiskola fel\u00fcgyel\u0151bizotts\u00e1g\u00e1nak, valamint a megyei iparjfejleszt\u0151 bizotts\u00e1gnak tagja. A mv.-i ev. ref. f\u0151tanoda el\u0151lj\u00e1r\u00f3s\u00e1gi tagja \u00e9s gondnoka. Az erd\u00e9lyi ref. egyh\u00e1zker\u00fclet igazgat\u00f3 tan\u00e1csosa, a marosi egyh\u00e1zmegye ker\u00fcleti k\u00e9pvisel\u0151je, a Sz\u00e9kely T\u00e1rsas\u00e1gok Orsz\u00e1gos Sz\u00f6vets\u00e9g\u00e9nek eln\u00f6ke, mv.-i ref. egyh\u00e1zk\u00f6zs\u00e9g presbitere. Maros-Torda vm. t\u00f6rv\u00e9nyhat\u00f3s\u00e1gi bizotts\u00e1g\u00e1nak tagja volt. A III. oszt. Vaskoronarend tulajdonosa. <strong>Cikkei:<\/strong> Erd\u00e9ly, Sz\u00e9kely Hirlap, Marosvid\u00e9k, Pesti Napl\u00f3, Sz\u00e9kely Napt\u00e1r, Sz\u00e1zadok, Csal\u00e1d \u00e9s Iskola-ban. T\u00f6bb felolvas\u00e1st tartott iparos k\u00f6r\u00f6kben \u00e9s a megyei tan\u00edt\u00f3 egyes\u00fcletekben, melyek mind megjelentek. Mv.-en utca viselte a nev\u00e9t (1918\u201320). \u2013 <strong>F. m.:<\/strong> Gr\u00f3f Sz\u00e9chenyi Istv\u00e1n eml\u00e9kezete (Mv., 1891); A Sz\u00e9kely T\u00e1rsas\u00e1gok Sz\u00f6vets\u00e9g\u00e9nek alapszab\u00e1lyai (Mv., 1904); <strong>antol\u00f3g.:<\/strong> Visszatekint\u00e9s a dalk\u00f6r m\u00faltj\u00e1ra = Eml\u00e9kk\u00f6nyv (szerk. Farkas D\u00e1niel; Mv., 1883). <br \/><strong>Irod.:<\/strong> \u00c1goston Albert: Alkot\u00e1sainkra, \u00e9rt\u00e9keinkre eml\u00e9kezve (N\u00fa., 1993. dec. 14.); Cseke P\u00e9ter: J\u00f6jj\u00f6n el a mi id\u0151nk (Cs\u00edkszereda, 2005); Cseke P\u00e9ter: Beke Gy\u00f6rgy \u00e9s a kentaur (Sz\u00e9kelyf\u00f6ld, 2. sz., 2009. febr.); Cseke P\u00e9ter: T\u00e1rsb\u00e9rletben a t\u00f6rt\u00e9nelemmel: A h\u00fasz \u00e9ve elhunyt Beke Gy\u00f6rgy. f\u0151m\u0171v\u00e9nek el\u0151t\u00f6rt\u00e9net\u00e9r\u0151l \u00e9s ut\u00f3\u00e9let\u00e9r\u0151l (Helikon, 22. sz., 2009. nov. 25.; 23. sz., 2009. dec. 10.); D\u00f3sa S\u00e1ndor; Eml\u00e9kk\u00f6nyv; Eml\u00e9kk\u00f6nyv a K. M. T. T. f\u00e9lsz\u00e1zados jubileum\u00e1n (Bp., 1892); Eml\u00e9klapok De\u00e1k Lajos kir. tan\u00e1csos tanfel\u00fcgyel\u0151 huszon\u00f6t\u00e9ves jubileuma alkalm\u00e1b\u00f3l (Mv., 1908); F\u00fcl\u00f6p\u2013Ferencz; Guly\u00e1s; Gy\u00e1szjelent\u0151; Kelemen Lajos 2009; K. L. M\u0171v. t\u00f6rt. tan. 1; Kn\u00f6pfler Vilmos: A mv.-i orsz\u00e1gos k\u00f3rh\u00e1z alap\u00edt\u00e1s\u00e1nak \u00e9s fejl\u0151d\u00e9s\u00e9nek r\u00f6vid v\u00e1zlata (Mv, 1882); Magyarf\u00fclp\u00f6s; Marosi-KZST; M\u00e1th\u00e9 J\u00f3zsef: D. L. kit\u00fcntet\u00e9se (Marosv\u00e1s\u00e1rhely, 1912. jan. 15.); A mv.-i Casino J\u00f3kai \u00fcnnep\u00e9lye (Mv., 1894); Ny\u00e1r\u00e1dszentbenedek; Pall\u00f3s Albert: Marostorda v\u00e1rmegye Mv. sz. k. v\u00e1ros n\u00e9poktat\u00e1si int\u00e9zm\u00e9nyeinek t\u00f6rt\u00e9nete (Mv., 1896); Rugonfalvi Kiss; Sebesty\u00e9n; Sikl\u00f3ssy; Sipos; Sz\u00e1sz B\u00e9la: Ny\u00e1r\u00e1dandr\u00e1sfalvi eml\u00e9kek D. L. -r\u00f3l \u201etini napl\u00f3\u201d-j\u00e1nak olvas\u00e1sa nyom\u00e1n (N\u00fa., Sz\u00ednes Vil\u00e1g, 2010. m\u00e1rc. 20.); Szinnyei; Vigh<\/br><\/p>\n","protected":false},"excerpt":{"rendered":"<p>Mv., 1850. m\u00e1j. 1., \u2020 Mv., 1918. m\u00e1j. 17.: jog\u00e1sz, kir. tanfel\u00fcgyel\u0151, miniszt\u00e9riumi tan\u00e1csos. \u2013 K\u00f6peci D. Ferenc \u00fcgyv\u00e9d \u00e9s Miske Anna fia. Testv\u00e9rei: Farkas, Ida Cs\u00edky Zsigmondn\u00e9. Feles\u00e9ge: p\u00e1vai Vajna Kl\u00e1ra, d\u00e9vai tan\u00e1r le\u00e1nya (\u2020 1935.) nem volt gyermek\u00fck. \u2013 Tanult a mv.-i Ref. Koll.-ban (1858\u201369); \u00e1rvas\u00e1gra jutott (1868), a gr. Bethlen, Teleki, Vay [&hellip;]<\/p>\n","protected":false},"featured_media":0,"comment_status":"open","ping_status":"closed","template":"","meta":[],"product_brand":[],"product_cat":[137],"product_tag":[],"class_list":{"0":"post-6628","1":"product","2":"type-product","3":"status-publish","5":"product_cat-maros-megyei-eletrajzi-lexikon","7":"first","8":"instock","9":"shipping-taxable","10":"product-type-simple"},"_links":{"self":[{"href":"https:\/\/uj.adatbank.ro\/lexikon\/wp-json\/wp\/v2\/product\/6628","targetHints":{"allow":["GET"]}}],"collection":[{"href":"https:\/\/uj.adatbank.ro\/lexikon\/wp-json\/wp\/v2\/product"}],"about":[{"href":"https:\/\/uj.adatbank.ro\/lexikon\/wp-json\/wp\/v2\/types\/product"}],"replies":[{"embeddable":true,"href":"https:\/\/uj.adatbank.ro\/lexikon\/wp-json\/wp\/v2\/comments?post=6628"}],"wp:attachment":[{"href":"https:\/\/uj.adatbank.ro\/lexikon\/wp-json\/wp\/v2\/media?parent=6628"}],"wp:term":[{"taxonomy":"product_brand","embeddable":true,"href":"https:\/\/uj.adatbank.ro\/lexikon\/wp-json\/wp\/v2\/product_brand?post=6628"},{"taxonomy":"product_cat","embeddable":true,"href":"https:\/\/uj.adatbank.ro\/lexikon\/wp-json\/wp\/v2\/product_cat?post=6628"},{"taxonomy":"product_tag","embeddable":true,"href":"https:\/\/uj.adatbank.ro\/lexikon\/wp-json\/wp\/v2\/product_tag?post=6628"}],"curies":[{"name":"wp","href":"https:\/\/api.w.org\/{rel}","templated":true}]}}