{"id":6644,"date":"2025-06-28T17:59:37","date_gmt":"2025-06-28T15:59:37","guid":{"rendered":"https:\/\/uj.adatbank.ro\/lexikon\/termek\/debreczeni-laszlo-%c2%a7\/"},"modified":"2025-06-28T17:59:37","modified_gmt":"2025-06-28T15:59:37","slug":"debreczeni-laszlo-%c2%a7","status":"publish","type":"product","link":"https:\/\/uj.adatbank.ro\/lexikon\/termek\/debreczeni-laszlo-%c2%a7\/","title":{"rendered":"DEBRECZENI L\u00e1szl\u00f3 \u00a7"},"content":{"rendered":"<p>Mv., 1903. dec. 18., \u2020 Kv., 1986. szept. 20.: grafikus, m\u0171kritikus, m\u0171v\u00e9szett\u00f6rt\u00e9n\u00e9sz, \u00e9p\u00edt\u00e9sz. \u2013\u2013 D. Jen\u0151 \u00e9s vadadi Filep Gizella (1877- Marosszentgy\u00f6rgy, 1944. \u00e1pr. 20) fia. Feles\u00e9ge: Boda Laura. \u2013 Egy\u00e9ves kor\u00e1t\u00f3l anyai nagysz\u00fclei nevelt\u00e9k, a cserefalvi elemi iskol\u00e1ba j\u00e1rt, majd tanulm\u00e1nyait Mv.-en \u00e9s Kv.-on folytatta. A kv.-i k\u00f6z\u00e9pfok\u00fa technikumban v\u00e9gzett, majd n\u00e9pm\u0171v\u00e9szeti \u00e9s \u00e9p\u00edt\u00e9szett\u00f6rt\u00e9neti tanulm\u00e1nyokat folytatott (1919\u201323). Kelemen Lajos m\u0171v\u00e9szett\u00f6rt\u00e9n\u00e9sszel val\u00f3 tal\u00e1lkoz\u00e1sa egy \u00e9letre meghat\u00e1rozta a m\u0171eml\u00e9k-v\u00e9delem melletti elk\u00f6telezetts\u00e9g\u00e9t (1925). Tervei alapj\u00e1n \u00e9p\u00edtett\u00e9k a J\u00f3d-Ratosnyai telep\u00fcl\u00e9s ref. templomat. (1932\u2013). Az erd\u00e9lyi ref. egyh\u00e1z szolg\u00e1lat\u00e1ba l\u00e9pett, az egyh\u00e1zi \u00e9s vil\u00e1gi \u00e9p\u00edt\u00e9szeti eml\u00e9kek, m\u0171t\u00e1rgyak \u00f6sszegy\u0171jt\u00e9s\u00e9vel, gondoz\u00e1s\u00e1val, \u00e9p\u00fclettervez\u00e9ssel foglalkozott (1928\u201344). Makkai S\u00e1ndor ref. p\u00fcsp\u00f6k b\u00edzta meg (1928\u2013), hogy az erd\u00e9lyi ref. egyh\u00e1zker\u00fclet ter\u00fclet\u00e9n l\u00e9v\u0151 \u2019\u2019\u00f6sszes m\u0171v\u00e9szi vagy t\u00f6rt\u00e9nelmi beccsel b\u00edr\u00f3 templomok, templomi berendez\u00e9sek, kegyszerek m\u0171v\u00e9szi reprodukci\u00f3ra alkalmas form\u00e1ban\u2019\u2019 k\u00e9sz\u00edtse el. \u00d6sszesen 512 helys\u00e9gben v\u00e9gzett sz\u00e1mbav\u00e9telt, 356 templomot \u00e9s fa\u00e9p\u00edtm\u00e9nyt, 476 ter\u00edt\u0151mint\u00e1t, 108 \u00f3ned\u00e9nyd\u00edsz\u00edt\u00e9st rajzolt le, 312 esetben v\u00e9gzett alaprajzi felm\u00e9r\u00e9st. Tagja volt az erd\u00e9lyi fiatalok k\u00f6r\u00e9nek, az Erd\u00e9lyi Fiatalok c. lap egyik alap\u00edt\u00f3ja, f\u0151munkat\u00e1rsa, a lap c\u00edmlapj\u00e1t, rovatfejeit tervezte, felelt a nyomdai kivitelez\u00e9s\u00e9rt, a szerkeszt\u0151bizotts\u00e1g tagja volt a lap megsz\u00fcn\u00e9s\u00e9ig (1929\u201340), 51 cikke jelent meg benne. KZST tagj\u00e1v\u00e1 v\u00e1lasztott\u00e1k (1935). Restaur\u00e1lta a mv.-i V\u00e1rtemplomban tal\u00e1lt fresk\u00f3t Szent L\u00e9n\u00e1rt megvessz\u0151z\u00e9se c. (1941). A II. vh.-ban tart. z\u00e1szl\u00f3si rangban vett r\u00e9szt. Hadifogs\u00e1g (1945\u201348) ut\u00e1n Kv.-on \u00e9lt. A kv.-i M. M\u0171v\u00e9szeti Int. (1949\u2013), a Ion Andreescu K\u00e9pz\u0151m\u0171v. F\u0151isk. m\u0171szaki felel\u0151se (1950\u2013); a k\u00e9pz\u0151m\u0171v. f\u0151iskol\u00e1n n\u00e9pm\u0171v\u00e9szetet (1955\u201356), \u00e1br\u00e1\u00adzol\u00f3 geometri\u00e1t \u00e9s perspekt\u00edvatant tan\u00edtott (1958\u201363). \u00c9p\u00edt\u00e9szett\u00f6rt\u00e9netet adott el\u0151 a BTE-n (1955\u201358). R\u00e9szt vett Kv. m\u0171eml\u00e9keinek \u00f6ssze\u00edr\u00e1s\u00e1ban (1953\u2013), s a regisztr\u00e1lt 272 m\u0171eml\u00e9ket a Kelemen Lajos Eml\u00e9kk.-ben publik\u00e1lta. A kv.-i ref. egyh\u00e1zker. m\u0171szaki hivatal\u00e1nak vezet\u0151je (1955\u201359). \u00c9p\u00edt\u00e9szett\u00f6rt\u00e9neti \u00e9s m\u0171eml\u00e9kv\u00e9delmi munk\u00e1ss\u00e1ga mellett \u00e9p\u00edt\u00e9szi tev\u00e9kenys\u00e9ge is sz\u00e1mottev\u0151. Sz\u00e1mos templomot (pl. P\u00f3ka ref. templom\u00e1t, 1948), templom\u00adtornyot, falusi iskol\u00e1t stb. tervezett, \u00e9p\u00edtett, b\u0151v\u00edtett, fel\u00faj\u00edtott Erd\u00e9lyben; res\u00adtaur\u00e1l\u00e1ssal, s\u0151t bels\u0151 berendez\u00e9sek, b\u00fatorok tervez\u00e9s\u00e9vel is foglalkozott. A sz\u00e1szr\u00e9geni ref. templom sz\u00f3sz\u00e9k\u00e9t, szent\u00e9lyb\u00fatorzat\u00e1t, a papi \u00e9s presbiteri sz\u00e9keket tervezte. Ak\u00e1rcsak \u00e9p\u00edt\u00e9szeti tev\u00e9kenys\u00e9g\u00e9ben, grafikai munk\u00e1ss\u00e1g\u00e1ban is Toroczkai Wigand Ede, K\u00f3s K\u00e1roly \u00e9s Kozma Lajos \u00e9p\u00edt\u00e9sz-grafikusok k\u00f6vet\u0151je, tudatosan kifejlesztett erd\u00e9lyi st\u00edlusban illusztr\u00e1lt versk\u00f6teteket, \u00e9s k\u00e9sz\u00edtett k\u00f6nyvc\u00edmoldalakat, foly\u00f3irat fejl\u00e9ceket, sz\u00e1mos ex libriszt. A tanulm\u00e1nyait k\u00f6z\u00f6lte az Ifj\u00fa Erd\u00e9ly, P\u00e1sztort\u0171z, Az Iparm\u0171v\u00e9sz, Ref. Szle, Korunk, Igaz Sz\u00f3. \u2013 <strong>F. ki\u00e1ll.:<\/strong> egy\u00e9ni: Kv. (1978); <strong>F. m.:<\/strong> Erd\u00e9lyi ref. templomok \u00e9s tornyok (Kv.-Segesv\u00e1r, 1929, angol \u00e9s n\u00e9met kiad\u00e1sban is; Bp., 1989.); \u00daj arcvonal (Kv., 1931); A m. m\u0171v\u00e9szet probl\u00e9m\u00e1i (Kv., 1932); A mi m\u0171v\u00e9szet\u00fcnk (Kv., 1940); Sz\u00e9ljegyzetek egy n\u00e9pm\u0171v\u00e9szet\u00fcnkr\u0151l sz\u00f3l\u00f3 munk\u00e1hoz (Kv., 1942); Sz\u00e1z rajz: Erd\u00e9ly reform\u00e1tus m\u0171eml\u00e9k templomai (Kv., 1995); Sz\u00e9p Erd\u00e9lyorsz\u00e1gb\u00f3l, fatornyos h\u00e1zamb\u00f3l: (szerk. -tette, az el\u0151sz\u00f3t \u00e9s a jegyzeteket \u00edrta Szatm\u00e1ri L\u00e1szl\u00f3; 2005); Kecsess\u00e9g, der\u0171, \u0151si komolys\u00e1g. Monument\u00e1lis n\u00e9pi \u00e9p\u00edt\u00e9szeti eml\u00e9kek Erd\u00e9lyben (Szerk. Szatm\u00e1ri L\u00e1szl\u00f3; Kv., 2006 v. 2007); <strong>t\u00e1rssz.:<\/strong> Kelemen Lajos Eml\u00e9kk. (Buk., 1957); <strong>antol\u00f3g.:<\/strong> Szil\u00e1gys\u00e1gi Ref. Napt\u00e1r (Zilah, 1933\u201339); Transilvania, Banatul, Cri\u015fana, Maramure\u015ful (Buk., 1929); \u00daj arcvonal (Kv., 1931), illusztr.: Dsida Jen\u0151: Leselked\u0151 mag\u00e1ny (Kv. 1928); Vajda Istv\u00e1n Tengerszem (Mv. 1929). <br \/><strong>Irod.:<\/strong> artportal; Balogh Ferenc: D. L.: Az \u00e9p\u00edt\u0151 \u00e9s iparm\u0171v\u00e9sz (Buk., 1983); Banner; Berekm\u00e9ri; B\u00edr\u00f3 Don\u00e1t; Clujeni ai sec. XX; Cseke P\u00e9ter: Vigy\u00e1z\u00f3 torony: Besz\u00e9lget\u00e9sek D. L. -val (Buk., 1995); D. L. m\u0171helye (Szerk. Sas P\u00e9ter; Bp., 2005); Erd\u00e9lyi Fiatalok; F\u00fcl\u00f6p\u2013Ferencz; Guly\u00e1s; Gy\u00e1szjelent\u0151; Id\u0151t\u00e1r 3; J\u00e9kely-Kiss; Kelemen Lajos: Mv.-en sz\u00fclettem; Katona Szab\u00f3 Istv\u00e1n: Az \u00daj \u00c9let lexikona, 45. (\u00daj \u00c9let, 9. sz., 1972); Korunk gal\u00e9ria; K\u00fck\u00fcll\u0151i Ref. Egyh\u00e1zm. 4.; Maros megye; Marosi Ildik\u00f3: D. L. kiv\u00e9telesen \u2013 mag\u00e1r\u00f3l. (Interj\u00fa; Utunk 1974\/5.); M\u00c9L; MIIB; Moln\u00e1r; Mur\u00e1din: metsz\u0151m\u0171v; Nagy \u00d6d\u00f6n; Pomog\u00e1ts 1.; Nagy Bod\u00f3 Tibor: Az erd\u0151szentgy\u00f6rgyi templon (N\u00e9p\u00fajs\u00e1g, 2023. j\u00fal. 14.); RMIL; R\u00daL; Szab\u00f3\u2013K\u00e1llai; Szatm\u00e1ri L\u00e1szl\u00f3: A v\u00e1ndor erd\u00e9lyi grafikus (N\u00fa., M\u00fazsa, 287. sz., 1997. m\u00e1rc. 21); Szatm\u00e1ri L\u00e1szl\u00f3: D. L. \u2013 Erd\u00e9ly v\u00e1ndorgrafikusa (Kv., 2005) (Kr\u00f3nika, 2005. \u00e1pr. 28.); Tessitori N\u00f3ra: D. L. -r\u00f3l, a v\u00e1ndor erd\u00e9lyi grafikusr\u00f3l. (P\u00e1sztort\u0171z 1930\/1.); \u00daM\u00c9L Meg kell tal\u00e1lni az apja \u00e9s anyja val\u00f3ban \u0151k!?<\/br><\/p>\n","protected":false},"excerpt":{"rendered":"<p>Mv., 1903. dec. 18., \u2020 Kv., 1986. szept. 20.: grafikus, m\u0171kritikus, m\u0171v\u00e9szett\u00f6rt\u00e9n\u00e9sz, \u00e9p\u00edt\u00e9sz. \u2013\u2013 D. Jen\u0151 \u00e9s vadadi Filep Gizella (1877- Marosszentgy\u00f6rgy, 1944. \u00e1pr. 20) fia. Feles\u00e9ge: Boda Laura. \u2013 Egy\u00e9ves kor\u00e1t\u00f3l anyai nagysz\u00fclei nevelt\u00e9k, a cserefalvi elemi iskol\u00e1ba j\u00e1rt, majd tanulm\u00e1nyait Mv.-en \u00e9s Kv.-on folytatta. A kv.-i k\u00f6z\u00e9pfok\u00fa technikumban v\u00e9gzett, majd n\u00e9pm\u0171v\u00e9szeti \u00e9s \u00e9p\u00edt\u00e9szett\u00f6rt\u00e9neti [&hellip;]<\/p>\n","protected":false},"featured_media":0,"comment_status":"open","ping_status":"closed","template":"","meta":[],"product_brand":[],"product_cat":[137],"product_tag":[],"class_list":{"0":"post-6644","1":"product","2":"type-product","3":"status-publish","5":"product_cat-maros-megyei-eletrajzi-lexikon","7":"first","8":"instock","9":"shipping-taxable","10":"product-type-simple"},"_links":{"self":[{"href":"https:\/\/uj.adatbank.ro\/lexikon\/wp-json\/wp\/v2\/product\/6644","targetHints":{"allow":["GET"]}}],"collection":[{"href":"https:\/\/uj.adatbank.ro\/lexikon\/wp-json\/wp\/v2\/product"}],"about":[{"href":"https:\/\/uj.adatbank.ro\/lexikon\/wp-json\/wp\/v2\/types\/product"}],"replies":[{"embeddable":true,"href":"https:\/\/uj.adatbank.ro\/lexikon\/wp-json\/wp\/v2\/comments?post=6644"}],"wp:attachment":[{"href":"https:\/\/uj.adatbank.ro\/lexikon\/wp-json\/wp\/v2\/media?parent=6644"}],"wp:term":[{"taxonomy":"product_brand","embeddable":true,"href":"https:\/\/uj.adatbank.ro\/lexikon\/wp-json\/wp\/v2\/product_brand?post=6644"},{"taxonomy":"product_cat","embeddable":true,"href":"https:\/\/uj.adatbank.ro\/lexikon\/wp-json\/wp\/v2\/product_cat?post=6644"},{"taxonomy":"product_tag","embeddable":true,"href":"https:\/\/uj.adatbank.ro\/lexikon\/wp-json\/wp\/v2\/product_tag?post=6644"}],"curies":[{"name":"wp","href":"https:\/\/api.w.org\/{rel}","templated":true}]}}