{"id":6820,"date":"2025-06-28T18:05:41","date_gmt":"2025-06-28T16:05:41","guid":{"rendered":"https:\/\/uj.adatbank.ro\/lexikon\/termek\/devay-karoly-adorjan-%c2%a7\/"},"modified":"2025-06-28T18:05:41","modified_gmt":"2025-06-28T16:05:41","slug":"devay-karoly-adorjan-%c2%a7","status":"publish","type":"product","link":"https:\/\/uj.adatbank.ro\/lexikon\/termek\/devay-karoly-adorjan-%c2%a7\/","title":{"rendered":"D\u00c9VAY K\u00e1roly Adorj\u00e1n \u00a7"},"content":{"rendered":"<p>K\u00f6z\u00e9plak, 1930. m\u00e1rc. 3., \u2020\u00a0Mv., 1985. febr. 12.: tan\u00e1r. \u2013 Feles\u00e9ge: Kov\u00e1cs Piroska (1929. jan. 26. \u20132022. j\u00fan. 10.), matematika-fizika tan\u00e1r. Gyermekeik: Ildik\u00f3 (1954- ) Tak\u00e1cs Ger\u0151n\u00e9; Anna M\u00e1ria (1956 \u2013) D\u00e1vid Csab\u00e1n\u00e9; Zsuzsa (1968\u2013) Balogh Jen\u0151n\u00e9. \u2013 Gimn. -ot Kv.-on v\u00e9gzett. Helyettes tan\u00e1r Magyarbikalon (1949\u2013), k\u00f6zben l\u00e1togat\u00e1s n\u00e9lk\u00fcl elkezdi a kv-i 3 \u00e9ves Pedag\u00f3giai F\u0151iskola matematika-fizika szak\u00e1t, a nappali tagozatra j\u00e1rt (1950\u201352). Gyergy\u00f3szentmikl\u00f3sra nevezt\u00e9k ki a tan\u00fcgyi oszt\u00e1ly f\u0151n\u00f6k\u00e9nek (1955\u201357). A MMAT f\u0151tanfel\u00fcgyel\u0151j\u00e9v\u00e9 nevezt\u00e9k ki \u00e9s ebben a beoszt\u00e1sban m\u0171k\u0151d\u00f6tt (1958\u201362), Mv.-en a Ped. F\u0151iskol\u00e1n fizikatan\u00e1r (1962\u201363), tan\u00e1r a Bolyai Farkas L\u00edc.-ban (1963), az 5-\u00f6s sz. L\u00edc.-ban (1964\u201366), a mv.-i Szakk\u00f6z\u00e9piskola igazgat\u00f3ja (1966\u201369), majd a mv.-i 10. sz. Iskola fizkatan\u00e1ra, ahol korszer\u0171 fizika laborat\u00f3riumot l\u00e9tes\u00edtett (1969\u201385). <br \/><strong>Irod.:<\/strong> Dasc\u0103li mure\u015feni, 2.; (V. Z., 1959. szept. 12); [Nekrol\u00f3g] (V. Z., 1985. febr. 13).<\/br><\/p>\n","protected":false},"excerpt":{"rendered":"<p>K\u00f6z\u00e9plak, 1930. m\u00e1rc. 3., \u2020\u00a0Mv., 1985. febr. 12.: tan\u00e1r. \u2013 Feles\u00e9ge: Kov\u00e1cs Piroska (1929. jan. 26. \u20132022. j\u00fan. 10.), matematika-fizika tan\u00e1r. Gyermekeik: Ildik\u00f3 (1954- ) Tak\u00e1cs Ger\u0151n\u00e9; Anna M\u00e1ria (1956 \u2013) D\u00e1vid Csab\u00e1n\u00e9; Zsuzsa (1968\u2013) Balogh Jen\u0151n\u00e9. \u2013 Gimn. -ot Kv.-on v\u00e9gzett. Helyettes tan\u00e1r Magyarbikalon (1949\u2013), k\u00f6zben l\u00e1togat\u00e1s n\u00e9lk\u00fcl elkezdi a kv-i 3 \u00e9ves Pedag\u00f3giai [&hellip;]<\/p>\n","protected":false},"featured_media":0,"comment_status":"open","ping_status":"closed","template":"","meta":[],"product_brand":[],"product_cat":[137],"product_tag":[],"class_list":{"0":"post-6820","1":"product","2":"type-product","3":"status-publish","5":"product_cat-maros-megyei-eletrajzi-lexikon","7":"first","8":"instock","9":"shipping-taxable","10":"product-type-simple"},"_links":{"self":[{"href":"https:\/\/uj.adatbank.ro\/lexikon\/wp-json\/wp\/v2\/product\/6820","targetHints":{"allow":["GET"]}}],"collection":[{"href":"https:\/\/uj.adatbank.ro\/lexikon\/wp-json\/wp\/v2\/product"}],"about":[{"href":"https:\/\/uj.adatbank.ro\/lexikon\/wp-json\/wp\/v2\/types\/product"}],"replies":[{"embeddable":true,"href":"https:\/\/uj.adatbank.ro\/lexikon\/wp-json\/wp\/v2\/comments?post=6820"}],"wp:attachment":[{"href":"https:\/\/uj.adatbank.ro\/lexikon\/wp-json\/wp\/v2\/media?parent=6820"}],"wp:term":[{"taxonomy":"product_brand","embeddable":true,"href":"https:\/\/uj.adatbank.ro\/lexikon\/wp-json\/wp\/v2\/product_brand?post=6820"},{"taxonomy":"product_cat","embeddable":true,"href":"https:\/\/uj.adatbank.ro\/lexikon\/wp-json\/wp\/v2\/product_cat?post=6820"},{"taxonomy":"product_tag","embeddable":true,"href":"https:\/\/uj.adatbank.ro\/lexikon\/wp-json\/wp\/v2\/product_tag?post=6820"}],"curies":[{"name":"wp","href":"https:\/\/api.w.org\/{rel}","templated":true}]}}