{"id":6873,"date":"2025-06-28T18:07:35","date_gmt":"2025-06-28T16:07:35","guid":{"rendered":"https:\/\/uj.adatbank.ro\/lexikon\/termek\/dinu-ioan\/"},"modified":"2025-06-28T18:07:35","modified_gmt":"2025-06-28T16:07:35","slug":"dinu-ioan","status":"publish","type":"product","link":"https:\/\/uj.adatbank.ro\/lexikon\/termek\/dinu-ioan\/","title":{"rendered":"DINU Ioan"},"content":{"rendered":"<p>? \u2020\u00a0? : tan\u00edt\u00f3. \u2013 Az orsz\u00e1g d\u00e9li r\u00e9sz\u00e9b\u0151l ker\u00fclt Erd\u0151szak\u00e1lba (1945. nov. \u2013). M\u0171v\u00e9szi csoportokat szervezett, sz\u00edndarabokat adatott el\u0151, n\u00e9pi t\u00e1ncokat tan\u00edtott be, amelyekkel minden versenyen jelen volt, sz\u00e1mos d\u00edjat szerzett. R\u00e1di\u00f3t, patefont \u00e9s egy filmvet\u00edt\u0151 g\u00e9pet is, saj\u00e1t \u00e1ramfejleszt\u0151 k\u00e9sz\u00fcl\u00e9kkel egy\u00fctt m\u0171k\u00f6dtetett. \u00cdgy Erd\u0151szak\u00e1l volt az els\u0151 falu a megy\u00e9ben, ahol falusi mozi l\u00e9tes\u00fclt, \u00e9s ahol rendszeresen vet\u00edtettek filmeket a lakoss\u00e1gnak. A t\u00e1nccsoporttal (C\u0103lu\u015farii) r\u00e9szt vett az Vil\u00e1gifj\u00fas\u00e1gi Tal\u00e1lkoz\u00f3n is Berlinben. A zen\u00e9t a k\u00f6zismert marosmonosfalvi Victor Radu, n\u00e9pzen\u00e9sz, szolg\u00e1ltatta (1951). A n\u0151i t\u00e1nccsoport \u00cenv\u00e2rtita de pe Mure\u015f napjainkig h\u00edres az orsz\u00e1gban, de k\u00fclf\u00f6ld\u00f6n is. <br \/><strong>Irod.:<\/strong> S\u0103calu de P\u0103dure<\/br><\/p>\n","protected":false},"excerpt":{"rendered":"<p>? \u2020\u00a0? : tan\u00edt\u00f3. \u2013 Az orsz\u00e1g d\u00e9li r\u00e9sz\u00e9b\u0151l ker\u00fclt Erd\u0151szak\u00e1lba (1945. nov. \u2013). M\u0171v\u00e9szi csoportokat szervezett, sz\u00edndarabokat adatott el\u0151, n\u00e9pi t\u00e1ncokat tan\u00edtott be, amelyekkel minden versenyen jelen volt, sz\u00e1mos d\u00edjat szerzett. R\u00e1di\u00f3t, patefont \u00e9s egy filmvet\u00edt\u0151 g\u00e9pet is, saj\u00e1t \u00e1ramfejleszt\u0151 k\u00e9sz\u00fcl\u00e9kkel egy\u00fctt m\u0171k\u00f6dtetett. \u00cdgy Erd\u0151szak\u00e1l volt az els\u0151 falu a megy\u00e9ben, ahol falusi mozi [&hellip;]<\/p>\n","protected":false},"featured_media":0,"comment_status":"open","ping_status":"closed","template":"","meta":[],"product_brand":[],"product_cat":[137],"product_tag":[],"class_list":{"0":"post-6873","1":"product","2":"type-product","3":"status-publish","5":"product_cat-maros-megyei-eletrajzi-lexikon","7":"first","8":"instock","9":"shipping-taxable","10":"product-type-simple"},"_links":{"self":[{"href":"https:\/\/uj.adatbank.ro\/lexikon\/wp-json\/wp\/v2\/product\/6873","targetHints":{"allow":["GET"]}}],"collection":[{"href":"https:\/\/uj.adatbank.ro\/lexikon\/wp-json\/wp\/v2\/product"}],"about":[{"href":"https:\/\/uj.adatbank.ro\/lexikon\/wp-json\/wp\/v2\/types\/product"}],"replies":[{"embeddable":true,"href":"https:\/\/uj.adatbank.ro\/lexikon\/wp-json\/wp\/v2\/comments?post=6873"}],"wp:attachment":[{"href":"https:\/\/uj.adatbank.ro\/lexikon\/wp-json\/wp\/v2\/media?parent=6873"}],"wp:term":[{"taxonomy":"product_brand","embeddable":true,"href":"https:\/\/uj.adatbank.ro\/lexikon\/wp-json\/wp\/v2\/product_brand?post=6873"},{"taxonomy":"product_cat","embeddable":true,"href":"https:\/\/uj.adatbank.ro\/lexikon\/wp-json\/wp\/v2\/product_cat?post=6873"},{"taxonomy":"product_tag","embeddable":true,"href":"https:\/\/uj.adatbank.ro\/lexikon\/wp-json\/wp\/v2\/product_tag?post=6873"}],"curies":[{"name":"wp","href":"https:\/\/api.w.org\/{rel}","templated":true}]}}