{"id":6884,"date":"2025-06-28T18:07:58","date_gmt":"2025-06-28T16:07:58","guid":{"rendered":"https:\/\/uj.adatbank.ro\/lexikon\/termek\/dissescu-langos-gabriela\/"},"modified":"2025-06-28T18:07:58","modified_gmt":"2025-06-28T16:07:58","slug":"dissescu-langos-gabriela","status":"publish","type":"product","link":"https:\/\/uj.adatbank.ro\/lexikon\/termek\/dissescu-langos-gabriela\/","title":{"rendered":"DISSESCU (Lango\u015f) Gabriela"},"content":{"rendered":"<p>Mv., 1926. m\u00e1j. 18., \u2020 Buc., 2000. jan. 24: erd\u0151m\u00e9rn\u00f6k, tudom\u00e1nyos kutat\u00f3. \u2013 A k\u00f6z\u00e9piskol\u00e1t a mv.-i Unirea L\u00edc.-ban v\u00e9gezte (1937\u201345); tov\u00e1bbtanult a kv.-i egyetem Biol\u00f3gia szak\u00e1n (1945\u201346), majd a buk.-i egyetem Erd\u00e9szeti szak\u00e1n szerzett oklevelet (1946\u201350). Doktor\u00e1lt (1964). Buk.-ben, tan\u00e1rseg\u00e9d (1950), f\u0151kutat\u00f3 (1956), laborat\u00f3riumvezet\u0151 (1964), f\u0151 tudom\u00e1nyos kutat\u00f3. A N\u00f6v\u00e9nyv\u00e9delmi k\u00f6z\u00f6ss\u00e9g f\u0151n\u00f6ke (1970\u201384). A Buk.-i Erd\u0151v\u00e9delmi Kutat\u00f3 Iint\u00e9zetben dolgozott. Kutat\u00e1si ter\u00fclete: erd\u0151v\u00e9delem. T\u00f6bb mint 120 tudom\u00e1nyos dolgozata jelent meg szakfoly\u00f3iratokban: ICES, Studii \u015fi Cercet\u0103ri Revista P\u0103durilor, Zool. Jurnal, Thaumatopoea processionea, Revue Roumaine de Bilogie, Zoologie, Cercet\u0103ri de Ecologie Animal\u0103, Studii \u015fi Cercet\u0103ri ICAS, Bulletine de Academie des Sciences Agricoles et Forestieres, Buletinul Informativ ASAS, Buletin of the Academy of Agricultural and Forestry Sciences. 5 feltal\u00e1l\u00f3i \u00e9s 3 \u00faj\u00edt\u00f3i szabadalma van. Tudom\u00e1nyos \u00c9rdemrend tulajdonosa. Tagja a Nemzetk\u00f6zi Erd\u0151kutat\u00e1si Egyes\u00fcletnek. A Tudos\u00f3k \u00e9s M\u00e9rn\u00f6k\u00f6k Tudom\u00e1nyos T\u00e1rsas\u00e1gnak. \u2013 <strong>F. m.:<\/strong> G\u00e2ndaci de frunz\u0103 \u015fi combaterea lor (Buc., 1954); Cercet\u0103ri asupra biologiei pricipalelor omizi defoliatoare ale stejarului: autoreferat asupra lucr\u0103rii de diserta\u0163ie pentru ob\u0163inerea titlului de candidat \u00een \u015ftiin\u0163e agricole (Bra\u015fov, 1963); Varia\u0163ia m\u0103ririi aparatului foliar la quercinee \u00een raport cu principalele caracteristici dimensionale ale arborilor (Buc., 1974); Estimarea cantitativ\u0103 a biomasei foliare \u00een arborele de quercinee (Buc., 1977); <strong>t\u00e1rssz.:<\/strong> Determinatorul ipidelor \u015fi bupresidelor dup\u0103 felul v\u0103t\u0103m\u0103rii (Gh. Elinescu, \u015et. Negru, Buc., 1952); Cercet\u0103ri privind stabilirea unor metode noi de determinare a elementelor de prognoz\u0103 la cotarii stejarului (1967); Cercet\u0103ri asupra bioecologiei omizii procesionare a stejarului (Igor Ceianu-val, Buc., 1968). \u2013 Irod. : Istoriaa \u015ftiin\u0163elor \u00een Rom\u00e2nia. Vol. Biologie (1975); Todea\u2013F\u00fcl\u00f6p\u2013Avram; Who\u2019s Who<\/br><\/p>\n","protected":false},"excerpt":{"rendered":"<p>Mv., 1926. m\u00e1j. 18., \u2020 Buc., 2000. jan. 24: erd\u0151m\u00e9rn\u00f6k, tudom\u00e1nyos kutat\u00f3. \u2013 A k\u00f6z\u00e9piskol\u00e1t a mv.-i Unirea L\u00edc.-ban v\u00e9gezte (1937\u201345); tov\u00e1bbtanult a kv.-i egyetem Biol\u00f3gia szak\u00e1n (1945\u201346), majd a buk.-i egyetem Erd\u00e9szeti szak\u00e1n szerzett oklevelet (1946\u201350). Doktor\u00e1lt (1964). Buk.-ben, tan\u00e1rseg\u00e9d (1950), f\u0151kutat\u00f3 (1956), laborat\u00f3riumvezet\u0151 (1964), f\u0151 tudom\u00e1nyos kutat\u00f3. A N\u00f6v\u00e9nyv\u00e9delmi k\u00f6z\u00f6ss\u00e9g f\u0151n\u00f6ke (1970\u201384). A [&hellip;]<\/p>\n","protected":false},"featured_media":0,"comment_status":"open","ping_status":"closed","template":"","meta":[],"product_brand":[],"product_cat":[137],"product_tag":[],"class_list":{"0":"post-6884","1":"product","2":"type-product","3":"status-publish","5":"product_cat-maros-megyei-eletrajzi-lexikon","7":"first","8":"instock","9":"shipping-taxable","10":"product-type-simple"},"_links":{"self":[{"href":"https:\/\/uj.adatbank.ro\/lexikon\/wp-json\/wp\/v2\/product\/6884","targetHints":{"allow":["GET"]}}],"collection":[{"href":"https:\/\/uj.adatbank.ro\/lexikon\/wp-json\/wp\/v2\/product"}],"about":[{"href":"https:\/\/uj.adatbank.ro\/lexikon\/wp-json\/wp\/v2\/types\/product"}],"replies":[{"embeddable":true,"href":"https:\/\/uj.adatbank.ro\/lexikon\/wp-json\/wp\/v2\/comments?post=6884"}],"wp:attachment":[{"href":"https:\/\/uj.adatbank.ro\/lexikon\/wp-json\/wp\/v2\/media?parent=6884"}],"wp:term":[{"taxonomy":"product_brand","embeddable":true,"href":"https:\/\/uj.adatbank.ro\/lexikon\/wp-json\/wp\/v2\/product_brand?post=6884"},{"taxonomy":"product_cat","embeddable":true,"href":"https:\/\/uj.adatbank.ro\/lexikon\/wp-json\/wp\/v2\/product_cat?post=6884"},{"taxonomy":"product_tag","embeddable":true,"href":"https:\/\/uj.adatbank.ro\/lexikon\/wp-json\/wp\/v2\/product_tag?post=6884"}],"curies":[{"name":"wp","href":"https:\/\/api.w.org\/{rel}","templated":true}]}}