{"id":6887,"date":"2025-06-28T18:08:05","date_gmt":"2025-06-28T16:08:05","guid":{"rendered":"https:\/\/uj.adatbank.ro\/lexikon\/termek\/doali-milasel-alexandru\/"},"modified":"2025-06-28T18:08:05","modified_gmt":"2025-06-28T16:08:05","slug":"doali-milasel-alexandru","status":"publish","type":"product","link":"https:\/\/uj.adatbank.ro\/lexikon\/termek\/doali-milasel-alexandru\/","title":{"rendered":"DOALI-MIL\u0102\u015eEL Alexandru"},"content":{"rendered":"<p>Kisnyulasi N\u00e9ma, 1933., \u2020 1977.: tisztvisel\u0151. \u2013 Gazdas\u00e1gi iskol\u00e1t \u00e9s vas\u00fatas (CFR) posztlice\u00e1lis iskol\u00e1t v\u00e9gzett. P\u00e1ly\u00e1ja els\u0151 \u00e9veiben sz\u00fcl\u0151faluj\u00e1ban h. tan\u00edt\u00f3 \u00e9s G\u00f6demesterh\u00e1z\u00e1n k\u00f6nyvt\u00e1ros volt, k\u00f6zben elv\u00e9gezte az egyetem t\u00f6rt\u00e9nelemtan\u00e1ri szak\u00e1t. K\u00f6nyvel\u0151, p\u00e9nzt\u00e1ros, tervez\u0151, normat\u00f6rk\u00e9nt dolgozott Mv.-en. Lelkes folkl\u00f3rgy\u0171j\u0151munk\u00e1t is v\u00e9gzett. N\u00e9h\u00e1ny gy\u0171jt\u00f6tt alkot\u00e1sa a korabeli sajt\u00f3ban is napvil\u00e1got l\u00e1tott, de v\u00e1ratlan hal\u00e1la megakad\u00e1lyozta ennek kiad\u00e1s\u00e1t. K\u00e9ziratban maradt fenn Anul 1848 pe Mure\u015ful de Sus c. tanulm\u00e1nya is. \u2013 <strong>F. m.:<\/strong> Flori de m\u0103r c. <br \/><strong>Irod.:<\/strong> Du\u015fa: Pagini de ist., art\u0103 \u015fi cult. 1.<\/br><\/p>\n","protected":false},"excerpt":{"rendered":"<p>Kisnyulasi N\u00e9ma, 1933., \u2020 1977.: tisztvisel\u0151. \u2013 Gazdas\u00e1gi iskol\u00e1t \u00e9s vas\u00fatas (CFR) posztlice\u00e1lis iskol\u00e1t v\u00e9gzett. P\u00e1ly\u00e1ja els\u0151 \u00e9veiben sz\u00fcl\u0151faluj\u00e1ban h. tan\u00edt\u00f3 \u00e9s G\u00f6demesterh\u00e1z\u00e1n k\u00f6nyvt\u00e1ros volt, k\u00f6zben elv\u00e9gezte az egyetem t\u00f6rt\u00e9nelemtan\u00e1ri szak\u00e1t. K\u00f6nyvel\u0151, p\u00e9nzt\u00e1ros, tervez\u0151, normat\u00f6rk\u00e9nt dolgozott Mv.-en. Lelkes folkl\u00f3rgy\u0171j\u0151munk\u00e1t is v\u00e9gzett. N\u00e9h\u00e1ny gy\u0171jt\u00f6tt alkot\u00e1sa a korabeli sajt\u00f3ban is napvil\u00e1got l\u00e1tott, de v\u00e1ratlan hal\u00e1la megakad\u00e1lyozta ennek [&hellip;]<\/p>\n","protected":false},"featured_media":0,"comment_status":"open","ping_status":"closed","template":"","meta":[],"product_brand":[],"product_cat":[137],"product_tag":[],"class_list":{"0":"post-6887","1":"product","2":"type-product","3":"status-publish","5":"product_cat-maros-megyei-eletrajzi-lexikon","7":"first","8":"instock","9":"shipping-taxable","10":"product-type-simple"},"_links":{"self":[{"href":"https:\/\/uj.adatbank.ro\/lexikon\/wp-json\/wp\/v2\/product\/6887","targetHints":{"allow":["GET"]}}],"collection":[{"href":"https:\/\/uj.adatbank.ro\/lexikon\/wp-json\/wp\/v2\/product"}],"about":[{"href":"https:\/\/uj.adatbank.ro\/lexikon\/wp-json\/wp\/v2\/types\/product"}],"replies":[{"embeddable":true,"href":"https:\/\/uj.adatbank.ro\/lexikon\/wp-json\/wp\/v2\/comments?post=6887"}],"wp:attachment":[{"href":"https:\/\/uj.adatbank.ro\/lexikon\/wp-json\/wp\/v2\/media?parent=6887"}],"wp:term":[{"taxonomy":"product_brand","embeddable":true,"href":"https:\/\/uj.adatbank.ro\/lexikon\/wp-json\/wp\/v2\/product_brand?post=6887"},{"taxonomy":"product_cat","embeddable":true,"href":"https:\/\/uj.adatbank.ro\/lexikon\/wp-json\/wp\/v2\/product_cat?post=6887"},{"taxonomy":"product_tag","embeddable":true,"href":"https:\/\/uj.adatbank.ro\/lexikon\/wp-json\/wp\/v2\/product_tag?post=6887"}],"curies":[{"name":"wp","href":"https:\/\/api.w.org\/{rel}","templated":true}]}}