{"id":6898,"date":"2025-06-28T18:08:27","date_gmt":"2025-06-28T16:08:27","guid":{"rendered":"https:\/\/uj.adatbank.ro\/lexikon\/termek\/dobal-antal\/"},"modified":"2025-06-28T18:08:27","modified_gmt":"2025-06-28T16:08:27","slug":"dobal-antal","status":"publish","type":"product","link":"https:\/\/uj.adatbank.ro\/lexikon\/termek\/dobal-antal\/","title":{"rendered":"DOB\u00c1L Antal"},"content":{"rendered":"<p>1760. \u2020\u00a0Mv., 1824. j\u00fan 12. &#8211; 64 \u00e9ves kor\u00e1ban: vaskeresked\u0151, v\u00e1rosi orator. \u2013 Vazul Dob\u00e1l Bogd\u00e1n Krist\u00f3f (1722-?) \u00e9s Szer\u00e1czi Porumb Rebi (1743-?) fia. Feles\u00e9ge: 1. Is\u00e1k (Sz\u00e1va) Anna M\u00e1ria (1768\u20131806. aug 26). Gyermekeik: Margit B\u00e1nyain\u00e9 (1795\u20131849. j\u00fal. 29), Roz\u00e1lia (1800. m\u00e1j. 21-?), Ter\u00e9zia (1806. \u00e1pr. 26. -?), 2. feles\u00e9ge Koz\u00e1k Ter\u00e9z. Gyermekeik: J\u00e1nos (1807? \u2013 1824. aug. 10. a temet\u00e9si anyak\u00f6nyvben 20 \u00e9vesnek eml\u00edtik); Gergely (1806. jan. 4. \u2013 1809. jan. 19), Antal Jakab (1810. \u00e1pr. 30. \u2013 1812. m\u00e1rc. 23.), Mih\u00e1ly Ferenc (1815. szept. 29-?), Istv\u00e1n (1817. aug. 26\u2013). \u2013 \u00d6rm\u00e9ny keresked\u0151. Mv.-en fizet\u00e9s mellett feleskett\u00e9k (1793. jan. 19.) \u00e9s felvett\u00e9k a civisek k\u00f6z\u00e9, vaskeresked\u0151 (1830). B\u00e9relte a Kir. T\u00e1bla els\u0151 sz\u00e9kh\u00e1z\u00e1t (1819\u201322; 1825\u201327). <br \/><strong>Irod.:<\/strong> Kr\u00f3n. F\u00fcz (IV. sorozat 8. sz\u00e1m); Mv.-i \u00f6rm\u00e9nyek; Orb\u00e1n J\u00e1nos: A Kir\u00e1lyi T\u00e1bla els\u0151 k\u00e9t mv.-i sz\u00e9kh\u00e1za = St\u00edlusok, m\u0171vek, mesterek; P\u00e1l-Antal 2009; P\u00e1l-Antal S\u00e1ndor: \u00d6rm\u00e9nyek Mv.-en 1848 el\u0151tt=Pusk\u00e1s-Sz\u00e1sz \u00c1v\u00e9d; Sz\u00e1va 2012<\/br><\/p>\n","protected":false},"excerpt":{"rendered":"<p>1760. \u2020\u00a0Mv., 1824. j\u00fan 12. &#8211; 64 \u00e9ves kor\u00e1ban: vaskeresked\u0151, v\u00e1rosi orator. \u2013 Vazul Dob\u00e1l Bogd\u00e1n Krist\u00f3f (1722-?) \u00e9s Szer\u00e1czi Porumb Rebi (1743-?) fia. Feles\u00e9ge: 1. Is\u00e1k (Sz\u00e1va) Anna M\u00e1ria (1768\u20131806. aug 26). Gyermekeik: Margit B\u00e1nyain\u00e9 (1795\u20131849. j\u00fal. 29), Roz\u00e1lia (1800. m\u00e1j. 21-?), Ter\u00e9zia (1806. \u00e1pr. 26. -?), 2. feles\u00e9ge Koz\u00e1k Ter\u00e9z. Gyermekeik: J\u00e1nos (1807? [&hellip;]<\/p>\n","protected":false},"featured_media":0,"comment_status":"open","ping_status":"closed","template":"","meta":[],"product_brand":[],"product_cat":[137],"product_tag":[],"class_list":{"0":"post-6898","1":"product","2":"type-product","3":"status-publish","5":"product_cat-maros-megyei-eletrajzi-lexikon","7":"first","8":"instock","9":"shipping-taxable","10":"product-type-simple"},"_links":{"self":[{"href":"https:\/\/uj.adatbank.ro\/lexikon\/wp-json\/wp\/v2\/product\/6898","targetHints":{"allow":["GET"]}}],"collection":[{"href":"https:\/\/uj.adatbank.ro\/lexikon\/wp-json\/wp\/v2\/product"}],"about":[{"href":"https:\/\/uj.adatbank.ro\/lexikon\/wp-json\/wp\/v2\/types\/product"}],"replies":[{"embeddable":true,"href":"https:\/\/uj.adatbank.ro\/lexikon\/wp-json\/wp\/v2\/comments?post=6898"}],"wp:attachment":[{"href":"https:\/\/uj.adatbank.ro\/lexikon\/wp-json\/wp\/v2\/media?parent=6898"}],"wp:term":[{"taxonomy":"product_brand","embeddable":true,"href":"https:\/\/uj.adatbank.ro\/lexikon\/wp-json\/wp\/v2\/product_brand?post=6898"},{"taxonomy":"product_cat","embeddable":true,"href":"https:\/\/uj.adatbank.ro\/lexikon\/wp-json\/wp\/v2\/product_cat?post=6898"},{"taxonomy":"product_tag","embeddable":true,"href":"https:\/\/uj.adatbank.ro\/lexikon\/wp-json\/wp\/v2\/product_tag?post=6898"}],"curies":[{"name":"wp","href":"https:\/\/api.w.org\/{rel}","templated":true}]}}