{"id":6971,"date":"2025-06-28T18:10:50","date_gmt":"2025-06-28T16:10:50","guid":{"rendered":"https:\/\/uj.adatbank.ro\/lexikon\/termek\/domokos-kazmer-mihaly-reverendissimus-p-damokos-kazmer\/"},"modified":"2025-06-28T18:10:50","modified_gmt":"2025-06-28T16:10:50","slug":"domokos-kazmer-mihaly-reverendissimus-p-damokos-kazmer","status":"publish","type":"product","link":"https:\/\/uj.adatbank.ro\/lexikon\/termek\/domokos-kazmer-mihaly-reverendissimus-p-damokos-kazmer\/","title":{"rendered":"DOMOKOS K\u00e1zm\u00e9r Mih\u00e1ly, Reverendissimus P., Damokos K\u00e1zm\u00e9r"},"content":{"rendered":"<p>Szov\u00e1ta, 1606. szept. 29., \u2020 Gyergy\u00f3alfalu, 1677. szept. 5., Cs\u00edksomly\u00f3n a kegytemplom kript\u00e1j\u00e1ban nyugszik.: r. k. f\u0151pap, ferences szerzetes, apostoli vik\u00e1rius, Coronai c. p\u00fcsp\u00f6k. \u2013 Anyja ref. volt, de visszat\u00e9r\u00edtette a kat. hitre (1635). \u2013 Nagyszombatban bel\u00e9pett a marianus rendtartom\u00e1nyba, ferences rendbe (1629), de bal mutat\u00f3ujja hi\u00e1nya miatt csak laikus testv\u00e9r lehetett, a tartom\u00e1nyf\u0151n\u00f6k maga mell\u00e9 vette. Brandenburgi Katalin erd\u00e9lyi fejede\u00adlemn\u00e9l enged\u00e9lyt szerzett a mikh\u00e1zi z\u00e1rda fel\u00e9p\u00edt\u00e9s\u00e9re (1629), ahol versenyt dolgozott a napsz\u00e1mosokkal. Nagy seg\u00edts\u00e9g\u00e9re volt az \u00e9p\u00edtkez\u00e9snek, a templom alapk\u00f6v\u00e9t saj\u00e1tkez\u0171leg tette le, de anyagot is hordott \u00e9s a falak emel\u00e9s\u00e9ben is seg\u00e9dkezett. K\u00f6zvet\u00edtett a bosny\u00e1k provinci\u00e1t\u00f3l k\u00e9rt, magyarul nem tud\u00f3 szerzetesek \u00e9s a n\u00e9p k\u00f6z\u00f6tt. (1635\u2013). VIII. Orb\u00e1n p\u00e1pa idej\u00e9n R\u00f3m\u00e1ban papp\u00e1 szen\u00adtelt\u00e9k (1639. nov. 8.). Jelent\u0151s szerepet j\u00e1tszott az erd\u00e9lyi custodia megalap\u00edt\u00e1s\u00e1ban, VIII. Orb\u00e1n p\u00e1pai Br\u00e9v\u00e9je (1640. febr. 3.) alapj\u00e1n alkult meg. Nagyny\u00fajt\u00f3don gv\u00e1rdi\u00e1n volt, onnan azonban hamarosan el\u00ad\u0171zt\u00e9k a szerzeteseket. A fej\u00e9regyh\u00e1zi z\u00e1rda f\u0151n\u00f6ke (1639\u2013), ahol rendi iskol\u00e1t is szervezett. Cs\u00edksomly\u00f3ra menek\u00fclt (1649\u2013), ahol gv\u00e1rdi\u00e1n volt (1649\u201350), a rendh\u00e1zat a tat\u00e1rok lerombolt\u00e1k (1661), \u00fajj\u00e1\u00e9p\u00edttette a templomot \u00e9s a rend\u00adh\u00e1zat (1662\u201368). Custos \u00e9s az erd\u00e9lyi misszi\u00f3 f\u0151n\u00f6\u00adke (1654\u201358, 1662\u201365), majd Szelepcs\u00e9nyi Gy\u00f6rgy esztergomi \u00e9rsek R\u00f3m\u00e1ba k\u00fcldte (1654), aj\u00e1nl\u00e1s\u00e1ra IX Kelemen p\u00e1pa coronai cimzetes p\u00fcsp\u00f6kk\u00e9 neveze ki (Corona in Graecia), majd erd\u00e9lyi p\u00fcsp\u00f6ki helyn\u00f6k lett, vicarius apostolicus (1668. j\u00fan. 16. \u2013). M\u00edg R\u00f3m\u00e1ba id\u0151z\u00f6tt helyette P. Jegenyei Ferenc vezette a kusztodi\u00e1t. A gyulafeh\u00e9rv\u00e1ri egyh\u00e1zm. \u00e9s eg\u00e9sz Erd\u00e9ly apostoli helyn\u00f6ke lett, Visitator Gener\u00e1lis (1669\u201372). Mivel az erd\u00e9lyi t\u00f6rv\u00e9nyek szerint a kat. -oknak p\u00fcsp\u00f6ke nem lehe\u00adtett, p\u00fcsp\u00f6ki c\u00edm\u00e9t nem haszn\u00e1lta, mindig ferences ruh\u00e1ban j\u00e1rt. A kat. pap\u00adhi\u00e1ny miatt a gyergy\u00f3alfalui pl\u00e9b\u00e1ni\u00e1t maga vezette (1675\u201378). Buzg\u00f3s\u00e1ga \u00e9s \u00e9kessz\u00f3l\u00e1sa miatt nagyon kedvelt\u00e9k, sokat visszat\u00e9r\u00edtett a kat. hitre. Egyh\u00e1zmegyei zsinatot tartott a cs\u00edksomly\u00f3i pl\u00e9b\u00e1niatemplomban (1674). Pestisj\u00e1rv\u00e1nyidej\u00e9n maga l\u00e1tta el a haldokl\u00f3kat \u00e9s maga is a pestis \u00e1ldozata lett. Eml\u00e9k\u00e9t Cs\u00edksomly\u00f3n \u00e9s Gyergy\u00f3alfaluban eml\u00e9kt\u00e1bla \u0151rzi, Szov\u00e1t\u00e1n iskola \u00e9s M\u0171vel\u0151d\u00e9si otthon viseli a nev\u00e9t. Szobra \u00e1ll a R. k. templomn\u00e1l Szov\u00e1t\u00e1n. <br \/><strong>Irod.:<\/strong> Benedek Fid\u00e9l; Erd\u00e9lyi egyh\u00e1zak; Ferenczi S\u00e1ndor 2009; Gy\u00f6rffi; Gy\u00f6rgy: A ferencrendiek; Kr\u00f3n F\u00fcz. (1936. 17\/18); Incze; L\u00e9sty\u00e1n \u2013 templomok 1; L\u00e9sty\u00e1n Ferenc: 300 \u00e9ves a mikh\u00e1zi ferenceskolostor-templom (N\u00fa., 1992. szept. 8.); MKL; Ny\u00e1r\u00e1d mente; P\u00e1l-Antal; Sepsisz\u00e9ki; Szov\u00e1ta; \u00daM\u00c9L<\/br><\/p>\n","protected":false},"excerpt":{"rendered":"<p>Szov\u00e1ta, 1606. szept. 29., \u2020 Gyergy\u00f3alfalu, 1677. szept. 5., Cs\u00edksomly\u00f3n a kegytemplom kript\u00e1j\u00e1ban nyugszik.: r. k. f\u0151pap, ferences szerzetes, apostoli vik\u00e1rius, Coronai c. p\u00fcsp\u00f6k. \u2013 Anyja ref. volt, de visszat\u00e9r\u00edtette a kat. hitre (1635). \u2013 Nagyszombatban bel\u00e9pett a marianus rendtartom\u00e1nyba, ferences rendbe (1629), de bal mutat\u00f3ujja hi\u00e1nya miatt csak laikus testv\u00e9r lehetett, a tartom\u00e1nyf\u0151n\u00f6k maga [&hellip;]<\/p>\n","protected":false},"featured_media":0,"comment_status":"open","ping_status":"closed","template":"","meta":[],"product_brand":[],"product_cat":[137],"product_tag":[],"class_list":{"0":"post-6971","1":"product","2":"type-product","3":"status-publish","5":"product_cat-maros-megyei-eletrajzi-lexikon","7":"first","8":"instock","9":"shipping-taxable","10":"product-type-simple"},"_links":{"self":[{"href":"https:\/\/uj.adatbank.ro\/lexikon\/wp-json\/wp\/v2\/product\/6971","targetHints":{"allow":["GET"]}}],"collection":[{"href":"https:\/\/uj.adatbank.ro\/lexikon\/wp-json\/wp\/v2\/product"}],"about":[{"href":"https:\/\/uj.adatbank.ro\/lexikon\/wp-json\/wp\/v2\/types\/product"}],"replies":[{"embeddable":true,"href":"https:\/\/uj.adatbank.ro\/lexikon\/wp-json\/wp\/v2\/comments?post=6971"}],"wp:attachment":[{"href":"https:\/\/uj.adatbank.ro\/lexikon\/wp-json\/wp\/v2\/media?parent=6971"}],"wp:term":[{"taxonomy":"product_brand","embeddable":true,"href":"https:\/\/uj.adatbank.ro\/lexikon\/wp-json\/wp\/v2\/product_brand?post=6971"},{"taxonomy":"product_cat","embeddable":true,"href":"https:\/\/uj.adatbank.ro\/lexikon\/wp-json\/wp\/v2\/product_cat?post=6971"},{"taxonomy":"product_tag","embeddable":true,"href":"https:\/\/uj.adatbank.ro\/lexikon\/wp-json\/wp\/v2\/product_tag?post=6971"}],"curies":[{"name":"wp","href":"https:\/\/api.w.org\/{rel}","templated":true}]}}