{"id":7017,"date":"2025-06-28T18:12:18","date_gmt":"2025-06-28T16:12:18","guid":{"rendered":"https:\/\/uj.adatbank.ro\/lexikon\/termek\/dosa-elek-makfalvi\/"},"modified":"2025-06-28T18:12:18","modified_gmt":"2025-06-28T16:12:18","slug":"dosa-elek-makfalvi","status":"publish","type":"product","link":"https:\/\/uj.adatbank.ro\/lexikon\/termek\/dosa-elek-makfalvi\/","title":{"rendered":"D\u00d3SA Elek, makfalvi"},"content":{"rendered":"<p>\u00d3fenes, 1840. j\u00fal. 7., \u2020\u00a01922. okt. 19.: jog\u00e1sz, alisp\u00e1n, megyei f\u0151jegyz\u0151, ogy.-i k\u00e9pvisel\u0151, f\u0151gondnok. \u2013 D. Gergely \u00e9s Basa R\u00e1khel fia. Testv\u00e9rei: S\u00e1ndor \u00e9s Albert. Gyermekei: Elek; Emma Sassy Szab\u00f3 P\u00e1ln\u00e9; Ilona dr. Reichardsperg Lajosn\u00e9; Magda Ziegler Albertn\u00e9. \u2013 K\u00f6z\u00e9piskol\u00e1it \u00e9s a jogot Mv.-en, a filoz\u00f3fi\u00e1t Kv.-on v\u00e9gezte (1864). Hivatalt v\u00e1llalni nem \u00f3hajtott \u00edgy Makfalv\u00e1n az \u0151si csal\u00e1di birtokon gazd\u00e1lkodott (\u20131867), majd Marossz\u00e9k tiszteletbeli f\u0151jegyz\u0151je (1867), szolgab\u00edr\u00f3 (1872\u2013), f\u0151szolgab\u00edr\u00f3 az egyes\u00fclt Marostorda v\u00e1rmegy\u00e9ben (1883\u2013), f\u0151jegyz\u0151 (1884\u2013), alisp\u00e1n (1895\u2013), a mv-i ker\u00fclet ogy.-i k\u00e9pvisel\u0151je (1896. nov. 28\u20141901). A makfalvi Wessel\u00e9nyi iskola (1876), a mv.-i Ref. Koll (1885- 1901) \u00e9s a marosi egyh\u00e1zmegye gondnoka, majd f\u0151gondnoka volt. Mv.-en t\u00f6bb egyes\u00fcletnek v\u00e1lasztm\u00e1nyi vagy igazgat\u00f3s\u00e1gi tagja, az Agr\u00e1r Bank mv.-i fi\u00f3kj\u00e1n\u00e1l a fel\u00fcgyel\u0151bizotts\u00e1g eln\u00f6ke \u00e9s MT- vm. t\u00f6rv\u00e9nyhat\u00f3s\u00e1gi bizotts\u00e1g\u00e1nak virilis tagja, az EMKE mv.-i v\u00e1rosi v\u00e1lasztm\u00e1ny\u00e1nak alap\u00edt\u00f3tagja volt (1885). Marostorda vm. \u00fath\u00e1l\u00f3zat\u00e1nak ki\u00e9p\u00edt\u0151je, a Kis-K\u00fck\u00fcll\u0151 \u2013 v\u00f6lgy vas\u00fatj\u00e1nak egyik \u00e9p\u00edtett\u0151je. Mv.-en utca viselte a nev\u00e9t. \u2013 <strong>F. m.:<\/strong> Szab\u00e1lyrendelet Marostorda v\u00e1rmegye ter\u00fclet\u00e9n a M. K. \u00c1llamrend\u00e9szet kezel\u00e9se alatt \u00e1ll\u00f3 erd\u0151birtokokn\u00e1l az erd\u0151\u0151ri szem\u00e9lyzet szervez\u00e9se ir\u00e1nt (Mv., 1896). <br \/><strong>Irod.:<\/strong> EMKE 120; F\u00fcl\u00f6p Ir\u00e9n: \u00bb. Georgius Dosa Siculus de Makfalwa in sede Maros existente. \u00ab (N\u00fa., 1997. \u00e1pr. 26.); F\u00fcl\u00f6p\u2013Ferencz; Guly\u00e1s; Gy\u00e1szjelent\u0151; Ogyi almanach (1897\u20131901); Imreh Ern\u0151: D. E. = Er\u0151s V\u00e1runk; P\u00e1lmay; Par\u00e1di; S\u00e1ndor; Vigh<\/br><\/p>\n","protected":false},"excerpt":{"rendered":"<p>\u00d3fenes, 1840. j\u00fal. 7., \u2020\u00a01922. okt. 19.: jog\u00e1sz, alisp\u00e1n, megyei f\u0151jegyz\u0151, ogy.-i k\u00e9pvisel\u0151, f\u0151gondnok. \u2013 D. Gergely \u00e9s Basa R\u00e1khel fia. Testv\u00e9rei: S\u00e1ndor \u00e9s Albert. Gyermekei: Elek; Emma Sassy Szab\u00f3 P\u00e1ln\u00e9; Ilona dr. Reichardsperg Lajosn\u00e9; Magda Ziegler Albertn\u00e9. \u2013 K\u00f6z\u00e9piskol\u00e1it \u00e9s a jogot Mv.-en, a filoz\u00f3fi\u00e1t Kv.-on v\u00e9gezte (1864). Hivatalt v\u00e1llalni nem \u00f3hajtott \u00edgy Makfalv\u00e1n [&hellip;]<\/p>\n","protected":false},"featured_media":0,"comment_status":"open","ping_status":"closed","template":"","meta":[],"product_brand":[],"product_cat":[137],"product_tag":[],"class_list":{"0":"post-7017","1":"product","2":"type-product","3":"status-publish","5":"product_cat-maros-megyei-eletrajzi-lexikon","7":"first","8":"instock","9":"shipping-taxable","10":"product-type-simple"},"_links":{"self":[{"href":"https:\/\/uj.adatbank.ro\/lexikon\/wp-json\/wp\/v2\/product\/7017","targetHints":{"allow":["GET"]}}],"collection":[{"href":"https:\/\/uj.adatbank.ro\/lexikon\/wp-json\/wp\/v2\/product"}],"about":[{"href":"https:\/\/uj.adatbank.ro\/lexikon\/wp-json\/wp\/v2\/types\/product"}],"replies":[{"embeddable":true,"href":"https:\/\/uj.adatbank.ro\/lexikon\/wp-json\/wp\/v2\/comments?post=7017"}],"wp:attachment":[{"href":"https:\/\/uj.adatbank.ro\/lexikon\/wp-json\/wp\/v2\/media?parent=7017"}],"wp:term":[{"taxonomy":"product_brand","embeddable":true,"href":"https:\/\/uj.adatbank.ro\/lexikon\/wp-json\/wp\/v2\/product_brand?post=7017"},{"taxonomy":"product_cat","embeddable":true,"href":"https:\/\/uj.adatbank.ro\/lexikon\/wp-json\/wp\/v2\/product_cat?post=7017"},{"taxonomy":"product_tag","embeddable":true,"href":"https:\/\/uj.adatbank.ro\/lexikon\/wp-json\/wp\/v2\/product_tag?post=7017"}],"curies":[{"name":"wp","href":"https:\/\/api.w.org\/{rel}","templated":true}]}}