{"id":7047,"date":"2025-06-28T18:13:16","date_gmt":"2025-06-28T16:13:16","guid":{"rendered":"https:\/\/uj.adatbank.ro\/lexikon\/termek\/dosa-mihaly-makfalvi\/"},"modified":"2025-06-28T18:13:16","modified_gmt":"2025-06-28T16:13:16","slug":"dosa-mihaly-makfalvi","status":"publish","type":"product","link":"https:\/\/uj.adatbank.ro\/lexikon\/termek\/dosa-mihaly-makfalvi\/","title":{"rendered":"D\u00d3SA Mih\u00e1ly, makfalvi"},"content":{"rendered":"<p>1499, \u2020\u00a01579. k.: birtokos. \u2013 \u00c1d\u00e1m \u00e9s Herencs\u00e9nyi Borb\u00e1la fia. Feles\u00e9ge: Herencs\u00e9nyi Borb\u00e1la. Fiaik: Tam\u00e1s, Andr\u00e1s. \u2013 Az apja t\u00e1bornok (1540-ben) r\u00e9szt vett a B\u00e9k\u00e9s G\u00e1sp\u00e1r-f\u00e9le f\u00f6lkel\u00e9sben, Mih\u00e1ly is mellette harcolt, emiatt a szentp\u00e1li csata ut\u00e1n megfosztott\u00e1k birtokait\u00f3l, a B\u00e1thoryak a makfalvi birtokot Balog Ferencnek adom\u00e1nyozt\u00e1k. Mint politikai \u00fcld\u00f6z\u00f6tt, Magyarorsz\u00e1gba menek\u00fclt. Itt vette feles\u00e9g\u00fcl Herencs\u00e9nyi Borb\u00e1l\u00e1t, akivel G\u00f6m\u00f6rpanyiton \u00e9s M\u00e9hin, azonkiv\u00fcl N\u00f3gr\u00e1dban is nagyobb birtokokat kapott. K\u00e9s\u0151bb B\u00e1thory Istv\u00e1n oldal\u00e1n harcolt \u00e9s halt meg, \u00edgy v\u00e9tk\u00e9t j\u00f3v\u00e1tette, B\u00e1thory Krist\u00f3f az \u00f6zvegyet \u00e9s gyermekeit visszahelyezte a birtokba (1579), visszakapt\u00e1k a makfalvi udvarh\u00e1zat \u00e9s a marossz\u00e9ki birtokot. Tam\u00e1s nev\u0171 fia Mo.-on maradt \u00e9s a g\u00f6mr\u0151i \u00e1g megalap\u00edt\u00f3ja lett, mig m\u00e1sik fia Andr\u00e1s visszak\u00f6lt\u00f6z\u00f6tt Makfalv\u00e1ra \u00e9s a makfalvi \u00e1gat vitte tov\u00e1bb. <br \/><strong>Irod.:<\/strong> Benk\u0151; Kempelen; P\u00e1lmay; SzOkl, 1<\/br><\/p>\n","protected":false},"excerpt":{"rendered":"<p>1499, \u2020\u00a01579. k.: birtokos. \u2013 \u00c1d\u00e1m \u00e9s Herencs\u00e9nyi Borb\u00e1la fia. Feles\u00e9ge: Herencs\u00e9nyi Borb\u00e1la. Fiaik: Tam\u00e1s, Andr\u00e1s. \u2013 Az apja t\u00e1bornok (1540-ben) r\u00e9szt vett a B\u00e9k\u00e9s G\u00e1sp\u00e1r-f\u00e9le f\u00f6lkel\u00e9sben, Mih\u00e1ly is mellette harcolt, emiatt a szentp\u00e1li csata ut\u00e1n megfosztott\u00e1k birtokait\u00f3l, a B\u00e1thoryak a makfalvi birtokot Balog Ferencnek adom\u00e1nyozt\u00e1k. Mint politikai \u00fcld\u00f6z\u00f6tt, Magyarorsz\u00e1gba menek\u00fclt. Itt vette feles\u00e9g\u00fcl Herencs\u00e9nyi [&hellip;]<\/p>\n","protected":false},"featured_media":0,"comment_status":"open","ping_status":"closed","template":"","meta":[],"product_brand":[],"product_cat":[137],"product_tag":[],"class_list":{"0":"post-7047","1":"product","2":"type-product","3":"status-publish","5":"product_cat-maros-megyei-eletrajzi-lexikon","7":"first","8":"instock","9":"shipping-taxable","10":"product-type-simple"},"_links":{"self":[{"href":"https:\/\/uj.adatbank.ro\/lexikon\/wp-json\/wp\/v2\/product\/7047","targetHints":{"allow":["GET"]}}],"collection":[{"href":"https:\/\/uj.adatbank.ro\/lexikon\/wp-json\/wp\/v2\/product"}],"about":[{"href":"https:\/\/uj.adatbank.ro\/lexikon\/wp-json\/wp\/v2\/types\/product"}],"replies":[{"embeddable":true,"href":"https:\/\/uj.adatbank.ro\/lexikon\/wp-json\/wp\/v2\/comments?post=7047"}],"wp:attachment":[{"href":"https:\/\/uj.adatbank.ro\/lexikon\/wp-json\/wp\/v2\/media?parent=7047"}],"wp:term":[{"taxonomy":"product_brand","embeddable":true,"href":"https:\/\/uj.adatbank.ro\/lexikon\/wp-json\/wp\/v2\/product_brand?post=7047"},{"taxonomy":"product_cat","embeddable":true,"href":"https:\/\/uj.adatbank.ro\/lexikon\/wp-json\/wp\/v2\/product_cat?post=7047"},{"taxonomy":"product_tag","embeddable":true,"href":"https:\/\/uj.adatbank.ro\/lexikon\/wp-json\/wp\/v2\/product_tag?post=7047"}],"curies":[{"name":"wp","href":"https:\/\/api.w.org\/{rel}","templated":true}]}}