{"id":7095,"date":"2025-06-28T18:14:45","date_gmt":"2025-06-28T16:14:45","guid":{"rendered":"https:\/\/uj.adatbank.ro\/lexikon\/termek\/dsida-jeno\/"},"modified":"2025-06-28T18:14:45","modified_gmt":"2025-06-28T16:14:45","slug":"dsida-jeno","status":"publish","type":"product","link":"https:\/\/uj.adatbank.ro\/lexikon\/termek\/dsida-jeno\/","title":{"rendered":"DSIDA Jen\u0151"},"content":{"rendered":"<p>Szatm\u00e1rn\u00e9meti, 1907. m\u00e1j. 17., \u2020 Kv., 1938. j\u00fan. 7. a Hazsong\u00e1rdi temet\u0151ben nyugszik: k\u00f6lt\u0151, m\u0171for\u00add\u00edt\u00f3, \u00fajs\u00e1g\u00edr\u00f3. \u2013 Szatm\u00e1r\u00adn\u00e9metiben \u00e9retts\u00e9gizett (1925), A kv.-i egy. en jogot tanult (1925\u201327), de tanulm\u00e1nyait nem fejezte be. A P\u00e1sztort\u0171z c. lap technikai szerk. (1927\u20133l), majd Cs\u00e1sz\u00e1r K\u00e1rollyal (1931\u201333). k\u00f6zben Abaf\u00e1j\u00e1n a br. Husz\u00e1r csal\u00e1dn\u00e1l h\u00e1zitan\u00edt\u00f3, br. Husz\u00e1r K\u00e1rolyt \u00e9s L\u00e1szl\u00f3t tan\u00edtotta (1928 \u201329). R\u00e9szt vett a marosv\u00e9csi Helikon tal\u00e1lkoz\u00f3kon (1929\u2013), az Erd\u00e9lyi Fiatalok c. lap alap\u00ed\u00adt\u00e1s\u00e1ban (1930). F\u0103lticeniben, majd Ia\u015fiban katonai szolg\u00e1latot teljes\u00edtett (1932. nov.), de sz\u00edvbeteges\u00e9ge miatt leszerelt\u00e9k. Egy zar\u00e1ndok\u00adcsoporttal Olaszo.-ban j\u00e1rt, fogadta \u0151ket a p\u00e1pa is. A Keleti \u00dajs\u00e1g munkat\u00e1rsa (1934\u2013), a nagyv\u00e1radi Erd\u00e9lyi Lapok. Kv.-i tud\u00f3\u00ads\u00edt\u00f3ja (1934\u201338), az Erd\u00e9lyi Sz\u00e9pm\u00edves C\u00e9h lektora. A KZST (1929), az Erd\u00e9lyi \u00cdrod. T\u00e1rs. (1930) tagja; az Erd\u00e9lyi Kat. Akad. (1931) \u00e9s a rom\u00e1niai Pen Klub m. tagozat\u00e1nak titk\u00e1ra (1933). Abaf\u00e1j\u00e1n a kast\u00e9ly fal\u00e1n eml\u00e9kplakett \u0151rzi eml\u00e9k\u00e9t. \u2013 <strong>F. m.:<\/strong> Leselked\u0151 mag\u00e1ny (versek; Kv., 1928); Magyar karav\u00e1n Itali\u00e1n kereszt\u00fcl (irod. \u00fatirajz; Nagyv\u00e1rad, 1933); Nagycs\u00fct\u00f6rt\u00f6k (versek; Kv., 1933); Angyalok citer\u00e1j\u00e1n (versek; Bp., 1938); D. J. v\u00e1logatott versei. (Bev. R\u00f3nay Gy\u00f6rgy; Bp., 1944); T\u00f3parti k\u00f6ny\u00f6rg\u00e9s (V\u00e1l., bev. \u00c1prily Lajos; v\u00e1l. versek; Kv., 1958); Arany \u00e9s k\u00e9k szavakkal (versek; Kv., 1965); Versek. (Bev. Szeml\u00e9r Ferenc, bibl. R\u00e9thy Andor; Buk., 1966); D. J. v\u00e1logatott versei. (Szerk. J\u00e9kely Zolt\u00e1n, bev. Lengyel Bal\u00e1zs; Bp., 1980); \u00dat a K\u00e1lv\u00e1ri\u00e1ra (v\u00e1l. versek, pr\u00f3zai \u00edr\u00e1sok; bev. Pomog\u00e1ts B\u00e9la, jegyz., bibl. Csisz\u00e9r Alajos; Buk., 1985); D. J. levelesl\u00e1d\u00e1ja. Szerk. Csisz\u00e9r Alajos (Gy\u0151r, 1991); S\u00e9ta egy csod\u00e1latos szigeten (Cikkek, riportok, nov., levelek; bev. Marosi Ildik\u00f3, bibl. V\u00e1czy Leona; Buk., 1992); L\u00e9gy m\u00e1r legenda (D. J. \u00f6sszes versei \u00e9s m\u0171ford\u00edt\u00e1sai; Szerk. Csi\u00adsz\u00e9r Alajos; Bp., 1997); Leselked\u0151 mag\u00e1ny (V\u00e1l. versek; v\u00e1l. G\u00f6r\u00f6mbei Andr\u00e1s; Bp., 1999); <strong>ford.:<\/strong> Peisaj cu nori (versek; Emil Giurgiuc\u0103 ford.; Buc., 1974).; Arghezi, Tudor: Testamentom (Bp., 1961); Arghezi, Tudor: Legszebb versei (ford. \u00c1prily Lajos, D. J.; Buk., 1962); Arghezi, Tudor: Versek (ford. \u00c1prily Lajos, B\u00f6l\u00f6ni S\u00e1ndor, D. J.; Buk., 1964); \u00d6ssze\u00adgy\u0171jt\u00f6tt m\u0171ford\u00edt\u00e1sok (Buk., 1969); Versek \u00e9s m\u0171ford\u00edt\u00e1sok (Bev. L\u00e1ng Guszt\u00e1v; Kv., 1974); \u00d6sszegy\u0171jt\u00f6tt versek \u00e9s m\u0171for\u00add\u00edt\u00e1sok. (Bev. L\u00e1ng Guszt\u00e1v, ut\u00f3sz\u00f3 Szakolczay Lajos; Bp., 1983); Purgat\u00f3rium=B\u00f6jte L\u00eddia: D. J. Abaf\u00e1j\u00e1n (M\u0171vel\u0151d\u00e9s, 1. sz., 2009. jan.); H\u00e1zsong\u00e1rd; \u00daM\u00c9L; \u201eSzerelmes dr\u00e1ga kicsik\u00e9m!\u201dDsida Jen\u0151n\u00e9 Imbery Melinda\u201d = Adamovits S\u00e1ndor: Helikoni nagyasszonyok (Gyergy\u00f3szentmikl\u00f3s, 2006); \u00dcnnepi k\u00f6nyv<\/br><\/p>\n","protected":false},"excerpt":{"rendered":"<p>Szatm\u00e1rn\u00e9meti, 1907. m\u00e1j. 17., \u2020 Kv., 1938. j\u00fan. 7. a Hazsong\u00e1rdi temet\u0151ben nyugszik: k\u00f6lt\u0151, m\u0171for\u00add\u00edt\u00f3, \u00fajs\u00e1g\u00edr\u00f3. \u2013 Szatm\u00e1r\u00adn\u00e9metiben \u00e9retts\u00e9gizett (1925), A kv.-i egy. en jogot tanult (1925\u201327), de tanulm\u00e1nyait nem fejezte be. A P\u00e1sztort\u0171z c. lap technikai szerk. (1927\u20133l), majd Cs\u00e1sz\u00e1r K\u00e1rollyal (1931\u201333). k\u00f6zben Abaf\u00e1j\u00e1n a br. Husz\u00e1r csal\u00e1dn\u00e1l h\u00e1zitan\u00edt\u00f3, br. Husz\u00e1r K\u00e1rolyt \u00e9s L\u00e1szl\u00f3t [&hellip;]<\/p>\n","protected":false},"featured_media":0,"comment_status":"open","ping_status":"closed","template":"","meta":[],"product_brand":[],"product_cat":[137],"product_tag":[],"class_list":{"0":"post-7095","1":"product","2":"type-product","3":"status-publish","5":"product_cat-maros-megyei-eletrajzi-lexikon","7":"first","8":"instock","9":"shipping-taxable","10":"product-type-simple"},"_links":{"self":[{"href":"https:\/\/uj.adatbank.ro\/lexikon\/wp-json\/wp\/v2\/product\/7095","targetHints":{"allow":["GET"]}}],"collection":[{"href":"https:\/\/uj.adatbank.ro\/lexikon\/wp-json\/wp\/v2\/product"}],"about":[{"href":"https:\/\/uj.adatbank.ro\/lexikon\/wp-json\/wp\/v2\/types\/product"}],"replies":[{"embeddable":true,"href":"https:\/\/uj.adatbank.ro\/lexikon\/wp-json\/wp\/v2\/comments?post=7095"}],"wp:attachment":[{"href":"https:\/\/uj.adatbank.ro\/lexikon\/wp-json\/wp\/v2\/media?parent=7095"}],"wp:term":[{"taxonomy":"product_brand","embeddable":true,"href":"https:\/\/uj.adatbank.ro\/lexikon\/wp-json\/wp\/v2\/product_brand?post=7095"},{"taxonomy":"product_cat","embeddable":true,"href":"https:\/\/uj.adatbank.ro\/lexikon\/wp-json\/wp\/v2\/product_cat?post=7095"},{"taxonomy":"product_tag","embeddable":true,"href":"https:\/\/uj.adatbank.ro\/lexikon\/wp-json\/wp\/v2\/product_tag?post=7095"}],"curies":[{"name":"wp","href":"https:\/\/api.w.org\/{rel}","templated":true}]}}