{"id":7119,"date":"2025-06-28T18:15:32","date_gmt":"2025-06-28T16:15:32","guid":{"rendered":"https:\/\/uj.adatbank.ro\/lexikon\/termek\/duicu-serafim-%c2%a7-alnevei-george-eliade-sergiu-tismaneanu\/"},"modified":"2025-06-28T18:15:32","modified_gmt":"2025-06-28T16:15:32","slug":"duicu-serafim-%c2%a7-alnevei-george-eliade-sergiu-tismaneanu","status":"publish","type":"product","link":"https:\/\/uj.adatbank.ro\/lexikon\/termek\/duicu-serafim-%c2%a7-alnevei-george-eliade-sergiu-tismaneanu\/","title":{"rendered":"DUICU Serafim, \u00a7 \u00e1lnevei: George Eliade, Sergiu Tismaneanu"},"content":{"rendered":"<p>Tismana, 1938. aug. 6., \u2020 Mv., 1996. okt. 19., A Recea-i kolostorban nyugszik: irodalomt\u00f6rt\u00e9n\u00e9sz, kritikus, egyetemi tan\u00e1r. \u2013 A k\u00f6z\u00e9piskol\u00e1t Tg. Jiu-ban \u00e9s Craiova-n (1952\u201356), a BBTE filol\u00f3gia szak\u00e1t Kv.-on v\u00e9gezte (1956\u201361). Tan\u00edtott Bal\u00e1zsfalv\u00e1n a Faipari Iskolak\u00f6zpontban (1961\u201364), a mv.-i Pedag\u00f3giai F\u0151iskol\u00e1n tan\u00e1rseg\u00e9d (1964\u201374). Doktori disszert\u00e1ci\u00f3j\u00e1t Vladimir Streinur\u00f3l \u00edrta \u00e9s a buk.-i egyetemen v\u00e9dte meg \u015eerban Cioculescu akad. vezet\u00e9s\u00e9vel (1974). A mv.-i Vatra irodalmi lap szerk.-je (1974\u201378). A Sz\u00ednm\u0171v\u00e9szeti F\u0151iskol\u00e1n ill. Akad. -\u00e1n (1978- ) egyetemes sz\u00ednh\u00e1zt\u00f6rt\u00e9netet tan\u00edtott, mint megh\u00edvott el\u0151ad\u00f3 (1976\u2013), majd tan\u00e1rseg\u00e9d, el\u0151ad\u00f3tan\u00e1r, professzor\u00a0(1978\u201396) a rom\u00e1n sz\u00ednh\u00e1zt\u00f6rt\u00e9net \u00e9s dr\u00e1maelm\u00e9let el\u0151ad\u00f3ja. A Maros Megyei M\u0171vel\u0151d\u00e9si Fel\u00fcgyel\u0151s\u00e9gen f\u0151tan\u00e1csad\u00f3 (1990\u201393). Miniszteri rangban \u00e1llamtitk\u00e1r Buk.-ben a M\u0171vel\u0151d\u00e9si Miniszt\u00e9riumban (1993). A Mv.-i Nemzeti Sz\u00ednh\u00e1z igazgat\u00f3ja (1994\u201396) \u00e9s a Dimitrie Cantemir \u00d6kol\u00f3giai Egyetem rektora. Megalap\u00edtotta a \u015ecoala Ardelan\u0103 M\u0171vel\u0151d\u00e9si Egyletet \u00e9s Alap\u00edtv\u00e1nyt, valamint a \u015ecoala Ardelan\u0103 c. lapot (1991\u201393), az Alexandru Papiu Ilarian Kultur\u00e1lis T\u00e1rsas\u00e1got (1995), melynek tb. eln\u00f6ke. szerk.-je a Curierul de Transilvania-nak; k\u00f6z\u00f6lt a Tribuna, Steaua, Ramuri, Vatra, Orizont, Via\u0163a Rom\u00e2neasc\u0103, Convorbiri literare, Cronica, Familia, Transilvania, Ateneu, Rom\u00e2nia literar\u0103, Teatrul, T\u00e2rnava, V\u00e2lcea literar\u0103, Tezaur, Analele Universit\u0103\u0163ii Ecologice \u201eDimitrie Cantemir\u201d c. lapokban. Megkapta a Mv.-i \u00cdr\u00f3sz\u00f6vets\u00e9g D\u00edj\u00e1ta Dic\u0163ionar de personaje dramatice c. k\u00f6tet\u00e9\u00e9rt. Sajt\u00f3 al\u00e1 rendezte t\u00f6bb rom\u00e1n \u00edr\u00f3: Petru Maior, Vasile Moldovan, Al. Papiu Ilarian, Ion Pop Reteganul, Octavian Goga jelent\u0151s m\u0171veit. M\u0171vel\u0151d\u00e9si Oszt\u00e1ly vezet\u0151jek\u00e9nt fel\u00e1ll\u00edttatta Marosludason M. Eminescu \u00e9s G. Co\u015fbuc mellszobr\u00e1t, Eminescu \u00e9s Goga mellszobr\u00e1t Dics\u0151szentm\u00e1rtonban, Al. B\u0103tr\u00e2neanu\u00e9t B\u00e1ld faluban \u00e9s Al. Papiu Ilarian\u00e9t a r\u00f3la elnevezett faluban, vissza hozatta Mv.-re Tord\u00e1r\u00f3l a Latinit\u00e1s Eml\u00e9km\u0171vet \u2013 Lupa Capitolina, amelyet a f\u0151t\u00e9ren helyeztek el. Post mortem Dics\u0151szentm\u00e1rton v\u00e1ros a d\u00edszpolg\u00e1ri c\u00edmet adom\u00e1nyozta neki (2001. m\u00e1j. 17.). Mv.-en gimn. viseli a nev\u00e9t (2007) \u00e9s egy utc\u00e1t is neveztek el r\u00f3la. \u2013 <strong>F. m.:<\/strong> Vladimir Streinu, critic, istoric literar, teoretician al poeziei \u015fi poet (1974); Vladimir Streinu: monografie (Craiova, 1977); Pe urmele lui Gheorghe \u015eincai (Buc., 1983); Pe urmele lui Samuil Micu Clain (Buc., 1986); Pe urmele lui Petru Maior (Buc., 1990); Dic\u0163ionar de personaje dramatice (Buc., 1994); Euripide: un \u201emodern\u201d printre clasici (Tg. M., 1999); Ochi de veghe: m\u0103rturii (Tg. M., 2001); Ochi de veghe: poeme (Tg. M., 2005); Paralaxe critice (Tg. M., 2006); Formele nelini\u015ftii (Tg. M., 2009); <strong>t\u00e1rssz.:<\/strong> Mure\u015f, pe marginea ta (Laz\u0103r L\u0103dariu-val; Tg. M., 1969); Lucr\u0103ri \u015ftiin\u0163ifice (Tg. M., 1969, 1970); Pagini mure\u015fene (Tg. M., 1970, 1971); Orele \u0163\u0103rii XXV (Tg. M., 1972); Studii \u015fi cercet\u0103ri \u015ftiin\u0163ifice (Tg. M., 1995); Sexualitatea uman\u0103 (Tg. M., 1996); <strong>szerk.:<\/strong> Pop Reteganul, Ion. Aminttirile unui \u015fcolar de alt\u0103dat\u0103 Ochi de veghe: (Buc., 1969); Bu\u0163iu, Vasile: Du-te, dor, cu Mure\u015ful. (Tg. M., 1976); Bucur, Septimiu: Banchetul lui Lucullus (Cluj-N., 1978); Ion Antonescu \u015fi Garda de Fier (Tg. M., 1991); G\u00e2rleanu, Emil. Din lumea celor care nu cuv\u00e2nt\u0103 (Craiova, 1994); Dasc\u0103lu, Gheorghe: Stropi de g\u00e2nd: aforisme (Buc., 1995); Elena din Ardeal. Poezii \u015fi poeme \u00een proz\u0103 (Tg. M., 1995); Moldovan, Vasile. Memorii din 1848\u201349 (Tg. M., 1995); Blaga, Iosif: Teoria dramei cu un tratat introductiv despre frumos \u015fi art\u0103 (Craiova, 1995); Goga, Octavian. Rug\u0103ciune (Craiova, 1995); Maior, Petru. Procanon (Tg. M., 1996); Papiu Ilarian, Al. Istoria rom\u00e2nilor din Dacia Superioar\u0103 (Tg. M., 1996). <br \/><strong>Irod.:<\/strong> Csal\u00e1di inf.; Cosma; (C. L., 2003. j\u00fan. 13.; 2005. nov. 1); Dasc\u0103li mure\u015feni, 3.; DGLR; Domokos 1978; DSR; Husar; Cristescu, Mariana: Ochi de veghe (Tg. M., 2001); Pers. publ. &#8211; pol. 1995\u20131996.; Soare; T\u00e2rn\u0103veni, cult. &#8211; ist.<\/br><\/p>\n","protected":false},"excerpt":{"rendered":"<p>Tismana, 1938. aug. 6., \u2020 Mv., 1996. okt. 19., A Recea-i kolostorban nyugszik: irodalomt\u00f6rt\u00e9n\u00e9sz, kritikus, egyetemi tan\u00e1r. \u2013 A k\u00f6z\u00e9piskol\u00e1t Tg. Jiu-ban \u00e9s Craiova-n (1952\u201356), a BBTE filol\u00f3gia szak\u00e1t Kv.-on v\u00e9gezte (1956\u201361). Tan\u00edtott Bal\u00e1zsfalv\u00e1n a Faipari Iskolak\u00f6zpontban (1961\u201364), a mv.-i Pedag\u00f3giai F\u0151iskol\u00e1n tan\u00e1rseg\u00e9d (1964\u201374). Doktori disszert\u00e1ci\u00f3j\u00e1t Vladimir Streinur\u00f3l \u00edrta \u00e9s a buk.-i egyetemen v\u00e9dte meg [&hellip;]<\/p>\n","protected":false},"featured_media":0,"comment_status":"open","ping_status":"closed","template":"","meta":[],"product_brand":[],"product_cat":[137],"product_tag":[],"class_list":{"0":"post-7119","1":"product","2":"type-product","3":"status-publish","5":"product_cat-maros-megyei-eletrajzi-lexikon","7":"first","8":"instock","9":"shipping-taxable","10":"product-type-simple"},"_links":{"self":[{"href":"https:\/\/uj.adatbank.ro\/lexikon\/wp-json\/wp\/v2\/product\/7119","targetHints":{"allow":["GET"]}}],"collection":[{"href":"https:\/\/uj.adatbank.ro\/lexikon\/wp-json\/wp\/v2\/product"}],"about":[{"href":"https:\/\/uj.adatbank.ro\/lexikon\/wp-json\/wp\/v2\/types\/product"}],"replies":[{"embeddable":true,"href":"https:\/\/uj.adatbank.ro\/lexikon\/wp-json\/wp\/v2\/comments?post=7119"}],"wp:attachment":[{"href":"https:\/\/uj.adatbank.ro\/lexikon\/wp-json\/wp\/v2\/media?parent=7119"}],"wp:term":[{"taxonomy":"product_brand","embeddable":true,"href":"https:\/\/uj.adatbank.ro\/lexikon\/wp-json\/wp\/v2\/product_brand?post=7119"},{"taxonomy":"product_cat","embeddable":true,"href":"https:\/\/uj.adatbank.ro\/lexikon\/wp-json\/wp\/v2\/product_cat?post=7119"},{"taxonomy":"product_tag","embeddable":true,"href":"https:\/\/uj.adatbank.ro\/lexikon\/wp-json\/wp\/v2\/product_tag?post=7119"}],"curies":[{"name":"wp","href":"https:\/\/api.w.org\/{rel}","templated":true}]}}