{"id":7170,"date":"2025-06-28T18:17:15","date_gmt":"2025-06-28T16:17:15","guid":{"rendered":"https:\/\/uj.adatbank.ro\/lexikon\/termek\/e-kovacs-gyula-%c2%a7-ecsedi-kovacs-gyula-kovacs-gyula\/"},"modified":"2025-06-28T18:17:15","modified_gmt":"2025-06-28T16:17:15","slug":"e-kovacs-gyula-%c2%a7-ecsedi-kovacs-gyula-kovacs-gyula","status":"publish","type":"product","link":"https:\/\/uj.adatbank.ro\/lexikon\/termek\/e-kovacs-gyula-%c2%a7-ecsedi-kovacs-gyula-kovacs-gyula\/","title":{"rendered":"E. KOV\u00c1CS Gyula, \u00a7 Ecsedi Kov\u00e1cs Gyula, Kov\u00e1cs Gyula"},"content":{"rendered":"<p>Gebe, 1839. febr. 14., \u2020 Segesv\u00e1r, 1899. aug. 2. S\u00edrja Kv.-on van. Sz\u00edn\u00e9sz, k\u00f6lt\u0151, a kv.-i Nemzeti Sz\u00ednh\u00e1z \u00f6r\u00f6k\u00f6s tagja. \u2013 Papi csal\u00e1db\u00f3l sz\u00e1rmazott. Le\u00e1nyai: Etelka \u00e9s Ilona. \u2013 Szatm\u00e1ron a Ref. Algimn.-ban (1851\u2013), Debrecenben a Koll.-ban tanult (1852\u2013), itt volt el\u0151sz\u00f6r sz\u00ednh\u00e1zban. Elhat\u00e1rozta, hogy sz\u00edn\u00e9sz lesz, k\u00fcl\u00f6mb\u0151z\u0151 t\u00e1rsulatokkal j\u00e1rta az orsz\u00e1got nyomorral \u00e9s \u00e9hs\u00e9ggel k\u00fczdve. Szin\u00e9szi p\u00e1ly\u00e1j\u00e1t Debrecenben L\u00e1ng Boldizs\u00e1r egy\u00fcttes\u00e9ben kezdte (1856). H\u00e1romszor volt a pesti Nemzeti Sz\u00ednh\u00e1z tagja (1859, 1870, 1878\u201381). A kv.-i sz\u00ednh\u00e1z h\u0151ssz\u00edn\u00e9sze majd m\u0171v\u00e9szeti vezet\u0151je (1865\u201369, 1870\u201378, 1881\u20131899). P\u00e1ly\u00e1j\u00e1n a mv.-i sz\u00edn\u00e9szet fontos \u00e1llom\u00e1st jelentett. Negyven\u00e9ves sz\u00edn\u00e9szi jubileum\u00e1t itt is meg\u00fcnnepelt\u00e9k. K\u00e9pzett \u00e9s tudatos m\u0171v\u00e9sz, kiemelked\u0151 dr\u00e1mai sz\u00edn\u00e9sz, Egressy G\u00e1bor st\u00edlus\u00e1nak folytat\u00f3ja, rendk\u00edv\u00fcl sokoldal\u00fa, intrikusnak, tragikusnak is kiv\u00e1l\u00f3. Shakespeare alak\u00edt\u00e1sai orsz\u00e1gos h\u00edr\u0171v\u00e9 tett\u00e9k, t\u00f6bb v\u00e1ros megh\u00edvta vend\u00e9gszerepl\u00e9sre. Moliere, Racine, Schiller dr\u00e1m\u00e1i mellett \u0151 adta el\u0151 Goethe Faustj\u00e1t els\u0151 \u00edzben m. nyelven, de hivat\u00e1s\u00e1nak tekintette a m. dr\u00e1ma m\u0171vel\u00e9s\u00e9t is. Leford\u00edtotta Schiller, Racine \u00e9s Moli\u00e9re da\u00adrabjait. Kv.-on \u00fclte meg szin\u00e9szi p\u00e1ly\u00e1j\u00e1nak ez\u00fcst (1885) \u00e9s negyven\u00e9ves jubileum\u00e1t (Kv., 1896; Debrecen, 1897). Tev\u00e9keny tagja volt a mv.-i KZST, a Pet\u0151fi T\u00e1rsas\u00e1gnak, a nagyv\u00e1radi Szigligeti T\u00e1rsas\u00e1gnak \u00e9s a debreceni Csokonai K\u00f6rnek. K\u00f6ltem\u00e9nyeket, elbesz\u00e9l\u00e9seket, rajzokat \u00edrt a : H\u00f6lgyfut\u00e1r, Divatcsarnok, Cs\u00e1sz\u00e1rf\u00fcrd\u0151i Album, Vas\u00e1rnapi \u00dajs\u00e1g, Koszor\u00fa, Otthon, Pet\u0151fi T\u00e1rsas\u00e1g Lapja, K\u00e9pes Csal\u00e1di Lap, M. Polg\u00e1r, Sz\u00edn\u00e9szeti K\u00f6zl\u00f6ny, kv.-i Ellenz\u00e9k, Magyarorsz\u00e1g, Orsz\u00e1g Vil\u00e1g, Erd\u00e9lyi H\u00edrad\u00f3, Erd\u00e9lyi \u00cdr\u00f3k \u00e9s M\u0171v\u00e9szek Almanachja, Nagyv\u00e1rad, Kolozsv\u00e1r, F\u0151v\u00e1rosi Lapok, A H\u00e9t, M. G\u00e9niusz, Bp.-i H\u00edrlap, Napl\u00f3, Hasznos Tan\u00e1csad\u00f3-ban. T\u00f6bb sz\u00ednm\u0171vet alkalmazott sz\u00ednpadra. A segesv\u00e1ri Pet\u0151fi-\u00fcnneps\u00e9gen az eml\u00e9koszlop felavat\u00e1sakor szaval\u00e1s k\u00f6zben rosszul lett \u00e9s Segesv\u00e1ron halt meg. J\u00e9kely Zolt\u00e1n egyik reg\u00e9ny\u00e9nek h\u0151se. \u2013 <strong>F. m.:<\/strong> Kov\u00e1cs Gyula k\u00f6ltem\u00e9nyei (Pest, 1869); Eml\u00e9kek. \u00c9lm\u00e9nyek, I. (K\u00adv., 1888); E. Kov\u00e1cs Gyula k\u00f6ltem\u00e9nyei (Bp., 1892); E. Kov\u00e1cs Gyula k\u00f6ltem\u00e9nyei a k\u00f6lt\u0151 \u00e9letrajz\u00e1val (\u00d6ssze\u00e1ll. Ferenczi Zolt\u00e1n; kiadj\u00e1k le\u00e1nyai E. Kov\u00e1cs Ilona \u00e9s Etelka; Kv., 1900); M\u00e1ty\u00e1s kir\u00e1ly (Kv., 1896); Eml\u00e9kez\u00e9s r\u00e9giekr\u0151l (Debrecen, 1898); Eml\u00e9kek, \u00c9lm\u00e9nyek (Debrecen, 1898); Bocskai Istv\u00e1n (k\u00e9zirat, 1892); E. K. Gy. \u00f6sszegy\u0171jt\u00f6tt versei 1869\u201392 (Kolozsv\u00e1r, 1900). Pet\u0151fi \u00e9bred\u00e9se (k\u00e9zirat, el\u0151adt\u00e1k Kv.-on); <strong>ford.:<\/strong> Schiller: Don Carlos (Bp., 1881); Stuart Maria (k\u00e9zirat , 1887); <strong>F. sz.:<\/strong> Shakespeare szerepei: Hamlet, Coriolanus, Macbeth, III. Rich\u00e1rd, Othello, Lear, Antonius (Julius Caesar); Shylock ( A velencei kalm\u00e1r); Petruchio (A makrancos h\u00f6lgy); Wallenstein (Schiller: Wallenstein hal\u00e1la); Teli Vilmos (Schiller: Tell Vilmos); Ferdin\u00e1nd (Schiller: \u00c1rm\u00e1ny \u00e9s szerelem); Faust (Goethe); B\u00e1nk b\u00e1n (Katona J: B\u00e1nk b\u00e1n.); Don Caesar de Bazan (Dumanoir-D&#8217;Ennery); M\u00f3\u00adzes (Mad\u00e1ch: M\u00f3zes). <br \/><strong>Irod.:<\/strong> Bartha Katalin \u00c1gnes: Shakespeare Erd\u00e9lyben: XIX. sz\u00e1zadi m. nyelv\u0171 recepci\u00f3 (Bp., 2010); Bartha Katalin \u00c1gnes: A sz\u00ednh\u00e1zr\u00f3l foly\u00f3 besz\u00e9d \u201ek\u00e9pes\u201d nyelve: E. K. Gy. alak\u00edt\u00e1sainak korabeli le\u00edr\u00e1sa (Sz\u00e9kelyf\u00f6ld, 11.sz., 2005. nov.); Darvay Nagy Adrienne: Bil\u00e9ta a m\u00faltnak te\u00e1trum\u00e1ba (Erd\u00e9lyi Figyel\u0151, 5. sz., 1995); Ferenczi Zolt\u00e1n: E. K. Gy. k\u00f6ltem\u00e9nyei a k\u00f6lt\u0151 \u00e9letrajz\u00e1val (Kv., 1900); Ferenczi Zolt\u00e1n: A kv.-i sz\u00edn\u00e9szet \u00e9s sz\u00ednh\u00e1z t\u00f6rt\u00e9nete (Kv., 1897); Ga\u00e1l; Guly\u00e1s; Katona Szab\u00f3 Istv\u00e1n: Az \u00daj \u00c9let lexikona, 95. (\u00daj \u00c9let, 12. sz. 1974.); Kov\u00e1cs Levente; Marosi-KZST; M\u00c9L; MSZL; Piroska; Sch\u00f6pflin; Szentimrei; Sz\u00e9pr\u00e9ti Lilla: Az Apoll\u00f3 sz\u00e1la (Erd\u00e9lyi Figyel\u0151, 7. sz., 1996. m\u00e1rc.); Szinnyei; \u00dajh\u00e1zi Ede: R\u00e9gi sz\u00edn\u00e9szekr\u0151l (Bp., 1908); \u00daM\u00c9L; Vir\u00e1gh G\u00e9za B.: Magyar sz\u00ednm\u0171v\u00e9szet (Bp., 1900)<\/br><\/p>\n","protected":false},"excerpt":{"rendered":"<p>Gebe, 1839. febr. 14., \u2020 Segesv\u00e1r, 1899. aug. 2. S\u00edrja Kv.-on van. Sz\u00edn\u00e9sz, k\u00f6lt\u0151, a kv.-i Nemzeti Sz\u00ednh\u00e1z \u00f6r\u00f6k\u00f6s tagja. \u2013 Papi csal\u00e1db\u00f3l sz\u00e1rmazott. Le\u00e1nyai: Etelka \u00e9s Ilona. \u2013 Szatm\u00e1ron a Ref. Algimn.-ban (1851\u2013), Debrecenben a Koll.-ban tanult (1852\u2013), itt volt el\u0151sz\u00f6r sz\u00ednh\u00e1zban. Elhat\u00e1rozta, hogy sz\u00edn\u00e9sz lesz, k\u00fcl\u00f6mb\u0151z\u0151 t\u00e1rsulatokkal j\u00e1rta az orsz\u00e1got nyomorral \u00e9s \u00e9hs\u00e9ggel [&hellip;]<\/p>\n","protected":false},"featured_media":0,"comment_status":"open","ping_status":"closed","template":"","meta":[],"product_brand":[],"product_cat":[137],"product_tag":[],"class_list":{"0":"post-7170","1":"product","2":"type-product","3":"status-publish","5":"product_cat-maros-megyei-eletrajzi-lexikon","7":"first","8":"instock","9":"shipping-taxable","10":"product-type-simple"},"_links":{"self":[{"href":"https:\/\/uj.adatbank.ro\/lexikon\/wp-json\/wp\/v2\/product\/7170","targetHints":{"allow":["GET"]}}],"collection":[{"href":"https:\/\/uj.adatbank.ro\/lexikon\/wp-json\/wp\/v2\/product"}],"about":[{"href":"https:\/\/uj.adatbank.ro\/lexikon\/wp-json\/wp\/v2\/types\/product"}],"replies":[{"embeddable":true,"href":"https:\/\/uj.adatbank.ro\/lexikon\/wp-json\/wp\/v2\/comments?post=7170"}],"wp:attachment":[{"href":"https:\/\/uj.adatbank.ro\/lexikon\/wp-json\/wp\/v2\/media?parent=7170"}],"wp:term":[{"taxonomy":"product_brand","embeddable":true,"href":"https:\/\/uj.adatbank.ro\/lexikon\/wp-json\/wp\/v2\/product_brand?post=7170"},{"taxonomy":"product_cat","embeddable":true,"href":"https:\/\/uj.adatbank.ro\/lexikon\/wp-json\/wp\/v2\/product_cat?post=7170"},{"taxonomy":"product_tag","embeddable":true,"href":"https:\/\/uj.adatbank.ro\/lexikon\/wp-json\/wp\/v2\/product_tag?post=7170"}],"curies":[{"name":"wp","href":"https:\/\/api.w.org\/{rel}","templated":true}]}}