{"id":7190,"date":"2025-06-28T18:17:57","date_gmt":"2025-06-28T16:17:57","guid":{"rendered":"https:\/\/uj.adatbank.ro\/lexikon\/termek\/egerhazi-janos-kepiro-janos-mezobandi-egerhazi-janos-mezobandi\/"},"modified":"2025-06-28T18:17:57","modified_gmt":"2025-06-28T16:17:57","slug":"egerhazi-janos-kepiro-janos-mezobandi-egerhazi-janos-mezobandi","status":"publish","type":"product","link":"https:\/\/uj.adatbank.ro\/lexikon\/termek\/egerhazi-janos-kepiro-janos-mezobandi-egerhazi-janos-mezobandi\/","title":{"rendered":"EGERH\u00c1ZI J\u00e1nos, K\u00e9p\u00edr\u00f3 J\u00e1nos, Mez\u0151b\u00e1ndi Egerh\u00e1zi J\u00e1nos, mez\u0151b\u00e1ndi"},"content":{"rendered":"<p>? \u2020\u00a01647 k.: fest\u0151m\u0171v\u00e9sz, mennyezetfest\u0151. \u2013 Szem\u00e9ly\u00e9r\u0151l \u00e9s alkot\u00e1sair\u00f3l kev\u00e9s az inform\u00e1ci\u00f3. Nemesi csal\u00e1db\u00f3l sz\u00e1rmazott, melyb\u0151l Egerh\u00e1zi Bal\u00e1zs \u2013 val\u00f3sz\u00edn\u0171leg a m\u0171v\u00e9sz apja vagy apj\u00e1nak testv\u00e9re \u2013 B\u00e1thori G\u00e1bor fejedelemt\u0151l nyert el\u0151sz\u00f6r c\u00edmeres nemeslevelet (1609. febr. 9). \u00dagy t\u0171nik, hogy ekkoriban m\u00e9g nagyon fiatal volt, mert az adom\u00e1ny el\u0151tte feled\u00e9sbe mer\u00fclhetett, vagy nem volt a birtok\u00e1ban. Ez\u00e9rt sz\u00e1m\u00e1ra I. R\u00e1k\u00f3czi Gy\u00f6rgy fejedelem V\u00e1radon, (1631. m\u00e1rc. 29.) \u00fajabb c\u00edmeres levelet adom\u00e1nyozott, \u00e1ltala \u00f6ccs\u00e9nek Istv\u00e1nnak is \u00e9s mentes\u00edtette az ad\u00f3k \u00e9s k\u00f6zterhek al\u00f3l B\u00e1ndon lev\u0151 h\u00e1zukat. Az oklev\u00e9lb\u0151l ismeretes, hogy az ifj\u00fa nemes E. J\u00e1nos m\u00e1r gyermekkor\u00e1t\u00f3l tanult \u00e9s a fest\u0151m\u0171v\u00e9szetben nagy el\u0151halad\u00e1st tett. Bethlen G\u00e1bor fejedelemnek \u00e9s t\u00f6bb nemes embernek dolgozott. Kit\u0171nt az arany, ez\u00fcst s vel\u00fck a k\u00fcl\u00f6nb\u00f6z\u0151 v\u00e1laszt\u00e9kos sz\u00ednek kezel\u00e9s\u00e9ben \u00e9s csod\u00e1latos alkalmaz\u00e1s\u00e1ban. Megfestette a fejedelem alvinci \u00e9s gyulafeh\u00e9rv\u00e1ri palot\u00e1inak mennyezet\u00e9t (1620); kijav\u00edtotta a gyulafeh\u00e9rv\u00e1ri kisebb torony \u00f3rak\u00f6reit, azok sz\u00e1mjegyeit, a torony fedel\u00e9t pedig z\u00f6ldre festette. A c\u00edmeres levele elej\u00e9re saj\u00e1t c\u00edmer\u00e9t is megkellet volna fesse, de csak a rajz\u00e1t k\u00e9sz\u00edtette el. Val\u00f3sz\u00edn\u0171leg \u00e1lland\u00f3an Kv-on lakott (1630\u2013). Id\u0151s kor\u00e1ban t\u00e9rt haza mez\u0151b\u00e1ndi birtok\u00e1ra. Ottlak\u00e1sra \u00e9s az ezzel j\u00e1r\u00f3 katonai szolg\u00e1latra k\u00f6telezte mag\u00e1t, brenhidai Husz\u00e1r M\u00e1ty\u00e1s, marossz\u00e9ki f\u0151kapit\u00e1ny k\u00edv\u00e1ns\u00e1g\u00e1ra, egy marossz\u00e9ki (1647. \u00e1pr. 26-i) jegyz\u0151k\u00f6nyv szerint \u00edgy juthatott hozz\u00e1 \u0151si \u00f6r\u00f6ks\u00e9g\u00e9hez, melyet od\u00e1ig a kev\u00e9ssel azel\u0151tt meghalt testv\u00e9rb\u00e1tyja, E. Istv\u00e1n haszn\u00e1lt. Tov\u00e1bbi \u00e9lete \u00e9s tev\u00e9kenys\u00e9ge nem ismeretes. Val\u00f3sz\u00edn\u0171leg t\u00f6bb templomi mennyezetfestm\u00e9nyt is k\u00e9sz\u00edtett, de ma m\u00e1r csak a gyulakutai ismert (1625). Ez a legszebb re\u00e1nk maradt Bethlen G\u00e1bor korabeli erd\u00e9lyi m. mennyezetfestm\u00e9ny. Mez\u0151b\u00e1ndon E. K. J. Alkot\u00f3t\u00e1bort szerveznek \u00e9venk\u00e9nt m\u0171v\u00e9szek sz\u00e1m\u00e1ra (2008\u2013). <br \/><strong>Irod.:<\/strong> B\u00e1lint Zsigmond 2010; B\u00edr\u00f3; \u00c9ber; K.L. M\u0171v. t\u00f6rt. tan. 1.; Kelemen Lajos 2009; Kelemen Lajos (M\u0171v\u00e9szet, 1911., 9.sz.); Kelemen Lajos: Egy h\u00e1romsz\u00e1z \u00e9ves erd\u00e9lyi m. fest\u0151m\u0171v\u00e9szeti eml\u00e9k: A nagyb\u00e1nyai Csengeri m\u00e1sk\u00e9nt K\u00e9p\u00edr\u00f3-csal\u00e1d c\u00edmereslevele (P\u00e1sztort\u0171z, 8. sz., 1927. \u00e1pr. 24.); Kov\u00e1cs Andr\u00e1s; Moln\u00e1r; Sz\u00e9pr\u00e9ti Lilla: A mec\u00e9n\u00e1s nem t\u00e9rhetett haza: A gyalakutai templom (Erd\u00e9lyi Figyel\u0151, 21\u201322. sz., 1990)<\/br><\/p>\n","protected":false},"excerpt":{"rendered":"<p>? \u2020\u00a01647 k.: fest\u0151m\u0171v\u00e9sz, mennyezetfest\u0151. \u2013 Szem\u00e9ly\u00e9r\u0151l \u00e9s alkot\u00e1sair\u00f3l kev\u00e9s az inform\u00e1ci\u00f3. Nemesi csal\u00e1db\u00f3l sz\u00e1rmazott, melyb\u0151l Egerh\u00e1zi Bal\u00e1zs \u2013 val\u00f3sz\u00edn\u0171leg a m\u0171v\u00e9sz apja vagy apj\u00e1nak testv\u00e9re \u2013 B\u00e1thori G\u00e1bor fejedelemt\u0151l nyert el\u0151sz\u00f6r c\u00edmeres nemeslevelet (1609. febr. 9). \u00dagy t\u0171nik, hogy ekkoriban m\u00e9g nagyon fiatal volt, mert az adom\u00e1ny el\u0151tte feled\u00e9sbe mer\u00fclhetett, vagy nem volt a [&hellip;]<\/p>\n","protected":false},"featured_media":0,"comment_status":"open","ping_status":"closed","template":"","meta":[],"product_brand":[],"product_cat":[137],"product_tag":[],"class_list":{"0":"post-7190","1":"product","2":"type-product","3":"status-publish","5":"product_cat-maros-megyei-eletrajzi-lexikon","7":"first","8":"instock","9":"shipping-taxable","10":"product-type-simple"},"_links":{"self":[{"href":"https:\/\/uj.adatbank.ro\/lexikon\/wp-json\/wp\/v2\/product\/7190","targetHints":{"allow":["GET"]}}],"collection":[{"href":"https:\/\/uj.adatbank.ro\/lexikon\/wp-json\/wp\/v2\/product"}],"about":[{"href":"https:\/\/uj.adatbank.ro\/lexikon\/wp-json\/wp\/v2\/types\/product"}],"replies":[{"embeddable":true,"href":"https:\/\/uj.adatbank.ro\/lexikon\/wp-json\/wp\/v2\/comments?post=7190"}],"wp:attachment":[{"href":"https:\/\/uj.adatbank.ro\/lexikon\/wp-json\/wp\/v2\/media?parent=7190"}],"wp:term":[{"taxonomy":"product_brand","embeddable":true,"href":"https:\/\/uj.adatbank.ro\/lexikon\/wp-json\/wp\/v2\/product_brand?post=7190"},{"taxonomy":"product_cat","embeddable":true,"href":"https:\/\/uj.adatbank.ro\/lexikon\/wp-json\/wp\/v2\/product_cat?post=7190"},{"taxonomy":"product_tag","embeddable":true,"href":"https:\/\/uj.adatbank.ro\/lexikon\/wp-json\/wp\/v2\/product_tag?post=7190"}],"curies":[{"name":"wp","href":"https:\/\/api.w.org\/{rel}","templated":true}]}}