{"id":7196,"date":"2025-06-28T18:18:11","date_gmt":"2025-06-28T16:18:11","guid":{"rendered":"https:\/\/uj.adatbank.ro\/lexikon\/termek\/eghy-ghyssa-%c2%a7-egi-gizella-luca-ghissy-dr-ungarne-dr-szamek-laszlone\/"},"modified":"2025-06-28T18:18:11","modified_gmt":"2025-06-28T16:18:11","slug":"eghy-ghyssa-%c2%a7-egi-gizella-luca-ghissy-dr-ungarne-dr-szamek-laszlone","status":"publish","type":"product","link":"https:\/\/uj.adatbank.ro\/lexikon\/termek\/eghy-ghyssa-%c2%a7-egi-gizella-luca-ghissy-dr-ungarne-dr-szamek-laszlone\/","title":{"rendered":"\u00c9GHY Ghyssa, \u00a7 \u00c9gi Gizella; Luca Ghissy; Dr. Ung\u00e1rn\u00e9; Dr. Szamek L\u00e1szl\u00f3n\u00e9"},"content":{"rendered":"<p>Temesv\u00e1r, 1905. febr. 24. \u2020\u00a0Mv., 1982. szept. 5.: t\u00e1ncm\u0171v\u00e9sz, koreogr\u00e1fus, pedag\u00f3gus. \u2013 B\u00e9csben anyja mag\u00e1niskol\u00e1j\u00e1ban, az Institut f\u00fcr Hygienisch-Harmonische K\u00f6rperkultur-ban, szerzett diplom\u00e1t (1924), ahol a sz\u00e1zadelji modern ir\u00e1nyzatoknak megfelel\u0151en a Mensendieck-Dalcroze-Duncan m\u00f3dszer szerint ind\u00edtott\u00e1k el; a b\u00e9csi opera balettmestereit\u0151l klasszikus balettet tanul, majd tov\u00e1bbk\u00e9pezte mag\u00e1t Salzburgban, Drezd\u00e1ban, Berlinben \u00e9s P\u00e1rizsban az expresszionista t\u00e1ncm\u0171v\u00e9szet mesterein\u00e9l. Aradon telepedett le (1924\u201349), ahol t\u00e1ncm\u0171v\u00e9szeti iskol\u00e1t tartott fenn 25 \u00e9vig, a modern mozg\u00e1s- \u00e9s t\u00e1ncm\u0171v\u00e9szetet tan\u00edtotta. Az expresszionista t\u00e1cm\u0171v\u00e9szet erd\u00e9lyi \u00fatt\u00f6r\u0151je volt. \u00d6n\u00e1ll\u00f3 m\u0171soraival minden nagyobb v\u00e1rosba ell\u00e1togatott. Sz\u00ednpadi t\u00e1ncai saj\u00e1t elk\u00e9pzel\u00e9sei \u00e9s koreogr\u00e1fi\u00e1ja alapj\u00e1n k\u00e9sz\u00fcltek, gyakran l\u00e9pett fel erd\u00e9lyi \u00edr\u00f3k estjein, t\u00f6bbsz\u00f6r szerepelt Bp.-en, B\u00e9csben az Urani\u00e1ban \u00e9s a Konzerthausban is sikereket aratott. Kv.-on a Szentgy\u00f6rgyi Istv\u00e1n Sz\u00ednm\u0171v\u00e9szeti Int\u00e9zetben a mozg\u00e1sm\u0171v\u00e9szet tan\u00e1ra (1949\u2013). Az Int\u00e9zettel egy\u00fctt Mv.-re k\u00f6lt\u00f6z\u00f6tt nyugalomba vonul\u00e1s\u00e1ig tan\u00edtott, rendezett (1954\u201374). A Sz\u00e9kely Sz\u00ednh\u00e1z \u00e9s t\u00f6bb erd\u00e9lyi m. t\u00e1rsas\u00e1g el\u0151ad\u00e1s\u00e1nak koreogr\u00e1fusa, a Sz\u00e9kely N\u00e9pi Egy\u00fcttes t\u00e1ncir\u00e1ny\u00edt\u00f3ja (1957\u201367) T\u00f6bb sz\u00ednh\u00e1zi bemutat\u00f3hoz, \u00edgy Euripidesz-Sartre Tr\u00f3jai n\u0151k c. darabj\u00e1nak el\u0151ad\u00e1s\u00e1hoz, szerzett t\u00e1ncbet\u00e9teket. M\u0171v\u00e9szet\u00e9t Krenner Mikl\u00f3s \u00edgy jellemezte: &#8222;&#8230;nemcsak m\u0171v\u00e9sz, nevel\u0151, rendez\u0151, hanem tal\u00e1l\u00e9kony m\u0171ford\u00edt\u00f3, aki a m\u0171v\u00e9szet egyik ter\u00fclet\u00e9r\u0151l a m\u00e1sikra \u00edrja \u00e1t az \u00f6r\u00f6k sz\u00e9ps\u00e9get.\u201d \u2013 <strong>F. m.:<\/strong> Testkult\u00fara (Arad, 1926); Szentp\u00e1l M\u00e1ria: J\u00e1t\u00e9kos ritmika. (<strong>szerk.:<\/strong> Kelemen Ferenc. Lektor\u00e1lta \u00c9ghy Ghyssa, Szab\u00f3 Csaba. Buk., 1981). \u2013 <strong>F. r.:<\/strong> : Sz\u00ednes szil\u00e1nkok: Irodalmi \u00f6ssze\u00e1ll\u00edt\u00e1s, r.-te Kov\u00e1cs Levent\u00e9vel a St\u00fadi\u00f3 sz\u00ednpadon (1972); Hekab\u00e9 (Euripid\u00e9sz-Sartre.A tr\u00f3jai n\u0151k); T\u00e1nckompozici\u00f3i: Antigon\u00e9, N\u00e9nia; A h\u00e1bor\u00fa szelleme; Ill\u00fazi\u00f3 \u00e9s val\u00f3s\u00e1g; Villon: A sz\u00e9p fegyverkov\u00e1csn\u00e9 panasza \u00f6regs\u00e9g\u00e9ben; Babits: Danaid\u00e1k; Igazs\u00e1g \u00e9s hazugs\u00e1g, Ady: S\u00edrni, s\u00edrni, s\u00edrn. <br \/><strong>Irod.:<\/strong> \u00c9. G. [Nekrol\u00f3g] (V. Z., 1982. szept. 7.) Az erd\u00e9lyi magyar irodalom bibliogr\u00e1fi\u00e1ja 1926.\u00e9v; Ferenczi 1928; Ferenczi Zolt\u00e1n: E. K. Gy. k\u00f6ltem\u00e9nyei a k\u00f6lt\u0151 \u00e9letrajz\u00e1val (Kv., 1900); Guly\u00e1s; Gy\u00e1rf\u00e1s 2013; Gy\u00e1rf\u00e1s L. Mikl\u00f3s: \u00c9. G. (V. Z., 1980. okt. 19.); Id\u0151t\u00e1r 4.; Katona Szab\u00f3 Istv\u00e1n: Az \u00daj \u00c9let lexikona, 57. (\u00daj \u00c9let, 21. sz., 1972); Kov\u00e1cs Levente; Krenner Mikl\u00f3s: \u00c9. G. (Aradi H\u00edrlap, 1928. j\u00fan.5.); Mv.-i \u00c1.Sz.N.E; Molter 1.; M\u0171vel\u0151d\u00e9s (1978. 1. sz.); MSZL; MSz\u00ednL; Mv.-i N\u00e9pi Egy\u00fctt; Ol\u00e1h Tibor: \u00c9. G. (1905\u20131982) (V. Z., 1982. szept. 11.); RMIL; Sz\u00e9kely D\u00e9nes 2005; Todea 2013; Viharban<\/br><\/p>\n","protected":false},"excerpt":{"rendered":"<p>Temesv\u00e1r, 1905. febr. 24. \u2020\u00a0Mv., 1982. szept. 5.: t\u00e1ncm\u0171v\u00e9sz, koreogr\u00e1fus, pedag\u00f3gus. \u2013 B\u00e9csben anyja mag\u00e1niskol\u00e1j\u00e1ban, az Institut f\u00fcr Hygienisch-Harmonische K\u00f6rperkultur-ban, szerzett diplom\u00e1t (1924), ahol a sz\u00e1zadelji modern ir\u00e1nyzatoknak megfelel\u0151en a Mensendieck-Dalcroze-Duncan m\u00f3dszer szerint ind\u00edtott\u00e1k el; a b\u00e9csi opera balettmestereit\u0151l klasszikus balettet tanul, majd tov\u00e1bbk\u00e9pezte mag\u00e1t Salzburgban, Drezd\u00e1ban, Berlinben \u00e9s P\u00e1rizsban az expresszionista t\u00e1ncm\u0171v\u00e9szet mesterein\u00e9l. Aradon [&hellip;]<\/p>\n","protected":false},"featured_media":0,"comment_status":"open","ping_status":"closed","template":"","meta":[],"product_brand":[],"product_cat":[137],"product_tag":[],"class_list":{"0":"post-7196","1":"product","2":"type-product","3":"status-publish","5":"product_cat-maros-megyei-eletrajzi-lexikon","7":"first","8":"instock","9":"shipping-taxable","10":"product-type-simple"},"_links":{"self":[{"href":"https:\/\/uj.adatbank.ro\/lexikon\/wp-json\/wp\/v2\/product\/7196","targetHints":{"allow":["GET"]}}],"collection":[{"href":"https:\/\/uj.adatbank.ro\/lexikon\/wp-json\/wp\/v2\/product"}],"about":[{"href":"https:\/\/uj.adatbank.ro\/lexikon\/wp-json\/wp\/v2\/types\/product"}],"replies":[{"embeddable":true,"href":"https:\/\/uj.adatbank.ro\/lexikon\/wp-json\/wp\/v2\/comments?post=7196"}],"wp:attachment":[{"href":"https:\/\/uj.adatbank.ro\/lexikon\/wp-json\/wp\/v2\/media?parent=7196"}],"wp:term":[{"taxonomy":"product_brand","embeddable":true,"href":"https:\/\/uj.adatbank.ro\/lexikon\/wp-json\/wp\/v2\/product_brand?post=7196"},{"taxonomy":"product_cat","embeddable":true,"href":"https:\/\/uj.adatbank.ro\/lexikon\/wp-json\/wp\/v2\/product_cat?post=7196"},{"taxonomy":"product_tag","embeddable":true,"href":"https:\/\/uj.adatbank.ro\/lexikon\/wp-json\/wp\/v2\/product_tag?post=7196"}],"curies":[{"name":"wp","href":"https:\/\/api.w.org\/{rel}","templated":true}]}}