{"id":7371,"date":"2025-06-28T18:24:13","date_gmt":"2025-06-28T16:24:13","guid":{"rendered":"https:\/\/uj.adatbank.ro\/lexikon\/termek\/ercsei-jozsef-teglasi-teglasi-ercsei-jozsef-teglasi-ertsei-jozsef\/"},"modified":"2025-06-28T18:24:13","modified_gmt":"2025-06-28T16:24:13","slug":"ercsei-jozsef-teglasi-teglasi-ercsei-jozsef-teglasi-ertsei-jozsef","status":"publish","type":"product","link":"https:\/\/uj.adatbank.ro\/lexikon\/termek\/ercsei-jozsef-teglasi-teglasi-ercsei-jozsef-teglasi-ertsei-jozsef\/","title":{"rendered":"ERCSEI J\u00f3zsef, t\u00e9gl\u00e1si, T\u00e9gl\u00e1si Ercsei J\u00f3zsef, T\u00e9gl\u00e1si Ertsei J\u00f3zsef"},"content":{"rendered":"<p>1793., \u2020 Torda, 1868. m\u00e1rc. 8.: erd\u0151m\u00e9rn\u00f6k, cs. k. erd\u00e9sz. \u2013 E. J\u00e1nos testv\u00e9re. \u2013 Ifjabb kor\u00e1ban pap volt, majd b\u00f6lcsel\u0151 s k\u00f6lt\u0151, megpr\u00f3b\u00e1lta a m\u00e9rn\u00f6ks\u00e9get is, v\u00e1rmegyei majd kamarai erd\u00e9sz volt Tord\u00e1n. Verseket, \u00fatirajzokat, valamint term\u00e9szettudom\u00e1nyos, f\u0151k\u00e9nt csillag\u00e1szati, geol\u00f3giai \u00e9s botanikai tanulm\u00e1nyokat \u00edrt. Az erd\u00e9lyi m. nyelv\u0171 term\u00e9szettudom\u00e1nyos irodalom egyik \u00f3tt\u00f6r\u0151je. Sokoldal\u00fa term\u00e9szettudom\u00e1nyos munk\u00e1ss\u00e1g\u00e1nak legkiemelked\u0151bb darabja Torda v\u00e1rmegye n\u00f6v\u00e9nyvil\u00e1g\u00e1nak felt\u00e1r\u00e1sa. A k\u00fcl\u00f6nb\u00f6z\u0151 barlangokr\u00f3l k\u00f6z\u00f6lt r\u00e9szletes besz\u00e1mol\u00f3i a legkor\u00e1bbi barlangtani munk\u00e1k k\u00f6z\u00e9 tartoznak. Politikai n\u00e9zeteit illet\u0151en a feud\u00e1lizmus ellenfele, a korszer\u0171 halad\u00e1s felt\u00e9tel\u00e9t az iparosod\u00e1sban l\u00e1tta. K\u00f6nyveit \u00e9s \u00e1sv\u00e1nygy\u0171jtem\u00e9ny\u00e9t, \u00e9rt\u00e9kes t\u00e9rk\u00e9peit, rovargy\u0171jtem\u00e9ny\u00e9t, m\u00e9rn\u00f6ki eszk\u00f6zeit a mv.-i Ref. Koll.-ra hagyta (1860). K\u00f6ltem\u00e9nyei: a Sz\u00e9pliteraturai Aj\u00e1nd\u00e9k, Agl\u00e1ja, Partheno, K\u00f6ltem\u00e9nyek c. gy\u0171jtem\u00e9nyben, term\u00e9szettudom\u00e1nyi cikkei a Nemzeti T\u00e1rsalkod\u00f3, Hon \u00e9s k\u00fclf\u00f6ld, Mentor, M. Orvosok \u00e9s Term\u00e9szettud\u00f3sok Munklatai-ban. \u2013 <strong>F. m.:<\/strong> Nemes Tordamegye fl\u00f3r\u00e1ja (Kv., 1844); <strong>antol\u00f3g.:<\/strong> A hazai m\u00e9rges n\u00f6v\u00e9nyek ismertet\u00e9s = Mentor (Kv., 1842\u201343); Utaz\u00e1sok Torda v\u00e1rmegy\u00e9ben = Az utaz\u00e1s divatja (Buk., 1973); k\u00e9zirat: Erd\u00e9sztudom\u00e1nyi mestersz\u00f3k \u00e9s n\u00e9mely k\u00f6ltem\u00e9nyei. <br \/><strong>Irod.:<\/strong> Gy\u00e1szjelent\u0151; Id\u0151t\u00e1r 2; K\u00e1d\u00e1r Zsombor: Feled\u00e9sbe mer\u00fclt n\u00f6v\u00e9nytani szakk\u00f6nyveink  =  K\u00e1d\u00e1r Zsombor: Sz\u00e9kelyf\u00f6ldi erd\u00e9szeti arck\u00e9pcsarnok (Bp., 1999); P\u00e1lmay; Szinnyei; \u00daM\u00c9L; Az utaz\u00e1s divatja. \u00datle\u00edr\u00e1sok, \u00fatjegyzetek az 1848 el\u0151tti Erd\u00e9lyr\u0151l. (Buk., 1973)<\/br><\/p>\n","protected":false},"excerpt":{"rendered":"<p>1793., \u2020 Torda, 1868. m\u00e1rc. 8.: erd\u0151m\u00e9rn\u00f6k, cs. k. erd\u00e9sz. \u2013 E. J\u00e1nos testv\u00e9re. \u2013 Ifjabb kor\u00e1ban pap volt, majd b\u00f6lcsel\u0151 s k\u00f6lt\u0151, megpr\u00f3b\u00e1lta a m\u00e9rn\u00f6ks\u00e9get is, v\u00e1rmegyei majd kamarai erd\u00e9sz volt Tord\u00e1n. Verseket, \u00fatirajzokat, valamint term\u00e9szettudom\u00e1nyos, f\u0151k\u00e9nt csillag\u00e1szati, geol\u00f3giai \u00e9s botanikai tanulm\u00e1nyokat \u00edrt. Az erd\u00e9lyi m. nyelv\u0171 term\u00e9szettudom\u00e1nyos irodalom egyik \u00f3tt\u00f6r\u0151je. Sokoldal\u00fa term\u00e9szettudom\u00e1nyos munk\u00e1ss\u00e1g\u00e1nak [&hellip;]<\/p>\n","protected":false},"featured_media":0,"comment_status":"open","ping_status":"closed","template":"","meta":[],"product_brand":[],"product_cat":[137],"product_tag":[],"class_list":{"0":"post-7371","1":"product","2":"type-product","3":"status-publish","5":"product_cat-maros-megyei-eletrajzi-lexikon","7":"first","8":"instock","9":"shipping-taxable","10":"product-type-simple"},"_links":{"self":[{"href":"https:\/\/uj.adatbank.ro\/lexikon\/wp-json\/wp\/v2\/product\/7371","targetHints":{"allow":["GET"]}}],"collection":[{"href":"https:\/\/uj.adatbank.ro\/lexikon\/wp-json\/wp\/v2\/product"}],"about":[{"href":"https:\/\/uj.adatbank.ro\/lexikon\/wp-json\/wp\/v2\/types\/product"}],"replies":[{"embeddable":true,"href":"https:\/\/uj.adatbank.ro\/lexikon\/wp-json\/wp\/v2\/comments?post=7371"}],"wp:attachment":[{"href":"https:\/\/uj.adatbank.ro\/lexikon\/wp-json\/wp\/v2\/media?parent=7371"}],"wp:term":[{"taxonomy":"product_brand","embeddable":true,"href":"https:\/\/uj.adatbank.ro\/lexikon\/wp-json\/wp\/v2\/product_brand?post=7371"},{"taxonomy":"product_cat","embeddable":true,"href":"https:\/\/uj.adatbank.ro\/lexikon\/wp-json\/wp\/v2\/product_cat?post=7371"},{"taxonomy":"product_tag","embeddable":true,"href":"https:\/\/uj.adatbank.ro\/lexikon\/wp-json\/wp\/v2\/product_tag?post=7371"}],"curies":[{"name":"wp","href":"https:\/\/api.w.org\/{rel}","templated":true}]}}