{"id":7383,"date":"2025-06-28T18:24:39","date_gmt":"2025-06-28T16:24:39","guid":{"rendered":"https:\/\/uj.adatbank.ro\/lexikon\/termek\/erdei-janos-sombereki\/"},"modified":"2025-06-28T18:24:39","modified_gmt":"2025-06-28T16:24:39","slug":"erdei-janos-sombereki","status":"publish","type":"product","link":"https:\/\/uj.adatbank.ro\/lexikon\/termek\/erdei-janos-sombereki\/","title":{"rendered":"ERDEI J\u00e1nos, sombereki"},"content":{"rendered":"<p>? \u2020 ? : f\u00f6ldbirtokos. \u2013 Szov\u00e1t\u00e1ra vonatkoz\u00f3 els\u0151 fennmaradt \u00edr\u00e1sos okm\u00e1nyb\u00f3l megtudhat\u00f3: Feles\u00e9g\u00e9vel a k\u00f6rzeti konvent sz\u00edne el\u0151tt, al\u00e1\u00edrta azt a szerz\u0151d\u00e9st, amely igazolta, hogy eladta szov\u00e1tai f\u00f6ldjeit egy bizonyos Ambrozi Nikolausnak (1496). K\u00e9zdi S\u00e1ndor J\u00e1nos (\u2020) \u00e9s k\u00f6zte az \u00f6r\u00f6k\u00f6s\u00f6d\u00e9si szerz\u0151d\u00e9s \u00e9rtelm\u00e9ben Dics\u0151szentm\u00e1rton \u00e9s t\u00f6bb K\u00fck\u00fcll\u0151 megyei birtok tulajdon\u00e1ba ment \u00e1t (1502). (1506), M\u00e1ty\u00e1s kir\u00e1ly, S\u00e1ndor J\u00e1nos hal\u00e1la ut\u00e1n (1517), az id\u0151k\u00f6zben sz\u00fcletett G\u00e1sp\u00e1r nev\u0171 fi\u00e1nak gy\u00e1ms\u00e1g\u00e1t, Erdei J\u00e1nosra b\u00edzta. Majd S\u00e1ndor G\u00e1sp\u00e1r hal\u00e1la ut\u00e1n a Gerendi \u00e9s az Erdei csal\u00e1dok versengtek Dics\u0151szentm\u00e1rton tulajdonjog\u00e1\u00e9rt, v\u00e9g\u00fcl is, J\u00e1nos \u00f6r\u00f6k\u00f6se M\u00e1rton, kapta meg, aki azt\u00e1n Gerendi M\u00e1rtonnak adta (1518). <br \/><strong>Irod.:<\/strong> V\u00e1ros a Kisk\u00fck\u00fcll\u0151 partj\u00e1n (Mv., 2000)<\/br><\/p>\n","protected":false},"excerpt":{"rendered":"<p>? \u2020 ? : f\u00f6ldbirtokos. \u2013 Szov\u00e1t\u00e1ra vonatkoz\u00f3 els\u0151 fennmaradt \u00edr\u00e1sos okm\u00e1nyb\u00f3l megtudhat\u00f3: Feles\u00e9g\u00e9vel a k\u00f6rzeti konvent sz\u00edne el\u0151tt, al\u00e1\u00edrta azt a szerz\u0151d\u00e9st, amely igazolta, hogy eladta szov\u00e1tai f\u00f6ldjeit egy bizonyos Ambrozi Nikolausnak (1496). K\u00e9zdi S\u00e1ndor J\u00e1nos (\u2020) \u00e9s k\u00f6zte az \u00f6r\u00f6k\u00f6s\u00f6d\u00e9si szerz\u0151d\u00e9s \u00e9rtelm\u00e9ben Dics\u0151szentm\u00e1rton \u00e9s t\u00f6bb K\u00fck\u00fcll\u0151 megyei birtok tulajdon\u00e1ba ment \u00e1t (1502). (1506), [&hellip;]<\/p>\n","protected":false},"featured_media":0,"comment_status":"open","ping_status":"closed","template":"","meta":[],"product_brand":[],"product_cat":[137],"product_tag":[],"class_list":{"0":"post-7383","1":"product","2":"type-product","3":"status-publish","5":"product_cat-maros-megyei-eletrajzi-lexikon","7":"first","8":"instock","9":"shipping-taxable","10":"product-type-simple"},"_links":{"self":[{"href":"https:\/\/uj.adatbank.ro\/lexikon\/wp-json\/wp\/v2\/product\/7383","targetHints":{"allow":["GET"]}}],"collection":[{"href":"https:\/\/uj.adatbank.ro\/lexikon\/wp-json\/wp\/v2\/product"}],"about":[{"href":"https:\/\/uj.adatbank.ro\/lexikon\/wp-json\/wp\/v2\/types\/product"}],"replies":[{"embeddable":true,"href":"https:\/\/uj.adatbank.ro\/lexikon\/wp-json\/wp\/v2\/comments?post=7383"}],"wp:attachment":[{"href":"https:\/\/uj.adatbank.ro\/lexikon\/wp-json\/wp\/v2\/media?parent=7383"}],"wp:term":[{"taxonomy":"product_brand","embeddable":true,"href":"https:\/\/uj.adatbank.ro\/lexikon\/wp-json\/wp\/v2\/product_brand?post=7383"},{"taxonomy":"product_cat","embeddable":true,"href":"https:\/\/uj.adatbank.ro\/lexikon\/wp-json\/wp\/v2\/product_cat?post=7383"},{"taxonomy":"product_tag","embeddable":true,"href":"https:\/\/uj.adatbank.ro\/lexikon\/wp-json\/wp\/v2\/product_tag?post=7383"}],"curies":[{"name":"wp","href":"https:\/\/api.w.org\/{rel}","templated":true}]}}