{"id":7595,"date":"2025-06-29T09:57:22","date_gmt":"2025-06-29T07:57:22","guid":{"rendered":"https:\/\/uj.adatbank.ro\/lexikon\/termek\/farcas-dumitru-%c2%a7\/"},"modified":"2025-06-29T09:57:22","modified_gmt":"2025-06-29T07:57:22","slug":"farcas-dumitru-%c2%a7","status":"publish","type":"product","link":"https:\/\/uj.adatbank.ro\/lexikon\/termek\/farcas-dumitru-%c2%a7\/","title":{"rendered":"F\u0102RCA\u015e Dumitru, \u00a7"},"content":{"rendered":"<p>G\u00f6rg\u00e9nyhod\u00e1k, 1919. szept. 11., \u2020\u00a0G\u00f6rg\u00e9nyhod\u00e1k, 2003. j\u00fal. 16.: tan\u00edt\u00f3. \u2013 Sz\u00fcl\u0151faluj\u00e1ban, a Petru Maior gimn.-ban tanult Sz\u00e1szr\u00e9genben (1931\u201336), tan\u00edt\u00f3k\u00e9pz\u0151t Mv.-en (1936\u201339) v\u00e9gzett. Lib\u00e1nfalv\u00e1n kezdte p\u00e1lyafut\u00e1s\u00e1t, csal\u00e1dj\u00e1val egy\u00fctt Tord\u00e1ra menek\u00fclt (1940). Katonas\u00e1g ideje alatt h\u00e1rom \u00e9s f\u00e9l \u00e9vig harcolt a II. vh.-ban, \u00e9remmel kit\u00fcntett\u00e9k ki (\u201eB\u0103rb\u0103\u0163ie \u015fi credin\u0163\u0103 cu spada\u201d), majd h\u00e1borus veter\u00e1nk\u00e9nt \u201eCrucea Comemorativ\u0103\u201d (1999) \u00e9rdemrenddel. Toka faluban igazgat\u00f3tan\u00edt\u00f3 (1945\u201347), Lib\u00e1nfalv\u00e1n igazgat\u00f3tan\u00edt\u00f3 (1947\u201352), \u00fajb\u00f3l Tok\u00e1ra helyezt\u00e9k, ahol \u00faj tantermekkel b\u0151v\u00edtette az iskol\u00e1t (1952\u201370), v\u00e9g\u00fcl helyettes term\u00e9szetrajz-mez\u0151gazdas\u00e1gtan- tan\u00e1rk\u00e9nt Hod\u00e1kon dolgozott (1970\u201379). A St. r. napilap rendszeres tudos\u00edt\u00f3ja volt. (1954\u201358). <br \/><strong>Irod.:<\/strong> Dasc\u0103li mure\u015feni, 4.<\/br><\/p>\n","protected":false},"excerpt":{"rendered":"<p>G\u00f6rg\u00e9nyhod\u00e1k, 1919. szept. 11., \u2020\u00a0G\u00f6rg\u00e9nyhod\u00e1k, 2003. j\u00fal. 16.: tan\u00edt\u00f3. \u2013 Sz\u00fcl\u0151faluj\u00e1ban, a Petru Maior gimn.-ban tanult Sz\u00e1szr\u00e9genben (1931\u201336), tan\u00edt\u00f3k\u00e9pz\u0151t Mv.-en (1936\u201339) v\u00e9gzett. Lib\u00e1nfalv\u00e1n kezdte p\u00e1lyafut\u00e1s\u00e1t, csal\u00e1dj\u00e1val egy\u00fctt Tord\u00e1ra menek\u00fclt (1940). Katonas\u00e1g ideje alatt h\u00e1rom \u00e9s f\u00e9l \u00e9vig harcolt a II. vh.-ban, \u00e9remmel kit\u00fcntett\u00e9k ki (\u201eB\u0103rb\u0103\u0163ie \u015fi credin\u0163\u0103 cu spada\u201d), majd h\u00e1borus veter\u00e1nk\u00e9nt \u201eCrucea Comemorativ\u0103\u201d (1999) [&hellip;]<\/p>\n","protected":false},"featured_media":0,"comment_status":"open","ping_status":"closed","template":"","meta":[],"product_brand":[],"product_cat":[137],"product_tag":[],"class_list":{"0":"post-7595","1":"product","2":"type-product","3":"status-publish","5":"product_cat-maros-megyei-eletrajzi-lexikon","7":"first","8":"instock","9":"shipping-taxable","10":"product-type-simple"},"_links":{"self":[{"href":"https:\/\/uj.adatbank.ro\/lexikon\/wp-json\/wp\/v2\/product\/7595","targetHints":{"allow":["GET"]}}],"collection":[{"href":"https:\/\/uj.adatbank.ro\/lexikon\/wp-json\/wp\/v2\/product"}],"about":[{"href":"https:\/\/uj.adatbank.ro\/lexikon\/wp-json\/wp\/v2\/types\/product"}],"replies":[{"embeddable":true,"href":"https:\/\/uj.adatbank.ro\/lexikon\/wp-json\/wp\/v2\/comments?post=7595"}],"wp:attachment":[{"href":"https:\/\/uj.adatbank.ro\/lexikon\/wp-json\/wp\/v2\/media?parent=7595"}],"wp:term":[{"taxonomy":"product_brand","embeddable":true,"href":"https:\/\/uj.adatbank.ro\/lexikon\/wp-json\/wp\/v2\/product_brand?post=7595"},{"taxonomy":"product_cat","embeddable":true,"href":"https:\/\/uj.adatbank.ro\/lexikon\/wp-json\/wp\/v2\/product_cat?post=7595"},{"taxonomy":"product_tag","embeddable":true,"href":"https:\/\/uj.adatbank.ro\/lexikon\/wp-json\/wp\/v2\/product_tag?post=7595"}],"curies":[{"name":"wp","href":"https:\/\/api.w.org\/{rel}","templated":true}]}}