{"id":7657,"date":"2025-06-29T09:59:30","date_gmt":"2025-06-29T07:59:30","guid":{"rendered":"https:\/\/uj.adatbank.ro\/lexikon\/termek\/farkas-erno\/"},"modified":"2025-06-29T09:59:30","modified_gmt":"2025-06-29T07:59:30","slug":"farkas-erno","status":"publish","type":"product","link":"https:\/\/uj.adatbank.ro\/lexikon\/termek\/farkas-erno\/","title":{"rendered":"FARKAS Ern\u0151"},"content":{"rendered":"<p>Mez\u0151b\u00e1nd, 1894., \u2020\u00a0? : fakeresked\u0151 \u00e9s moziigazgat\u00f3. \u2013 Apja szin\u00e9n fakeresked\u0151 volt. -Az \u00e9retts\u00e9gi lel\u00e9tele ut\u00e1n a fa-szakm\u00e1ban k\u00e9pezte mag\u00e1t, majd a kalotaszegi Erd\u0151 Ipar rt. \u2013hez ker\u00fclt. K\u00e9zdiv\u00e1s\u00e1rhelyen \u00f6n\u00e1ll\u00f3s\u00edtotta mag\u00e1t (1924), ahol mozi v\u00e1llalatai is voltak. Verseket, novell\u00e1kat, kisebb sz\u00edndarabokat \u00edrt, az Erd\u00e9lyi Irodalomp\u00e1rtol\u00f3k K\u00f6r\u00e9nek tagja volt, amelyt\u0151l d\u00edszoklevelet kapott, kiv\u00e1l\u00f3 sportol\u00f3, akt\u00edv labdar\u00fag\u00f3, de az atl\u00e9tika ter\u00fclet\u00e9n is sz\u00e9p eredm\u00e9nyeket \u00e9rt el, a B\u00e1stya, a Csak, a bel\u00e9nyesi, nagyszalontai \u00e9s k\u00e9zdiv\u00e1s\u00e1rhelyi sportegylet m\u0171k\u00f6d\u0151 tagja, a MP., a helybeli kaszin\u00f3 \u00e9s t\u00f6bb egyes\u00fclet tagja. R\u00e9szt vett az els\u0151 vh.-ban, t\u00f6bbsz\u00f6r kit\u00fcntett\u00e9k. <br \/><strong>Irod.:<\/strong> Ki kicsoda\u00a0?<\/br><\/p>\n","protected":false},"excerpt":{"rendered":"<p>Mez\u0151b\u00e1nd, 1894., \u2020\u00a0? : fakeresked\u0151 \u00e9s moziigazgat\u00f3. \u2013 Apja szin\u00e9n fakeresked\u0151 volt. -Az \u00e9retts\u00e9gi lel\u00e9tele ut\u00e1n a fa-szakm\u00e1ban k\u00e9pezte mag\u00e1t, majd a kalotaszegi Erd\u0151 Ipar rt. \u2013hez ker\u00fclt. K\u00e9zdiv\u00e1s\u00e1rhelyen \u00f6n\u00e1ll\u00f3s\u00edtotta mag\u00e1t (1924), ahol mozi v\u00e1llalatai is voltak. Verseket, novell\u00e1kat, kisebb sz\u00edndarabokat \u00edrt, az Erd\u00e9lyi Irodalomp\u00e1rtol\u00f3k K\u00f6r\u00e9nek tagja volt, amelyt\u0151l d\u00edszoklevelet kapott, kiv\u00e1l\u00f3 sportol\u00f3, akt\u00edv labdar\u00fag\u00f3, [&hellip;]<\/p>\n","protected":false},"featured_media":0,"comment_status":"open","ping_status":"closed","template":"","meta":[],"product_brand":[],"product_cat":[137],"product_tag":[],"class_list":{"0":"post-7657","1":"product","2":"type-product","3":"status-publish","5":"product_cat-maros-megyei-eletrajzi-lexikon","7":"first","8":"instock","9":"shipping-taxable","10":"product-type-simple"},"_links":{"self":[{"href":"https:\/\/uj.adatbank.ro\/lexikon\/wp-json\/wp\/v2\/product\/7657","targetHints":{"allow":["GET"]}}],"collection":[{"href":"https:\/\/uj.adatbank.ro\/lexikon\/wp-json\/wp\/v2\/product"}],"about":[{"href":"https:\/\/uj.adatbank.ro\/lexikon\/wp-json\/wp\/v2\/types\/product"}],"replies":[{"embeddable":true,"href":"https:\/\/uj.adatbank.ro\/lexikon\/wp-json\/wp\/v2\/comments?post=7657"}],"wp:attachment":[{"href":"https:\/\/uj.adatbank.ro\/lexikon\/wp-json\/wp\/v2\/media?parent=7657"}],"wp:term":[{"taxonomy":"product_brand","embeddable":true,"href":"https:\/\/uj.adatbank.ro\/lexikon\/wp-json\/wp\/v2\/product_brand?post=7657"},{"taxonomy":"product_cat","embeddable":true,"href":"https:\/\/uj.adatbank.ro\/lexikon\/wp-json\/wp\/v2\/product_cat?post=7657"},{"taxonomy":"product_tag","embeddable":true,"href":"https:\/\/uj.adatbank.ro\/lexikon\/wp-json\/wp\/v2\/product_tag?post=7657"}],"curies":[{"name":"wp","href":"https:\/\/api.w.org\/{rel}","templated":true}]}}