{"id":7671,"date":"2025-06-29T09:59:56","date_gmt":"2025-06-29T07:59:56","guid":{"rendered":"https:\/\/uj.adatbank.ro\/lexikon\/termek\/farkas-gyorgy-2\/"},"modified":"2025-06-29T09:59:56","modified_gmt":"2025-06-29T07:59:56","slug":"farkas-gyorgy-2","status":"publish","type":"product","link":"https:\/\/uj.adatbank.ro\/lexikon\/termek\/farkas-gyorgy-2\/","title":{"rendered":"FARKAS Gy\u00f6rgy"},"content":{"rendered":"<p>Kob\u00e1tfalva, 1800, \u2020\u00a01882. \u00e1pr. 24.: unit. lelk\u00e9sz. \u2013 Iklandon lelk\u00e9sz (1824\u201336). Szab\u00e9don is szog\u00e1lt hossz\u0171 ideig. (Kriza levelez\u00e9s !). Unit. pap Szentgeric\u00e9n hal\u00e1l\u00e1ig (1836\u201382), a Marosi egyh\u00e1zk\u00f6r esperese (1836\u20131880). R\u00e9szt vett az 1848\u201349. szabads\u00e1gharcban, hat\u00e1s\u00e1ra a szentgericeiek egy sz\u00e1zad nemzet\u00f6rt \u00e1ll\u00edtottak ki. \u00cdrt a Marossz\u00e9ken m\u0171k\u00f6d\u0151 vizsg\u00e1l\u00f3sz\u00e9k munk\u00e1lkod\u00e1s\u00e1r\u00f3l. Kriza J\u00e1nossal levelezett. \u2013 <strong>F. m.:<\/strong> A Szentgericei unit\u00e1rius zsinat eml\u00e9ke. K\u00f6ny\u00f6rg\u00e9s (Kv., 1866). <br \/><strong>Irod.:<\/strong> Bi\u00e1s; F\u00fcl\u00f6p\u2013Ferencz; Kriza levelez\u00e9s; Mv.-i Unit. Ek.; Rugonfalvi Kiss; Szentgerice; Zov\u00e1nyi<\/br><\/p>\n","protected":false},"excerpt":{"rendered":"<p>Kob\u00e1tfalva, 1800, \u2020\u00a01882. \u00e1pr. 24.: unit. lelk\u00e9sz. \u2013 Iklandon lelk\u00e9sz (1824\u201336). Szab\u00e9don is szog\u00e1lt hossz\u0171 ideig. (Kriza levelez\u00e9s !). Unit. pap Szentgeric\u00e9n hal\u00e1l\u00e1ig (1836\u201382), a Marosi egyh\u00e1zk\u00f6r esperese (1836\u20131880). R\u00e9szt vett az 1848\u201349. szabads\u00e1gharcban, hat\u00e1s\u00e1ra a szentgericeiek egy sz\u00e1zad nemzet\u00f6rt \u00e1ll\u00edtottak ki. \u00cdrt a Marossz\u00e9ken m\u0171k\u00f6d\u0151 vizsg\u00e1l\u00f3sz\u00e9k munk\u00e1lkod\u00e1s\u00e1r\u00f3l. Kriza J\u00e1nossal levelezett. \u2013 F. m.: A [&hellip;]<\/p>\n","protected":false},"featured_media":0,"comment_status":"open","ping_status":"closed","template":"","meta":[],"product_brand":[],"product_cat":[137],"product_tag":[],"class_list":{"0":"post-7671","1":"product","2":"type-product","3":"status-publish","5":"product_cat-maros-megyei-eletrajzi-lexikon","7":"first","8":"instock","9":"shipping-taxable","10":"product-type-simple"},"_links":{"self":[{"href":"https:\/\/uj.adatbank.ro\/lexikon\/wp-json\/wp\/v2\/product\/7671","targetHints":{"allow":["GET"]}}],"collection":[{"href":"https:\/\/uj.adatbank.ro\/lexikon\/wp-json\/wp\/v2\/product"}],"about":[{"href":"https:\/\/uj.adatbank.ro\/lexikon\/wp-json\/wp\/v2\/types\/product"}],"replies":[{"embeddable":true,"href":"https:\/\/uj.adatbank.ro\/lexikon\/wp-json\/wp\/v2\/comments?post=7671"}],"wp:attachment":[{"href":"https:\/\/uj.adatbank.ro\/lexikon\/wp-json\/wp\/v2\/media?parent=7671"}],"wp:term":[{"taxonomy":"product_brand","embeddable":true,"href":"https:\/\/uj.adatbank.ro\/lexikon\/wp-json\/wp\/v2\/product_brand?post=7671"},{"taxonomy":"product_cat","embeddable":true,"href":"https:\/\/uj.adatbank.ro\/lexikon\/wp-json\/wp\/v2\/product_cat?post=7671"},{"taxonomy":"product_tag","embeddable":true,"href":"https:\/\/uj.adatbank.ro\/lexikon\/wp-json\/wp\/v2\/product_tag?post=7671"}],"curies":[{"name":"wp","href":"https:\/\/api.w.org\/{rel}","templated":true}]}}