{"id":7695,"date":"2025-06-29T10:00:45","date_gmt":"2025-06-29T08:00:45","guid":{"rendered":"https:\/\/uj.adatbank.ro\/lexikon\/termek\/farkas-karoly\/"},"modified":"2025-06-29T10:00:45","modified_gmt":"2025-06-29T08:00:45","slug":"farkas-karoly","status":"publish","type":"product","link":"https:\/\/uj.adatbank.ro\/lexikon\/termek\/farkas-karoly\/","title":{"rendered":"FARKAS K\u00e1roly"},"content":{"rendered":"<p>Ny\u00e1r\u00e1dmagyar\u00f3s, 1849. m\u00e1rc. 16., \u2020 P\u00f3kakereszt\u00far, 1917. febr. 17.: ref. lelk\u00e9sz. \u2013 Apja birtokos. Fia: Jen\u0151, udvarfalvi ref. lelk\u00e9sz (1880\u20131964). \u2013 Sz\u00fcl\u0151fal\u00faj\u00e1ban, majd a makfalvi Wessel\u00e9nyi iskol\u00e1ban tanult, a mv.-i Ref. Koll. tanulm\u00e1nyait (1861\u2013), \u00e9retts\u00e9gizett (1870). Egy \u00e9vet volt katona, tiszti vizsg\u00e1t tett Nagyszebenben (1871). Nagyenyeden teol\u00f3gi\u00e1t hallgatott (1871\u201375) \u00e9s lelk\u00e9sz vizsg\u00e1t tett (1875. szept.). Nagyenyeden tan\u00edt\u00f3 (1875\u201376). Az utrechti egyetemen tanult (Petri Elekkel egyid\u0151ben) (1876\u201377). A sz\u00e9kelyudvarhelyi ref. koll.-ban n\u00e9met \u00e9s francia nyelvtan\u00e1r (1877\u201383), P\u00f3kakereszt\u00faron lett lelk\u00e9sz (1883. szept. 23. \u2013 1917). <br \/><strong>Irod.:<\/strong> B\u00f6jthe Andor; Gy\u00e1szjelent\u0151<\/br><\/p>\n","protected":false},"excerpt":{"rendered":"<p>Ny\u00e1r\u00e1dmagyar\u00f3s, 1849. m\u00e1rc. 16., \u2020 P\u00f3kakereszt\u00far, 1917. febr. 17.: ref. lelk\u00e9sz. \u2013 Apja birtokos. Fia: Jen\u0151, udvarfalvi ref. lelk\u00e9sz (1880\u20131964). \u2013 Sz\u00fcl\u0151fal\u00faj\u00e1ban, majd a makfalvi Wessel\u00e9nyi iskol\u00e1ban tanult, a mv.-i Ref. Koll. tanulm\u00e1nyait (1861\u2013), \u00e9retts\u00e9gizett (1870). Egy \u00e9vet volt katona, tiszti vizsg\u00e1t tett Nagyszebenben (1871). Nagyenyeden teol\u00f3gi\u00e1t hallgatott (1871\u201375) \u00e9s lelk\u00e9sz vizsg\u00e1t tett (1875. szept.). [&hellip;]<\/p>\n","protected":false},"featured_media":0,"comment_status":"open","ping_status":"closed","template":"","meta":[],"product_brand":[],"product_cat":[137],"product_tag":[],"class_list":{"0":"post-7695","1":"product","2":"type-product","3":"status-publish","5":"product_cat-maros-megyei-eletrajzi-lexikon","7":"first","8":"instock","9":"shipping-taxable","10":"product-type-simple"},"_links":{"self":[{"href":"https:\/\/uj.adatbank.ro\/lexikon\/wp-json\/wp\/v2\/product\/7695","targetHints":{"allow":["GET"]}}],"collection":[{"href":"https:\/\/uj.adatbank.ro\/lexikon\/wp-json\/wp\/v2\/product"}],"about":[{"href":"https:\/\/uj.adatbank.ro\/lexikon\/wp-json\/wp\/v2\/types\/product"}],"replies":[{"embeddable":true,"href":"https:\/\/uj.adatbank.ro\/lexikon\/wp-json\/wp\/v2\/comments?post=7695"}],"wp:attachment":[{"href":"https:\/\/uj.adatbank.ro\/lexikon\/wp-json\/wp\/v2\/media?parent=7695"}],"wp:term":[{"taxonomy":"product_brand","embeddable":true,"href":"https:\/\/uj.adatbank.ro\/lexikon\/wp-json\/wp\/v2\/product_brand?post=7695"},{"taxonomy":"product_cat","embeddable":true,"href":"https:\/\/uj.adatbank.ro\/lexikon\/wp-json\/wp\/v2\/product_cat?post=7695"},{"taxonomy":"product_tag","embeddable":true,"href":"https:\/\/uj.adatbank.ro\/lexikon\/wp-json\/wp\/v2\/product_tag?post=7695"}],"curies":[{"name":"wp","href":"https:\/\/api.w.org\/{rel}","templated":true}]}}