{"id":7748,"date":"2025-06-29T10:02:32","date_gmt":"2025-06-29T08:02:32","guid":{"rendered":"https:\/\/uj.adatbank.ro\/lexikon\/termek\/fay-elvira-dosa-istvanne\/"},"modified":"2025-06-29T10:02:32","modified_gmt":"2025-06-29T08:02:32","slug":"fay-elvira-dosa-istvanne","status":"publish","type":"product","link":"https:\/\/uj.adatbank.ro\/lexikon\/termek\/fay-elvira-dosa-istvanne\/","title":{"rendered":"F\u00c1Y Elvira, D\u00f3sa Istv\u00e1nn\u00e9"},"content":{"rendered":"<p>Fels\u0151vis\u00f3, 1889. m\u00e1rc. 31., \u2020 Szov\u00e1ta, 1979. nov. 29.: gy\u00f3gyszer\u00e9sz. \u2013 F. Andr\u00e1s \u00e9s Ter\u00e9z le\u00e1nya. F\u00e9rje: primor makfalvi D\u00f3sa Istv\u00e1n. Fi\u00fak: D. Andr\u00e1s (1916- Szov\u00e1ta, 2002. szept. 4.). \u2013 Kv.-on \u00e9s Bp.-en tanult \u00e9s Bp.-en kapott gy\u00f3gyszer\u00e9sz oklevelet (1910. j\u00fan. 16.). Kraszn\u00e1n volt gy\u00f3gyszer\u00e9sz (1910\u201311. jan. 15.), Kv.-on az Egyetemi gy\u00f3gyszert\u00e1r tan\u00e1rseg\u00e9dje (1911\u201313. j\u00fan. 1.), Marosh\u00e9v\u00edzen nyitott saj\u00e1t gy\u00f3gyszert\u00e1rat (1913. aug. \u2013), Sz\u00e1szr\u00e9genbe menek\u00fclt csal\u00e1dj\u00e1val (1916) \u00e9s a Czoppelt-\u00f6r\u00f6k\u00f6s\u00f6k \u00e9s Veress \u00c1rp\u00e1d gy\u00f3gyszert\u00e1r\u00e1ban dolgozott (1916\u2013). A Marosh\u00e9v\u00edzen le\u00e9gett gy\u00f3gyszert\u00e1r\u00e1t \u00fajraind\u00edtotta \u00e9s m\u0171k\u00f6dtette m\u00edg feld\u00falt\u00e1k a n\u00e9met csapatok (1919\u201344. szept.). Mv.-en alkalmazottk\u00e9nt folytatta tev\u00e9kenys\u00e9g\u00e9t az Izmael M\u00e1rton Feh\u00e9r Kereszt, majd Gyulai P\u00e1l Korona gy\u00f3gyszert\u00e1r\u00e1ban (1944\u201345. szept.), amikor \u00fajra enged\u00e9lyezt\u00e9k, hogy Marosh\u00e9v\u00edzen gy\u00f3gyszert\u00e1rat m\u0171k\u00f6dtessen az \u00e1llamos\u00edt\u00e1sig (1945. szept. \u201349. m\u00e1rc. 2.). G\u00f6rg\u00e9nyszentimr\u00e9n gy\u00f3gyszert\u00e1rvezet\u0151 (1949\u201351), Sz\u00e9kelyudvarhelyen dolgozott (1951\u201353), a ny\u00e1r\u00e1dremetei \u00faj gy\u00f3gyszert\u00e1r vezet\u0151je (1953\u201363), a szov\u00e1tai f\u00fcrd\u0151telepi gy\u00f3gyszert\u00e1rba helyezt\u00e9k nyugd\u00edjaz\u00e1s\u00e1ig (1963\u201370). <br \/><strong>Irod.:<\/strong> P\u00e9ter H. M.; P\u00e9ter H. M. 2013<\/br><\/p>\n","protected":false},"excerpt":{"rendered":"<p>Fels\u0151vis\u00f3, 1889. m\u00e1rc. 31., \u2020 Szov\u00e1ta, 1979. nov. 29.: gy\u00f3gyszer\u00e9sz. \u2013 F. Andr\u00e1s \u00e9s Ter\u00e9z le\u00e1nya. F\u00e9rje: primor makfalvi D\u00f3sa Istv\u00e1n. Fi\u00fak: D. Andr\u00e1s (1916- Szov\u00e1ta, 2002. szept. 4.). \u2013 Kv.-on \u00e9s Bp.-en tanult \u00e9s Bp.-en kapott gy\u00f3gyszer\u00e9sz oklevelet (1910. j\u00fan. 16.). Kraszn\u00e1n volt gy\u00f3gyszer\u00e9sz (1910\u201311. jan. 15.), Kv.-on az Egyetemi gy\u00f3gyszert\u00e1r tan\u00e1rseg\u00e9dje (1911\u201313. j\u00fan. [&hellip;]<\/p>\n","protected":false},"featured_media":0,"comment_status":"open","ping_status":"closed","template":"","meta":[],"product_brand":[],"product_cat":[137],"product_tag":[],"class_list":{"0":"post-7748","1":"product","2":"type-product","3":"status-publish","5":"product_cat-maros-megyei-eletrajzi-lexikon","7":"first","8":"instock","9":"shipping-taxable","10":"product-type-simple"},"_links":{"self":[{"href":"https:\/\/uj.adatbank.ro\/lexikon\/wp-json\/wp\/v2\/product\/7748","targetHints":{"allow":["GET"]}}],"collection":[{"href":"https:\/\/uj.adatbank.ro\/lexikon\/wp-json\/wp\/v2\/product"}],"about":[{"href":"https:\/\/uj.adatbank.ro\/lexikon\/wp-json\/wp\/v2\/types\/product"}],"replies":[{"embeddable":true,"href":"https:\/\/uj.adatbank.ro\/lexikon\/wp-json\/wp\/v2\/comments?post=7748"}],"wp:attachment":[{"href":"https:\/\/uj.adatbank.ro\/lexikon\/wp-json\/wp\/v2\/media?parent=7748"}],"wp:term":[{"taxonomy":"product_brand","embeddable":true,"href":"https:\/\/uj.adatbank.ro\/lexikon\/wp-json\/wp\/v2\/product_brand?post=7748"},{"taxonomy":"product_cat","embeddable":true,"href":"https:\/\/uj.adatbank.ro\/lexikon\/wp-json\/wp\/v2\/product_cat?post=7748"},{"taxonomy":"product_tag","embeddable":true,"href":"https:\/\/uj.adatbank.ro\/lexikon\/wp-json\/wp\/v2\/product_tag?post=7748"}],"curies":[{"name":"wp","href":"https:\/\/api.w.org\/{rel}","templated":true}]}}